{"id":3869,"date":"2023-02-23T13:49:09","date_gmt":"2023-02-23T13:49:09","guid":{"rendered":"https:\/\/ciclesformatius.es\/noticias\/"},"modified":"2025-06-20T07:42:11","modified_gmt":"2025-06-20T07:42:11","slug":"noticias","status":"publish","type":"page","link":"https:\/\/ciclesformatius.es\/es\/noticias\/","title":{"rendered":"Noticias"},"content":{"rendered":"\t\t<div data-elementor-type=\"wp-page\" data-elementor-id=\"3869\" class=\"elementor elementor-3869 elementor-1729\" data-elementor-post-type=\"page\">\n\t\t\t\t\t\t<section class=\"elementor-section elementor-top-section elementor-element elementor-element-2d6c23aa elementor-section-full_width elementor-section-height-default elementor-section-height-default\" data-id=\"2d6c23aa\" data-element_type=\"section\" data-e-type=\"section\" data-settings=\"{&quot;jet_parallax_layout_list&quot;:[],&quot;background_background&quot;:&quot;classic&quot;}\">\n\t\t\t\t\t\t<div class=\"elementor-container elementor-column-gap-no\">\n\t\t\t\t\t<div class=\"elementor-column elementor-col-100 elementor-top-column elementor-element elementor-element-17e649e\" data-id=\"17e649e\" data-element_type=\"column\" data-e-type=\"column\">\n\t\t\t<div class=\"elementor-widget-wrap elementor-element-populated\">\n\t\t\t\t\t\t<div class=\"elementor-element elementor-element-e8f136a elementor-widget elementor-widget-heading\" data-id=\"e8f136a\" data-element_type=\"widget\" data-e-type=\"widget\" data-widget_type=\"heading.default\">\n\t\t\t\t<div class=\"elementor-widget-container\">\n\t\t\t\t\t<h1 class=\"elementor-heading-title elementor-size-default\">Noticias<\/h1>\t\t\t\t<\/div>\n\t\t\t\t<\/div>\n\t\t\t\t\t<\/div>\n\t\t<\/div>\n\t\t\t\t\t<\/div>\n\t\t<\/section>\n\t\t\t\t<section class=\"elementor-section elementor-top-section elementor-element elementor-element-9e178ce elementor-section-boxed elementor-section-height-default elementor-section-height-default\" data-id=\"9e178ce\" data-element_type=\"section\" data-e-type=\"section\" data-settings=\"{&quot;jet_parallax_layout_list&quot;:[],&quot;background_background&quot;:&quot;classic&quot;}\">\n\t\t\t\t\t\t<div class=\"elementor-container elementor-column-gap-default\">\n\t\t\t\t\t<div class=\"elementor-column elementor-col-100 elementor-top-column elementor-element elementor-element-1621e99\" data-id=\"1621e99\" data-element_type=\"column\" data-e-type=\"column\">\n\t\t\t<div class=\"elementor-widget-wrap elementor-element-populated\">\n\t\t\t\t\t\t<div class=\"elementor-element elementor-element-10a90d3 elementor-widget elementor-widget-jet-breadcrumbs\" data-id=\"10a90d3\" data-element_type=\"widget\" data-e-type=\"widget\" data-widget_type=\"jet-breadcrumbs.default\">\n\t\t\t\t<div class=\"elementor-widget-container\">\n\t\t\t\t\t<div class=\"elementor-jet-breadcrumbs jet-blocks\">\n\t\t<div class=\"jet-breadcrumbs\">\n\t\t<div class=\"jet-breadcrumbs__content\">\n\t\t<div class=\"jet-breadcrumbs__wrap\"><div class=\"jet-breadcrumbs__item\"><a href=\"https:\/\/ciclesformatius.es\/es\/\" class=\"jet-breadcrumbs__item-link is-home\" rel=\"home\" title=\"Inicio\">Inicio<\/a><\/div>\n\t\t<\/div>\n\t\t<\/div>\n\t\t<\/div><\/div>\t\t\t\t<\/div>\n\t\t\t\t<\/div>\n\t\t\t\t\t<\/div>\n\t\t<\/div>\n\t\t\t\t\t<\/div>\n\t\t<\/section>\n\t\t\t\t<section class=\"elementor-section elementor-top-section elementor-element elementor-element-165d787 elementor-section-boxed elementor-section-height-default elementor-section-height-default\" data-id=\"165d787\" data-element_type=\"section\" data-e-type=\"section\" data-settings=\"{&quot;jet_parallax_layout_list&quot;:[],&quot;background_background&quot;:&quot;classic&quot;}\">\n\t\t\t\t\t\t<div class=\"elementor-container elementor-column-gap-default\">\n\t\t\t\t\t<div class=\"elementor-column elementor-col-100 elementor-top-column elementor-element elementor-element-3723bf2\" data-id=\"3723bf2\" data-element_type=\"column\" data-e-type=\"column\">\n\t\t\t<div class=\"elementor-widget-wrap elementor-element-populated\">\n\t\t\t\t\t\t<div class=\"elementor-element elementor-element-8283441 elementor-grid-3 elementor-grid-tablet-2 elementor-grid-mobile-1 elementor-posts--thumbnail-top elementor-widget elementor-widget-posts\" data-id=\"8283441\" data-element_type=\"widget\" data-e-type=\"widget\" data-settings=\"{&quot;classic_columns&quot;:&quot;3&quot;,&quot;classic_columns_tablet&quot;:&quot;2&quot;,&quot;classic_columns_mobile&quot;:&quot;1&quot;,&quot;classic_row_gap&quot;:{&quot;unit&quot;:&quot;px&quot;,&quot;size&quot;:35,&quot;sizes&quot;:[]},&quot;classic_row_gap_tablet&quot;:{&quot;unit&quot;:&quot;px&quot;,&quot;size&quot;:&quot;&quot;,&quot;sizes&quot;:[]},&quot;classic_row_gap_mobile&quot;:{&quot;unit&quot;:&quot;px&quot;,&quot;size&quot;:&quot;&quot;,&quot;sizes&quot;:[]}}\" data-widget_type=\"posts.classic\">\n\t\t\t\t<div class=\"elementor-widget-container\">\n\t\t\t\t\t\t\t<div class=\"elementor-posts-container elementor-posts elementor-posts--skin-classic elementor-grid\" role=\"list\">\n\t\t\t\t<article class=\"elementor-post elementor-grid-item post-3915 post type-post status-publish format-standard has-post-thumbnail hentry category-imagen-personal category-sin-categoria\" role=\"listitem\">\n\t\t\t\t<a class=\"elementor-post__thumbnail__link\" href=\"https:\/\/ciclesformatius.es\/es\/gala-fashion-film-2025\/\" tabindex=\"-1\" >\n\t\t\t<div class=\"elementor-post__thumbnail\"><img fetchpriority=\"high\" decoding=\"async\" width=\"300\" height=\"200\" src=\"https:\/\/ciclesformatius.es\/wp-content\/uploads\/2025\/04\/DSC01459-300x200.jpg\" class=\"attachment-medium size-medium wp-image-3909\" alt=\"Fashion Film\" srcset=\"https:\/\/ciclesformatius.es\/wp-content\/uploads\/2025\/04\/DSC01459-300x200.jpg 300w, https:\/\/ciclesformatius.es\/wp-content\/uploads\/2025\/04\/DSC01459-1024x683.jpg 1024w, https:\/\/ciclesformatius.es\/wp-content\/uploads\/2025\/04\/DSC01459-768x512.jpg 768w, https:\/\/ciclesformatius.es\/wp-content\/uploads\/2025\/04\/DSC01459-1536x1024.jpg 1536w, https:\/\/ciclesformatius.es\/wp-content\/uploads\/2025\/04\/DSC01459-2048x1365.jpg 2048w\" sizes=\"(max-width: 300px) 100vw, 300px\" \/><\/div>\n\t\t<\/a>\n\t\t\t\t<div class=\"elementor-post__text\">\n\t\t\t\t<h3 class=\"elementor-post__title\">\n\t\t\t<a href=\"https:\/\/ciclesformatius.es\/es\/gala-fashion-film-2025\/\" >\n\t\t\t\tGALA FASHION FILM 2025\t\t\t<\/a>\n\t\t<\/h3>\n\t\t\t\t<div class=\"elementor-post__meta-data\">\n\t\t\t\t\t<span class=\"elementor-post-date\">\n\t\t\t11 de abril de 2025\t\t<\/span>\n\t\t\t\t<\/div>\n\t\t\t\t<div class=\"elementor-post__excerpt\">\n\t\t\t<p>El Fashion Film es un proyecto del centro de estudios Jaume Balmes, donde la moda, la escenograf\u00eda, la iluminaci\u00f3n y la creatividad se fusionan para<\/p>\n\t\t<\/div>\n\t\t\n\t\t<a class=\"elementor-post__read-more\" href=\"https:\/\/ciclesformatius.es\/es\/gala-fashion-film-2025\/\" aria-label=\"M\u00e1s informaci\u00f3n sobre GALA FASHION FILM 2025\" tabindex=\"-1\" >\n\t\t\tLeer m\u00e1s \u00bb\t\t<\/a>\n\n\t\t\t\t<\/div>\n\t\t\t\t<\/article>\n\t\t\t\t<article class=\"elementor-post elementor-grid-item post-3888 post type-post status-publish format-standard has-post-thumbnail hentry category-marketing-es tag-balmesciclos tag-formacion-profesional tag-fpbalmes-es tag-marketing-es tag-marketingypublicidad\" role=\"listitem\">\n\t\t\t\t<a class=\"elementor-post__thumbnail__link\" href=\"https:\/\/ciclesformatius.es\/es\/ganamos-a-los-premios-jovenes-emprendedores-de-lhospitalet\/\" tabindex=\"-1\" >\n\t\t\t<div class=\"elementor-post__thumbnail\"><img decoding=\"async\" width=\"300\" height=\"169\" src=\"https:\/\/ciclesformatius.es\/wp-content\/uploads\/2024\/06\/IMG_9790-300x169.jpg\" class=\"attachment-medium size-medium wp-image-3743\" alt=\"Cicles Formatius Barcelona\" srcset=\"https:\/\/ciclesformatius.es\/wp-content\/uploads\/2024\/06\/IMG_9790-300x169.jpg 300w, https:\/\/ciclesformatius.es\/wp-content\/uploads\/2024\/06\/IMG_9790-1024x576.jpg 1024w, https:\/\/ciclesformatius.es\/wp-content\/uploads\/2024\/06\/IMG_9790-768x432.jpg 768w, https:\/\/ciclesformatius.es\/wp-content\/uploads\/2024\/06\/IMG_9790-1536x864.jpg 1536w, https:\/\/ciclesformatius.es\/wp-content\/uploads\/2024\/06\/IMG_9790-2048x1152.jpg 2048w\" sizes=\"(max-width: 300px) 100vw, 300px\" \/><\/div>\n\t\t<\/a>\n\t\t\t\t<div class=\"elementor-post__text\">\n\t\t\t\t<h3 class=\"elementor-post__title\">\n\t\t\t<a href=\"https:\/\/ciclesformatius.es\/es\/ganamos-a-los-premios-jovenes-emprendedores-de-lhospitalet\/\" >\n\t\t\t\tGanamos a los premios J\u00f3venes Emprendedores de L&#8217;Hospitalet\u00bb!\t\t\t<\/a>\n\t\t<\/h3>\n\t\t\t\t<div class=\"elementor-post__meta-data\">\n\t\t\t\t\t<span class=\"elementor-post-date\">\n\t\t\t25 de junio de 2024\t\t<\/span>\n\t\t\t\t<\/div>\n\t\t\t\t<div class=\"elementor-post__excerpt\">\n\t\t\t<p>Un grupo de segundo del CFGS de Marketing y Publicidad gana a los premios \u00abJ\u00f3venes Emprendedores de L&#8217;Hospitalet\u00bb. Los ganadores son Iris Tom\u00e1s, Hugo Luna<\/p>\n\t\t<\/div>\n\t\t\n\t\t<a class=\"elementor-post__read-more\" href=\"https:\/\/ciclesformatius.es\/es\/ganamos-a-los-premios-jovenes-emprendedores-de-lhospitalet\/\" aria-label=\"M\u00e1s informaci\u00f3n sobre Ganamos a los premios J\u00f3venes Emprendedores de L&#8217;Hospitalet\u00bb!\" tabindex=\"-1\" >\n\t\t\tLeer m\u00e1s \u00bb\t\t<\/a>\n\n\t\t\t\t<\/div>\n\t\t\t\t<\/article>\n\t\t\t\t<article class=\"elementor-post elementor-grid-item post-3898 post type-post status-publish format-standard has-post-thumbnail hentry category-sin-categoria tag-balmesciclos tag-formacion-profesional tag-fpbalmes-es\" role=\"listitem\">\n\t\t\t\t<a class=\"elementor-post__thumbnail__link\" href=\"https:\/\/ciclesformatius.es\/es\/la-formacion-profesional-en-el-balmes\/\" tabindex=\"-1\" >\n\t\t\t<div class=\"elementor-post__thumbnail\"><img decoding=\"async\" width=\"300\" height=\"200\" src=\"https:\/\/ciclesformatius.es\/wp-content\/uploads\/2024\/04\/DSC02738-300x200.jpg\" class=\"attachment-medium size-medium wp-image-3738\" alt=\"Cicles Formatius de Finances\" srcset=\"https:\/\/ciclesformatius.es\/wp-content\/uploads\/2024\/04\/DSC02738-300x200.jpg 300w, https:\/\/ciclesformatius.es\/wp-content\/uploads\/2024\/04\/DSC02738-1024x683.jpg 1024w, https:\/\/ciclesformatius.es\/wp-content\/uploads\/2024\/04\/DSC02738-768x512.jpg 768w, https:\/\/ciclesformatius.es\/wp-content\/uploads\/2024\/04\/DSC02738-1536x1024.jpg 1536w, https:\/\/ciclesformatius.es\/wp-content\/uploads\/2024\/04\/DSC02738-2048x1365.jpg 2048w\" sizes=\"(max-width: 300px) 100vw, 300px\" \/><\/div>\n\t\t<\/a>\n\t\t\t\t<div class=\"elementor-post__text\">\n\t\t\t\t<h3 class=\"elementor-post__title\">\n\t\t\t<a href=\"https:\/\/ciclesformatius.es\/es\/la-formacion-profesional-en-el-balmes\/\" >\n\t\t\t\t\u00a1La Formaci\u00f3n Profesional en el Balmes!\t\t\t<\/a>\n\t\t<\/h3>\n\t\t\t\t<div class=\"elementor-post__meta-data\">\n\t\t\t\t\t<span class=\"elementor-post-date\">\n\t\t\t17 de abril de 2024\t\t<\/span>\n\t\t\t\t<\/div>\n\t\t\t\t<div class=\"elementor-post__excerpt\">\n\t\t\t<p>En el CE Jaume Balmes, situat a L&#8217;Hospitalet de Llobregat, estem compromesos amb oferir una formaci\u00f3 professional de qualitat que prepari als nostres estudiants per<\/p>\n\t\t<\/div>\n\t\t\n\t\t<a class=\"elementor-post__read-more\" href=\"https:\/\/ciclesformatius.es\/es\/la-formacion-profesional-en-el-balmes\/\" aria-label=\"M\u00e1s informaci\u00f3n sobre \u00a1La Formaci\u00f3n Profesional en el Balmes!\" tabindex=\"-1\" >\n\t\t\tLeer m\u00e1s \u00bb\t\t<\/a>\n\n\t\t\t\t<\/div>\n\t\t\t\t<\/article>\n\t\t\t\t<article class=\"elementor-post elementor-grid-item post-3917 post type-post status-publish format-standard has-post-thumbnail hentry category-sin-categoria tag-balmesciclos tag-cfgs-telecomunicaciones tag-formacion-profesional tag-fpbalmes-es tag-telecomunicaciones\" role=\"listitem\">\n\t\t\t\t<a class=\"elementor-post__thumbnail__link\" href=\"https:\/\/ciclesformatius.es\/es\/el-cfgs-de-telecomunicaciones-va-a-la-upc\/\" tabindex=\"-1\" >\n\t\t\t<div class=\"elementor-post__thumbnail\"><img loading=\"lazy\" decoding=\"async\" width=\"300\" height=\"300\" src=\"https:\/\/ciclesformatius.es\/wp-content\/uploads\/2024\/02\/1-300x300.png\" class=\"attachment-medium size-medium wp-image-3725\" alt=\"cicles formatius sistemes de telecomunicaci\u00f3\" srcset=\"https:\/\/ciclesformatius.es\/wp-content\/uploads\/2024\/02\/1-300x300.png 300w, https:\/\/ciclesformatius.es\/wp-content\/uploads\/2024\/02\/1-1024x1024.png 1024w, https:\/\/ciclesformatius.es\/wp-content\/uploads\/2024\/02\/1-150x150.png 150w, https:\/\/ciclesformatius.es\/wp-content\/uploads\/2024\/02\/1-768x768.png 768w, https:\/\/ciclesformatius.es\/wp-content\/uploads\/2024\/02\/1.png 1080w\" sizes=\"(max-width: 300px) 100vw, 300px\" \/><\/div>\n\t\t<\/a>\n\t\t\t\t<div class=\"elementor-post__text\">\n\t\t\t\t<h3 class=\"elementor-post__title\">\n\t\t\t<a href=\"https:\/\/ciclesformatius.es\/es\/el-cfgs-de-telecomunicaciones-va-a-la-upc\/\" >\n\t\t\t\t\u00a1El CFGS de Telecomunicaciones va a la UPC!\t\t\t<\/a>\n\t\t<\/h3>\n\t\t\t\t<div class=\"elementor-post__meta-data\">\n\t\t\t\t\t<span class=\"elementor-post-date\">\n\t\t\t5 de febrero de 2024\t\t<\/span>\n\t\t\t\t<\/div>\n\t\t\t\t<div class=\"elementor-post__excerpt\">\n\t\t\t<p>El Ciclo Formativo de Grado Superior de Sistemas de Telecomunicaciones e inform\u00e1ticos se caracteriza por su metodolog\u00eda pr\u00e1ctica. Adem\u00e1s de las clases en el Balmes,<\/p>\n\t\t<\/div>\n\t\t\n\t\t<a class=\"elementor-post__read-more\" href=\"https:\/\/ciclesformatius.es\/es\/el-cfgs-de-telecomunicaciones-va-a-la-upc\/\" aria-label=\"M\u00e1s informaci\u00f3n sobre \u00a1El CFGS de Telecomunicaciones va a la UPC!\" tabindex=\"-1\" >\n\t\t\tLeer m\u00e1s \u00bb\t\t<\/a>\n\n\t\t\t\t<\/div>\n\t\t\t\t<\/article>\n\t\t\t\t<article class=\"elementor-post elementor-grid-item post-3921 post type-post status-publish format-standard has-post-thumbnail hentry category-marketing-es tag-balmesciclos tag-formacion-profesional tag-fpbalmes-es tag-marketing-es tag-marketingypublicidad\" role=\"listitem\">\n\t\t\t\t<a class=\"elementor-post__thumbnail__link\" href=\"https:\/\/ciclesformatius.es\/es\/5-ideas-para-trabajar-el-marketing-en-la-escuela-y-que-sea-util\/\" tabindex=\"-1\" >\n\t\t\t<div class=\"elementor-post__thumbnail\"><img loading=\"lazy\" decoding=\"async\" width=\"300\" height=\"300\" src=\"https:\/\/ciclesformatius.es\/wp-content\/uploads\/2023\/11\/marketing-300x300.png\" class=\"attachment-medium size-medium wp-image-3634\" alt=\"Il\u00b7lustracions de m\u00e0rqueting\" srcset=\"https:\/\/ciclesformatius.es\/wp-content\/uploads\/2023\/11\/marketing-300x300.png 300w, https:\/\/ciclesformatius.es\/wp-content\/uploads\/2023\/11\/marketing-150x150.png 150w, https:\/\/ciclesformatius.es\/wp-content\/uploads\/2023\/11\/marketing.png 540w\" sizes=\"(max-width: 300px) 100vw, 300px\" \/><\/div>\n\t\t<\/a>\n\t\t\t\t<div class=\"elementor-post__text\">\n\t\t\t\t<h3 class=\"elementor-post__title\">\n\t\t\t<a href=\"https:\/\/ciclesformatius.es\/es\/5-ideas-para-trabajar-el-marketing-en-la-escuela-y-que-sea-util\/\" >\n\t\t\t\t5 Ideas para trabajar el Marketing en la Escuela y que sea \u00fatil\t\t\t<\/a>\n\t\t<\/h3>\n\t\t\t\t<div class=\"elementor-post__meta-data\">\n\t\t\t\t\t<span class=\"elementor-post-date\">\n\t\t\t20 de noviembre de 2023\t\t<\/span>\n\t\t\t\t<\/div>\n\t\t\t\t<div class=\"elementor-post__excerpt\">\n\t\t\t<p>\u00bfComo se tiene que plantear un Ciclo de Marketing y Publicidad porque los alumnos aprendan de verdad? Esta es la pregunta cu\u00e1ndo trabajamos a un<\/p>\n\t\t<\/div>\n\t\t\n\t\t<a class=\"elementor-post__read-more\" href=\"https:\/\/ciclesformatius.es\/es\/5-ideas-para-trabajar-el-marketing-en-la-escuela-y-que-sea-util\/\" aria-label=\"M\u00e1s informaci\u00f3n sobre 5 Ideas para trabajar el Marketing en la Escuela y que sea \u00fatil\" tabindex=\"-1\" >\n\t\t\tLeer m\u00e1s \u00bb\t\t<\/a>\n\n\t\t\t\t<\/div>\n\t\t\t\t<\/article>\n\t\t\t\t<article class=\"elementor-post elementor-grid-item post-3929 post type-post status-publish format-standard has-post-thumbnail hentry category-imagen-personal tag-asesoriaimagenpersonal-es tag-balmesciclos tag-formacion-profesional tag-fpbalmes-es\" role=\"listitem\">\n\t\t\t\t<a class=\"elementor-post__thumbnail__link\" href=\"https:\/\/ciclesformatius.es\/es\/asesoria-de-imagen-personal-la-slow-fashion-esta-de-moda\/\" tabindex=\"-1\" >\n\t\t\t<div class=\"elementor-post__thumbnail\"><img loading=\"lazy\" decoding=\"async\" width=\"300\" height=\"300\" src=\"https:\/\/ciclesformatius.es\/wp-content\/uploads\/2023\/10\/ciclo-formativo-asesoria-imagen-300x300.png\" class=\"attachment-medium size-medium wp-image-3627\" alt=\"CFGS assessoria d&#039;imatge personal\" srcset=\"https:\/\/ciclesformatius.es\/wp-content\/uploads\/2023\/10\/ciclo-formativo-asesoria-imagen-300x300.png 300w, https:\/\/ciclesformatius.es\/wp-content\/uploads\/2023\/10\/ciclo-formativo-asesoria-imagen-1024x1024.png 1024w, https:\/\/ciclesformatius.es\/wp-content\/uploads\/2023\/10\/ciclo-formativo-asesoria-imagen-150x150.png 150w, https:\/\/ciclesformatius.es\/wp-content\/uploads\/2023\/10\/ciclo-formativo-asesoria-imagen-768x768.png 768w, https:\/\/ciclesformatius.es\/wp-content\/uploads\/2023\/10\/ciclo-formativo-asesoria-imagen.png 1080w\" sizes=\"(max-width: 300px) 100vw, 300px\" \/><\/div>\n\t\t<\/a>\n\t\t\t\t<div class=\"elementor-post__text\">\n\t\t\t\t<h3 class=\"elementor-post__title\">\n\t\t\t<a href=\"https:\/\/ciclesformatius.es\/es\/asesoria-de-imagen-personal-la-slow-fashion-esta-de-moda\/\" >\n\t\t\t\tAsesor\u00eda de Imagen Personal: La \u201cSlow Fashion\u201d est\u00e1 de moda\t\t\t<\/a>\n\t\t<\/h3>\n\t\t\t\t<div class=\"elementor-post__meta-data\">\n\t\t\t\t\t<span class=\"elementor-post-date\">\n\t\t\t19 de octubre de 2023\t\t<\/span>\n\t\t\t\t<\/div>\n\t\t\t\t<div class=\"elementor-post__excerpt\">\n\t\t\t<p>\u00bfQu\u00e9 podemos encontrar en una clase del CFGS de Asesor\u00eda de Imagen Personal y Corporativa?Ainhoa \u200b\u200bArcos, alumna de segundo, nos habla de la moda sostenible.<\/p>\n\t\t<\/div>\n\t\t\n\t\t<a class=\"elementor-post__read-more\" href=\"https:\/\/ciclesformatius.es\/es\/asesoria-de-imagen-personal-la-slow-fashion-esta-de-moda\/\" aria-label=\"M\u00e1s informaci\u00f3n sobre Asesor\u00eda de Imagen Personal: La \u201cSlow Fashion\u201d est\u00e1 de moda\" tabindex=\"-1\" >\n\t\t\tLeer m\u00e1s \u00bb\t\t<\/a>\n\n\t\t\t\t<\/div>\n\t\t\t\t<\/article>\n\t\t\t\t<article class=\"elementor-post elementor-grid-item post-3933 post type-post status-publish format-standard has-post-thumbnail hentry category-imagen-personal tag-asesoriadeimagen-es tag-balmesciclos tag-estetica-es tag-formacion-profesional tag-fpbalmes-es tag-imatgepersonal-es tag-peluqueria-es\" role=\"listitem\">\n\t\t\t\t<a class=\"elementor-post__thumbnail__link\" href=\"https:\/\/ciclesformatius.es\/es\/la-importancia-de-la-imagen-personal-en-redes-sociales\/\" tabindex=\"-1\" >\n\t\t\t<div class=\"elementor-post__thumbnail\"><img loading=\"lazy\" decoding=\"async\" width=\"300\" height=\"169\" src=\"https:\/\/ciclesformatius.es\/wp-content\/uploads\/2023\/03\/Diseno-sin-titulo-3-300x169.png\" class=\"attachment-medium size-medium wp-image-3615\" alt=\"Cicle formatiu de Perruqueria i Cosm\u00e8tica Capil\u00b7lar\" srcset=\"https:\/\/ciclesformatius.es\/wp-content\/uploads\/2023\/03\/Diseno-sin-titulo-3-300x169.png 300w, https:\/\/ciclesformatius.es\/wp-content\/uploads\/2023\/03\/Diseno-sin-titulo-3-1024x576.png 1024w, https:\/\/ciclesformatius.es\/wp-content\/uploads\/2023\/03\/Diseno-sin-titulo-3-768x432.png 768w, https:\/\/ciclesformatius.es\/wp-content\/uploads\/2023\/03\/Diseno-sin-titulo-3-1536x864.png 1536w, https:\/\/ciclesformatius.es\/wp-content\/uploads\/2023\/03\/Diseno-sin-titulo-3.png 1920w\" sizes=\"(max-width: 300px) 100vw, 300px\" \/><\/div>\n\t\t<\/a>\n\t\t\t\t<div class=\"elementor-post__text\">\n\t\t\t\t<h3 class=\"elementor-post__title\">\n\t\t\t<a href=\"https:\/\/ciclesformatius.es\/es\/la-importancia-de-la-imagen-personal-en-redes-sociales\/\" >\n\t\t\t\tLa importancia de la Imagen Personal en las redes sociales\t\t\t<\/a>\n\t\t<\/h3>\n\t\t\t\t<div class=\"elementor-post__meta-data\">\n\t\t\t\t\t<span class=\"elementor-post-date\">\n\t\t\t6 de marzo de 2023\t\t<\/span>\n\t\t\t\t<\/div>\n\t\t\t\t<div class=\"elementor-post__excerpt\">\n\t\t\t<p>\u00bfC\u00f3mo trabajamos en los Ciclos Formativos de Imagen Personal? En la actualidad, las redes sociales son un canal de comunicaci\u00f3n en el que, cada d\u00eda,<\/p>\n\t\t<\/div>\n\t\t\n\t\t<a class=\"elementor-post__read-more\" href=\"https:\/\/ciclesformatius.es\/es\/la-importancia-de-la-imagen-personal-en-redes-sociales\/\" aria-label=\"M\u00e1s informaci\u00f3n sobre La importancia de la Imagen Personal en las redes sociales\" tabindex=\"-1\" >\n\t\t\tLeer m\u00e1s \u00bb\t\t<\/a>\n\n\t\t\t\t<\/div>\n\t\t\t\t<\/article>\n\t\t\t\t<article class=\"elementor-post elementor-grid-item post-3935 post type-post status-publish format-standard has-post-thumbnail hentry category-imagen-personal tag-balmesciclos tag-formacion-profesional tag-fpbalmes-es tag-peluqueria-es-2\" role=\"listitem\">\n\t\t\t\t<a class=\"elementor-post__thumbnail__link\" href=\"https:\/\/ciclesformatius.es\/es\/carnaval-en-el-cfgm-de-peluqueria-y-cosmetica-capilar\/\" tabindex=\"-1\" >\n\t\t\t<div class=\"elementor-post__thumbnail\"><img loading=\"lazy\" decoding=\"async\" width=\"300\" height=\"300\" src=\"https:\/\/ciclesformatius.es\/wp-content\/uploads\/2023\/02\/cfgm-perruqueria-cosmetica-capilar-1-300x300.png\" class=\"attachment-medium size-medium wp-image-3599\" alt=\"Cicle formatiu de Perruqueria i Cosm\u00e8tica Capil\u00b7lar\" srcset=\"https:\/\/ciclesformatius.es\/wp-content\/uploads\/2023\/02\/cfgm-perruqueria-cosmetica-capilar-1-300x300.png 300w, https:\/\/ciclesformatius.es\/wp-content\/uploads\/2023\/02\/cfgm-perruqueria-cosmetica-capilar-1-1024x1024.png 1024w, https:\/\/ciclesformatius.es\/wp-content\/uploads\/2023\/02\/cfgm-perruqueria-cosmetica-capilar-1-150x150.png 150w, https:\/\/ciclesformatius.es\/wp-content\/uploads\/2023\/02\/cfgm-perruqueria-cosmetica-capilar-1-768x768.png 768w, https:\/\/ciclesformatius.es\/wp-content\/uploads\/2023\/02\/cfgm-perruqueria-cosmetica-capilar-1.png 1080w\" sizes=\"(max-width: 300px) 100vw, 300px\" \/><\/div>\n\t\t<\/a>\n\t\t\t\t<div class=\"elementor-post__text\">\n\t\t\t\t<h3 class=\"elementor-post__title\">\n\t\t\t<a href=\"https:\/\/ciclesformatius.es\/es\/carnaval-en-el-cfgm-de-peluqueria-y-cosmetica-capilar\/\" >\n\t\t\t\tCarnaval en el CFGM de Peluquer\u00eda y Cosm\u00e9tica Capilar\t\t\t<\/a>\n\t\t<\/h3>\n\t\t\t\t<div class=\"elementor-post__meta-data\">\n\t\t\t\t\t<span class=\"elementor-post-date\">\n\t\t\t23 de febrero de 2023\t\t<\/span>\n\t\t\t\t<\/div>\n\t\t\t\t<div class=\"elementor-post__excerpt\">\n\t\t\t<p>La asignatura de Cr\u00e9dito de S\u00edntesis que realizan los alumnos de 2\u00ba del CFGM de Perruqueria i Cosm\u00e8tica Capil\u00b7lar, est\u00e1 formada por diferentes proyectos donde<\/p>\n\t\t<\/div>\n\t\t\n\t\t<a class=\"elementor-post__read-more\" href=\"https:\/\/ciclesformatius.es\/es\/carnaval-en-el-cfgm-de-peluqueria-y-cosmetica-capilar\/\" aria-label=\"M\u00e1s informaci\u00f3n sobre Carnaval en el CFGM de Peluquer\u00eda y Cosm\u00e9tica Capilar\" tabindex=\"-1\" >\n\t\t\tLeer m\u00e1s \u00bb\t\t<\/a>\n\n\t\t\t\t<\/div>\n\t\t\t\t<\/article>\n\t\t\t\t<\/div>\n\t\t\n\t\t\t\t\t\t<\/div>\n\t\t\t\t<\/div>\n\t\t\t\t\t<\/div>\n\t\t<\/div>\n\t\t\t\t\t<\/div>\n\t\t<\/section>\n\t\t\t\t<\/div>\n\t\t","protected":false},"excerpt":{"rendered":"<p>Noticias Inici<\/p>\n","protected":false},"author":1,"featured_media":0,"parent":0,"menu_order":0,"comment_status":"closed","ping_status":"closed","template":"elementor_header_footer","meta":{"inline_featured_image":false,"footnotes":""},"class_list":["post-3869","page","type-page","status-publish","hentry"],"yoast_head":"<!-- This site is optimized with the Yoast SEO plugin v27.4 - https:\/\/yoast.com\/product\/yoast-seo-wordpress\/ -->\n<title>Ciclos Formativos \u2013 Noticias Sobre Formaci\u00f3n Profesional<\/title>\n<meta name=\"description\" content=\"Nuestro blog de ciclos formativos. Est\u00e9s informado sobre estudios, salidas laborales y novedades en formaci\u00f3n profesional.\" \/>\n<meta name=\"robots\" content=\"index, follow, max-snippet:-1, max-image-preview:large, max-video-preview:-1\" \/>\n<link rel=\"canonical\" href=\"https:\/\/ciclesformatius.es\/es\/noticias\/\" \/>\n<meta property=\"og:locale\" content=\"es_ES\" \/>\n<meta property=\"og:type\" content=\"article\" \/>\n<meta property=\"og:title\" content=\"Ciclos Formativos \u2013 Noticias Sobre Formaci\u00f3n Profesional\" \/>\n<meta property=\"og:description\" content=\"Nuestro blog de ciclos formativos. Est\u00e9s informado sobre estudios, salidas laborales y novedades en formaci\u00f3n profesional.\" \/>\n<meta property=\"og:url\" content=\"https:\/\/ciclesformatius.es\/es\/noticias\/\" \/>\n<meta property=\"og:site_name\" content=\"Cicles Formatius Jaume Balmes\" \/>\n<meta property=\"article:publisher\" content=\"https:\/\/www.facebook.com\/cejaumebalmes\" \/>\n<meta property=\"article:modified_time\" content=\"2025-06-20T07:42:11+00:00\" \/>\n<meta name=\"twitter:card\" content=\"summary_large_image\" \/>\n<meta name=\"twitter:site\" content=\"@cejaumebalmes\" \/>\n<meta name=\"twitter:label1\" content=\"Tiempo de lectura\" \/>\n\t<meta name=\"twitter:data1\" content=\"1 minuto\" \/>\n<script type=\"application\/ld+json\" class=\"yoast-schema-graph\">{\"@context\":\"https:\\\/\\\/schema.org\",\"@graph\":[{\"@type\":\"WebPage\",\"@id\":\"https:\\\/\\\/ciclesformatius.es\\\/es\\\/noticias\\\/\",\"url\":\"https:\\\/\\\/ciclesformatius.es\\\/es\\\/noticias\\\/\",\"name\":\"Ciclos Formativos \u2013 Noticias Sobre Formaci\u00f3n Profesional\",\"isPartOf\":{\"@id\":\"https:\\\/\\\/ciclesformatius.es\\\/es\\\/#website\"},\"datePublished\":\"2023-02-23T13:49:09+00:00\",\"dateModified\":\"2025-06-20T07:42:11+00:00\",\"description\":\"Nuestro blog de ciclos formativos. Est\u00e9s informado sobre estudios, salidas laborales y novedades en formaci\u00f3n profesional.\",\"breadcrumb\":{\"@id\":\"https:\\\/\\\/ciclesformatius.es\\\/es\\\/noticias\\\/#breadcrumb\"},\"inLanguage\":\"es\",\"potentialAction\":[{\"@type\":\"ReadAction\",\"target\":[\"https:\\\/\\\/ciclesformatius.es\\\/es\\\/noticias\\\/\"]}]},{\"@type\":\"BreadcrumbList\",\"@id\":\"https:\\\/\\\/ciclesformatius.es\\\/es\\\/noticias\\\/#breadcrumb\",\"itemListElement\":[{\"@type\":\"ListItem\",\"position\":1,\"name\":\"Inici\",\"item\":\"https:\\\/\\\/ciclesformatius.es\\\/es\\\/inicio\\\/\"},{\"@type\":\"ListItem\",\"position\":2,\"name\":\"Noticias\"}]},{\"@type\":\"WebSite\",\"@id\":\"https:\\\/\\\/ciclesformatius.es\\\/es\\\/#website\",\"url\":\"https:\\\/\\\/ciclesformatius.es\\\/es\\\/\",\"name\":\"Cicles Formatius Jaume Balmes\",\"description\":\"\",\"publisher\":{\"@id\":\"https:\\\/\\\/ciclesformatius.es\\\/es\\\/#organization\"},\"potentialAction\":[{\"@type\":\"SearchAction\",\"target\":{\"@type\":\"EntryPoint\",\"urlTemplate\":\"https:\\\/\\\/ciclesformatius.es\\\/es\\\/?s={search_term_string}\"},\"query-input\":{\"@type\":\"PropertyValueSpecification\",\"valueRequired\":true,\"valueName\":\"search_term_string\"}}],\"inLanguage\":\"es\"},{\"@type\":\"Organization\",\"@id\":\"https:\\\/\\\/ciclesformatius.es\\\/es\\\/#organization\",\"name\":\"Centre d'Estudis Jaume Balmes\",\"url\":\"https:\\\/\\\/ciclesformatius.es\\\/es\\\/\",\"logo\":{\"@type\":\"ImageObject\",\"inLanguage\":\"es\",\"@id\":\"https:\\\/\\\/ciclesformatius.es\\\/es\\\/#\\\/schema\\\/logo\\\/image\\\/\",\"url\":\"https:\\\/\\\/ciclesformatius.es\\\/wp-content\\\/uploads\\\/2023\\\/01\\\/balmes-01.svg\",\"contentUrl\":\"https:\\\/\\\/ciclesformatius.es\\\/wp-content\\\/uploads\\\/2023\\\/01\\\/balmes-01.svg\",\"caption\":\"Centre d'Estudis Jaume Balmes\"},\"image\":{\"@id\":\"https:\\\/\\\/ciclesformatius.es\\\/es\\\/#\\\/schema\\\/logo\\\/image\\\/\"},\"sameAs\":[\"https:\\\/\\\/www.facebook.com\\\/cejaumebalmes\",\"https:\\\/\\\/x.com\\\/cejaumebalmes\"]}]}<\/script>\n<!-- \/ Yoast SEO plugin. -->","yoast_head_json":{"title":"Ciclos Formativos \u2013 Noticias Sobre Formaci\u00f3n Profesional","description":"Nuestro blog de ciclos formativos. Est\u00e9s informado sobre estudios, salidas laborales y novedades en formaci\u00f3n profesional.","robots":{"index":"index","follow":"follow","max-snippet":"max-snippet:-1","max-image-preview":"max-image-preview:large","max-video-preview":"max-video-preview:-1"},"canonical":"https:\/\/ciclesformatius.es\/es\/noticias\/","og_locale":"es_ES","og_type":"article","og_title":"Ciclos Formativos \u2013 Noticias Sobre Formaci\u00f3n Profesional","og_description":"Nuestro blog de ciclos formativos. Est\u00e9s informado sobre estudios, salidas laborales y novedades en formaci\u00f3n profesional.","og_url":"https:\/\/ciclesformatius.es\/es\/noticias\/","og_site_name":"Cicles Formatius Jaume Balmes","article_publisher":"https:\/\/www.facebook.com\/cejaumebalmes","article_modified_time":"2025-06-20T07:42:11+00:00","twitter_card":"summary_large_image","twitter_site":"@cejaumebalmes","twitter_misc":{"Tiempo de lectura":"1 minuto"},"schema":{"@context":"https:\/\/schema.org","@graph":[{"@type":"WebPage","@id":"https:\/\/ciclesformatius.es\/es\/noticias\/","url":"https:\/\/ciclesformatius.es\/es\/noticias\/","name":"Ciclos Formativos \u2013 Noticias Sobre Formaci\u00f3n Profesional","isPartOf":{"@id":"https:\/\/ciclesformatius.es\/es\/#website"},"datePublished":"2023-02-23T13:49:09+00:00","dateModified":"2025-06-20T07:42:11+00:00","description":"Nuestro blog de ciclos formativos. Est\u00e9s informado sobre estudios, salidas laborales y novedades en formaci\u00f3n profesional.","breadcrumb":{"@id":"https:\/\/ciclesformatius.es\/es\/noticias\/#breadcrumb"},"inLanguage":"es","potentialAction":[{"@type":"ReadAction","target":["https:\/\/ciclesformatius.es\/es\/noticias\/"]}]},{"@type":"BreadcrumbList","@id":"https:\/\/ciclesformatius.es\/es\/noticias\/#breadcrumb","itemListElement":[{"@type":"ListItem","position":1,"name":"Inici","item":"https:\/\/ciclesformatius.es\/es\/inicio\/"},{"@type":"ListItem","position":2,"name":"Noticias"}]},{"@type":"WebSite","@id":"https:\/\/ciclesformatius.es\/es\/#website","url":"https:\/\/ciclesformatius.es\/es\/","name":"Cicles Formatius Jaume Balmes","description":"","publisher":{"@id":"https:\/\/ciclesformatius.es\/es\/#organization"},"potentialAction":[{"@type":"SearchAction","target":{"@type":"EntryPoint","urlTemplate":"https:\/\/ciclesformatius.es\/es\/?s={search_term_string}"},"query-input":{"@type":"PropertyValueSpecification","valueRequired":true,"valueName":"search_term_string"}}],"inLanguage":"es"},{"@type":"Organization","@id":"https:\/\/ciclesformatius.es\/es\/#organization","name":"Centre d'Estudis Jaume Balmes","url":"https:\/\/ciclesformatius.es\/es\/","logo":{"@type":"ImageObject","inLanguage":"es","@id":"https:\/\/ciclesformatius.es\/es\/#\/schema\/logo\/image\/","url":"https:\/\/ciclesformatius.es\/wp-content\/uploads\/2023\/01\/balmes-01.svg","contentUrl":"https:\/\/ciclesformatius.es\/wp-content\/uploads\/2023\/01\/balmes-01.svg","caption":"Centre d'Estudis Jaume Balmes"},"image":{"@id":"https:\/\/ciclesformatius.es\/es\/#\/schema\/logo\/image\/"},"sameAs":["https:\/\/www.facebook.com\/cejaumebalmes","https:\/\/x.com\/cejaumebalmes"]}]}},"_links":{"self":[{"href":"https:\/\/ciclesformatius.es\/es\/wp-json\/wp\/v2\/pages\/3869","targetHints":{"allow":["GET"]}}],"collection":[{"href":"https:\/\/ciclesformatius.es\/es\/wp-json\/wp\/v2\/pages"}],"about":[{"href":"https:\/\/ciclesformatius.es\/es\/wp-json\/wp\/v2\/types\/page"}],"author":[{"embeddable":true,"href":"https:\/\/ciclesformatius.es\/es\/wp-json\/wp\/v2\/users\/1"}],"replies":[{"embeddable":true,"href":"https:\/\/ciclesformatius.es\/es\/wp-json\/wp\/v2\/comments?post=3869"}],"version-history":[{"count":2,"href":"https:\/\/ciclesformatius.es\/es\/wp-json\/wp\/v2\/pages\/3869\/revisions"}],"predecessor-version":[{"id":4298,"href":"https:\/\/ciclesformatius.es\/es\/wp-json\/wp\/v2\/pages\/3869\/revisions\/4298"}],"wp:attachment":[{"href":"https:\/\/ciclesformatius.es\/es\/wp-json\/wp\/v2\/media?parent=3869"}],"curies":[{"name":"wp","href":"https:\/\/api.w.org\/{rel}","templated":true}]}}