{"id":3853,"date":"2023-02-05T18:46:11","date_gmt":"2023-02-05T18:46:11","guid":{"rendered":"https:\/\/ciclesformatius.es\/el-balmes\/"},"modified":"2025-11-14T01:17:21","modified_gmt":"2025-11-14T01:17:21","slug":"el-balmes","status":"publish","type":"page","link":"https:\/\/ciclesformatius.es\/es\/el-balmes\/","title":{"rendered":"El Balmes"},"content":{"rendered":"\t\t<div data-elementor-type=\"wp-page\" data-elementor-id=\"3853\" class=\"elementor elementor-3853 elementor-607\" data-elementor-post-type=\"page\">\n\t\t\t\t\t\t<section class=\"elementor-section elementor-top-section elementor-element elementor-element-2d6c23aa elementor-section-full_width elementor-section-height-default elementor-section-height-default\" data-id=\"2d6c23aa\" data-element_type=\"section\" data-e-type=\"section\" data-settings=\"{&quot;jet_parallax_layout_list&quot;:[],&quot;background_background&quot;:&quot;classic&quot;}\">\n\t\t\t\t\t\t<div class=\"elementor-container elementor-column-gap-no\">\n\t\t\t\t\t<div class=\"elementor-column elementor-col-100 elementor-top-column elementor-element elementor-element-17e649e\" data-id=\"17e649e\" data-element_type=\"column\" data-e-type=\"column\">\n\t\t\t<div class=\"elementor-widget-wrap elementor-element-populated\">\n\t\t\t\t\t\t<div class=\"elementor-element elementor-element-e8f136a elementor-widget elementor-widget-heading\" data-id=\"e8f136a\" data-element_type=\"widget\" data-e-type=\"widget\" data-widget_type=\"heading.default\">\n\t\t\t\t<div class=\"elementor-widget-container\">\n\t\t\t\t\t<h1 class=\"elementor-heading-title elementor-size-default\">Centro de estudios El Balmes<\/h1>\t\t\t\t<\/div>\n\t\t\t\t<\/div>\n\t\t\t\t\t<\/div>\n\t\t<\/div>\n\t\t\t\t\t<\/div>\n\t\t<\/section>\n\t\t\t\t<section class=\"elementor-section elementor-top-section elementor-element elementor-element-374f9d1 elementor-section-boxed elementor-section-height-default elementor-section-height-default\" data-id=\"374f9d1\" data-element_type=\"section\" data-e-type=\"section\" data-settings=\"{&quot;jet_parallax_layout_list&quot;:[],&quot;background_background&quot;:&quot;classic&quot;}\">\n\t\t\t\t\t\t<div class=\"elementor-container elementor-column-gap-default\">\n\t\t\t\t\t<div class=\"elementor-column elementor-col-100 elementor-top-column elementor-element elementor-element-168ea70\" data-id=\"168ea70\" data-element_type=\"column\" data-e-type=\"column\">\n\t\t\t<div class=\"elementor-widget-wrap elementor-element-populated\">\n\t\t\t\t\t\t<div class=\"elementor-element elementor-element-45ece8c elementor-widget elementor-widget-jet-breadcrumbs\" data-id=\"45ece8c\" data-element_type=\"widget\" data-e-type=\"widget\" data-widget_type=\"jet-breadcrumbs.default\">\n\t\t\t\t<div class=\"elementor-widget-container\">\n\t\t\t\t\t<div class=\"elementor-jet-breadcrumbs jet-blocks\">\n\t\t<div class=\"jet-breadcrumbs\">\n\t\t<div class=\"jet-breadcrumbs__content\">\n\t\t<div class=\"jet-breadcrumbs__wrap\"><div class=\"jet-breadcrumbs__item\"><a href=\"https:\/\/ciclesformatius.es\/es\/\" class=\"jet-breadcrumbs__item-link is-home\" rel=\"home\" title=\"Inicio\">Inicio<\/a><\/div>\n\t\t<\/div>\n\t\t<\/div>\n\t\t<\/div><\/div>\t\t\t\t<\/div>\n\t\t\t\t<\/div>\n\t\t\t\t\t<\/div>\n\t\t<\/div>\n\t\t\t\t\t<\/div>\n\t\t<\/section>\n\t\t\t\t<section class=\"elementor-section elementor-top-section elementor-element elementor-element-165d787 elementor-section-boxed elementor-section-height-default elementor-section-height-default\" data-id=\"165d787\" data-element_type=\"section\" data-e-type=\"section\" data-settings=\"{&quot;jet_parallax_layout_list&quot;:[],&quot;background_background&quot;:&quot;classic&quot;}\">\n\t\t\t\t\t\t<div class=\"elementor-container elementor-column-gap-default\">\n\t\t\t\t\t<div class=\"elementor-column elementor-col-100 elementor-top-column elementor-element elementor-element-6630b71\" data-id=\"6630b71\" data-element_type=\"column\" data-e-type=\"column\">\n\t\t\t<div class=\"elementor-widget-wrap elementor-element-populated\">\n\t\t\t\t\t\t<div class=\"elementor-element elementor-element-fcfb02f elementor-widget elementor-widget-heading\" data-id=\"fcfb02f\" data-element_type=\"widget\" data-e-type=\"widget\" data-widget_type=\"heading.default\">\n\t\t\t\t<div class=\"elementor-widget-container\">\n\t\t\t\t\t<h2 class=\"elementor-heading-title elementor-size-default\">NUESTRO CENTRO<\/h2>\t\t\t\t<\/div>\n\t\t\t\t<\/div>\n\t\t\t\t<div class=\"elementor-element elementor-element-17517ff elementor-widget-divider--view-line elementor-widget elementor-widget-divider\" data-id=\"17517ff\" data-element_type=\"widget\" data-e-type=\"widget\" data-widget_type=\"divider.default\">\n\t\t\t\t<div class=\"elementor-widget-container\">\n\t\t\t\t\t\t\t<div class=\"elementor-divider\">\n\t\t\t<span class=\"elementor-divider-separator\">\n\t\t\t\t\t\t<\/span>\n\t\t<\/div>\n\t\t\t\t\t\t<\/div>\n\t\t\t\t<\/div>\n\t\t\t\t\t<\/div>\n\t\t<\/div>\n\t\t\t\t\t<\/div>\n\t\t<\/section>\n\t\t\t\t<section class=\"elementor-section elementor-top-section elementor-element elementor-element-7d7d0db elementor-hidden-tablet elementor-hidden-mobile elementor-section-boxed elementor-section-height-default elementor-section-height-default\" data-id=\"7d7d0db\" data-element_type=\"section\" data-e-type=\"section\" data-settings=\"{&quot;jet_parallax_layout_list&quot;:[],&quot;background_background&quot;:&quot;classic&quot;}\">\n\t\t\t\t\t\t<div class=\"elementor-container elementor-column-gap-default\">\n\t\t\t\t\t<div class=\"elementor-column elementor-col-50 elementor-top-column elementor-element elementor-element-bde5abd\" data-id=\"bde5abd\" data-element_type=\"column\" data-e-type=\"column\" data-settings=\"{&quot;background_background&quot;:&quot;classic&quot;}\">\n\t\t\t<div class=\"elementor-widget-wrap elementor-element-populated\">\n\t\t\t\t\t\t<div class=\"elementor-element elementor-element-216ff08 elementor-widget elementor-widget-image\" data-id=\"216ff08\" data-element_type=\"widget\" data-e-type=\"widget\" data-widget_type=\"image.default\">\n\t\t\t\t<div class=\"elementor-widget-container\">\n\t\t\t\t\t\t\t\t\t\t\t\t\t\t\t<img fetchpriority=\"high\" decoding=\"async\" width=\"900\" height=\"900\" src=\"https:\/\/ciclesformatius.es\/wp-content\/uploads\/2024\/02\/2-1024x1024.png\" class=\"attachment-large size-large wp-image-3726\" alt=\"Cicles formatius inform\u00e0tica - Ciclos formativos inform\u00e1tica\" srcset=\"https:\/\/ciclesformatius.es\/wp-content\/uploads\/2024\/02\/2-1024x1024.png 1024w, https:\/\/ciclesformatius.es\/wp-content\/uploads\/2024\/02\/2-300x300.png 300w, https:\/\/ciclesformatius.es\/wp-content\/uploads\/2024\/02\/2-150x150.png 150w, https:\/\/ciclesformatius.es\/wp-content\/uploads\/2024\/02\/2-768x768.png 768w, https:\/\/ciclesformatius.es\/wp-content\/uploads\/2024\/02\/2.png 1080w\" sizes=\"(max-width: 900px) 100vw, 900px\" \/>\t\t\t\t\t\t\t\t\t\t\t\t\t\t\t<\/div>\n\t\t\t\t<\/div>\n\t\t\t\t\t<\/div>\n\t\t<\/div>\n\t\t\t\t<div class=\"elementor-column elementor-col-50 elementor-top-column elementor-element elementor-element-bc1b96f\" data-id=\"bc1b96f\" data-element_type=\"column\" data-e-type=\"column\">\n\t\t\t<div class=\"elementor-widget-wrap elementor-element-populated\">\n\t\t\t\t\t\t<div class=\"elementor-element elementor-element-2e32621 elementor-widget elementor-widget-text-editor\" data-id=\"2e32621\" data-element_type=\"widget\" data-e-type=\"widget\" data-widget_type=\"text-editor.default\">\n\t\t\t\t<div class=\"elementor-widget-container\">\n\t\t\t\t\t\t\t\t\t<div class=\"fusion-text fusion-text-1\"><p>El Centro de Estudios Jaume Balmes es una escuela <strong>privada-concertada laica y pluralista<\/strong> y se manifiesta <strong>apol\u00edtica y aconfesional<\/strong> respecto a todas las religiones, siendo respetuosa con todas las maneras de pensar y abierta a todo el mundo.<\/p><p>Nuestro elemento diferenciador es la preocupaci\u00f3n no solo por aspectos instructivos, sino tambi\u00e9n por la <strong>educaci\u00f3n <\/strong>y la <strong>formaci\u00f3n integral<\/strong> de la persona. Esto se traduce a nivel funcional en aspectos concretos como el control de asistencia a cualquier nivel educativo, el seguimiento tutorial, el asesoramiento prelaboral y preuniversitario. Es decir, desde el Balmes se pretende formar personas de forma integral y ofreciendo, a la vez, una <strong>orientaci\u00f3n acad\u00e9mica y profesional <\/strong>ajustada a las caracter\u00edsticas de cada alumno, se fomenta el contacto familiar y se promueven valores de vital importancia.  <\/p><p>Nuestros objetivos generales sobre los que se basa toda nuestra tarea pedag\u00f3gica son:<\/p><ul><li>Conseguir que el alumno se encuentre a gusto en el Centro, que se sienta valorado y querido por los miembros de esta comunidad educativa.<\/li><li>Proporcionar una formaci\u00f3n de m\u00e1xima calidad para que cada uno de nuestros alumnos logre sus hitos personales en el \u00e1mbito acad\u00e9mico y profesional.<\/li><li>Favorecer el proceso madurativo del alumno\/a a fin de capacitarlo para posteriores opciones mediante una adecuada orientaci\u00f3n personal, acad\u00e9mica y profesional.<\/li><\/ul><\/div>\t\t\t\t\t\t\t\t<\/div>\n\t\t\t\t<\/div>\n\t\t\t\t\t<\/div>\n\t\t<\/div>\n\t\t\t\t\t<\/div>\n\t\t<\/section>\n\t\t\t\t<section class=\"elementor-section elementor-top-section elementor-element elementor-element-d98154c elementor-hidden-desktop elementor-section-boxed elementor-section-height-default elementor-section-height-default\" data-id=\"d98154c\" data-element_type=\"section\" data-e-type=\"section\" data-settings=\"{&quot;jet_parallax_layout_list&quot;:[],&quot;background_background&quot;:&quot;classic&quot;}\">\n\t\t\t\t\t\t<div class=\"elementor-container elementor-column-gap-default\">\n\t\t\t\t\t<div class=\"elementor-column elementor-col-50 elementor-top-column elementor-element elementor-element-90e263c\" data-id=\"90e263c\" data-element_type=\"column\" data-e-type=\"column\">\n\t\t\t<div class=\"elementor-widget-wrap elementor-element-populated\">\n\t\t\t\t\t\t<div class=\"elementor-element elementor-element-79a7caf elementor-widget elementor-widget-text-editor\" data-id=\"79a7caf\" data-element_type=\"widget\" data-e-type=\"widget\" data-widget_type=\"text-editor.default\">\n\t\t\t\t<div class=\"elementor-widget-container\">\n\t\t\t\t\t\t\t\t\t<div class=\"fusion-text fusion-text-1\"><p>El Centro de Estudios Jaume Balmes es una escuela <strong>privada-concertada laica y pluralista<\/strong> y se manifiesta <strong>apol\u00edtica y aconfesional<\/strong> respecto a todas las religiones, siendo respetuosa con todas las maneras de pensar y abierta a todo el mundo.<\/p><p>Nuestro elemento diferenciador es la preocupaci\u00f3n no solo por aspectos instructivos, sino tambi\u00e9n por la <strong>educaci\u00f3n <\/strong>y la <strong>formaci\u00f3n integral<\/strong> de la persona. Esto se traduce a nivel funcional en aspectos concretos como el control de asistencia a cualquier nivel educativo, el seguimiento tutorial, el asesoramiento prelaboral y preuniversitario. Es decir, desde el Balmes se pretende formar personas de forma integral y ofreciendo, a la vez, una <strong>orientaci\u00f3n acad\u00e9mica y profesional <\/strong>ajustada a las caracter\u00edsticas de cada alumno, se fomenta el contacto familiar y se promueven valores de vital importancia.  <\/p><p>Nuestros objetivos generales sobre los que se basa toda nuestra tarea pedag\u00f3gica son:<\/p><ul><li>Conseguir que el alumno se encuentre a gusto en el Centro, que se sienta valorado y querido por los miembros de esta comunidad educativa.<\/li><li>Proporcionar una formaci\u00f3n de m\u00e1xima calidad para que cada uno de nuestros alumnos logre sus hitos personales en el \u00e1mbito acad\u00e9mico y profesional.<\/li><li>Favorecer el proceso madurativo del alumno\/a a fin de capacitarlo para posteriores opciones mediante una adecuada orientaci\u00f3n personal, acad\u00e9mica y profesional.<\/li><\/ul><\/div>\t\t\t\t\t\t\t\t<\/div>\n\t\t\t\t<\/div>\n\t\t\t\t\t<\/div>\n\t\t<\/div>\n\t\t\t\t<div class=\"elementor-column elementor-col-50 elementor-top-column elementor-element elementor-element-e517b56\" data-id=\"e517b56\" data-element_type=\"column\" data-e-type=\"column\" data-settings=\"{&quot;background_background&quot;:&quot;classic&quot;}\">\n\t\t\t<div class=\"elementor-widget-wrap elementor-element-populated\">\n\t\t\t\t\t\t<div class=\"elementor-element elementor-element-90430f5 elementor-widget elementor-widget-image\" data-id=\"90430f5\" data-element_type=\"widget\" data-e-type=\"widget\" data-widget_type=\"image.default\">\n\t\t\t\t<div class=\"elementor-widget-container\">\n\t\t\t\t\t\t\t\t\t\t\t\t\t\t\t<img fetchpriority=\"high\" decoding=\"async\" width=\"900\" height=\"900\" src=\"https:\/\/ciclesformatius.es\/wp-content\/uploads\/2024\/02\/2-1024x1024.png\" class=\"attachment-large size-large wp-image-3726\" alt=\"Cicles formatius inform\u00e0tica - Ciclos formativos inform\u00e1tica\" srcset=\"https:\/\/ciclesformatius.es\/wp-content\/uploads\/2024\/02\/2-1024x1024.png 1024w, https:\/\/ciclesformatius.es\/wp-content\/uploads\/2024\/02\/2-300x300.png 300w, https:\/\/ciclesformatius.es\/wp-content\/uploads\/2024\/02\/2-150x150.png 150w, https:\/\/ciclesformatius.es\/wp-content\/uploads\/2024\/02\/2-768x768.png 768w, https:\/\/ciclesformatius.es\/wp-content\/uploads\/2024\/02\/2.png 1080w\" sizes=\"(max-width: 900px) 100vw, 900px\" \/>\t\t\t\t\t\t\t\t\t\t\t\t\t\t\t<\/div>\n\t\t\t\t<\/div>\n\t\t\t\t\t<\/div>\n\t\t<\/div>\n\t\t\t\t\t<\/div>\n\t\t<\/section>\n\t\t\t\t<section class=\"elementor-section elementor-top-section elementor-element elementor-element-29e3f88 elementor-section-boxed elementor-section-height-default elementor-section-height-default\" data-id=\"29e3f88\" data-element_type=\"section\" data-e-type=\"section\" data-settings=\"{&quot;jet_parallax_layout_list&quot;:[],&quot;background_background&quot;:&quot;classic&quot;}\">\n\t\t\t\t\t\t<div class=\"elementor-container elementor-column-gap-default\">\n\t\t\t\t\t<div class=\"elementor-column elementor-col-100 elementor-top-column elementor-element elementor-element-e9412f5\" data-id=\"e9412f5\" data-element_type=\"column\" data-e-type=\"column\">\n\t\t\t<div class=\"elementor-widget-wrap elementor-element-populated\">\n\t\t\t\t\t\t<div class=\"elementor-element elementor-element-ba4b30f elementor-widget elementor-widget-heading\" data-id=\"ba4b30f\" data-element_type=\"widget\" data-e-type=\"widget\" data-widget_type=\"heading.default\">\n\t\t\t\t<div class=\"elementor-widget-container\">\n\t\t\t\t\t<h2 class=\"elementor-heading-title elementor-size-default\">LA COOPERATIVA<\/h2>\t\t\t\t<\/div>\n\t\t\t\t<\/div>\n\t\t\t\t<div class=\"elementor-element elementor-element-abfe03c elementor-widget-divider--view-line elementor-widget elementor-widget-divider\" data-id=\"abfe03c\" data-element_type=\"widget\" data-e-type=\"widget\" data-widget_type=\"divider.default\">\n\t\t\t\t<div class=\"elementor-widget-container\">\n\t\t\t\t\t\t\t<div class=\"elementor-divider\">\n\t\t\t<span class=\"elementor-divider-separator\">\n\t\t\t\t\t\t<\/span>\n\t\t<\/div>\n\t\t\t\t\t\t<\/div>\n\t\t\t\t<\/div>\n\t\t\t\t<div class=\"elementor-element elementor-element-8107360 elementor-widget elementor-widget-text-editor\" data-id=\"8107360\" data-element_type=\"widget\" data-e-type=\"widget\" data-widget_type=\"text-editor.default\">\n\t\t\t\t<div class=\"elementor-widget-container\">\n\t\t\t\t\t\t\t\t\t<div class=\"fusion-text fusion-text-1\"><p>El a\u00f1o 1982 nace <strong>El Balmes <\/strong>con la mentalidad de ser una alternativa diferente en el panorama educativo de la ciudad de <strong>L&#8217;Hospitalet <\/strong>y de toda la zona. Hoy, despu\u00e9s de <strong>m\u00e1s de 40 a\u00f1os de experiencia<\/strong>, somos una escuela consolidada, de calidad, con una amplia oferta para chicos y chicas de todas las edades, desde los m\u00e1s peque\u00f1os de Infantil 3 hasta los adultos de Ciclos Formativos o Formaci\u00f3n Ocupacional y Continua. La caracter\u00edstica m\u00e1s importante de nuestra escuela es el trabajo personalizado y la atenci\u00f3n individualizada, y basamos nuestro ideario en cuatro valores fundamentales e irrenunciables:  <\/p><h4 style=\"text-align: center;\"><strong><span style=\"color: #062f87;\">\u00b7 Cooperaci\u00f3n \u00b7 Respeto \u00b7 Solidaridad \u00b7 Tolerancia<\/span><br><\/strong><\/h4><p>Creemos firmemente que una escuela tiene que ser mucho m\u00e1s que el lugar donde alguien viene a aprender asignaturas. Una escuela tiene que ser un lugar que eduque en todas y cada una de sus actuaciones y es por eso que los valores de nuestro ideario se ven y se viven en la vida diaria. Creemos que si somos respetuosos educamos el respeto, si somos solidarios hagamos personas solidarias, si somos tolerantes abrimos la puerta a un futuro en paz para todos y nuestra experiencia como Cooperativa nos permite afirmar que el trabajo en equipo y la fuerza del grupo multiplican el valor de cada uno de nosotros.  <\/p><h5><span style=\"color: #062f87;\"><strong>Todo esto es el Balmes, <\/strong><\/span><\/h5><h5><span style=\"color: #062f87;\"><strong>y t\u00fa eres la parte m\u00e1s importante de este equipo.<\/strong><\/span><\/h5><p><em>\u00a1No te pierdas la historia de la Cooperativa en los ejemplares publicados por Balmes Editorial!<\/em><\/p><\/div>\t\t\t\t\t\t\t\t<\/div>\n\t\t\t\t<\/div>\n\t\t\t\t\t<\/div>\n\t\t<\/div>\n\t\t\t\t\t<\/div>\n\t\t<\/section>\n\t\t\t\t<\/div>\n\t\t","protected":false},"excerpt":{"rendered":"<p>Centro de estudios El Balmes Inici NUESTRO CENTRO El Centro de Estudios Jaume Balmes es una escuela privada-concertada laica y pluralista y se manifiesta apol\u00edtica y aconfesional respecto a todas las religiones, siendo respetuosa con todas las maneras de pensar y abierta a todo el mundo. Nuestro elemento diferenciador es la preocupaci\u00f3n no solo por &#8230; <a title=\"El Balmes\" class=\"read-more\" href=\"https:\/\/ciclesformatius.es\/es\/el-balmes\/\" aria-label=\"Leer m\u00e1s sobre El Balmes\">Leer m\u00e1s<\/a><\/p>\n","protected":false},"author":1,"featured_media":0,"parent":0,"menu_order":0,"comment_status":"closed","ping_status":"closed","template":"elementor_header_footer","meta":{"inline_featured_image":false,"footnotes":""},"class_list":["post-3853","page","type-page","status-publish"],"yoast_head":"<!-- This site is optimized with the Yoast SEO plugin v27.4 - https:\/\/yoast.com\/product\/yoast-seo-wordpress\/ -->\n<title>Cursos de Formaci\u00f3n Superior Profesional en Barcelona<\/title>\n<meta name=\"description\" content=\"Matric\u00falate en los ciclos formativos grado superior Barcelona del Institut Jaume Balmes y accede a una formaci\u00f3n de calidad con salidas.\" \/>\n<meta name=\"robots\" content=\"index, follow, max-snippet:-1, max-image-preview:large, max-video-preview:-1\" \/>\n<link rel=\"canonical\" href=\"https:\/\/ciclesformatius.es\/es\/el-balmes\/\" \/>\n<meta property=\"og:locale\" content=\"es_ES\" \/>\n<meta property=\"og:type\" content=\"article\" \/>\n<meta property=\"og:title\" content=\"Cursos de Formaci\u00f3n Superior Profesional en Barcelona\" \/>\n<meta property=\"og:description\" content=\"Matric\u00falate en los ciclos formativos grado superior Barcelona del Institut Jaume Balmes y accede a una formaci\u00f3n de calidad con salidas.\" \/>\n<meta property=\"og:url\" content=\"https:\/\/ciclesformatius.es\/es\/el-balmes\/\" \/>\n<meta property=\"og:site_name\" content=\"Cicles Formatius Jaume Balmes\" \/>\n<meta property=\"article:publisher\" content=\"https:\/\/www.facebook.com\/cejaumebalmes\" \/>\n<meta property=\"article:modified_time\" content=\"2025-11-14T01:17:21+00:00\" \/>\n<meta property=\"og:image\" content=\"https:\/\/ciclesformatius.es\/wp-content\/uploads\/2024\/02\/2-1024x1024.png\" \/>\n<meta name=\"twitter:card\" content=\"summary_large_image\" \/>\n<meta name=\"twitter:site\" content=\"@cejaumebalmes\" \/>\n<meta name=\"twitter:label1\" content=\"Tiempo de lectura\" \/>\n\t<meta name=\"twitter:data1\" content=\"5 minutos\" \/>\n<script type=\"application\/ld+json\" class=\"yoast-schema-graph\">{\"@context\":\"https:\\\/\\\/schema.org\",\"@graph\":[{\"@type\":\"WebPage\",\"@id\":\"https:\\\/\\\/ciclesformatius.es\\\/es\\\/el-balmes\\\/\",\"url\":\"https:\\\/\\\/ciclesformatius.es\\\/es\\\/el-balmes\\\/\",\"name\":\"Cursos de Formaci\u00f3n Superior Profesional en Barcelona\",\"isPartOf\":{\"@id\":\"https:\\\/\\\/ciclesformatius.es\\\/es\\\/#website\"},\"primaryImageOfPage\":{\"@id\":\"https:\\\/\\\/ciclesformatius.es\\\/es\\\/el-balmes\\\/#primaryimage\"},\"image\":{\"@id\":\"https:\\\/\\\/ciclesformatius.es\\\/es\\\/el-balmes\\\/#primaryimage\"},\"thumbnailUrl\":\"https:\\\/\\\/ciclesformatius.es\\\/wp-content\\\/uploads\\\/2024\\\/02\\\/2-1024x1024.png\",\"datePublished\":\"2023-02-05T18:46:11+00:00\",\"dateModified\":\"2025-11-14T01:17:21+00:00\",\"description\":\"Matric\u00falate en los ciclos formativos grado superior Barcelona del Institut Jaume Balmes y accede a una formaci\u00f3n de calidad con salidas.\",\"breadcrumb\":{\"@id\":\"https:\\\/\\\/ciclesformatius.es\\\/es\\\/el-balmes\\\/#breadcrumb\"},\"inLanguage\":\"es\",\"potentialAction\":[{\"@type\":\"ReadAction\",\"target\":[\"https:\\\/\\\/ciclesformatius.es\\\/es\\\/el-balmes\\\/\"]}]},{\"@type\":\"ImageObject\",\"inLanguage\":\"es\",\"@id\":\"https:\\\/\\\/ciclesformatius.es\\\/es\\\/el-balmes\\\/#primaryimage\",\"url\":\"https:\\\/\\\/ciclesformatius.es\\\/wp-content\\\/uploads\\\/2024\\\/02\\\/2-1024x1024.png\",\"contentUrl\":\"https:\\\/\\\/ciclesformatius.es\\\/wp-content\\\/uploads\\\/2024\\\/02\\\/2-1024x1024.png\"},{\"@type\":\"BreadcrumbList\",\"@id\":\"https:\\\/\\\/ciclesformatius.es\\\/es\\\/el-balmes\\\/#breadcrumb\",\"itemListElement\":[{\"@type\":\"ListItem\",\"position\":1,\"name\":\"Inici\",\"item\":\"https:\\\/\\\/ciclesformatius.es\\\/es\\\/inicio\\\/\"},{\"@type\":\"ListItem\",\"position\":2,\"name\":\"El Balmes\"}]},{\"@type\":\"WebSite\",\"@id\":\"https:\\\/\\\/ciclesformatius.es\\\/es\\\/#website\",\"url\":\"https:\\\/\\\/ciclesformatius.es\\\/es\\\/\",\"name\":\"Cicles Formatius Jaume Balmes\",\"description\":\"\",\"publisher\":{\"@id\":\"https:\\\/\\\/ciclesformatius.es\\\/es\\\/#organization\"},\"potentialAction\":[{\"@type\":\"SearchAction\",\"target\":{\"@type\":\"EntryPoint\",\"urlTemplate\":\"https:\\\/\\\/ciclesformatius.es\\\/es\\\/?s={search_term_string}\"},\"query-input\":{\"@type\":\"PropertyValueSpecification\",\"valueRequired\":true,\"valueName\":\"search_term_string\"}}],\"inLanguage\":\"es\"},{\"@type\":\"Organization\",\"@id\":\"https:\\\/\\\/ciclesformatius.es\\\/es\\\/#organization\",\"name\":\"Centre d'Estudis Jaume Balmes\",\"url\":\"https:\\\/\\\/ciclesformatius.es\\\/es\\\/\",\"logo\":{\"@type\":\"ImageObject\",\"inLanguage\":\"es\",\"@id\":\"https:\\\/\\\/ciclesformatius.es\\\/es\\\/#\\\/schema\\\/logo\\\/image\\\/\",\"url\":\"https:\\\/\\\/ciclesformatius.es\\\/wp-content\\\/uploads\\\/2023\\\/01\\\/balmes-01.svg\",\"contentUrl\":\"https:\\\/\\\/ciclesformatius.es\\\/wp-content\\\/uploads\\\/2023\\\/01\\\/balmes-01.svg\",\"caption\":\"Centre d'Estudis Jaume Balmes\"},\"image\":{\"@id\":\"https:\\\/\\\/ciclesformatius.es\\\/es\\\/#\\\/schema\\\/logo\\\/image\\\/\"},\"sameAs\":[\"https:\\\/\\\/www.facebook.com\\\/cejaumebalmes\",\"https:\\\/\\\/x.com\\\/cejaumebalmes\"]}]}<\/script>\n<!-- \/ Yoast SEO plugin. -->","yoast_head_json":{"title":"Cursos de Formaci\u00f3n Superior Profesional en Barcelona","description":"Matric\u00falate en los ciclos formativos grado superior Barcelona del Institut Jaume Balmes y accede a una formaci\u00f3n de calidad con salidas.","robots":{"index":"index","follow":"follow","max-snippet":"max-snippet:-1","max-image-preview":"max-image-preview:large","max-video-preview":"max-video-preview:-1"},"canonical":"https:\/\/ciclesformatius.es\/es\/el-balmes\/","og_locale":"es_ES","og_type":"article","og_title":"Cursos de Formaci\u00f3n Superior Profesional en Barcelona","og_description":"Matric\u00falate en los ciclos formativos grado superior Barcelona del Institut Jaume Balmes y accede a una formaci\u00f3n de calidad con salidas.","og_url":"https:\/\/ciclesformatius.es\/es\/el-balmes\/","og_site_name":"Cicles Formatius Jaume Balmes","article_publisher":"https:\/\/www.facebook.com\/cejaumebalmes","article_modified_time":"2025-11-14T01:17:21+00:00","og_image":[{"url":"https:\/\/ciclesformatius.es\/wp-content\/uploads\/2024\/02\/2-1024x1024.png","type":"","width":"","height":""}],"twitter_card":"summary_large_image","twitter_site":"@cejaumebalmes","twitter_misc":{"Tiempo de lectura":"5 minutos"},"schema":{"@context":"https:\/\/schema.org","@graph":[{"@type":"WebPage","@id":"https:\/\/ciclesformatius.es\/es\/el-balmes\/","url":"https:\/\/ciclesformatius.es\/es\/el-balmes\/","name":"Cursos de Formaci\u00f3n Superior Profesional en Barcelona","isPartOf":{"@id":"https:\/\/ciclesformatius.es\/es\/#website"},"primaryImageOfPage":{"@id":"https:\/\/ciclesformatius.es\/es\/el-balmes\/#primaryimage"},"image":{"@id":"https:\/\/ciclesformatius.es\/es\/el-balmes\/#primaryimage"},"thumbnailUrl":"https:\/\/ciclesformatius.es\/wp-content\/uploads\/2024\/02\/2-1024x1024.png","datePublished":"2023-02-05T18:46:11+00:00","dateModified":"2025-11-14T01:17:21+00:00","description":"Matric\u00falate en los ciclos formativos grado superior Barcelona del Institut Jaume Balmes y accede a una formaci\u00f3n de calidad con salidas.","breadcrumb":{"@id":"https:\/\/ciclesformatius.es\/es\/el-balmes\/#breadcrumb"},"inLanguage":"es","potentialAction":[{"@type":"ReadAction","target":["https:\/\/ciclesformatius.es\/es\/el-balmes\/"]}]},{"@type":"ImageObject","inLanguage":"es","@id":"https:\/\/ciclesformatius.es\/es\/el-balmes\/#primaryimage","url":"https:\/\/ciclesformatius.es\/wp-content\/uploads\/2024\/02\/2-1024x1024.png","contentUrl":"https:\/\/ciclesformatius.es\/wp-content\/uploads\/2024\/02\/2-1024x1024.png"},{"@type":"BreadcrumbList","@id":"https:\/\/ciclesformatius.es\/es\/el-balmes\/#breadcrumb","itemListElement":[{"@type":"ListItem","position":1,"name":"Inici","item":"https:\/\/ciclesformatius.es\/es\/inicio\/"},{"@type":"ListItem","position":2,"name":"El Balmes"}]},{"@type":"WebSite","@id":"https:\/\/ciclesformatius.es\/es\/#website","url":"https:\/\/ciclesformatius.es\/es\/","name":"Cicles Formatius Jaume Balmes","description":"","publisher":{"@id":"https:\/\/ciclesformatius.es\/es\/#organization"},"potentialAction":[{"@type":"SearchAction","target":{"@type":"EntryPoint","urlTemplate":"https:\/\/ciclesformatius.es\/es\/?s={search_term_string}"},"query-input":{"@type":"PropertyValueSpecification","valueRequired":true,"valueName":"search_term_string"}}],"inLanguage":"es"},{"@type":"Organization","@id":"https:\/\/ciclesformatius.es\/es\/#organization","name":"Centre d'Estudis Jaume Balmes","url":"https:\/\/ciclesformatius.es\/es\/","logo":{"@type":"ImageObject","inLanguage":"es","@id":"https:\/\/ciclesformatius.es\/es\/#\/schema\/logo\/image\/","url":"https:\/\/ciclesformatius.es\/wp-content\/uploads\/2023\/01\/balmes-01.svg","contentUrl":"https:\/\/ciclesformatius.es\/wp-content\/uploads\/2023\/01\/balmes-01.svg","caption":"Centre d'Estudis Jaume Balmes"},"image":{"@id":"https:\/\/ciclesformatius.es\/es\/#\/schema\/logo\/image\/"},"sameAs":["https:\/\/www.facebook.com\/cejaumebalmes","https:\/\/x.com\/cejaumebalmes"]}]}},"_links":{"self":[{"href":"https:\/\/ciclesformatius.es\/es\/wp-json\/wp\/v2\/pages\/3853","targetHints":{"allow":["GET"]}}],"collection":[{"href":"https:\/\/ciclesformatius.es\/es\/wp-json\/wp\/v2\/pages"}],"about":[{"href":"https:\/\/ciclesformatius.es\/es\/wp-json\/wp\/v2\/types\/page"}],"author":[{"embeddable":true,"href":"https:\/\/ciclesformatius.es\/es\/wp-json\/wp\/v2\/users\/1"}],"replies":[{"embeddable":true,"href":"https:\/\/ciclesformatius.es\/es\/wp-json\/wp\/v2\/comments?post=3853"}],"version-history":[{"count":7,"href":"https:\/\/ciclesformatius.es\/es\/wp-json\/wp\/v2\/pages\/3853\/revisions"}],"predecessor-version":[{"id":4583,"href":"https:\/\/ciclesformatius.es\/es\/wp-json\/wp\/v2\/pages\/3853\/revisions\/4583"}],"wp:attachment":[{"href":"https:\/\/ciclesformatius.es\/es\/wp-json\/wp\/v2\/media?parent=3853"}],"curies":[{"name":"wp","href":"https:\/\/api.w.org\/{rel}","templated":true}]}}