{"id":3843,"date":"2024-02-25T11:51:20","date_gmt":"2024-02-25T11:51:20","guid":{"rendered":"https:\/\/ciclesformatius.es\/ciclos-formativos-imagen\/cfgs-asesoria-imagen-personal-y-corporativa\/"},"modified":"2026-04-27T10:39:34","modified_gmt":"2026-04-27T10:39:34","slug":"cfgs-asesoria-imagen-personal-y-corporativa","status":"publish","type":"page","link":"https:\/\/ciclesformatius.es\/es\/ciclos-formativos-imagen\/cfgs-asesoria-imagen-personal-y-corporativa\/","title":{"rendered":"CFGS Asesor\u00eda Imagen Personal y Corporativa"},"content":{"rendered":"\t\t<div data-elementor-type=\"wp-page\" data-elementor-id=\"3843\" class=\"elementor elementor-3843 elementor-2680\" data-elementor-post-type=\"page\">\n\t\t\t\t\t\t<section class=\"elementor-section elementor-top-section elementor-element elementor-element-2d6c23aa elementor-section-full_width elementor-section-height-default elementor-section-height-default\" data-id=\"2d6c23aa\" data-element_type=\"section\" data-e-type=\"section\" data-settings=\"{&quot;jet_parallax_layout_list&quot;:[],&quot;background_background&quot;:&quot;classic&quot;}\">\n\t\t\t\t\t\t<div class=\"elementor-container elementor-column-gap-no\">\n\t\t\t\t\t<div class=\"elementor-column elementor-col-100 elementor-top-column elementor-element elementor-element-17e649e\" data-id=\"17e649e\" data-element_type=\"column\" data-e-type=\"column\">\n\t\t\t<div class=\"elementor-widget-wrap elementor-element-populated\">\n\t\t\t\t\t\t<div class=\"elementor-element elementor-element-e8f136a elementor-widget elementor-widget-heading\" data-id=\"e8f136a\" data-element_type=\"widget\" data-e-type=\"widget\" data-widget_type=\"heading.default\">\n\t\t\t\t<div class=\"elementor-widget-container\">\n\t\t\t\t\t<h1 class=\"elementor-heading-title elementor-size-default\">CFGS Asesor\u00eda Imagen Personal y Corporativa<\/h1>\t\t\t\t<\/div>\n\t\t\t\t<\/div>\n\t\t\t\t\t<\/div>\n\t\t<\/div>\n\t\t\t\t\t<\/div>\n\t\t<\/section>\n\t\t\t\t<section class=\"elementor-section elementor-top-section elementor-element elementor-element-d84f386 elementor-section-boxed elementor-section-height-default elementor-section-height-default\" data-id=\"d84f386\" data-element_type=\"section\" data-e-type=\"section\" data-settings=\"{&quot;jet_parallax_layout_list&quot;:[],&quot;background_background&quot;:&quot;classic&quot;}\">\n\t\t\t\t\t\t<div class=\"elementor-container elementor-column-gap-default\">\n\t\t\t\t\t<div class=\"elementor-column elementor-col-100 elementor-top-column elementor-element elementor-element-c197dab\" data-id=\"c197dab\" data-element_type=\"column\" data-e-type=\"column\">\n\t\t\t<div class=\"elementor-widget-wrap elementor-element-populated\">\n\t\t\t\t\t\t<div class=\"elementor-element elementor-element-d9c3bda elementor-widget elementor-widget-jet-breadcrumbs\" data-id=\"d9c3bda\" data-element_type=\"widget\" data-e-type=\"widget\" data-widget_type=\"jet-breadcrumbs.default\">\n\t\t\t\t<div class=\"elementor-widget-container\">\n\t\t\t\t\t<div class=\"elementor-jet-breadcrumbs jet-blocks\">\n\t\t<div class=\"jet-breadcrumbs\">\n\t\t<div class=\"jet-breadcrumbs__content\">\n\t\t<div class=\"jet-breadcrumbs__wrap\"><div class=\"jet-breadcrumbs__item\"><a href=\"https:\/\/ciclesformatius.es\/es\/\" class=\"jet-breadcrumbs__item-link is-home\" rel=\"home\" title=\"Inicio\">Inicio<\/a><\/div>\n\t\t<\/div>\n\t\t<\/div>\n\t\t<\/div><\/div>\t\t\t\t<\/div>\n\t\t\t\t<\/div>\n\t\t\t\t\t<\/div>\n\t\t<\/div>\n\t\t\t\t\t<\/div>\n\t\t<\/section>\n\t\t\t\t<section class=\"elementor-section elementor-top-section elementor-element elementor-element-4ac1eac elementor-section-boxed elementor-section-height-default elementor-section-height-default\" data-id=\"4ac1eac\" data-element_type=\"section\" data-e-type=\"section\" data-settings=\"{&quot;jet_parallax_layout_list&quot;:[],&quot;background_background&quot;:&quot;classic&quot;}\">\n\t\t\t\t\t\t<div class=\"elementor-container elementor-column-gap-default\">\n\t\t\t\t\t<div class=\"elementor-column elementor-col-50 elementor-top-column elementor-element elementor-element-fef7284\" data-id=\"fef7284\" data-element_type=\"column\" data-e-type=\"column\">\n\t\t\t<div class=\"elementor-widget-wrap elementor-element-populated\">\n\t\t\t\t\t\t<div class=\"elementor-element elementor-element-b04cc80 elementor-widget elementor-widget-video\" data-id=\"b04cc80\" data-element_type=\"widget\" data-e-type=\"widget\" data-settings=\"{&quot;youtube_url&quot;:&quot;https:\\\/\\\/www.youtube.com\\\/watch?v=GU4o1aq4K2Y&quot;,&quot;show_image_overlay&quot;:&quot;yes&quot;,&quot;image_overlay&quot;:{&quot;url&quot;:&quot;https:\\\/\\\/ciclesformatius.es\\\/wp-content\\\/uploads\\\/2026\\\/03\\\/portadas-yt-3-scaled.jpg&quot;,&quot;id&quot;:4662,&quot;size&quot;:&quot;&quot;,&quot;alt&quot;:&quot;&quot;,&quot;source&quot;:&quot;library&quot;},&quot;video_type&quot;:&quot;youtube&quot;,&quot;controls&quot;:&quot;yes&quot;}\" data-widget_type=\"video.default\">\n\t\t\t\t<div class=\"elementor-widget-container\">\n\t\t\t\t\t\t\t<div class=\"elementor-wrapper elementor-open-inline\">\n\t\t\t<div class=\"elementor-video\"><\/div>\t\t\t\t<div class=\"elementor-custom-embed-image-overlay\" style=\"background-image: url(https:\/\/ciclesformatius.es\/wp-content\/uploads\/2026\/03\/portadas-yt-3-scaled.jpg);\">\n\t\t\t\t\t\t\t\t\t\t\t\t\t\t\t\t<div class=\"elementor-custom-embed-play\" role=\"button\" aria-label=\"Reproducir v\u00eddeo\" tabindex=\"0\">\n\t\t\t\t\t\t\t<i aria-hidden=\"true\" class=\"eicon-play\"><\/i>\t\t\t\t\t\t<\/div>\n\t\t\t\t\t\t\t\t\t<\/div>\n\t\t\t\t\t<\/div>\n\t\t\t\t\t\t<\/div>\n\t\t\t\t<\/div>\n\t\t\t\t<div class=\"elementor-element elementor-element-0e013c8 elementor-align-center elementor-widget elementor-widget-button\" data-id=\"0e013c8\" data-element_type=\"widget\" data-e-type=\"widget\" data-widget_type=\"button.default\">\n\t\t\t\t<div class=\"elementor-widget-container\">\n\t\t\t\t\t\t\t\t\t<div class=\"elementor-button-wrapper\">\n\t\t\t\t\t<a class=\"elementor-button elementor-button-link elementor-size-sm\" href=\"https:\/\/ciclesformatius.es\/es\/mas-informacion-2\/?cicle=CFGS%20Asesor\u00eda%20de%20Imagen%20Personal%20y%20Corporativa\">\n\t\t\t\t\t\t<span class=\"elementor-button-content-wrapper\">\n\t\t\t\t\t\t\t\t\t<span class=\"elementor-button-text\">M\u00e1s informaci\u00f3n<\/span>\n\t\t\t\t\t<\/span>\n\t\t\t\t\t<\/a>\n\t\t\t\t<\/div>\n\t\t\t\t\t\t\t\t<\/div>\n\t\t\t\t<\/div>\n\t\t\t\t\t<\/div>\n\t\t<\/div>\n\t\t\t\t<div class=\"elementor-column elementor-col-50 elementor-top-column elementor-element elementor-element-b5f60c1\" data-id=\"b5f60c1\" data-element_type=\"column\" data-e-type=\"column\">\n\t\t\t<div class=\"elementor-widget-wrap elementor-element-populated\">\n\t\t\t\t\t\t<div class=\"elementor-element elementor-element-c20de0f elementor-widget elementor-widget-video\" data-id=\"c20de0f\" data-element_type=\"widget\" data-e-type=\"widget\" data-settings=\"{&quot;youtube_url&quot;:&quot;https:\\\/\\\/youtu.be\\\/QNHBJpgg2_w&quot;,&quot;show_image_overlay&quot;:&quot;yes&quot;,&quot;image_overlay&quot;:{&quot;url&quot;:&quot;https:\\\/\\\/ciclesformatius.es\\\/wp-content\\\/uploads\\\/2026\\\/03\\\/portadas-yt-7-scaled.jpg&quot;,&quot;id&quot;:4660,&quot;size&quot;:&quot;&quot;,&quot;alt&quot;:&quot;&quot;,&quot;source&quot;:&quot;library&quot;},&quot;video_type&quot;:&quot;youtube&quot;,&quot;controls&quot;:&quot;yes&quot;}\" data-widget_type=\"video.default\">\n\t\t\t\t<div class=\"elementor-widget-container\">\n\t\t\t\t\t\t\t<div class=\"elementor-wrapper elementor-open-inline\">\n\t\t\t<div class=\"elementor-video\"><\/div>\t\t\t\t<div class=\"elementor-custom-embed-image-overlay\" style=\"background-image: url(https:\/\/ciclesformatius.es\/wp-content\/uploads\/2026\/03\/portadas-yt-7-scaled.jpg);\">\n\t\t\t\t\t\t\t\t\t\t\t\t\t\t\t\t<div class=\"elementor-custom-embed-play\" role=\"button\" aria-label=\"Reproducir v\u00eddeo\" tabindex=\"0\">\n\t\t\t\t\t\t\t<i aria-hidden=\"true\" class=\"eicon-play\"><\/i>\t\t\t\t\t\t<\/div>\n\t\t\t\t\t\t\t\t\t<\/div>\n\t\t\t\t\t<\/div>\n\t\t\t\t\t\t<\/div>\n\t\t\t\t<\/div>\n\t\t\t\t<div class=\"elementor-element elementor-element-d5294b4 elementor-align-center elementor-widget elementor-widget-button\" data-id=\"d5294b4\" data-element_type=\"widget\" data-e-type=\"widget\" data-widget_type=\"button.default\">\n\t\t\t\t<div class=\"elementor-widget-container\">\n\t\t\t\t\t\t\t\t\t<div class=\"elementor-button-wrapper\">\n\t\t\t\t\t<a class=\"elementor-button elementor-button-link elementor-size-sm\" href=\"https:\/\/ciclesformatius.es\/es\/me-apunto\/?cicle=CFGS%20Asesor\u00eda%20de%20Imagen%20Personal%20y%20Corporativa\">\n\t\t\t\t\t\t<span class=\"elementor-button-content-wrapper\">\n\t\t\t\t\t\t\t\t\t<span class=\"elementor-button-text\">\u00a1Me apunto!<\/span>\n\t\t\t\t\t<\/span>\n\t\t\t\t\t<\/a>\n\t\t\t\t<\/div>\n\t\t\t\t\t\t\t\t<\/div>\n\t\t\t\t<\/div>\n\t\t\t\t\t<\/div>\n\t\t<\/div>\n\t\t\t\t\t<\/div>\n\t\t<\/section>\n\t\t\t\t<section class=\"elementor-section elementor-top-section elementor-element elementor-element-6d28546 elementor-section-boxed elementor-section-height-default elementor-section-height-default\" data-id=\"6d28546\" data-element_type=\"section\" data-e-type=\"section\" data-settings=\"{&quot;jet_parallax_layout_list&quot;:[]}\">\n\t\t\t\t\t\t<div class=\"elementor-container elementor-column-gap-default\">\n\t\t\t\t\t<div class=\"elementor-column elementor-col-20 elementor-top-column elementor-element elementor-element-94c1549\" data-id=\"94c1549\" data-element_type=\"column\" data-e-type=\"column\">\n\t\t\t<div class=\"elementor-widget-wrap elementor-element-populated\">\n\t\t\t\t\t\t<div class=\"elementor-element elementor-element-e543826 elementor-widget elementor-widget-image\" data-id=\"e543826\" data-element_type=\"widget\" data-e-type=\"widget\" data-widget_type=\"image.default\">\n\t\t\t\t<div class=\"elementor-widget-container\">\n\t\t\t\t\t\t\t\t\t\t\t\t\t\t\t<img decoding=\"async\" width=\"199\" height=\"195\" src=\"https:\/\/ciclesformatius.es\/wp-content\/uploads\/2024\/02\/atencio-personalitzada.jpg\" class=\"attachment-full size-full wp-image-3729\" alt=\"Logo\" \/>\t\t\t\t\t\t\t\t\t\t\t\t\t\t\t<\/div>\n\t\t\t\t<\/div>\n\t\t\t\t<div class=\"elementor-element elementor-element-a09aebd elementor-widget elementor-widget-text-editor\" data-id=\"a09aebd\" data-element_type=\"widget\" data-e-type=\"widget\" data-widget_type=\"text-editor.default\">\n\t\t\t\t<div class=\"elementor-widget-container\">\n\t\t\t\t\t\t\t\t\t<p style=\"text-align: center;\">Atenci\u00f3n personalizada<\/p>\t\t\t\t\t\t\t\t<\/div>\n\t\t\t\t<\/div>\n\t\t\t\t\t<\/div>\n\t\t<\/div>\n\t\t\t\t<div class=\"elementor-column elementor-col-20 elementor-top-column elementor-element elementor-element-bfe2ec3\" data-id=\"bfe2ec3\" data-element_type=\"column\" data-e-type=\"column\">\n\t\t\t<div class=\"elementor-widget-wrap elementor-element-populated\">\n\t\t\t\t\t\t<div class=\"elementor-element elementor-element-f1dfa02 elementor-widget elementor-widget-image\" data-id=\"f1dfa02\" data-element_type=\"widget\" data-e-type=\"widget\" data-widget_type=\"image.default\">\n\t\t\t\t<div class=\"elementor-widget-container\">\n\t\t\t\t\t\t\t\t\t\t\t\t\t\t\t<img decoding=\"async\" width=\"199\" height=\"195\" src=\"https:\/\/ciclesformatius.es\/wp-content\/uploads\/2024\/02\/fp-dual-2.jpg\" class=\"attachment-full size-full wp-image-3722\" alt=\"Icona Formaci\u00f3n Profesional dual\" \/>\t\t\t\t\t\t\t\t\t\t\t\t\t\t\t<\/div>\n\t\t\t\t<\/div>\n\t\t\t\t<div class=\"elementor-element elementor-element-74ad6a7 elementor-widget elementor-widget-text-editor\" data-id=\"74ad6a7\" data-element_type=\"widget\" data-e-type=\"widget\" data-widget_type=\"text-editor.default\">\n\t\t\t\t<div class=\"elementor-widget-container\">\n\t\t\t\t\t\t\t\t\t<p style=\"text-align: center;\">FP Dual<\/p>\t\t\t\t\t\t\t\t<\/div>\n\t\t\t\t<\/div>\n\t\t\t\t\t<\/div>\n\t\t<\/div>\n\t\t\t\t<div class=\"elementor-column elementor-col-20 elementor-top-column elementor-element elementor-element-c562029\" data-id=\"c562029\" data-element_type=\"column\" data-e-type=\"column\">\n\t\t\t<div class=\"elementor-widget-wrap elementor-element-populated\">\n\t\t\t\t\t\t<div class=\"elementor-element elementor-element-0730eb6 elementor-widget elementor-widget-image\" data-id=\"0730eb6\" data-element_type=\"widget\" data-e-type=\"widget\" data-widget_type=\"image.default\">\n\t\t\t\t<div class=\"elementor-widget-container\">\n\t\t\t\t\t\t\t\t\t\t\t\t\t\t\t<img decoding=\"async\" width=\"199\" height=\"195\" src=\"https:\/\/ciclesformatius.es\/wp-content\/uploads\/2024\/02\/metodologia.jpg\" class=\"attachment-full size-full wp-image-3730\" alt=\"Icona Metodologia 100% pr\u00e0ctica\" \/>\t\t\t\t\t\t\t\t\t\t\t\t\t\t\t<\/div>\n\t\t\t\t<\/div>\n\t\t\t\t<div class=\"elementor-element elementor-element-8f80869 elementor-widget elementor-widget-text-editor\" data-id=\"8f80869\" data-element_type=\"widget\" data-e-type=\"widget\" data-widget_type=\"text-editor.default\">\n\t\t\t\t<div class=\"elementor-widget-container\">\n\t\t\t\t\t\t\t\t\t<p style=\"text-align: center;\">100% pr\u00e1ctico<\/p>\t\t\t\t\t\t\t\t<\/div>\n\t\t\t\t<\/div>\n\t\t\t\t\t<\/div>\n\t\t<\/div>\n\t\t\t\t<div class=\"elementor-column elementor-col-20 elementor-top-column elementor-element elementor-element-6976002\" data-id=\"6976002\" data-element_type=\"column\" data-e-type=\"column\">\n\t\t\t<div class=\"elementor-widget-wrap elementor-element-populated\">\n\t\t\t\t\t\t<div class=\"elementor-element elementor-element-92d1be5 elementor-widget elementor-widget-image\" data-id=\"92d1be5\" data-element_type=\"widget\" data-e-type=\"widget\" data-widget_type=\"image.default\">\n\t\t\t\t<div class=\"elementor-widget-container\">\n\t\t\t\t\t\t\t\t\t\t\t\t\t\t\t<img loading=\"lazy\" decoding=\"async\" width=\"133\" height=\"131\" src=\"https:\/\/ciclesformatius.es\/wp-content\/uploads\/2024\/02\/PUBLI-CICLOS-13.png\" class=\"attachment-full size-full wp-image-3732\" alt=\"Icona esdeveniments moda\" \/>\t\t\t\t\t\t\t\t\t\t\t\t\t\t\t<\/div>\n\t\t\t\t<\/div>\n\t\t\t\t<div class=\"elementor-element elementor-element-8002fef elementor-widget elementor-widget-text-editor\" data-id=\"8002fef\" data-element_type=\"widget\" data-e-type=\"widget\" data-widget_type=\"text-editor.default\">\n\t\t\t\t<div class=\"elementor-widget-container\">\n\t\t\t\t\t\t\t\t\t<p style=\"text-align: center;\">Participaci\u00f3n en actos de moda<\/p>\t\t\t\t\t\t\t\t<\/div>\n\t\t\t\t<\/div>\n\t\t\t\t\t<\/div>\n\t\t<\/div>\n\t\t\t\t<div class=\"elementor-column elementor-col-20 elementor-top-column elementor-element elementor-element-4f5a212\" data-id=\"4f5a212\" data-element_type=\"column\" data-e-type=\"column\">\n\t\t\t<div class=\"elementor-widget-wrap elementor-element-populated\">\n\t\t\t\t\t\t<div class=\"elementor-element elementor-element-186df50 elementor-widget elementor-widget-image\" data-id=\"186df50\" data-element_type=\"widget\" data-e-type=\"widget\" data-widget_type=\"image.default\">\n\t\t\t\t<div class=\"elementor-widget-container\">\n\t\t\t\t\t\t\t\t\t\t\t\t\t\t\t<img loading=\"lazy\" decoding=\"async\" width=\"199\" height=\"195\" src=\"https:\/\/ciclesformatius.es\/wp-content\/uploads\/2024\/02\/orientacio-laboral.jpg\" class=\"attachment-full size-full wp-image-3724\" alt=\"Icona orientaci\u00f3 laboral\" \/>\t\t\t\t\t\t\t\t\t\t\t\t\t\t\t<\/div>\n\t\t\t\t<\/div>\n\t\t\t\t<div class=\"elementor-element elementor-element-c1e50d2 elementor-widget elementor-widget-text-editor\" data-id=\"c1e50d2\" data-element_type=\"widget\" data-e-type=\"widget\" data-widget_type=\"text-editor.default\">\n\t\t\t\t<div class=\"elementor-widget-container\">\n\t\t\t\t\t\t\t\t\t<p style=\"text-align: center;\">Orientaci\u00f3n<br> laboral<\/p>\t\t\t\t\t\t\t\t<\/div>\n\t\t\t\t<\/div>\n\t\t\t\t\t<\/div>\n\t\t<\/div>\n\t\t\t\t\t<\/div>\n\t\t<\/section>\n\t\t\t\t<section class=\"elementor-section elementor-top-section elementor-element elementor-element-4be2069 elementor-section-boxed elementor-section-height-default elementor-section-height-default\" data-id=\"4be2069\" data-element_type=\"section\" data-e-type=\"section\" data-settings=\"{&quot;jet_parallax_layout_list&quot;:[]}\">\n\t\t\t\t\t\t<div class=\"elementor-container elementor-column-gap-default\">\n\t\t\t\t\t<div class=\"elementor-column elementor-col-100 elementor-top-column elementor-element elementor-element-b881122\" data-id=\"b881122\" data-element_type=\"column\" data-e-type=\"column\">\n\t\t\t<div class=\"elementor-widget-wrap elementor-element-populated\">\n\t\t\t\t\t\t<div class=\"elementor-element elementor-element-4141a3e elementor-widget elementor-widget-text-editor\" data-id=\"4141a3e\" data-element_type=\"widget\" data-e-type=\"widget\" data-widget_type=\"text-editor.default\">\n\t\t\t\t<div class=\"elementor-widget-container\">\n\t\t\t\t\t\t\t\t\t<p><span>En nuestro&nbsp;<\/span><strong><span>CFGS de Asesor\u00eda de Imagen Personal y Corporativa <\/span><\/strong><span>participar\u00e1s&nbsp;<\/span>en actos relacionados con Imagen Personal (Desfile de Navidad, desfile final de curso, cortometrajes de moda, sesiones de foto, proyecto Fashion Film, etc.).<\/p>\n<p>Tambi\u00e9n llevar\u00e1s a cabo <strong>sesiones fotogr\u00e1ficas<\/strong> de moda e imagen en nuestro estudio propio, sesiones de maquillaje a nuestro taller de Est\u00e9tica y clases pr\u00e1cticas donde crear\u00e1s tus propios acontecimientos!<\/p>\n<h6><strong>Adem\u00e1s, te haremos promoci\u00f3n de los trabajos que hagas en la escuela bajo la marca Balmes Image (Revista, blog y redes sociales)!<\/strong><\/h6>\t\t\t\t\t\t\t\t<\/div>\n\t\t\t\t<\/div>\n\t\t\t\t\t<\/div>\n\t\t<\/div>\n\t\t\t\t\t<\/div>\n\t\t<\/section>\n\t\t\t\t<section class=\"elementor-section elementor-top-section elementor-element elementor-element-33501b3 elementor-section-boxed elementor-section-height-default elementor-section-height-default\" data-id=\"33501b3\" data-element_type=\"section\" data-e-type=\"section\" data-settings=\"{&quot;jet_parallax_layout_list&quot;:[],&quot;background_background&quot;:&quot;classic&quot;}\">\n\t\t\t\t\t\t<div class=\"elementor-container elementor-column-gap-default\">\n\t\t\t\t\t<div class=\"elementor-column elementor-col-50 elementor-top-column elementor-element elementor-element-eb0d879\" data-id=\"eb0d879\" data-element_type=\"column\" data-e-type=\"column\">\n\t\t\t<div class=\"elementor-widget-wrap elementor-element-populated\">\n\t\t\t\t\t\t<div class=\"elementor-element elementor-element-3f252dc elementor-widget elementor-widget-spacer\" data-id=\"3f252dc\" data-element_type=\"widget\" data-e-type=\"widget\" data-widget_type=\"spacer.default\">\n\t\t\t\t<div class=\"elementor-widget-container\">\n\t\t\t\t\t\t\t<div class=\"elementor-spacer\">\n\t\t\t<div class=\"elementor-spacer-inner\"><\/div>\n\t\t<\/div>\n\t\t\t\t\t\t<\/div>\n\t\t\t\t<\/div>\n\t\t\t\t<div class=\"elementor-element elementor-element-7923d78 elementor-widget__width-initial elementor-widget elementor-widget-image\" data-id=\"7923d78\" data-element_type=\"widget\" data-e-type=\"widget\" data-widget_type=\"image.default\">\n\t\t\t\t<div class=\"elementor-widget-container\">\n\t\t\t\t\t\t\t\t\t\t\t\t\t\t\t\t<a href=\"https:\/\/balmesimage.com\/\" target=\"_blank\">\n\t\t\t\t\t\t\t<img loading=\"lazy\" decoding=\"async\" width=\"150\" height=\"77\" src=\"https:\/\/ciclesformatius.es\/wp-content\/uploads\/2023\/02\/balmes-image.png\" class=\"attachment-full size-full wp-image-3572\" alt=\"balmes image - Cicles Formatius d&#039;imatge\" \/>\t\t\t\t\t\t\t\t<\/a>\n\t\t\t\t\t\t\t\t\t\t\t\t\t\t\t<\/div>\n\t\t\t\t<\/div>\n\t\t\t\t<div class=\"elementor-element elementor-element-61b741a elementor-shape-rounded elementor-grid-0 e-grid-align-center elementor-widget elementor-widget-social-icons\" data-id=\"61b741a\" data-element_type=\"widget\" data-e-type=\"widget\" data-widget_type=\"social-icons.default\">\n\t\t\t\t<div class=\"elementor-widget-container\">\n\t\t\t\t\t\t\t<div class=\"elementor-social-icons-wrapper elementor-grid\" role=\"list\">\n\t\t\t\t\t\t\t<span class=\"elementor-grid-item\" role=\"listitem\">\n\t\t\t\t\t<a class=\"elementor-icon elementor-social-icon elementor-social-icon-Icon Tik-Tok elementor-repeater-item-7f84339\" href=\"https:\/\/www.tiktok.com\/@balmesimage?lang=es\" target=\"_blank\">\n\t\t\t\t\t\t<span class=\"elementor-screen-only\">Icon Tik-Tok<\/span>\n\t\t\t\t\t\t<svg xmlns=\"http:\/\/www.w3.org\/2000\/svg\" viewBox=\"0 0 2859 3333\" fill-rule=\"evenodd\" clip-rule=\"evenodd\"><path d=\"M2081 0c55 473 319 755 778 785v532c-266 26-499-61-770-225v995c0 1264-1378 1659-1932 753-356-583-138-1606 1004-1647v561c-87 14-180 36-265 65-254 86-398 247-358 531 77 544 1075 705 992-358V1h551z\"><\/path><\/svg>\t\t\t\t\t<\/a>\n\t\t\t\t<\/span>\n\t\t\t\t\t\t\t<span class=\"elementor-grid-item\" role=\"listitem\">\n\t\t\t\t\t<a class=\"elementor-icon elementor-social-icon elementor-social-icon-instagram elementor-repeater-item-5d62a2f\" href=\"https:\/\/www.tiktok.com\/@balmesimage?lang=es\" target=\"_blank\">\n\t\t\t\t\t\t<span class=\"elementor-screen-only\">Instagram<\/span>\n\t\t\t\t\t\t<i aria-hidden=\"true\" class=\"fab fa-instagram\"><\/i>\t\t\t\t\t<\/a>\n\t\t\t\t<\/span>\n\t\t\t\t\t<\/div>\n\t\t\t\t\t\t<\/div>\n\t\t\t\t<\/div>\n\t\t\t\t\t<\/div>\n\t\t<\/div>\n\t\t\t\t<div class=\"elementor-column elementor-col-50 elementor-top-column elementor-element elementor-element-0e30622\" data-id=\"0e30622\" data-element_type=\"column\" data-e-type=\"column\">\n\t\t\t<div class=\"elementor-widget-wrap elementor-element-populated\">\n\t\t\t\t\t\t<div class=\"elementor-element elementor-element-e074588 elementor-widget__width-initial elementor-widget elementor-widget-video\" data-id=\"e074588\" data-element_type=\"widget\" data-e-type=\"widget\" data-settings=\"{&quot;youtube_url&quot;:&quot;https:\\\/\\\/www.youtube.com\\\/watch?v=6LwzBfcHSPU&quot;,&quot;video_type&quot;:&quot;youtube&quot;,&quot;controls&quot;:&quot;yes&quot;}\" data-widget_type=\"video.default\">\n\t\t\t\t<div class=\"elementor-widget-container\">\n\t\t\t\t\t\t\t<div class=\"elementor-wrapper elementor-open-inline\">\n\t\t\t<div class=\"elementor-video\"><\/div>\t\t<\/div>\n\t\t\t\t\t\t<\/div>\n\t\t\t\t<\/div>\n\t\t\t\t\t<\/div>\n\t\t<\/div>\n\t\t\t\t\t<\/div>\n\t\t<\/section>\n\t\t\t\t<section class=\"elementor-section elementor-top-section elementor-element elementor-element-2e2116c elementor-section-boxed elementor-section-height-default elementor-section-height-default\" data-id=\"2e2116c\" data-element_type=\"section\" data-e-type=\"section\" data-settings=\"{&quot;jet_parallax_layout_list&quot;:[],&quot;background_background&quot;:&quot;classic&quot;}\">\n\t\t\t\t\t\t<div class=\"elementor-container elementor-column-gap-default\">\n\t\t\t\t\t<div class=\"elementor-column elementor-col-100 elementor-top-column elementor-element elementor-element-2ef7f68\" data-id=\"2ef7f68\" data-element_type=\"column\" data-e-type=\"column\">\n\t\t\t<div class=\"elementor-widget-wrap elementor-element-populated\">\n\t\t\t\t\t\t<div class=\"elementor-element elementor-element-829c730 elementor-widget elementor-widget-text-editor\" data-id=\"829c730\" data-element_type=\"widget\" data-e-type=\"widget\" data-widget_type=\"text-editor.default\">\n\t\t\t\t<div class=\"elementor-widget-container\">\n\t\t\t\t\t\t\t\t\t<p>\u00bfPOR QU\u00c9 ESCOGER <span style=\"color: #f19300;\">EL BALMES<\/span> ?<\/p>\t\t\t\t\t\t\t\t<\/div>\n\t\t\t\t<\/div>\n\t\t\t\t\t<\/div>\n\t\t<\/div>\n\t\t\t\t\t<\/div>\n\t\t<\/section>\n\t\t\t\t<section class=\"elementor-section elementor-top-section elementor-element elementor-element-76d2ee4 elementor-section-boxed elementor-section-height-default elementor-section-height-default\" data-id=\"76d2ee4\" data-element_type=\"section\" data-e-type=\"section\" data-settings=\"{&quot;jet_parallax_layout_list&quot;:[],&quot;background_background&quot;:&quot;classic&quot;}\">\n\t\t\t\t\t\t<div class=\"elementor-container elementor-column-gap-default\">\n\t\t\t\t\t<div class=\"elementor-column elementor-col-33 elementor-top-column elementor-element elementor-element-336e03d\" data-id=\"336e03d\" data-element_type=\"column\" data-e-type=\"column\" data-settings=\"{&quot;background_background&quot;:&quot;classic&quot;}\">\n\t\t\t<div class=\"elementor-widget-wrap elementor-element-populated\">\n\t\t\t\t\t\t<div class=\"elementor-element elementor-element-0ff8549 elementor-widget elementor-widget-image\" data-id=\"0ff8549\" data-element_type=\"widget\" data-e-type=\"widget\" data-widget_type=\"image.default\">\n\t\t\t\t<div class=\"elementor-widget-container\">\n\t\t\t\t\t\t\t\t\t\t\t\t\t\t\t<img loading=\"lazy\" decoding=\"async\" width=\"148\" height=\"145\" src=\"https:\/\/ciclesformatius.es\/wp-content\/uploads\/2024\/01\/icono-atencion.jpg\" class=\"attachment-full size-full wp-image-3663\" alt=\"Icono atenci\u00f3n\" \/>\t\t\t\t\t\t\t\t\t\t\t\t\t\t\t<\/div>\n\t\t\t\t<\/div>\n\t\t\t\t<div class=\"elementor-element elementor-element-bd1e330 elementor-widget elementor-widget-heading\" data-id=\"bd1e330\" data-element_type=\"widget\" data-e-type=\"widget\" data-widget_type=\"heading.default\">\n\t\t\t\t<div class=\"elementor-widget-container\">\n\t\t\t\t\t<h2 class=\"elementor-heading-title elementor-size-default\">Atenci\u00f3n personalizada<\/h2>\t\t\t\t<\/div>\n\t\t\t\t<\/div>\n\t\t\t\t<div class=\"elementor-element elementor-element-71b0ab8 elementor-widget elementor-widget-text-editor\" data-id=\"71b0ab8\" data-element_type=\"widget\" data-e-type=\"widget\" data-widget_type=\"text-editor.default\">\n\t\t\t\t<div class=\"elementor-widget-container\">\n\t\t\t\t\t\t\t\t\t<p style=\"text-align: center;\">Queremos que en nuestro ciclo encuentres todo lo que necesitas para tu futuro. Tendr\u00e1s <strong>soporte constante<\/strong> de todo nuestro equipo docente. <\/p>\t\t\t\t\t\t\t\t<\/div>\n\t\t\t\t<\/div>\n\t\t\t\t\t<\/div>\n\t\t<\/div>\n\t\t\t\t<div class=\"elementor-column elementor-col-33 elementor-top-column elementor-element elementor-element-63b6375\" data-id=\"63b6375\" data-element_type=\"column\" data-e-type=\"column\" data-settings=\"{&quot;background_background&quot;:&quot;classic&quot;}\">\n\t\t\t<div class=\"elementor-widget-wrap elementor-element-populated\">\n\t\t\t\t\t\t<div class=\"elementor-element elementor-element-8ffb7f3 elementor-widget elementor-widget-image\" data-id=\"8ffb7f3\" data-element_type=\"widget\" data-e-type=\"widget\" data-widget_type=\"image.default\">\n\t\t\t\t<div class=\"elementor-widget-container\">\n\t\t\t\t\t\t\t\t\t\t\t\t\t\t\t<img loading=\"lazy\" decoding=\"async\" width=\"148\" height=\"145\" src=\"https:\/\/ciclesformatius.es\/wp-content\/uploads\/2024\/01\/icono-sistema-avaluacio.jpg\" class=\"attachment-full size-full wp-image-3664\" alt=\"Icona sistema d&#039;avaluaci\u00f3\" \/>\t\t\t\t\t\t\t\t\t\t\t\t\t\t\t<\/div>\n\t\t\t\t<\/div>\n\t\t\t\t<div class=\"elementor-element elementor-element-8efdeac elementor-widget elementor-widget-heading\" data-id=\"8efdeac\" data-element_type=\"widget\" data-e-type=\"widget\" data-widget_type=\"heading.default\">\n\t\t\t\t<div class=\"elementor-widget-container\">\n\t\t\t\t\t<h2 class=\"elementor-heading-title elementor-size-default\">Sistema de evaluaci\u00f3n a tu medida<\/h2>\t\t\t\t<\/div>\n\t\t\t\t<\/div>\n\t\t\t\t<div class=\"elementor-element elementor-element-e11741c elementor-widget elementor-widget-text-editor\" data-id=\"e11741c\" data-element_type=\"widget\" data-e-type=\"widget\" data-widget_type=\"text-editor.default\">\n\t\t\t\t<div class=\"elementor-widget-container\">\n\t\t\t\t\t\t\t\t\t<p style=\"text-align: center;\">Queremos que puedas realizar el ciclo <strong>sin perder calidad de vida<\/strong> y compatibiliz\u00e1ndolo con tu trabajo.<\/p>\t\t\t\t\t\t\t\t<\/div>\n\t\t\t\t<\/div>\n\t\t\t\t\t<\/div>\n\t\t<\/div>\n\t\t\t\t<div class=\"elementor-column elementor-col-33 elementor-top-column elementor-element elementor-element-0339c6d\" data-id=\"0339c6d\" data-element_type=\"column\" data-e-type=\"column\" data-settings=\"{&quot;background_background&quot;:&quot;classic&quot;}\">\n\t\t\t<div class=\"elementor-widget-wrap elementor-element-populated\">\n\t\t\t\t\t\t<div class=\"elementor-element elementor-element-097043d elementor-widget elementor-widget-image\" data-id=\"097043d\" data-element_type=\"widget\" data-e-type=\"widget\" data-widget_type=\"image.default\">\n\t\t\t\t<div class=\"elementor-widget-container\">\n\t\t\t\t\t\t\t\t\t\t\t\t\t\t\t<img loading=\"lazy\" decoding=\"async\" width=\"148\" height=\"145\" src=\"https:\/\/ciclesformatius.es\/wp-content\/uploads\/2024\/01\/icono-classes.jpg\" class=\"attachment-full size-full wp-image-3665\" alt=\"Icona classes pr\u00e0ctiques\" \/>\t\t\t\t\t\t\t\t\t\t\t\t\t\t\t<\/div>\n\t\t\t\t<\/div>\n\t\t\t\t<div class=\"elementor-element elementor-element-f7abedf elementor-widget elementor-widget-heading\" data-id=\"f7abedf\" data-element_type=\"widget\" data-e-type=\"widget\" data-widget_type=\"heading.default\">\n\t\t\t\t<div class=\"elementor-widget-container\">\n\t\t\t\t\t<h2 class=\"elementor-heading-title elementor-size-default\">Clases pr\u00e1cticas<\/h2>\t\t\t\t<\/div>\n\t\t\t\t<\/div>\n\t\t\t\t<div class=\"elementor-element elementor-element-35c3eb9 elementor-widget elementor-widget-text-editor\" data-id=\"35c3eb9\" data-element_type=\"widget\" data-e-type=\"widget\" data-widget_type=\"text-editor.default\">\n\t\t\t\t<div class=\"elementor-widget-container\">\n\t\t\t\t\t\t\t\t\t<p style=\"text-align: center;\">Aprender es cuesti\u00f3n de pr\u00e1ctica. Enfocamos las clases con <strong>ejemplos reales<\/strong> que har\u00e1n<br>que aprendas de una manera muy <strong>participativa<\/strong> . <\/p>\t\t\t\t\t\t\t\t<\/div>\n\t\t\t\t<\/div>\n\t\t\t\t\t<\/div>\n\t\t<\/div>\n\t\t\t\t\t<\/div>\n\t\t<\/section>\n\t\t\t\t<section class=\"elementor-section elementor-top-section elementor-element elementor-element-492fa48 elementor-section-boxed elementor-section-height-default elementor-section-height-default\" data-id=\"492fa48\" data-element_type=\"section\" data-e-type=\"section\" data-settings=\"{&quot;jet_parallax_layout_list&quot;:[],&quot;background_background&quot;:&quot;classic&quot;}\">\n\t\t\t\t\t\t<div class=\"elementor-container elementor-column-gap-default\">\n\t\t\t\t\t<div class=\"elementor-column elementor-col-33 elementor-top-column elementor-element elementor-element-8fb9536\" data-id=\"8fb9536\" data-element_type=\"column\" data-e-type=\"column\" data-settings=\"{&quot;background_background&quot;:&quot;classic&quot;}\">\n\t\t\t<div class=\"elementor-widget-wrap elementor-element-populated\">\n\t\t\t\t\t\t<div class=\"elementor-element elementor-element-d840c03 elementor-widget elementor-widget-image\" data-id=\"d840c03\" data-element_type=\"widget\" data-e-type=\"widget\" data-widget_type=\"image.default\">\n\t\t\t\t<div class=\"elementor-widget-container\">\n\t\t\t\t\t\t\t\t\t\t\t\t\t\t\t<img loading=\"lazy\" decoding=\"async\" width=\"148\" height=\"145\" src=\"https:\/\/ciclesformatius.es\/wp-content\/uploads\/2024\/01\/icono-orientacio.jpg\" class=\"attachment-full size-full wp-image-3666\" alt=\"Icona orientaci\u00f3 laboral\" \/>\t\t\t\t\t\t\t\t\t\t\t\t\t\t\t<\/div>\n\t\t\t\t<\/div>\n\t\t\t\t<div class=\"elementor-element elementor-element-ccc7753 elementor-widget elementor-widget-heading\" data-id=\"ccc7753\" data-element_type=\"widget\" data-e-type=\"widget\" data-widget_type=\"heading.default\">\n\t\t\t\t<div class=\"elementor-widget-container\">\n\t\t\t\t\t<h2 class=\"elementor-heading-title elementor-size-default\">Orientaci\u00f3n laboral<\/h2>\t\t\t\t<\/div>\n\t\t\t\t<\/div>\n\t\t\t\t<div class=\"elementor-element elementor-element-17a3560 elementor-widget elementor-widget-text-editor\" data-id=\"17a3560\" data-element_type=\"widget\" data-e-type=\"widget\" data-widget_type=\"text-editor.default\">\n\t\t\t\t<div class=\"elementor-widget-container\">\n\t\t\t\t\t\t\t\t\t<p style=\"text-align: center;\">Tendr\u00e1s <strong>acompa\u00f1amiento y asesoramiento personalizado<\/strong> de expertos de la familia profesional que elijas.<\/p>\t\t\t\t\t\t\t\t<\/div>\n\t\t\t\t<\/div>\n\t\t\t\t\t<\/div>\n\t\t<\/div>\n\t\t\t\t<div class=\"elementor-column elementor-col-33 elementor-top-column elementor-element elementor-element-6dce216\" data-id=\"6dce216\" data-element_type=\"column\" data-e-type=\"column\" data-settings=\"{&quot;background_background&quot;:&quot;classic&quot;}\">\n\t\t\t<div class=\"elementor-widget-wrap elementor-element-populated\">\n\t\t\t\t\t\t<div class=\"elementor-element elementor-element-dd45d94 elementor-widget elementor-widget-image\" data-id=\"dd45d94\" data-element_type=\"widget\" data-e-type=\"widget\" data-widget_type=\"image.default\">\n\t\t\t\t<div class=\"elementor-widget-container\">\n\t\t\t\t\t\t\t\t\t\t\t\t\t\t\t<img loading=\"lazy\" decoding=\"async\" width=\"148\" height=\"145\" src=\"https:\/\/ciclesformatius.es\/wp-content\/uploads\/2024\/01\/icono-vinculacio.jpg\" class=\"attachment-full size-full wp-image-3667\" alt=\"Icono vinculaci\u00f3n laboral\" \/>\t\t\t\t\t\t\t\t\t\t\t\t\t\t\t<\/div>\n\t\t\t\t<\/div>\n\t\t\t\t<div class=\"elementor-element elementor-element-4d22f3f elementor-widget elementor-widget-heading\" data-id=\"4d22f3f\" data-element_type=\"widget\" data-e-type=\"widget\" data-widget_type=\"heading.default\">\n\t\t\t\t<div class=\"elementor-widget-container\">\n\t\t\t\t\t<h2 class=\"elementor-heading-title elementor-size-default\">Vinculaci\u00f3n mundo laboral<\/h2>\t\t\t\t<\/div>\n\t\t\t\t<\/div>\n\t\t\t\t<div class=\"elementor-element elementor-element-0b47d93 elementor-widget elementor-widget-text-editor\" data-id=\"0b47d93\" data-element_type=\"widget\" data-e-type=\"widget\" data-widget_type=\"text-editor.default\">\n\t\t\t\t<div class=\"elementor-widget-container\">\n\t\t\t\t\t\t\t\t\t<p style=\"text-align: center;\"><span class=\"OYPEnA text-decoration-none text-strikethrough-none\">Te llevamos la realidad al aula gracias a la<\/span> <span class=\"OYPEnA text-decoration-none text-strikethrough-none\"><strong>vinculaci\u00f3n al mundo laboral de todo nuestro profesorado<\/strong>,<\/span> <span class=\"OYPEnA text-decoration-none text-strikethrough-none\">que compatibilizan la realidad empresarial con la docencia.<\/span><\/p>\t\t\t\t\t\t\t\t<\/div>\n\t\t\t\t<\/div>\n\t\t\t\t\t<\/div>\n\t\t<\/div>\n\t\t\t\t<div class=\"elementor-column elementor-col-33 elementor-top-column elementor-element elementor-element-87cfe58\" data-id=\"87cfe58\" data-element_type=\"column\" data-e-type=\"column\" data-settings=\"{&quot;background_background&quot;:&quot;classic&quot;}\">\n\t\t\t<div class=\"elementor-widget-wrap elementor-element-populated\">\n\t\t\t\t\t\t<div class=\"elementor-element elementor-element-4943e58 elementor-widget elementor-widget-image\" data-id=\"4943e58\" data-element_type=\"widget\" data-e-type=\"widget\" data-widget_type=\"image.default\">\n\t\t\t\t<div class=\"elementor-widget-container\">\n\t\t\t\t\t\t\t\t\t\t\t\t\t\t\t<img loading=\"lazy\" decoding=\"async\" width=\"148\" height=\"145\" src=\"https:\/\/ciclesformatius.es\/wp-content\/uploads\/2024\/01\/icono-actualitzacio.jpg\" class=\"attachment-full size-full wp-image-3668\" alt=\"Icona actalitzaci\u00f3\" \/>\t\t\t\t\t\t\t\t\t\t\t\t\t\t\t<\/div>\n\t\t\t\t<\/div>\n\t\t\t\t<div class=\"elementor-element elementor-element-3efcffe elementor-widget elementor-widget-heading\" data-id=\"3efcffe\" data-element_type=\"widget\" data-e-type=\"widget\" data-widget_type=\"heading.default\">\n\t\t\t\t<div class=\"elementor-widget-container\">\n\t\t\t\t\t<h2 class=\"elementor-heading-title elementor-size-default\">Actualizaci\u00f3n<\/h2>\t\t\t\t<\/div>\n\t\t\t\t<\/div>\n\t\t\t\t<div class=\"elementor-element elementor-element-cca6977 elementor-widget elementor-widget-text-editor\" data-id=\"cca6977\" data-element_type=\"widget\" data-e-type=\"widget\" data-widget_type=\"text-editor.default\">\n\t\t\t\t<div class=\"elementor-widget-container\">\n\t\t\t\t\t\t\t\t\t<p style=\"text-align: center;\">Actualizamos constantemente los contenidos para que siempre tengas las \u00faltimas herramientas de lo que <strong>pide el mundo laboral.<\/strong><\/p>\t\t\t\t\t\t\t\t<\/div>\n\t\t\t\t<\/div>\n\t\t\t\t\t<\/div>\n\t\t<\/div>\n\t\t\t\t\t<\/div>\n\t\t<\/section>\n\t\t\t\t<section class=\"elementor-section elementor-top-section elementor-element elementor-element-3c691bd elementor-section-boxed elementor-section-height-default elementor-section-height-default\" data-id=\"3c691bd\" data-element_type=\"section\" data-e-type=\"section\" data-settings=\"{&quot;jet_parallax_layout_list&quot;:[],&quot;background_background&quot;:&quot;classic&quot;}\">\n\t\t\t\t\t\t<div class=\"elementor-container elementor-column-gap-default\">\n\t\t\t\t\t<div class=\"elementor-column elementor-col-100 elementor-top-column elementor-element elementor-element-4b5b80a\" data-id=\"4b5b80a\" data-element_type=\"column\" data-e-type=\"column\">\n\t\t\t<div class=\"elementor-widget-wrap elementor-element-populated\">\n\t\t\t\t\t\t<div class=\"elementor-element elementor-element-f01fbb0 elementor-widget elementor-widget-text-editor\" data-id=\"f01fbb0\" data-element_type=\"widget\" data-e-type=\"widget\" data-widget_type=\"text-editor.default\">\n\t\t\t\t<div class=\"elementor-widget-container\">\n\t\t\t\t\t\t\t\t\t<p>\u00bfquieres saber m\u00e1s de este ciclo?<\/p>\t\t\t\t\t\t\t\t<\/div>\n\t\t\t\t<\/div>\n\t\t\t\t\t<\/div>\n\t\t<\/div>\n\t\t\t\t\t<\/div>\n\t\t<\/section>\n\t\t\t\t<section class=\"elementor-section elementor-top-section elementor-element elementor-element-eafde2e elementor-section-boxed elementor-section-height-default elementor-section-height-default\" data-id=\"eafde2e\" data-element_type=\"section\" data-e-type=\"section\" data-settings=\"{&quot;jet_parallax_layout_list&quot;:[],&quot;background_background&quot;:&quot;classic&quot;}\">\n\t\t\t\t\t\t<div class=\"elementor-container elementor-column-gap-default\">\n\t\t\t\t\t<div class=\"elementor-column elementor-col-100 elementor-top-column elementor-element elementor-element-de49964\" data-id=\"de49964\" data-element_type=\"column\" data-e-type=\"column\">\n\t\t\t<div class=\"elementor-widget-wrap elementor-element-populated\">\n\t\t\t\t\t\t<div class=\"elementor-element elementor-element-e3ca983 elementor-tabs-alignment-stretch elementor-tabs-view-horizontal elementor-widget elementor-widget-tabs\" data-id=\"e3ca983\" data-element_type=\"widget\" data-e-type=\"widget\" data-widget_type=\"tabs.default\">\n\t\t\t\t<div class=\"elementor-widget-container\">\n\t\t\t\t\t\t\t<div class=\"elementor-tabs\">\n\t\t\t<div class=\"elementor-tabs-wrapper\" role=\"tablist\" >\n\t\t\t\t\t\t\t\t\t<div id=\"elementor-tab-title-2381\" class=\"elementor-tab-title elementor-tab-desktop-title\" aria-selected=\"true\" data-tab=\"1\" role=\"tab\" tabindex=\"0\" aria-controls=\"elementor-tab-content-2381\" aria-expanded=\"false\">FICHA T\u00c9CNICA<\/div>\n\t\t\t\t\t\t\t\t\t<div id=\"elementor-tab-title-2382\" class=\"elementor-tab-title elementor-tab-desktop-title\" aria-selected=\"false\" data-tab=\"2\" role=\"tab\" tabindex=\"-1\" aria-controls=\"elementor-tab-content-2382\" aria-expanded=\"false\">CONDICIONES DE ACCESO<\/div>\n\t\t\t\t\t\t\t\t\t<div id=\"elementor-tab-title-2383\" class=\"elementor-tab-title elementor-tab-desktop-title\" aria-selected=\"false\" data-tab=\"3\" role=\"tab\" tabindex=\"-1\" aria-controls=\"elementor-tab-content-2383\" aria-expanded=\"false\">SALIDAS ACAD\u00c9MICAS Y PROFESIONALES<\/div>\n\t\t\t\t\t\t\t\t\t<div id=\"elementor-tab-title-2384\" class=\"elementor-tab-title elementor-tab-desktop-title\" aria-selected=\"false\" data-tab=\"4\" role=\"tab\" tabindex=\"-1\" aria-controls=\"elementor-tab-content-2384\" aria-expanded=\"false\">M\u00d3DULOS FORMATIVOS<\/div>\n\t\t\t\t\t\t\t<\/div>\n\t\t\t<div class=\"elementor-tabs-content-wrapper\" role=\"tablist\" aria-orientation=\"vertical\">\n\t\t\t\t\t\t\t\t\t<div class=\"elementor-tab-title elementor-tab-mobile-title\" aria-selected=\"true\" data-tab=\"1\" role=\"tab\" tabindex=\"0\" aria-controls=\"elementor-tab-content-2381\" aria-expanded=\"false\">FICHA T\u00c9CNICA<\/div>\n\t\t\t\t\t<div id=\"elementor-tab-content-2381\" class=\"elementor-tab-content elementor-clearfix\" data-tab=\"1\" role=\"tabpanel\" aria-labelledby=\"elementor-tab-title-2381\" tabindex=\"0\" hidden=\"false\"><p><strong>CFGS Asesor\u00eda Imagen Personal y Corporativa<\/strong><\/p>\n<ul>\n<li><strong>Familia profesional:<\/strong> Imagen personal<\/li>\n<li><strong>Duraci\u00f3n:<\/strong> 2 cursos acad\u00e9micos, 2000 horas<\/li>\n<li><strong>Horario: <\/strong>Tarde<\/li>\n<\/ul>\n<p>La competencia general de este t\u00edtulo consiste a dise\u00f1ar y organizar proyectos de asesoramiento en <strong>imagen personal<\/strong>, empresarial e institucional, <strong>organizar acontecimientos<\/strong> y planificar los procesos de entrenamiento personal en habilidades de comunicaci\u00f3n, <strong>protocolo y usos sociales<\/strong>, respetando criterios de calidad, seguridad, respecto al medio ambiente y dise\u00f1o para todos.<\/p>\n<\/div>\n\t\t\t\t\t\t\t\t\t<div class=\"elementor-tab-title elementor-tab-mobile-title\" aria-selected=\"false\" data-tab=\"2\" role=\"tab\" tabindex=\"-1\" aria-controls=\"elementor-tab-content-2382\" aria-expanded=\"false\">CONDICIONES DE ACCESO<\/div>\n\t\t\t\t\t<div id=\"elementor-tab-content-2382\" class=\"elementor-tab-content elementor-clearfix\" data-tab=\"2\" role=\"tabpanel\" aria-labelledby=\"elementor-tab-title-2382\" tabindex=\"0\" hidden=\"hidden\"><ul>\n<li>Para poder acceder al ciclo formativo de<strong> Grado Superior de Asesor\u00eda de Imagen Personal y Corporativa<\/strong>, se tiene que cumplir uno de los siguientes requisitos: <\/li>\n<\/ul>\n<ul>\n<li style=\"list-style-type: none;\">\n<ul>\n<li>Tener el t\u00edtulo de Bachillerato.<\/li>\n<li>Tener el t\u00edtulo de t\u00e9cnico especialista (Grado Medio) o t\u00e9cnico superior (Grado Superior).<\/li>\n<li>Haber superado el curso de formaci\u00f3n espec\u00edfico para el acceso a los ciclos de Grado Superior (CAS) de acuerdo a la opci\u00f3n cursada.<\/li>\n<li>Tener cualquier titulaci\u00f3n universitaria o haber superado la prueba de acceso a la universidad para mayores de veinticinco a\u00f1os.<\/li>\n<li>Tener otros estudios equivalentes a efectos acad\u00e9micos.<\/li>\n<\/ul>\n<\/li>\n<\/ul>\n<\/div>\n\t\t\t\t\t\t\t\t\t<div class=\"elementor-tab-title elementor-tab-mobile-title\" aria-selected=\"false\" data-tab=\"3\" role=\"tab\" tabindex=\"-1\" aria-controls=\"elementor-tab-content-2383\" aria-expanded=\"false\">SALIDAS ACAD\u00c9MICAS Y PROFESIONALES<\/div>\n\t\t\t\t\t<div id=\"elementor-tab-content-2383\" class=\"elementor-tab-content elementor-clearfix\" data-tab=\"3\" role=\"tabpanel\" aria-labelledby=\"elementor-tab-title-2383\" tabindex=\"0\" hidden=\"hidden\"><p>Con la titulaci\u00f3n de T\u00e9cnico o T\u00e9cnica Superior del <strong>CFGS de Asesor\u00eda de Imagen Personal y Corporativa<\/strong> podr\u00e1s acceder:<\/p>\n<ul>\n<li>A cualquier estudio universitario con reconocimiento oficial de cr\u00e9ditos, seg\u00fan grado de procedencia.<\/li>\n<li>A cualquier otro Ciclo de Grado Superior.<\/li>\n<\/ul>\n<p>Tambi\u00e9n podr\u00e1s incorporarte al mercado laboral ejerciendo cualquiera de estos <strong>perfiles profesionales<\/strong>:<\/p>\n<ul>\n<li>Director tecnicoart\u00edstico en producciones audiovisuales, esc\u00e9nicas y de moda.<\/li>\n<li>T\u00e9cnico de protocolo y ceremonial en instituciones p\u00fablicas y privadas.<\/li>\n<li>Experto en etiqueta y usos sociales.<\/li>\n<li>Asesor\/consultor de estilismo en el vestir.<\/li>\n<li>Asesor de estilos y tendencias.<\/li>\n<li>Asistente t\u00e9cnico de imagen pol\u00edtica, cultural y art\u00edstica.<\/li>\n<li>Asesor en comercios de vestuario y complementos.<\/li>\n<li>Asesor de imagen en medios audiovisuales y de moda.<\/li>\n<li>T\u00e9cnico comercial.<\/li>\n<li>Asesor\/consultor de imagen corporativa.<\/li>\n<li>Experto en habilidades comunicativas.<\/li>\n<li>T\u00e9cnico especialista en gabinetes de relaciones p\u00fablicas.<\/li>\n<li>T\u00e9cnico especialista en imagen en departamento de marketing.<\/li>\n<li>Director de gabinete de asesor\u00eda de imagen.<\/li>\n<li>Consultor\/asesor de protocol y organizaci\u00f3n de actos y acontecimientos.<\/li>\n<li>Asesor en la compra de vestuario, complementos, regalos y cosm\u00e9ticos.<\/li>\n<li>Asistente personal en el cuidado de la imagen.<\/li>\n<li>Organizador de bodas o wedding planner.<\/li>\n<li>Asesor de prensa especializada en imagen personal.<\/li>\n<\/ul>\n<\/div>\n\t\t\t\t\t\t\t\t\t<div class=\"elementor-tab-title elementor-tab-mobile-title\" aria-selected=\"false\" data-tab=\"4\" role=\"tab\" tabindex=\"-1\" aria-controls=\"elementor-tab-content-2384\" aria-expanded=\"false\">M\u00d3DULOS FORMATIVOS<\/div>\n\t\t\t\t\t<div id=\"elementor-tab-content-2384\" class=\"elementor-tab-content elementor-clearfix\" data-tab=\"4\" role=\"tabpanel\" aria-labelledby=\"elementor-tab-title-2384\" tabindex=\"0\" hidden=\"hidden\"><ul style=\"margin-top: 0cm;\" type=\"disc\">\n<li>Direcci\u00f3n ycomercializaci\u00f3n.<\/li>\n<li>Asesor\u00edacosm\u00e9tica.<\/li>\n<li>Dise\u00f1ode imagen integral.<\/li>\n<li>Estilismo envestuario y complementos.<\/li>\n<li>Asesor\u00eda de peluquer\u00eda.<\/li>\n<li>Protocolo y organizaci\u00f3n de actos..<\/li>\n<li>Usos sociales.<\/li>\n<li>Asesor\u00eda est\u00e9tica.<\/li>\n<li>Habilidadescomunicativas.<\/li>\n<li>Imagencorporativa.<\/li>\n<li>Ingl\u00e9s profesional.<\/li>\n<li>Digitalizaci\u00f3n aplicada a los sectores productivos.<\/li>\n<li>Sostenibilidad aplicada al sistema productivo.<\/li>\n<li>Itinerario personal para la empleabilidad I.<\/li>\n<li>Itinerario personal para la empleabilidad II<\/li>\n<li>Proyecto Intermodular.<\/li>\n<li>M\u00f3dulo profesional optativo:&nbsp;wedding planner.<\/li>\n<li>M\u00f3dulo profesional optativo:&nbsp;Redes Sociales.<\/li>\n<\/ul>\n<\/div>\n\t\t\t\t\t\t\t<\/div>\n\t\t<\/div>\n\t\t\t\t\t\t<\/div>\n\t\t\t\t<\/div>\n\t\t\t\t\t<\/div>\n\t\t<\/div>\n\t\t\t\t\t<\/div>\n\t\t<\/section>\n\t\t\t\t<section class=\"elementor-section elementor-top-section elementor-element elementor-element-0229916 elementor-section-boxed elementor-section-height-default elementor-section-height-default\" data-id=\"0229916\" data-element_type=\"section\" data-e-type=\"section\" data-settings=\"{&quot;jet_parallax_layout_list&quot;:[],&quot;background_background&quot;:&quot;classic&quot;}\">\n\t\t\t\t\t\t<div class=\"elementor-container elementor-column-gap-default\">\n\t\t\t\t\t<div class=\"elementor-column elementor-col-100 elementor-top-column elementor-element elementor-element-fb2ccfc\" data-id=\"fb2ccfc\" data-element_type=\"column\" data-e-type=\"column\">\n\t\t\t<div class=\"elementor-widget-wrap elementor-element-populated\">\n\t\t\t\t\t\t<div class=\"elementor-element elementor-element-7f44d21 elementor-align-center elementor-widget elementor-widget-button\" data-id=\"7f44d21\" data-element_type=\"widget\" data-e-type=\"widget\" data-widget_type=\"button.default\">\n\t\t\t\t<div class=\"elementor-widget-container\">\n\t\t\t\t\t\t\t\t\t<div class=\"elementor-button-wrapper\">\n\t\t\t\t\t<a class=\"elementor-button elementor-button-link elementor-size-sm\" href=\"https:\/\/ciclesformatius.es\/es\/me-apunto\/?cicle=CFGS%20Asesor\u00eda%20de%20Imagen%20Personal%20y%20Corporativa\">\n\t\t\t\t\t\t<span class=\"elementor-button-content-wrapper\">\n\t\t\t\t\t\t\t\t\t<span class=\"elementor-button-text\">\u00a1Me apunto!<\/span>\n\t\t\t\t\t<\/span>\n\t\t\t\t\t<\/a>\n\t\t\t\t<\/div>\n\t\t\t\t\t\t\t\t<\/div>\n\t\t\t\t<\/div>\n\t\t\t\t\t<\/div>\n\t\t<\/div>\n\t\t\t\t\t<\/div>\n\t\t<\/section>\n\t\t\t\t<section class=\"elementor-section elementor-top-section elementor-element elementor-element-7bcc7aa elementor-section-full_width elementor-section-height-default elementor-section-height-default\" data-id=\"7bcc7aa\" data-element_type=\"section\" data-e-type=\"section\" data-settings=\"{&quot;jet_parallax_layout_list&quot;:[]}\">\n\t\t\t\t\t\t<div class=\"elementor-container elementor-column-gap-default\">\n\t\t\t\t\t<div class=\"elementor-column elementor-col-50 elementor-top-column elementor-element elementor-element-e644bf8\" data-id=\"e644bf8\" data-element_type=\"column\" data-e-type=\"column\" data-settings=\"{&quot;background_background&quot;:&quot;classic&quot;}\">\n\t\t\t<div class=\"elementor-widget-wrap elementor-element-populated\">\n\t\t\t\t\t\t<div class=\"elementor-element elementor-element-dc3cfde elementor-widget elementor-widget-heading\" data-id=\"dc3cfde\" data-element_type=\"widget\" data-e-type=\"widget\" data-widget_type=\"heading.default\">\n\t\t\t\t<div class=\"elementor-widget-container\">\n\t\t\t\t\t<h2 class=\"elementor-heading-title elementor-size-default\">Ciclos Formativos de Grado Superior<\/h2>\t\t\t\t<\/div>\n\t\t\t\t<\/div>\n\t\t\t\t<div class=\"elementor-element elementor-element-5602238 elementor-align-left elementor-widget elementor-widget-button\" data-id=\"5602238\" data-element_type=\"widget\" data-e-type=\"widget\" data-widget_type=\"button.default\">\n\t\t\t\t<div class=\"elementor-widget-container\">\n\t\t\t\t\t\t\t\t\t<div class=\"elementor-button-wrapper\">\n\t\t\t\t\t<a class=\"elementor-button elementor-button-link elementor-size-sm\" href=\"https:\/\/ciclesformatius.es\/es\/ciclos-formativos-de-grado-superior\/\">\n\t\t\t\t\t\t<span class=\"elementor-button-content-wrapper\">\n\t\t\t\t\t\t<span class=\"elementor-button-icon\">\n\t\t\t\t<i aria-hidden=\"true\" class=\"fas fa-arrow-right\"><\/i>\t\t\t<\/span>\n\t\t\t\t\t\t\t\t\t<span class=\"elementor-button-text\">Ver ciclos<\/span>\n\t\t\t\t\t<\/span>\n\t\t\t\t\t<\/a>\n\t\t\t\t<\/div>\n\t\t\t\t\t\t\t\t<\/div>\n\t\t\t\t<\/div>\n\t\t\t\t\t<\/div>\n\t\t<\/div>\n\t\t\t\t<div class=\"elementor-column elementor-col-50 elementor-top-column elementor-element elementor-element-89a876e\" data-id=\"89a876e\" data-element_type=\"column\" data-e-type=\"column\" data-settings=\"{&quot;background_background&quot;:&quot;classic&quot;}\">\n\t\t\t<div class=\"elementor-widget-wrap elementor-element-populated\">\n\t\t\t\t\t\t<div class=\"elementor-element elementor-element-cb6124f elementor-widget elementor-widget-heading\" data-id=\"cb6124f\" data-element_type=\"widget\" data-e-type=\"widget\" data-widget_type=\"heading.default\">\n\t\t\t\t<div class=\"elementor-widget-container\">\n\t\t\t\t\t<h2 class=\"elementor-heading-title elementor-size-default\">Ciclos Formativos de Grado Medio<br><\/h2>\t\t\t\t<\/div>\n\t\t\t\t<\/div>\n\t\t\t\t<div class=\"elementor-element elementor-element-02d5da8 elementor-align-left elementor-widget elementor-widget-button\" data-id=\"02d5da8\" data-element_type=\"widget\" data-e-type=\"widget\" data-widget_type=\"button.default\">\n\t\t\t\t<div class=\"elementor-widget-container\">\n\t\t\t\t\t\t\t\t\t<div class=\"elementor-button-wrapper\">\n\t\t\t\t\t<a class=\"elementor-button elementor-button-link elementor-size-sm\" href=\"https:\/\/ciclesformatius.es\/es\/ciclos-formativos-de-grado-medio\/\">\n\t\t\t\t\t\t<span class=\"elementor-button-content-wrapper\">\n\t\t\t\t\t\t<span class=\"elementor-button-icon\">\n\t\t\t\t<i aria-hidden=\"true\" class=\"fas fa-arrow-right\"><\/i>\t\t\t<\/span>\n\t\t\t\t\t\t\t\t\t<span class=\"elementor-button-text\">Ver ciclos<\/span>\n\t\t\t\t\t<\/span>\n\t\t\t\t\t<\/a>\n\t\t\t\t<\/div>\n\t\t\t\t\t\t\t\t<\/div>\n\t\t\t\t<\/div>\n\t\t\t\t\t<\/div>\n\t\t<\/div>\n\t\t\t\t\t<\/div>\n\t\t<\/section>\n\t\t\t\t<section class=\"elementor-section elementor-top-section elementor-element elementor-element-c77542b elementor-section-boxed elementor-section-height-default elementor-section-height-default\" data-id=\"c77542b\" data-element_type=\"section\" data-e-type=\"section\" data-settings=\"{&quot;jet_parallax_layout_list&quot;:[]}\">\n\t\t\t\t\t\t<div class=\"elementor-container elementor-column-gap-default\">\n\t\t\t\t\t<div class=\"elementor-column elementor-col-100 elementor-top-column elementor-element elementor-element-a05000c\" data-id=\"a05000c\" data-element_type=\"column\" data-e-type=\"column\">\n\t\t\t<div class=\"elementor-widget-wrap elementor-element-populated\">\n\t\t\t\t\t\t<div class=\"elementor-element elementor-element-dd937f7 elementor-widget elementor-widget-image\" data-id=\"dd937f7\" data-element_type=\"widget\" data-e-type=\"widget\" data-widget_type=\"image.default\">\n\t\t\t\t<div class=\"elementor-widget-container\">\n\t\t\t\t\t\t\t\t\t\t\t\t\t\t\t<img loading=\"lazy\" decoding=\"async\" width=\"250\" height=\"113\" src=\"https:\/\/ciclesformatius.es\/wp-content\/uploads\/2024\/01\/logo-40.png\" class=\"attachment-full size-full wp-image-3674\" alt=\"Crentre d&#039;Estudis Jaume Balmes - 40 anys\" \/>\t\t\t\t\t\t\t\t\t\t\t\t\t\t\t<\/div>\n\t\t\t\t<\/div>\n\t\t\t\t<div class=\"elementor-element elementor-element-68d7d42 elementor-widget elementor-widget-text-editor\" data-id=\"68d7d42\" data-element_type=\"widget\" data-e-type=\"widget\" data-widget_type=\"text-editor.default\">\n\t\t\t\t<div class=\"elementor-widget-container\">\n\t\t\t\t\t\t\t\t\t<p>DESCUBRE EL <span style=\"color: #f19300;\">MUNDO LABORAL<br><\/span> CON EL BALMES<\/p>\t\t\t\t\t\t\t\t<\/div>\n\t\t\t\t<\/div>\n\t\t\t\t<div class=\"elementor-element elementor-element-1d0b695 elementor-widget elementor-widget-text-editor\" data-id=\"1d0b695\" data-element_type=\"widget\" data-e-type=\"widget\" data-widget_type=\"text-editor.default\">\n\t\t\t\t<div class=\"elementor-widget-container\">\n\t\t\t\t\t\t\t\t\t<p>ATENCI\u00d3N PERSONALIZADA. CLASES PR\u00c1CTICAS.<br> SISTEMA DE EVALUACI\u00d3N A TU MEDIDA. ORIENTACI\u00d3N LABORAL.<\/p>\t\t\t\t\t\t\t\t<\/div>\n\t\t\t\t<\/div>\n\t\t\t\t\t<\/div>\n\t\t<\/div>\n\t\t\t\t\t<\/div>\n\t\t<\/section>\n\t\t\t\t<\/div>\n\t\t","protected":false},"excerpt":{"rendered":"<p>CFGS Asesor\u00eda Imagen Personal y Corporativa Inicio M\u00e1s informaci\u00f3n \u00a1Me apunto! Atenci\u00f3n personalizada FP Dual 100% pr\u00e1ctico Participaci\u00f3n en actos de moda Orientaci\u00f3n laboral En nuestro&nbsp;CFGS de Asesor\u00eda de Imagen Personal y Corporativa participar\u00e1s&nbsp;en actos relacionados con Imagen Personal (Desfile de Navidad, desfile final de curso, cortometrajes de moda, sesiones de foto, proyecto Fashion Film, &#8230; <a title=\"CFGS Asesor\u00eda Imagen Personal y Corporativa\" class=\"read-more\" href=\"https:\/\/ciclesformatius.es\/es\/ciclos-formativos-imagen\/cfgs-asesoria-imagen-personal-y-corporativa\/\" aria-label=\"Leer m\u00e1s sobre CFGS Asesor\u00eda Imagen Personal y Corporativa\">Leer m\u00e1s<\/a><\/p>\n","protected":false},"author":1,"featured_media":0,"parent":3827,"menu_order":0,"comment_status":"closed","ping_status":"closed","template":"elementor_header_footer","meta":{"inline_featured_image":false,"footnotes":""},"class_list":["post-3843","page","type-page","status-publish"],"yoast_head":"<!-- This site is optimized with the Yoast SEO plugin v27.4 - https:\/\/yoast.com\/product\/yoast-seo-wordpress\/ -->\n<title>Grado Superior Asesor\u00eda Imagen Personal y Corporativa<\/title>\n<meta name=\"description\" content=\"\u00bfQuieres una carrera en imagen y estilismo? Con el Grado Superior en Asesor\u00eda de Imagen Personal y Corporativa, aprende t\u00e9cnicas profesionales.\" \/>\n<meta name=\"robots\" content=\"index, follow, max-snippet:-1, max-image-preview:large, max-video-preview:-1\" \/>\n<link rel=\"canonical\" href=\"https:\/\/ciclesformatius.es\/es\/ciclos-formativos-imagen\/cfgs-asesoria-imagen-personal-y-corporativa\/\" \/>\n<meta property=\"og:locale\" content=\"es_ES\" \/>\n<meta property=\"og:type\" content=\"article\" \/>\n<meta property=\"og:title\" content=\"Grado Superior Asesor\u00eda Imagen Personal y Corporativa\" \/>\n<meta property=\"og:description\" content=\"\u00bfQuieres una carrera en imagen y estilismo? Con el Grado Superior en Asesor\u00eda de Imagen Personal y Corporativa, aprende t\u00e9cnicas profesionales.\" \/>\n<meta property=\"og:url\" content=\"https:\/\/ciclesformatius.es\/es\/ciclos-formativos-imagen\/cfgs-asesoria-imagen-personal-y-corporativa\/\" \/>\n<meta property=\"og:site_name\" content=\"Cicles Formatius Jaume Balmes\" \/>\n<meta property=\"article:publisher\" content=\"https:\/\/www.facebook.com\/cejaumebalmes\" \/>\n<meta property=\"article:modified_time\" content=\"2026-04-27T10:39:34+00:00\" \/>\n<meta property=\"og:image\" content=\"https:\/\/ciclesformatius.es\/wp-content\/uploads\/2024\/02\/atencio-personalitzada.jpg\" \/>\n\t<meta property=\"og:image:width\" content=\"199\" \/>\n\t<meta property=\"og:image:height\" content=\"195\" \/>\n\t<meta property=\"og:image:type\" content=\"image\/jpeg\" \/>\n<meta name=\"twitter:card\" content=\"summary_large_image\" \/>\n<meta name=\"twitter:site\" content=\"@cejaumebalmes\" \/>\n<meta name=\"twitter:label1\" content=\"Tiempo de lectura\" \/>\n\t<meta name=\"twitter:data1\" content=\"6 minutos\" \/>\n<script type=\"application\/ld+json\" class=\"yoast-schema-graph\">{\"@context\":\"https:\\\/\\\/schema.org\",\"@graph\":[{\"@type\":\"WebPage\",\"@id\":\"https:\\\/\\\/ciclesformatius.es\\\/es\\\/ciclos-formativos-imagen\\\/cfgs-asesoria-imagen-personal-y-corporativa\\\/\",\"url\":\"https:\\\/\\\/ciclesformatius.es\\\/es\\\/ciclos-formativos-imagen\\\/cfgs-asesoria-imagen-personal-y-corporativa\\\/\",\"name\":\"Grado Superior Asesor\u00eda Imagen Personal y Corporativa\",\"isPartOf\":{\"@id\":\"https:\\\/\\\/ciclesformatius.es\\\/es\\\/#website\"},\"primaryImageOfPage\":{\"@id\":\"https:\\\/\\\/ciclesformatius.es\\\/es\\\/ciclos-formativos-imagen\\\/cfgs-asesoria-imagen-personal-y-corporativa\\\/#primaryimage\"},\"image\":{\"@id\":\"https:\\\/\\\/ciclesformatius.es\\\/es\\\/ciclos-formativos-imagen\\\/cfgs-asesoria-imagen-personal-y-corporativa\\\/#primaryimage\"},\"thumbnailUrl\":\"https:\\\/\\\/ciclesformatius.es\\\/wp-content\\\/uploads\\\/2024\\\/02\\\/atencio-personalitzada.jpg\",\"datePublished\":\"2024-02-25T11:51:20+00:00\",\"dateModified\":\"2026-04-27T10:39:34+00:00\",\"description\":\"\u00bfQuieres una carrera en imagen y estilismo? Con el Grado Superior en Asesor\u00eda de Imagen Personal y Corporativa, aprende t\u00e9cnicas profesionales.\",\"breadcrumb\":{\"@id\":\"https:\\\/\\\/ciclesformatius.es\\\/es\\\/ciclos-formativos-imagen\\\/cfgs-asesoria-imagen-personal-y-corporativa\\\/#breadcrumb\"},\"inLanguage\":\"es\",\"potentialAction\":[{\"@type\":\"ReadAction\",\"target\":[\"https:\\\/\\\/ciclesformatius.es\\\/es\\\/ciclos-formativos-imagen\\\/cfgs-asesoria-imagen-personal-y-corporativa\\\/\"]}]},{\"@type\":\"ImageObject\",\"inLanguage\":\"es\",\"@id\":\"https:\\\/\\\/ciclesformatius.es\\\/es\\\/ciclos-formativos-imagen\\\/cfgs-asesoria-imagen-personal-y-corporativa\\\/#primaryimage\",\"url\":\"https:\\\/\\\/ciclesformatius.es\\\/wp-content\\\/uploads\\\/2024\\\/02\\\/atencio-personalitzada.jpg\",\"contentUrl\":\"https:\\\/\\\/ciclesformatius.es\\\/wp-content\\\/uploads\\\/2024\\\/02\\\/atencio-personalitzada.jpg\"},{\"@type\":\"BreadcrumbList\",\"@id\":\"https:\\\/\\\/ciclesformatius.es\\\/es\\\/ciclos-formativos-imagen\\\/cfgs-asesoria-imagen-personal-y-corporativa\\\/#breadcrumb\",\"itemListElement\":[{\"@type\":\"ListItem\",\"position\":1,\"name\":\"Inici\",\"item\":\"https:\\\/\\\/ciclesformatius.es\\\/es\\\/inicio\\\/\"},{\"@type\":\"ListItem\",\"position\":2,\"name\":\"Ciclos Formativos Imagen\",\"item\":\"https:\\\/\\\/ciclesformatius.es\\\/es\\\/ciclos-formativos-imagen\\\/\"},{\"@type\":\"ListItem\",\"position\":3,\"name\":\"CFGS Asesor\u00eda Imagen Personal y Corporativa\"}]},{\"@type\":\"WebSite\",\"@id\":\"https:\\\/\\\/ciclesformatius.es\\\/es\\\/#website\",\"url\":\"https:\\\/\\\/ciclesformatius.es\\\/es\\\/\",\"name\":\"Cicles Formatius Jaume Balmes\",\"description\":\"\",\"publisher\":{\"@id\":\"https:\\\/\\\/ciclesformatius.es\\\/es\\\/#organization\"},\"potentialAction\":[{\"@type\":\"SearchAction\",\"target\":{\"@type\":\"EntryPoint\",\"urlTemplate\":\"https:\\\/\\\/ciclesformatius.es\\\/es\\\/?s={search_term_string}\"},\"query-input\":{\"@type\":\"PropertyValueSpecification\",\"valueRequired\":true,\"valueName\":\"search_term_string\"}}],\"inLanguage\":\"es\"},{\"@type\":\"Organization\",\"@id\":\"https:\\\/\\\/ciclesformatius.es\\\/es\\\/#organization\",\"name\":\"Centre d'Estudis Jaume Balmes\",\"url\":\"https:\\\/\\\/ciclesformatius.es\\\/es\\\/\",\"logo\":{\"@type\":\"ImageObject\",\"inLanguage\":\"es\",\"@id\":\"https:\\\/\\\/ciclesformatius.es\\\/es\\\/#\\\/schema\\\/logo\\\/image\\\/\",\"url\":\"https:\\\/\\\/ciclesformatius.es\\\/wp-content\\\/uploads\\\/2023\\\/01\\\/balmes-01.svg\",\"contentUrl\":\"https:\\\/\\\/ciclesformatius.es\\\/wp-content\\\/uploads\\\/2023\\\/01\\\/balmes-01.svg\",\"caption\":\"Centre d'Estudis Jaume Balmes\"},\"image\":{\"@id\":\"https:\\\/\\\/ciclesformatius.es\\\/es\\\/#\\\/schema\\\/logo\\\/image\\\/\"},\"sameAs\":[\"https:\\\/\\\/www.facebook.com\\\/cejaumebalmes\",\"https:\\\/\\\/x.com\\\/cejaumebalmes\"]}]}<\/script>\n<!-- \/ Yoast SEO plugin. -->","yoast_head_json":{"title":"Grado Superior Asesor\u00eda Imagen Personal y Corporativa","description":"\u00bfQuieres una carrera en imagen y estilismo? Con el Grado Superior en Asesor\u00eda de Imagen Personal y Corporativa, aprende t\u00e9cnicas profesionales.","robots":{"index":"index","follow":"follow","max-snippet":"max-snippet:-1","max-image-preview":"max-image-preview:large","max-video-preview":"max-video-preview:-1"},"canonical":"https:\/\/ciclesformatius.es\/es\/ciclos-formativos-imagen\/cfgs-asesoria-imagen-personal-y-corporativa\/","og_locale":"es_ES","og_type":"article","og_title":"Grado Superior Asesor\u00eda Imagen Personal y Corporativa","og_description":"\u00bfQuieres una carrera en imagen y estilismo? Con el Grado Superior en Asesor\u00eda de Imagen Personal y Corporativa, aprende t\u00e9cnicas profesionales.","og_url":"https:\/\/ciclesformatius.es\/es\/ciclos-formativos-imagen\/cfgs-asesoria-imagen-personal-y-corporativa\/","og_site_name":"Cicles Formatius Jaume Balmes","article_publisher":"https:\/\/www.facebook.com\/cejaumebalmes","article_modified_time":"2026-04-27T10:39:34+00:00","og_image":[{"width":199,"height":195,"url":"https:\/\/ciclesformatius.es\/wp-content\/uploads\/2024\/02\/atencio-personalitzada.jpg","type":"image\/jpeg"}],"twitter_card":"summary_large_image","twitter_site":"@cejaumebalmes","twitter_misc":{"Tiempo de lectura":"6 minutos"},"schema":{"@context":"https:\/\/schema.org","@graph":[{"@type":"WebPage","@id":"https:\/\/ciclesformatius.es\/es\/ciclos-formativos-imagen\/cfgs-asesoria-imagen-personal-y-corporativa\/","url":"https:\/\/ciclesformatius.es\/es\/ciclos-formativos-imagen\/cfgs-asesoria-imagen-personal-y-corporativa\/","name":"Grado Superior Asesor\u00eda Imagen Personal y Corporativa","isPartOf":{"@id":"https:\/\/ciclesformatius.es\/es\/#website"},"primaryImageOfPage":{"@id":"https:\/\/ciclesformatius.es\/es\/ciclos-formativos-imagen\/cfgs-asesoria-imagen-personal-y-corporativa\/#primaryimage"},"image":{"@id":"https:\/\/ciclesformatius.es\/es\/ciclos-formativos-imagen\/cfgs-asesoria-imagen-personal-y-corporativa\/#primaryimage"},"thumbnailUrl":"https:\/\/ciclesformatius.es\/wp-content\/uploads\/2024\/02\/atencio-personalitzada.jpg","datePublished":"2024-02-25T11:51:20+00:00","dateModified":"2026-04-27T10:39:34+00:00","description":"\u00bfQuieres una carrera en imagen y estilismo? Con el Grado Superior en Asesor\u00eda de Imagen Personal y Corporativa, aprende t\u00e9cnicas profesionales.","breadcrumb":{"@id":"https:\/\/ciclesformatius.es\/es\/ciclos-formativos-imagen\/cfgs-asesoria-imagen-personal-y-corporativa\/#breadcrumb"},"inLanguage":"es","potentialAction":[{"@type":"ReadAction","target":["https:\/\/ciclesformatius.es\/es\/ciclos-formativos-imagen\/cfgs-asesoria-imagen-personal-y-corporativa\/"]}]},{"@type":"ImageObject","inLanguage":"es","@id":"https:\/\/ciclesformatius.es\/es\/ciclos-formativos-imagen\/cfgs-asesoria-imagen-personal-y-corporativa\/#primaryimage","url":"https:\/\/ciclesformatius.es\/wp-content\/uploads\/2024\/02\/atencio-personalitzada.jpg","contentUrl":"https:\/\/ciclesformatius.es\/wp-content\/uploads\/2024\/02\/atencio-personalitzada.jpg"},{"@type":"BreadcrumbList","@id":"https:\/\/ciclesformatius.es\/es\/ciclos-formativos-imagen\/cfgs-asesoria-imagen-personal-y-corporativa\/#breadcrumb","itemListElement":[{"@type":"ListItem","position":1,"name":"Inici","item":"https:\/\/ciclesformatius.es\/es\/inicio\/"},{"@type":"ListItem","position":2,"name":"Ciclos Formativos Imagen","item":"https:\/\/ciclesformatius.es\/es\/ciclos-formativos-imagen\/"},{"@type":"ListItem","position":3,"name":"CFGS Asesor\u00eda Imagen Personal y Corporativa"}]},{"@type":"WebSite","@id":"https:\/\/ciclesformatius.es\/es\/#website","url":"https:\/\/ciclesformatius.es\/es\/","name":"Cicles Formatius Jaume Balmes","description":"","publisher":{"@id":"https:\/\/ciclesformatius.es\/es\/#organization"},"potentialAction":[{"@type":"SearchAction","target":{"@type":"EntryPoint","urlTemplate":"https:\/\/ciclesformatius.es\/es\/?s={search_term_string}"},"query-input":{"@type":"PropertyValueSpecification","valueRequired":true,"valueName":"search_term_string"}}],"inLanguage":"es"},{"@type":"Organization","@id":"https:\/\/ciclesformatius.es\/es\/#organization","name":"Centre d'Estudis Jaume Balmes","url":"https:\/\/ciclesformatius.es\/es\/","logo":{"@type":"ImageObject","inLanguage":"es","@id":"https:\/\/ciclesformatius.es\/es\/#\/schema\/logo\/image\/","url":"https:\/\/ciclesformatius.es\/wp-content\/uploads\/2023\/01\/balmes-01.svg","contentUrl":"https:\/\/ciclesformatius.es\/wp-content\/uploads\/2023\/01\/balmes-01.svg","caption":"Centre d'Estudis Jaume Balmes"},"image":{"@id":"https:\/\/ciclesformatius.es\/es\/#\/schema\/logo\/image\/"},"sameAs":["https:\/\/www.facebook.com\/cejaumebalmes","https:\/\/x.com\/cejaumebalmes"]}]}},"_links":{"self":[{"href":"https:\/\/ciclesformatius.es\/es\/wp-json\/wp\/v2\/pages\/3843","targetHints":{"allow":["GET"]}}],"collection":[{"href":"https:\/\/ciclesformatius.es\/es\/wp-json\/wp\/v2\/pages"}],"about":[{"href":"https:\/\/ciclesformatius.es\/es\/wp-json\/wp\/v2\/types\/page"}],"author":[{"embeddable":true,"href":"https:\/\/ciclesformatius.es\/es\/wp-json\/wp\/v2\/users\/1"}],"replies":[{"embeddable":true,"href":"https:\/\/ciclesformatius.es\/es\/wp-json\/wp\/v2\/comments?post=3843"}],"version-history":[{"count":15,"href":"https:\/\/ciclesformatius.es\/es\/wp-json\/wp\/v2\/pages\/3843\/revisions"}],"predecessor-version":[{"id":5089,"href":"https:\/\/ciclesformatius.es\/es\/wp-json\/wp\/v2\/pages\/3843\/revisions\/5089"}],"up":[{"embeddable":true,"href":"https:\/\/ciclesformatius.es\/es\/wp-json\/wp\/v2\/pages\/3827"}],"wp:attachment":[{"href":"https:\/\/ciclesformatius.es\/es\/wp-json\/wp\/v2\/media?parent=3843"}],"curies":[{"name":"wp","href":"https:\/\/api.w.org\/{rel}","templated":true}]}}