{"id":3823,"date":"2023-02-09T18:59:05","date_gmt":"2023-02-09T18:59:05","guid":{"rendered":"https:\/\/ciclesformatius.es\/ciclos-formativos-de-grado-superior\/"},"modified":"2026-04-24T07:34:18","modified_gmt":"2026-04-24T07:34:18","slug":"ciclos-formativos-de-grado-superior","status":"publish","type":"page","link":"https:\/\/ciclesformatius.es\/es\/ciclos-formativos-de-grado-superior\/","title":{"rendered":"Ciclos Formativos de Grado Superior"},"content":{"rendered":"\t\t<div data-elementor-type=\"wp-page\" data-elementor-id=\"3823\" class=\"elementor elementor-3823 elementor-911\" data-elementor-post-type=\"page\">\n\t\t\t\t\t\t<section class=\"elementor-section elementor-top-section elementor-element elementor-element-2d6c23aa elementor-section-full_width elementor-section-height-default elementor-section-height-default\" data-id=\"2d6c23aa\" data-element_type=\"section\" data-e-type=\"section\" data-settings=\"{&quot;jet_parallax_layout_list&quot;:[],&quot;background_background&quot;:&quot;classic&quot;}\">\n\t\t\t\t\t\t<div class=\"elementor-container elementor-column-gap-no\">\n\t\t\t\t\t<div class=\"elementor-column elementor-col-100 elementor-top-column elementor-element elementor-element-17e649e\" data-id=\"17e649e\" data-element_type=\"column\" data-e-type=\"column\">\n\t\t\t<div class=\"elementor-widget-wrap elementor-element-populated\">\n\t\t\t\t\t\t<div class=\"elementor-element elementor-element-e8f136a elementor-widget elementor-widget-heading\" data-id=\"e8f136a\" data-element_type=\"widget\" data-e-type=\"widget\" data-widget_type=\"heading.default\">\n\t\t\t\t<div class=\"elementor-widget-container\">\n\t\t\t\t\t<h1 class=\"elementor-heading-title elementor-size-default\">Ciclos Formativos de Grado Superior<\/h1>\t\t\t\t<\/div>\n\t\t\t\t<\/div>\n\t\t\t\t\t<\/div>\n\t\t<\/div>\n\t\t\t\t\t<\/div>\n\t\t<\/section>\n\t\t\t\t<section class=\"elementor-section elementor-top-section elementor-element elementor-element-985b613 elementor-section-boxed elementor-section-height-default elementor-section-height-default\" data-id=\"985b613\" data-element_type=\"section\" data-e-type=\"section\" data-settings=\"{&quot;jet_parallax_layout_list&quot;:[],&quot;background_background&quot;:&quot;classic&quot;}\">\n\t\t\t\t\t\t<div class=\"elementor-container elementor-column-gap-default\">\n\t\t\t\t\t<div class=\"elementor-column elementor-col-100 elementor-top-column elementor-element elementor-element-4a7b4ce\" data-id=\"4a7b4ce\" data-element_type=\"column\" data-e-type=\"column\">\n\t\t\t<div class=\"elementor-widget-wrap elementor-element-populated\">\n\t\t\t\t\t\t<div class=\"elementor-element elementor-element-c98acc3 elementor-widget elementor-widget-jet-breadcrumbs\" data-id=\"c98acc3\" data-element_type=\"widget\" data-e-type=\"widget\" data-widget_type=\"jet-breadcrumbs.default\">\n\t\t\t\t<div class=\"elementor-widget-container\">\n\t\t\t\t\t<div class=\"elementor-jet-breadcrumbs jet-blocks\">\n\t\t<div class=\"jet-breadcrumbs\">\n\t\t<div class=\"jet-breadcrumbs__content\">\n\t\t<div class=\"jet-breadcrumbs__wrap\"><div class=\"jet-breadcrumbs__item\"><a href=\"https:\/\/ciclesformatius.es\/es\/\" class=\"jet-breadcrumbs__item-link is-home\" rel=\"home\" title=\"Inicio\">Inicio<\/a><\/div>\n\t\t<\/div>\n\t\t<\/div>\n\t\t<\/div><\/div>\t\t\t\t<\/div>\n\t\t\t\t<\/div>\n\t\t\t\t\t<\/div>\n\t\t<\/div>\n\t\t\t\t\t<\/div>\n\t\t<\/section>\n\t\t\t\t<section class=\"elementor-section elementor-top-section elementor-element elementor-element-8a41c29 elementor-hidden-mobile elementor-section-boxed elementor-section-height-default elementor-section-height-default\" data-id=\"8a41c29\" data-element_type=\"section\" data-e-type=\"section\" data-settings=\"{&quot;jet_parallax_layout_list&quot;:[],&quot;background_background&quot;:&quot;classic&quot;}\">\n\t\t\t\t\t\t<div class=\"elementor-container elementor-column-gap-default\">\n\t\t\t\t\t<div class=\"elementor-column elementor-col-100 elementor-top-column elementor-element elementor-element-0a42c2d\" data-id=\"0a42c2d\" data-element_type=\"column\" data-e-type=\"column\" data-settings=\"{&quot;background_background&quot;:&quot;classic&quot;}\">\n\t\t\t<div class=\"elementor-widget-wrap elementor-element-populated\">\n\t\t\t\t\t\t<div class=\"elementor-element elementor-element-6f24df1 elementor-widget elementor-widget-jet-carousel\" data-id=\"6f24df1\" data-element_type=\"widget\" data-e-type=\"widget\" data-settings=\"{&quot;slides_to_show&quot;:&quot;5&quot;,&quot;slides_to_scroll&quot;:&quot;1&quot;}\" data-widget_type=\"jet-carousel.default\">\n\t\t\t\t<div class=\"elementor-widget-container\">\n\t\t\t\t\t<div class=\"elementor-jet-carousel jet-elements\"><div class=\"jet-carousel-wrap jet-equal-cols\">\n\t<div class=\"jet-carousel\" data-slider_options=\"{&quot;autoplaySpeed&quot;:5000,&quot;autoplay&quot;:false,&quot;infinite&quot;:false,&quot;centerMode&quot;:false,&quot;centerPadding&quot;:&quot;50px&quot;,&quot;pauseOnHover&quot;:false,&quot;speed&quot;:500,&quot;arrows&quot;:false,&quot;dots&quot;:false,&quot;variableWidth&quot;:false,&quot;prevArrow&quot;:&quot;.jet-carousel__prev-arrow-6f24df1&quot;,&quot;nextArrow&quot;:&quot;.jet-carousel__next-arrow-6f24df1&quot;,&quot;rtl&quot;:false,&quot;fractionNav&quot;:false}\" dir=\"ltr\">\n\t<div class=\"elementor-slick-slider\">\n\n<div class=\"jet-carousel__item\">\n\t<div class=\"jet-carousel__item-inner\"><a href=\"https:\/\/ciclesformatius.es\/es\/ciclos-formativos-imagen\/cfgs-asesoria-imagen-personal-y-corporativa\/\" class=\"jet-carousel__item-link\" ><img decoding=\"async\" src=\"https:\/\/ciclesformatius.es\/wp-content\/uploads\/2023\/02\/assessoria-imatge-3.jpg\" class=\"jet-carousel__item-img\" alt=\"assessoria imatge\" loading=\"lazy\"><\/a><div class=\"jet-carousel__content\"><h5 class=\"jet-carousel__item-title\"><a href=\"https:\/\/ciclesformatius.es\/es\/ciclos-formativos-imagen\/cfgs-asesoria-imagen-personal-y-corporativa\/\">CFGS Asesor\u00eda Imagen Personal y Corporativa<\/a><\/h5><\/div><\/div>\n<\/div>\n\n<div class=\"jet-carousel__item\">\n\t<div class=\"jet-carousel__item-inner\"><a href=\"https:\/\/ciclesformatius.es\/es\/cfgs-marketing-y-publicidad\/\" class=\"jet-carousel__item-link\" ><img decoding=\"async\" src=\"https:\/\/ciclesformatius.es\/wp-content\/uploads\/2023\/02\/marqueting-1.jpg\" class=\"jet-carousel__item-img\" alt=\"CFGS M\u00e0rqueting i publicitat\" loading=\"lazy\"><\/a><div class=\"jet-carousel__content\"><h5 class=\"jet-carousel__item-title\"><a href=\"https:\/\/ciclesformatius.es\/es\/cfgs-marketing-y-publicidad\/\">CFGS Marketing y Publicidad<\/a><\/h5><\/div><\/div>\n<\/div>\n\n<div class=\"jet-carousel__item\">\n\t<div class=\"jet-carousel__item-inner\"><a href=\"https:\/\/ciclesformatius.es\/es\/cicles-formatius-tecnologies\/cfgs-sistemas-de-telecomunicaciones-e-informaticos\/\" class=\"jet-carousel__item-link\" ><img decoding=\"async\" src=\"https:\/\/ciclesformatius.es\/wp-content\/uploads\/2023\/02\/telecomunicacions-informatica.jpg\" class=\"jet-carousel__item-img\" alt=\"Cicles formatius telecomunicacions i inform\u00e0tica\" loading=\"lazy\"><\/a><div class=\"jet-carousel__content\"><h5 class=\"jet-carousel__item-title\"><a href=\"https:\/\/ciclesformatius.es\/es\/cicles-formatius-tecnologies\/cfgs-sistemas-de-telecomunicaciones-e-informaticos\/\">CFGS Sistemas de Telecomunicaciones e inform\u00e1ticos<\/a><\/h5><\/div><\/div>\n<\/div>\n\n<div class=\"jet-carousel__item\">\n\t<div class=\"jet-carousel__item-inner\"><a href=\"https:\/\/ciclesformatius.es\/es\/ciclos-formativos-deportes\/cfgs-ensenanza-y-animacion-sociodeportiva\/\" class=\"jet-carousel__item-link\" ><img decoding=\"async\" src=\"https:\/\/ciclesformatius.es\/wp-content\/uploads\/2023\/02\/animacio.jpg\" class=\"jet-carousel__item-img\" alt=\"animaci\u00f3\" loading=\"lazy\"><\/a><div class=\"jet-carousel__content\"><h5 class=\"jet-carousel__item-title\"><a href=\"https:\/\/ciclesformatius.es\/es\/ciclos-formativos-deportes\/cfgs-ensenanza-y-animacion-sociodeportiva\/\">CFGS Ense\u00f1anza y Animaci\u00f3n Sociodeportiva<\/a><\/h5><\/div><\/div>\n<\/div>\n\n<div class=\"jet-carousel__item\">\n\t<div class=\"jet-carousel__item-inner\"><a href=\"https:\/\/ciclesformatius.es\/es\/cfgs-administracion-y-finanzas\/\" class=\"jet-carousel__item-link\" ><img decoding=\"async\" src=\"https:\/\/ciclesformatius.es\/wp-content\/uploads\/2025\/02\/finances.jpg\" class=\"jet-carousel__item-img\" alt=\"finances\" loading=\"lazy\"><\/a><div class=\"jet-carousel__content\"><h5 class=\"jet-carousel__item-title\"><a href=\"https:\/\/ciclesformatius.es\/es\/cfgs-administracion-y-finanzas\/\">CFGS Administraci\u00f3n y Finanzas<\/a><\/h5><\/div><\/div>\n<\/div>\n<\/div><\/div>\n<\/div>\n<\/div>\t\t\t\t<\/div>\n\t\t\t\t<\/div>\n\t\t\t\t<div class=\"elementor-element elementor-element-414b2d3 elementor-widget-divider--view-line elementor-widget elementor-widget-divider\" data-id=\"414b2d3\" data-element_type=\"widget\" data-e-type=\"widget\" data-widget_type=\"divider.default\">\n\t\t\t\t<div class=\"elementor-widget-container\">\n\t\t\t\t\t\t\t<div class=\"elementor-divider\">\n\t\t\t<span class=\"elementor-divider-separator\">\n\t\t\t\t\t\t<\/span>\n\t\t<\/div>\n\t\t\t\t\t\t<\/div>\n\t\t\t\t<\/div>\n\t\t\t\t<div class=\"elementor-element elementor-element-f447d5b elementor-widget elementor-widget-text-editor\" data-id=\"f447d5b\" data-element_type=\"widget\" data-e-type=\"widget\" data-widget_type=\"text-editor.default\">\n\t\t\t\t<div class=\"elementor-widget-container\">\n\t\t\t\t\t\t\t\t\t<div class=\"fusion-text fusion-text-1\"><p>Estos estudios permiten obtener el t\u00edtulo de<strong> T\u00c9CNICO SUPERIOR <\/strong>y tienen una duraci\u00f3n de uno o dos cursos. En ellos podr\u00e1s prepararte de una manera pr\u00e1ctica y sencilla para acceder con una calificaci\u00f3n interesante al mundo laboral o en la Universidad. Adem\u00e1s, te formar\u00e1s trabajando en empresas del sector mientras estudias.  <\/p><\/div><div class=\"fusion-text fusion-text-2\"><p>Informaci\u00f3n actualizada sobre la nueva FP: <a href=\"https:\/\/xtec.gencat.cat\/ca\/curriculum\/professionals\/fp\/\" target=\"_blank\" rel=\"noopener noreferrer\">xtec.cat<\/a><\/p><\/div><div class=\"fusion-sep-clear\"><strong style=\"font-size: inherit;\">Orientaci\u00f3n Laboral<\/strong><\/div><div class=\"fusion-text fusion-text-3\"><p>En el Balmes es muy importante que el alumno vea que aquello que estudia a los Ciclos Formativos est\u00e1 pensado para encontrar un trabajo de manera inmediata. Es por eso que hemos puesto a tu disposici\u00f3n todo un departamento que se encargar\u00e1 de ponerte en contacto con el mundo laboral. <\/p><p>Desde este<strong> Departamento de Inserci\u00f3n Laboral <\/strong>recibir\u00e1s toda la informaci\u00f3n y todo el <strong>asesoramiento <\/strong>que te haga falta para saber c\u00f3mo enfrentarte a un trabajo.<\/p><p>Adem\u00e1s, haremos un seguimiento de tu relaci\u00f3n con la empresa y te asesoraremos en caso de que tengas cualquier tipo de duda o problema. Sabemos que este es un tema muy importante y que es decisivo para tu futuro y, por eso, nosotros le damos toda la importancia. <\/p><p><strong>Bolsa de Trabajo<\/strong><\/p><p>Nuestra experiencia en la relaci\u00f3n con el mundo de la empresa viene de muy lejos. Desde que el Balmes era un centro de <strong>Formaci\u00f3n Profesional<\/strong> que hemos abierto muchas puertas a <strong>empresas <\/strong>de muchos sectores y esto se ha potenciado desde que ha entrado en funcionamiento el nuevo sistema educativo. <\/p><p>Todos los alumnos que estudian en nuestro Centro est\u00e1n en la base de datos del Departamento de Inserci\u00f3n Laboral y esto nos permite dar una respuesta adecuada a las empresas que se dirigen a nosotros cuando necesitan alguna persona para cubrir un puesto de trabajo. De este modo podemos ofrecerte un anch\u00edsimo mercado laboral, al cual ya hay much\u00edsimos alumnos del Balmes, que te abrir\u00e1 muchas puertas y que te permitir\u00e1 completar lo que con nosotros habr\u00e1s empezado con tus estudios. <\/p><\/div>\t\t\t\t\t\t\t\t<\/div>\n\t\t\t\t<\/div>\n\t\t\t\t\t<\/div>\n\t\t<\/div>\n\t\t\t\t\t<\/div>\n\t\t<\/section>\n\t\t\t\t<section class=\"elementor-section elementor-top-section elementor-element elementor-element-13f0413 elementor-hidden-desktop elementor-hidden-tablet elementor-section-boxed elementor-section-height-default elementor-section-height-default\" data-id=\"13f0413\" data-element_type=\"section\" data-e-type=\"section\" data-settings=\"{&quot;jet_parallax_layout_list&quot;:[],&quot;background_background&quot;:&quot;classic&quot;}\">\n\t\t\t\t\t\t<div class=\"elementor-container elementor-column-gap-default\">\n\t\t\t\t\t<div class=\"elementor-column elementor-col-100 elementor-top-column elementor-element elementor-element-b01f67f\" data-id=\"b01f67f\" data-element_type=\"column\" data-e-type=\"column\" data-settings=\"{&quot;background_background&quot;:&quot;classic&quot;}\">\n\t\t\t<div class=\"elementor-widget-wrap elementor-element-populated\">\n\t\t\t\t\t\t<div class=\"elementor-element elementor-element-5fd199f elementor-widget elementor-widget-jet-carousel\" data-id=\"5fd199f\" data-element_type=\"widget\" data-e-type=\"widget\" data-settings=\"{&quot;slides_to_show&quot;:&quot;4&quot;,&quot;slides_to_show_mobile&quot;:&quot;1&quot;,&quot;slides_to_scroll_mobile&quot;:&quot;1&quot;,&quot;slides_to_scroll&quot;:&quot;1&quot;}\" data-widget_type=\"jet-carousel.default\">\n\t\t\t\t<div class=\"elementor-widget-container\">\n\t\t\t\t\t<div class=\"elementor-jet-carousel jet-elements\"><div class=\"jet-carousel-wrap jet-equal-cols\">\n\t<div class=\"jet-carousel\" data-slider_options=\"{&quot;autoplaySpeed&quot;:5000,&quot;autoplay&quot;:false,&quot;infinite&quot;:false,&quot;centerMode&quot;:false,&quot;centerPadding&quot;:&quot;50px&quot;,&quot;pauseOnHover&quot;:false,&quot;speed&quot;:500,&quot;arrows&quot;:false,&quot;dots&quot;:false,&quot;variableWidth&quot;:false,&quot;prevArrow&quot;:&quot;.jet-carousel__prev-arrow-5fd199f&quot;,&quot;nextArrow&quot;:&quot;.jet-carousel__next-arrow-5fd199f&quot;,&quot;rtl&quot;:false,&quot;fractionNav&quot;:false}\" dir=\"ltr\">\n\t<div class=\"elementor-slick-slider\">\n\n<div class=\"jet-carousel__item\">\n\t<div class=\"jet-carousel__item-inner\"><a href=\"https:\/\/ciclesformatius.es\/es\/ciclos-formativos-imagen\/cfgs-asesoria-imagen-personal-y-corporativa\/\" class=\"jet-carousel__item-link\" ><img decoding=\"async\" src=\"https:\/\/ciclesformatius.es\/wp-content\/uploads\/2023\/02\/assessoria-imatge-3.jpg\" class=\"jet-carousel__item-img\" alt=\"assessoria imatge\" loading=\"lazy\"><\/a><div class=\"jet-carousel__content\"><h5 class=\"jet-carousel__item-title\"><a href=\"https:\/\/ciclesformatius.es\/es\/ciclos-formativos-imagen\/cfgs-asesoria-imagen-personal-y-corporativa\/\">CFGS Asesor\u00eda Imagen Personal y Corporativa<\/a><\/h5><\/div><\/div>\n<\/div>\n\n<div class=\"jet-carousel__item\">\n\t<div class=\"jet-carousel__item-inner\"><a href=\"https:\/\/ciclesformatius.es\/es\/cfgs-marketing-y-publicidad\/\" class=\"jet-carousel__item-link\" ><img decoding=\"async\" src=\"https:\/\/ciclesformatius.es\/wp-content\/uploads\/2023\/02\/marqueting-1.jpg\" class=\"jet-carousel__item-img\" alt=\"CFGS M\u00e0rqueting i publicitat\" loading=\"lazy\"><\/a><div class=\"jet-carousel__content\"><h5 class=\"jet-carousel__item-title\"><a href=\"https:\/\/ciclesformatius.es\/es\/cfgs-marketing-y-publicidad\/\">CFGS Marketing y Publicidad<\/a><\/h5><\/div><\/div>\n<\/div>\n\n<div class=\"jet-carousel__item\">\n\t<div class=\"jet-carousel__item-inner\"><a href=\"https:\/\/ciclesformatius.es\/es\/cicles-formatius-tecnologies\/cfgs-sistemas-de-telecomunicaciones-e-informaticos\/\" class=\"jet-carousel__item-link\" ><img decoding=\"async\" src=\"https:\/\/ciclesformatius.es\/wp-content\/uploads\/2023\/02\/telecomunicacions-informatica.jpg\" class=\"jet-carousel__item-img\" alt=\"Cicles formatius telecomunicacions i inform\u00e0tica\" loading=\"lazy\"><\/a><div class=\"jet-carousel__content\"><h5 class=\"jet-carousel__item-title\"><a href=\"https:\/\/ciclesformatius.es\/es\/cicles-formatius-tecnologies\/cfgs-sistemas-de-telecomunicaciones-e-informaticos\/\">CFGS Sistemas de Telecomunicaciones e inform\u00e1ticos<\/a><\/h5><\/div><\/div>\n<\/div>\n\n<div class=\"jet-carousel__item\">\n\t<div class=\"jet-carousel__item-inner\"><a href=\"https:\/\/ciclesformatius.es\/es\/ciclos-formativos-deportes\/cfgs-ensenanza-y-animacion-sociodeportiva\/\" class=\"jet-carousel__item-link\" ><img decoding=\"async\" src=\"https:\/\/ciclesformatius.es\/wp-content\/uploads\/2023\/02\/animacio.jpg\" class=\"jet-carousel__item-img\" alt=\"animaci\u00f3\" loading=\"lazy\"><\/a><div class=\"jet-carousel__content\"><h5 class=\"jet-carousel__item-title\"><a href=\"https:\/\/ciclesformatius.es\/es\/ciclos-formativos-deportes\/cfgs-ensenanza-y-animacion-sociodeportiva\/\">CFGS Ense\u00f1anza y Animaci\u00f3n Sociodeportiva<\/a><\/h5><\/div><\/div>\n<\/div>\n<\/div><\/div>\n<\/div>\n<\/div>\t\t\t\t<\/div>\n\t\t\t\t<\/div>\n\t\t\t\t<div class=\"elementor-element elementor-element-d3af8c7 elementor-widget-divider--view-line elementor-widget elementor-widget-divider\" data-id=\"d3af8c7\" data-element_type=\"widget\" data-e-type=\"widget\" data-widget_type=\"divider.default\">\n\t\t\t\t<div class=\"elementor-widget-container\">\n\t\t\t\t\t\t\t<div class=\"elementor-divider\">\n\t\t\t<span class=\"elementor-divider-separator\">\n\t\t\t\t\t\t<\/span>\n\t\t<\/div>\n\t\t\t\t\t\t<\/div>\n\t\t\t\t<\/div>\n\t\t\t\t<div class=\"elementor-element elementor-element-57786bb elementor-widget elementor-widget-text-editor\" data-id=\"57786bb\" data-element_type=\"widget\" data-e-type=\"widget\" data-widget_type=\"text-editor.default\">\n\t\t\t\t<div class=\"elementor-widget-container\">\n\t\t\t\t\t\t\t\t\t<div class=\"fusion-text fusion-text-1\"><p>Estos estudios permiten obtener el t\u00edtulo de<strong> T\u00c9CNICO SUPERIOR <\/strong>y tienen una duraci\u00f3n de uno o dos cursos. En ellos podr\u00e1s prepararte de una manera pr\u00e1ctica y sencilla para acceder con una calificaci\u00f3n interesante al mundo laboral o en la Universidad. Adem\u00e1s, te formar\u00e1s trabajando en empresas del sector mientras estudias.  <\/p><\/div><div class=\"fusion-text fusion-text-2\"><p>Informaci\u00f3n actualizada sobre la nueva FP: <a href=\"https:\/\/xtec.gencat.cat\/ca\/curriculum\/professionals\/fp\/\" target=\"_blank\" rel=\"noopener noreferrer\">xtec.cat<\/a><\/p><\/div><div class=\"fusion-sep-clear\"><strong style=\"font-size: inherit;\">Orientaci\u00f3n Laboral<\/strong><\/div><div class=\"fusion-text fusion-text-3\"><p>En el Balmes es muy importante que el alumno vea que aquello que estudia a los Ciclos Formativos est\u00e1 pensado para encontrar un trabajo de manera inmediata. Es por eso que hemos puesto a tu disposici\u00f3n todo un departamento que se encargar\u00e1 de ponerte en contacto con el mundo laboral. <\/p><p>Desde este<strong> Departamento de Inserci\u00f3n Laboral <\/strong>recibir\u00e1s toda la informaci\u00f3n y todo el <strong>asesoramiento <\/strong>que te haga falta para saber c\u00f3mo enfrentarte a un trabajo.<\/p><p>Adem\u00e1s, haremos un seguimiento de tu relaci\u00f3n con la empresa y te asesoraremos en caso de que tengas cualquier tipo de duda o problema. Sabemos que este es un tema muy importante y que es decisivo para tu futuro y, por eso, nosotros le damos toda la importancia. <\/p><p><strong>Bolsa de Trabajo<\/strong><\/p><p>Nuestra experiencia en la relaci\u00f3n con el mundo de la empresa viene de muy lejos. Desde que el Balmes era un centro de <strong>Formaci\u00f3n Profesional<\/strong> que hemos abierto muchas puertas a <strong>empresas <\/strong>de muchos sectores y esto se ha potenciado desde que ha entrado en funcionamiento el nuevo sistema educativo. <\/p><p>Todos los alumnos que estudian en nuestro Centro est\u00e1n en la base de datos del Departamento de Inserci\u00f3n Laboral y esto nos permite dar una respuesta adecuada a las empresas que se dirigen a nosotros cuando necesitan alguna persona para cubrir un puesto de trabajo. De este modo podemos ofrecerte un anch\u00edsimo mercado laboral, al cual ya hay much\u00edsimos alumnos del Balmes, que te abrir\u00e1 muchas puertas y que te permitir\u00e1 completar lo que con nosotros habr\u00e1s empezado con tus estudios. <\/p><\/div>\t\t\t\t\t\t\t\t<\/div>\n\t\t\t\t<\/div>\n\t\t\t\t\t<\/div>\n\t\t<\/div>\n\t\t\t\t\t<\/div>\n\t\t<\/section>\n\t\t\t\t<section class=\"elementor-section elementor-top-section elementor-element elementor-element-7bcc7aa elementor-section-full_width elementor-section-height-default elementor-section-height-default\" data-id=\"7bcc7aa\" data-element_type=\"section\" data-e-type=\"section\" data-settings=\"{&quot;jet_parallax_layout_list&quot;:[]}\">\n\t\t\t\t\t\t<div class=\"elementor-container elementor-column-gap-default\">\n\t\t\t\t\t<div class=\"elementor-column elementor-col-100 elementor-top-column elementor-element elementor-element-89a876e\" data-id=\"89a876e\" data-element_type=\"column\" data-e-type=\"column\" data-settings=\"{&quot;background_background&quot;:&quot;classic&quot;}\">\n\t\t\t<div class=\"elementor-widget-wrap elementor-element-populated\">\n\t\t\t\t\t\t<div class=\"elementor-element elementor-element-cb6124f elementor-widget elementor-widget-heading\" data-id=\"cb6124f\" data-element_type=\"widget\" data-e-type=\"widget\" data-widget_type=\"heading.default\">\n\t\t\t\t<div class=\"elementor-widget-container\">\n\t\t\t\t\t<h2 class=\"elementor-heading-title elementor-size-default\">Ciclos Formativos de Grado Medio<\/h2>\t\t\t\t<\/div>\n\t\t\t\t<\/div>\n\t\t\t\t<div class=\"elementor-element elementor-element-02d5da8 elementor-align-left elementor-widget elementor-widget-button\" data-id=\"02d5da8\" data-element_type=\"widget\" data-e-type=\"widget\" data-widget_type=\"button.default\">\n\t\t\t\t<div class=\"elementor-widget-container\">\n\t\t\t\t\t\t\t\t\t<div class=\"elementor-button-wrapper\">\n\t\t\t\t\t<a class=\"elementor-button elementor-button-link elementor-size-sm\" href=\"https:\/\/ciclesformatius.es\/es\/ciclos-formativos-de-grado-medio\/\">\n\t\t\t\t\t\t<span class=\"elementor-button-content-wrapper\">\n\t\t\t\t\t\t<span class=\"elementor-button-icon\">\n\t\t\t\t<i aria-hidden=\"true\" class=\"fas fa-arrow-right\"><\/i>\t\t\t<\/span>\n\t\t\t\t\t\t\t\t\t<span class=\"elementor-button-text\">Ver ciclos<\/span>\n\t\t\t\t\t<\/span>\n\t\t\t\t\t<\/a>\n\t\t\t\t<\/div>\n\t\t\t\t\t\t\t\t<\/div>\n\t\t\t\t<\/div>\n\t\t\t\t\t<\/div>\n\t\t<\/div>\n\t\t\t\t\t<\/div>\n\t\t<\/section>\n\t\t\t\t<section class=\"elementor-section elementor-top-section elementor-element elementor-element-deffffb elementor-section-boxed elementor-section-height-default elementor-section-height-default\" data-id=\"deffffb\" data-element_type=\"section\" data-e-type=\"section\" data-settings=\"{&quot;jet_parallax_layout_list&quot;:[]}\">\n\t\t\t\t\t\t<div class=\"elementor-container elementor-column-gap-default\">\n\t\t\t\t\t<div class=\"elementor-column elementor-col-50 elementor-top-column elementor-element elementor-element-4bc0c7f\" data-id=\"4bc0c7f\" data-element_type=\"column\" data-e-type=\"column\">\n\t\t\t<div class=\"elementor-widget-wrap elementor-element-populated\">\n\t\t\t\t\t\t<div class=\"elementor-element elementor-element-f5914cc elementor-widget elementor-widget-heading\" data-id=\"f5914cc\" data-element_type=\"widget\" data-e-type=\"widget\" data-widget_type=\"heading.default\">\n\t\t\t\t<div class=\"elementor-widget-container\">\n\t\t\t\t\t<h2 class=\"elementor-heading-title elementor-size-default\">Solicitar informaci\u00f3n<\/h2>\t\t\t\t<\/div>\n\t\t\t\t<\/div>\n\t\t\t\t<div class=\"elementor-element elementor-element-3a91750 elementor-button-align-stretch elementor-widget elementor-widget-form\" data-id=\"3a91750\" data-element_type=\"widget\" data-e-type=\"widget\" data-settings=\"{&quot;step_next_label&quot;:&quot;Siguiente&quot;,&quot;step_previous_label&quot;:&quot;Anterior&quot;,&quot;button_width&quot;:&quot;100&quot;,&quot;step_type&quot;:&quot;number_text&quot;,&quot;step_icon_shape&quot;:&quot;circle&quot;}\" data-widget_type=\"form.default\">\n\t\t\t\t<div class=\"elementor-widget-container\">\n\t\t\t\t\t\t\t<form class=\"elementor-form\" method=\"post\" name=\"Nuevo formulario\" aria-label=\"Nuevo formulario\">\n\t\t\t<input type=\"hidden\" name=\"post_id\" value=\"3823\"\/>\n\t\t\t<input type=\"hidden\" name=\"form_id\" value=\"3a91750\"\/>\n\t\t\t<input type=\"hidden\" name=\"referer_title\" value=\"Ciclos Formativos Grado Superior en l&#039;Hospitalet de Llobregat\" \/>\n\n\t\t\t\t\t\t\t<input type=\"hidden\" name=\"queried_id\" value=\"3823\"\/>\n\t\t\t\n\t\t\t<div class=\"elementor-form-fields-wrapper elementor-labels-above\">\n\t\t\t\t\t\t\t\t<div class=\"elementor-field-type-text elementor-field-group elementor-column elementor-field-group-name elementor-col-50 elementor-field-required\">\n\t\t\t\t\t\t\t\t\t\t\t\t\t<input size=\"1\" type=\"text\" name=\"form_fields[name]\" id=\"form-field-name\" class=\"elementor-field elementor-size-sm  elementor-field-textual\" placeholder=\"Nombre\" required=\"required\">\n\t\t\t\t\t\t\t\t\t\t\t<\/div>\n\t\t\t\t\t\t\t\t<div class=\"elementor-field-type-text elementor-field-group elementor-column elementor-field-group-field_df33554 elementor-col-50 elementor-field-required\">\n\t\t\t\t\t\t\t\t\t\t\t\t\t<input size=\"1\" type=\"text\" name=\"form_fields[field_df33554]\" id=\"form-field-field_df33554\" class=\"elementor-field elementor-size-sm  elementor-field-textual\" placeholder=\"Apellidos\" required=\"required\">\n\t\t\t\t\t\t\t\t\t\t\t<\/div>\n\t\t\t\t\t\t\t\t<div class=\"elementor-field-type-email elementor-field-group elementor-column elementor-field-group-email elementor-col-50 elementor-field-required\">\n\t\t\t\t\t\t\t\t\t\t\t\t\t<input size=\"1\" type=\"email\" name=\"form_fields[email]\" id=\"form-field-email\" class=\"elementor-field elementor-size-sm  elementor-field-textual\" placeholder=\"Email\" required=\"required\">\n\t\t\t\t\t\t\t\t\t\t\t<\/div>\n\t\t\t\t\t\t\t\t<div class=\"elementor-field-type-tel elementor-field-group elementor-column elementor-field-group-field_9e20cfb elementor-col-50\">\n\t\t\t\t\t\t\t<input size=\"1\" type=\"tel\" name=\"form_fields[field_9e20cfb]\" id=\"form-field-field_9e20cfb\" class=\"elementor-field elementor-size-sm  elementor-field-textual\" placeholder=\"Tel\u00e9fono\" pattern=\"[0-9()#&amp;+*-=.]+\" title=\"Solo se aceptan n\u00fameros y caracteres de tel\u00e9fono (#,-,*,etc).\">\n\n\t\t\t\t\t\t<\/div>\n\t\t\t\t\t\t\t\t<div class=\"elementor-field-type-select elementor-field-group elementor-column elementor-field-group-field_3221f33 elementor-col-100 elementor-field-required\">\n\t\t\t\t\t\t\t<div class=\"elementor-field elementor-select-wrapper remove-before \">\n\t\t\t<div class=\"select-caret-down-wrapper\">\n\t\t\t\t<i aria-hidden=\"true\" class=\"eicon-caret-down\"><\/i>\t\t\t<\/div>\n\t\t\t<select name=\"form_fields[field_3221f33]\" id=\"form-field-field_3221f33\" class=\"elementor-field-textual elementor-size-sm\" required=\"required\">\n\t\t\t\t\t\t\t\t\t<option value=\"Querr\u00eda informaci\u00f3n de este ciclo...\">Querr\u00eda informaci\u00f3n de este ciclo...<\/option>\n\t\t\t\t\t\t\t\t\t<option value=\"CFGS Asesor\u00eda Imagen Personal y Corporativa\">CFGS Asesor\u00eda Imagen Personal y Corporativa<\/option>\n\t\t\t\t\t\t\t\t\t<option value=\"CFGS Marketing y Publicidad\">CFGS Marketing y Publicidad<\/option>\n\t\t\t\t\t\t\t\t\t<option value=\"CFGS Sistemas de Telecomunicaciones e inform\u00e1ticos\">CFGS Sistemas de Telecomunicaciones e inform\u00e1ticos<\/option>\n\t\t\t\t\t\t\t\t\t<option value=\"CFGS Ense\u00f1anza y Animaci\u00f3n Sociodeportiva\">CFGS Ense\u00f1anza y Animaci\u00f3n Sociodeportiva<\/option>\n\t\t\t\t\t\t\t<\/select>\n\t\t<\/div>\n\t\t\t\t\t\t<\/div>\n\t\t\t\t\t\t\t\t<div class=\"elementor-field-type-textarea elementor-field-group elementor-column elementor-field-group-message elementor-col-100\">\n\t\t\t\t\t<textarea class=\"elementor-field-textual elementor-field  elementor-size-sm\" name=\"form_fields[message]\" id=\"form-field-message\" rows=\"4\" placeholder=\"Observaciones\"><\/textarea>\t\t\t\t<\/div>\n\t\t\t\t\t\t\t\t<div class=\"elementor-field-type-acceptance elementor-field-group elementor-column elementor-field-group-field_6789585 elementor-col-100 elementor-field-required\">\n\t\t\t\t\t\t\t<div class=\"elementor-field-subgroup\">\n\t\t\t<span class=\"elementor-field-option\">\n\t\t\t\t<input type=\"checkbox\" name=\"form_fields[field_6789585]\" id=\"form-field-field_6789585\" class=\"elementor-field elementor-size-sm  elementor-acceptance-field\" required=\"required\">\n\t\t\t\t<label for=\"form-field-field_6789585\">He le\u00eddo y acepto la <a href=\"https:\/\/www.jaumebalmes.com\/politica-de-qualitat\/\" target=\"_blank\">Pol\u00edtica de privacidad<\/a><\/label>\t\t\t<\/span>\n\t\t<\/div>\n\t\t\t\t\t\t<\/div>\n\t\t\t\t\t\t\t\t<div class=\"elementor-field-group elementor-column elementor-field-type-submit elementor-col-100 e-form__buttons\">\n\t\t\t\t\t<button class=\"elementor-button elementor-size-sm\" type=\"submit\">\n\t\t\t\t\t\t<span class=\"elementor-button-content-wrapper\">\n\t\t\t\t\t\t\t\t\t\t\t\t\t\t\t\t\t\t\t\t\t\t<span class=\"elementor-button-text\">Enviar<\/span>\n\t\t\t\t\t\t\t\t\t\t\t\t\t<\/span>\n\t\t\t\t\t<\/button>\n\t\t\t\t<\/div>\n\t\t\t<\/div>\n\t\t<\/form>\n\t\t\t\t\t\t<\/div>\n\t\t\t\t<\/div>\n\t\t\t\t\t<\/div>\n\t\t<\/div>\n\t\t\t\t<div class=\"elementor-column elementor-col-50 elementor-top-column elementor-element elementor-element-e3473e5\" data-id=\"e3473e5\" data-element_type=\"column\" data-e-type=\"column\" data-settings=\"{&quot;background_background&quot;:&quot;classic&quot;}\">\n\t\t\t<div class=\"elementor-widget-wrap elementor-element-populated\">\n\t\t\t\t\t\t<div class=\"elementor-element elementor-element-3e40e1c elementor-widget elementor-widget-image\" data-id=\"3e40e1c\" data-element_type=\"widget\" data-e-type=\"widget\" data-widget_type=\"image.default\">\n\t\t\t\t<div class=\"elementor-widget-container\">\n\t\t\t\t\t\t\t\t\t\t\t\t\t\t\t<img fetchpriority=\"high\" decoding=\"async\" width=\"1062\" height=\"900\" src=\"https:\/\/ciclesformatius.es\/wp-content\/uploads\/2023\/02\/balmes-footer.jpg\" class=\"attachment-full size-full wp-image-3523\" alt=\"Centre d&#039;Estudis balmes\" srcset=\"https:\/\/ciclesformatius.es\/wp-content\/uploads\/2023\/02\/balmes-footer.jpg 1062w, https:\/\/ciclesformatius.es\/wp-content\/uploads\/2023\/02\/balmes-footer-300x254.jpg 300w, https:\/\/ciclesformatius.es\/wp-content\/uploads\/2023\/02\/balmes-footer-1024x868.jpg 1024w, https:\/\/ciclesformatius.es\/wp-content\/uploads\/2023\/02\/balmes-footer-768x651.jpg 768w\" sizes=\"(max-width: 1062px) 100vw, 1062px\" \/>\t\t\t\t\t\t\t\t\t\t\t\t\t\t\t<\/div>\n\t\t\t\t<\/div>\n\t\t\t\t\t<\/div>\n\t\t<\/div>\n\t\t\t\t\t<\/div>\n\t\t<\/section>\n\t\t\t\t<\/div>\n\t\t","protected":false},"excerpt":{"rendered":"<p>Ciclos Formativos de Grado Superior Inici CFGS Asesor\u00eda Imagen Personal y Corporativa CFGS Marketing y Publicidad CFGS Sistemas de Telecomunicaciones e inform\u00e1ticos CFGS Ense\u00f1anza y Animaci\u00f3n Sociodeportiva CFGS Administraci\u00f3n y Finanzas Estos estudios permiten obtener el t\u00edtulo de T\u00c9CNICO SUPERIOR y tienen una duraci\u00f3n de uno o dos cursos. En ellos podr\u00e1s prepararte de una &#8230; <a title=\"Ciclos Formativos de Grado Superior\" class=\"read-more\" href=\"https:\/\/ciclesformatius.es\/es\/ciclos-formativos-de-grado-superior\/\" aria-label=\"Leer m\u00e1s sobre Ciclos Formativos de Grado Superior\">Leer m\u00e1s<\/a><\/p>\n","protected":false},"author":1,"featured_media":0,"parent":0,"menu_order":0,"comment_status":"closed","ping_status":"closed","template":"elementor_header_footer","meta":{"inline_featured_image":false,"footnotes":""},"class_list":["post-3823","page","type-page","status-publish"],"yoast_head":"<!-- This site is optimized with the Yoast SEO plugin v27.4 - https:\/\/yoast.com\/product\/yoast-seo-wordpress\/ -->\n<title>Ciclos Formativos Grado Superior en l&#039;Hospitalet de Llobregat<\/title>\n<meta name=\"description\" content=\"Descubre los ciclos formativos grado superior nuestro centro de l&#039;Hospitalet de Llobregat. Consulta opciones, requisitos y salidas profesionales.\" \/>\n<meta name=\"robots\" content=\"index, follow, max-snippet:-1, max-image-preview:large, max-video-preview:-1\" \/>\n<link rel=\"canonical\" href=\"https:\/\/ciclesformatius.es\/es\/ciclos-formativos-de-grado-superior\/\" \/>\n<meta property=\"og:locale\" content=\"es_ES\" \/>\n<meta property=\"og:type\" content=\"article\" \/>\n<meta property=\"og:title\" content=\"Ciclos Formativos Grado Superior en l&#039;Hospitalet de Llobregat\" \/>\n<meta property=\"og:description\" content=\"Descubre los ciclos formativos grado superior nuestro centro de l&#039;Hospitalet de Llobregat. Consulta opciones, requisitos y salidas profesionales.\" \/>\n<meta property=\"og:url\" content=\"https:\/\/ciclesformatius.es\/es\/ciclos-formativos-de-grado-superior\/\" \/>\n<meta property=\"og:site_name\" content=\"Cicles Formatius Jaume Balmes\" \/>\n<meta property=\"article:publisher\" content=\"https:\/\/www.facebook.com\/cejaumebalmes\" \/>\n<meta property=\"article:modified_time\" content=\"2026-04-24T07:34:18+00:00\" \/>\n<meta property=\"og:image\" content=\"https:\/\/ciclesformatius.es\/wp-content\/uploads\/2023\/02\/assessoria-imatge-3.jpg\" \/>\n<meta name=\"twitter:card\" content=\"summary_large_image\" \/>\n<meta name=\"twitter:site\" content=\"@cejaumebalmes\" \/>\n<meta name=\"twitter:label1\" content=\"Tiempo de lectura\" \/>\n\t<meta name=\"twitter:data1\" content=\"6 minutos\" \/>\n<script type=\"application\/ld+json\" class=\"yoast-schema-graph\">{\"@context\":\"https:\\\/\\\/schema.org\",\"@graph\":[{\"@type\":\"WebPage\",\"@id\":\"https:\\\/\\\/ciclesformatius.es\\\/es\\\/ciclos-formativos-de-grado-superior\\\/\",\"url\":\"https:\\\/\\\/ciclesformatius.es\\\/es\\\/ciclos-formativos-de-grado-superior\\\/\",\"name\":\"Ciclos Formativos Grado Superior en l'Hospitalet de Llobregat\",\"isPartOf\":{\"@id\":\"https:\\\/\\\/ciclesformatius.es\\\/es\\\/#website\"},\"primaryImageOfPage\":{\"@id\":\"https:\\\/\\\/ciclesformatius.es\\\/es\\\/ciclos-formativos-de-grado-superior\\\/#primaryimage\"},\"image\":{\"@id\":\"https:\\\/\\\/ciclesformatius.es\\\/es\\\/ciclos-formativos-de-grado-superior\\\/#primaryimage\"},\"thumbnailUrl\":\"https:\\\/\\\/ciclesformatius.es\\\/wp-content\\\/uploads\\\/2023\\\/02\\\/assessoria-imatge-3.jpg\",\"datePublished\":\"2023-02-09T18:59:05+00:00\",\"dateModified\":\"2026-04-24T07:34:18+00:00\",\"description\":\"Descubre los ciclos formativos grado superior nuestro centro de l'Hospitalet de Llobregat. Consulta opciones, requisitos y salidas profesionales.\",\"breadcrumb\":{\"@id\":\"https:\\\/\\\/ciclesformatius.es\\\/es\\\/ciclos-formativos-de-grado-superior\\\/#breadcrumb\"},\"inLanguage\":\"es\",\"potentialAction\":[{\"@type\":\"ReadAction\",\"target\":[\"https:\\\/\\\/ciclesformatius.es\\\/es\\\/ciclos-formativos-de-grado-superior\\\/\"]}]},{\"@type\":\"ImageObject\",\"inLanguage\":\"es\",\"@id\":\"https:\\\/\\\/ciclesformatius.es\\\/es\\\/ciclos-formativos-de-grado-superior\\\/#primaryimage\",\"url\":\"https:\\\/\\\/ciclesformatius.es\\\/wp-content\\\/uploads\\\/2023\\\/02\\\/assessoria-imatge-3.jpg\",\"contentUrl\":\"https:\\\/\\\/ciclesformatius.es\\\/wp-content\\\/uploads\\\/2023\\\/02\\\/assessoria-imatge-3.jpg\"},{\"@type\":\"BreadcrumbList\",\"@id\":\"https:\\\/\\\/ciclesformatius.es\\\/es\\\/ciclos-formativos-de-grado-superior\\\/#breadcrumb\",\"itemListElement\":[{\"@type\":\"ListItem\",\"position\":1,\"name\":\"Inici\",\"item\":\"https:\\\/\\\/ciclesformatius.es\\\/es\\\/inicio\\\/\"},{\"@type\":\"ListItem\",\"position\":2,\"name\":\"Ciclos Formativos de Grado Superior\"}]},{\"@type\":\"WebSite\",\"@id\":\"https:\\\/\\\/ciclesformatius.es\\\/es\\\/#website\",\"url\":\"https:\\\/\\\/ciclesformatius.es\\\/es\\\/\",\"name\":\"Cicles Formatius Jaume Balmes\",\"description\":\"\",\"publisher\":{\"@id\":\"https:\\\/\\\/ciclesformatius.es\\\/es\\\/#organization\"},\"potentialAction\":[{\"@type\":\"SearchAction\",\"target\":{\"@type\":\"EntryPoint\",\"urlTemplate\":\"https:\\\/\\\/ciclesformatius.es\\\/es\\\/?s={search_term_string}\"},\"query-input\":{\"@type\":\"PropertyValueSpecification\",\"valueRequired\":true,\"valueName\":\"search_term_string\"}}],\"inLanguage\":\"es\"},{\"@type\":\"Organization\",\"@id\":\"https:\\\/\\\/ciclesformatius.es\\\/es\\\/#organization\",\"name\":\"Centre d'Estudis Jaume Balmes\",\"url\":\"https:\\\/\\\/ciclesformatius.es\\\/es\\\/\",\"logo\":{\"@type\":\"ImageObject\",\"inLanguage\":\"es\",\"@id\":\"https:\\\/\\\/ciclesformatius.es\\\/es\\\/#\\\/schema\\\/logo\\\/image\\\/\",\"url\":\"https:\\\/\\\/ciclesformatius.es\\\/wp-content\\\/uploads\\\/2023\\\/01\\\/balmes-01.svg\",\"contentUrl\":\"https:\\\/\\\/ciclesformatius.es\\\/wp-content\\\/uploads\\\/2023\\\/01\\\/balmes-01.svg\",\"caption\":\"Centre d'Estudis Jaume Balmes\"},\"image\":{\"@id\":\"https:\\\/\\\/ciclesformatius.es\\\/es\\\/#\\\/schema\\\/logo\\\/image\\\/\"},\"sameAs\":[\"https:\\\/\\\/www.facebook.com\\\/cejaumebalmes\",\"https:\\\/\\\/x.com\\\/cejaumebalmes\"]}]}<\/script>\n<!-- \/ Yoast SEO plugin. -->","yoast_head_json":{"title":"Ciclos Formativos Grado Superior en l'Hospitalet de Llobregat","description":"Descubre los ciclos formativos grado superior nuestro centro de l'Hospitalet de Llobregat. Consulta opciones, requisitos y salidas profesionales.","robots":{"index":"index","follow":"follow","max-snippet":"max-snippet:-1","max-image-preview":"max-image-preview:large","max-video-preview":"max-video-preview:-1"},"canonical":"https:\/\/ciclesformatius.es\/es\/ciclos-formativos-de-grado-superior\/","og_locale":"es_ES","og_type":"article","og_title":"Ciclos Formativos Grado Superior en l'Hospitalet de Llobregat","og_description":"Descubre los ciclos formativos grado superior nuestro centro de l'Hospitalet de Llobregat. Consulta opciones, requisitos y salidas profesionales.","og_url":"https:\/\/ciclesformatius.es\/es\/ciclos-formativos-de-grado-superior\/","og_site_name":"Cicles Formatius Jaume Balmes","article_publisher":"https:\/\/www.facebook.com\/cejaumebalmes","article_modified_time":"2026-04-24T07:34:18+00:00","og_image":[{"url":"https:\/\/ciclesformatius.es\/wp-content\/uploads\/2023\/02\/assessoria-imatge-3.jpg","type":"","width":"","height":""}],"twitter_card":"summary_large_image","twitter_site":"@cejaumebalmes","twitter_misc":{"Tiempo de lectura":"6 minutos"},"schema":{"@context":"https:\/\/schema.org","@graph":[{"@type":"WebPage","@id":"https:\/\/ciclesformatius.es\/es\/ciclos-formativos-de-grado-superior\/","url":"https:\/\/ciclesformatius.es\/es\/ciclos-formativos-de-grado-superior\/","name":"Ciclos Formativos Grado Superior en l'Hospitalet de Llobregat","isPartOf":{"@id":"https:\/\/ciclesformatius.es\/es\/#website"},"primaryImageOfPage":{"@id":"https:\/\/ciclesformatius.es\/es\/ciclos-formativos-de-grado-superior\/#primaryimage"},"image":{"@id":"https:\/\/ciclesformatius.es\/es\/ciclos-formativos-de-grado-superior\/#primaryimage"},"thumbnailUrl":"https:\/\/ciclesformatius.es\/wp-content\/uploads\/2023\/02\/assessoria-imatge-3.jpg","datePublished":"2023-02-09T18:59:05+00:00","dateModified":"2026-04-24T07:34:18+00:00","description":"Descubre los ciclos formativos grado superior nuestro centro de l'Hospitalet de Llobregat. Consulta opciones, requisitos y salidas profesionales.","breadcrumb":{"@id":"https:\/\/ciclesformatius.es\/es\/ciclos-formativos-de-grado-superior\/#breadcrumb"},"inLanguage":"es","potentialAction":[{"@type":"ReadAction","target":["https:\/\/ciclesformatius.es\/es\/ciclos-formativos-de-grado-superior\/"]}]},{"@type":"ImageObject","inLanguage":"es","@id":"https:\/\/ciclesformatius.es\/es\/ciclos-formativos-de-grado-superior\/#primaryimage","url":"https:\/\/ciclesformatius.es\/wp-content\/uploads\/2023\/02\/assessoria-imatge-3.jpg","contentUrl":"https:\/\/ciclesformatius.es\/wp-content\/uploads\/2023\/02\/assessoria-imatge-3.jpg"},{"@type":"BreadcrumbList","@id":"https:\/\/ciclesformatius.es\/es\/ciclos-formativos-de-grado-superior\/#breadcrumb","itemListElement":[{"@type":"ListItem","position":1,"name":"Inici","item":"https:\/\/ciclesformatius.es\/es\/inicio\/"},{"@type":"ListItem","position":2,"name":"Ciclos Formativos de Grado Superior"}]},{"@type":"WebSite","@id":"https:\/\/ciclesformatius.es\/es\/#website","url":"https:\/\/ciclesformatius.es\/es\/","name":"Cicles Formatius Jaume Balmes","description":"","publisher":{"@id":"https:\/\/ciclesformatius.es\/es\/#organization"},"potentialAction":[{"@type":"SearchAction","target":{"@type":"EntryPoint","urlTemplate":"https:\/\/ciclesformatius.es\/es\/?s={search_term_string}"},"query-input":{"@type":"PropertyValueSpecification","valueRequired":true,"valueName":"search_term_string"}}],"inLanguage":"es"},{"@type":"Organization","@id":"https:\/\/ciclesformatius.es\/es\/#organization","name":"Centre d'Estudis Jaume Balmes","url":"https:\/\/ciclesformatius.es\/es\/","logo":{"@type":"ImageObject","inLanguage":"es","@id":"https:\/\/ciclesformatius.es\/es\/#\/schema\/logo\/image\/","url":"https:\/\/ciclesformatius.es\/wp-content\/uploads\/2023\/01\/balmes-01.svg","contentUrl":"https:\/\/ciclesformatius.es\/wp-content\/uploads\/2023\/01\/balmes-01.svg","caption":"Centre d'Estudis Jaume Balmes"},"image":{"@id":"https:\/\/ciclesformatius.es\/es\/#\/schema\/logo\/image\/"},"sameAs":["https:\/\/www.facebook.com\/cejaumebalmes","https:\/\/x.com\/cejaumebalmes"]}]}},"_links":{"self":[{"href":"https:\/\/ciclesformatius.es\/es\/wp-json\/wp\/v2\/pages\/3823","targetHints":{"allow":["GET"]}}],"collection":[{"href":"https:\/\/ciclesformatius.es\/es\/wp-json\/wp\/v2\/pages"}],"about":[{"href":"https:\/\/ciclesformatius.es\/es\/wp-json\/wp\/v2\/types\/page"}],"author":[{"embeddable":true,"href":"https:\/\/ciclesformatius.es\/es\/wp-json\/wp\/v2\/users\/1"}],"replies":[{"embeddable":true,"href":"https:\/\/ciclesformatius.es\/es\/wp-json\/wp\/v2\/comments?post=3823"}],"version-history":[{"count":9,"href":"https:\/\/ciclesformatius.es\/es\/wp-json\/wp\/v2\/pages\/3823\/revisions"}],"predecessor-version":[{"id":4920,"href":"https:\/\/ciclesformatius.es\/es\/wp-json\/wp\/v2\/pages\/3823\/revisions\/4920"}],"wp:attachment":[{"href":"https:\/\/ciclesformatius.es\/es\/wp-json\/wp\/v2\/media?parent=3823"}],"curies":[{"name":"wp","href":"https:\/\/api.w.org\/{rel}","templated":true}]}}