{"id":3819,"date":"2023-02-09T19:16:36","date_gmt":"2023-02-09T19:16:36","guid":{"rendered":"https:\/\/ciclesformatius.es\/ciclos-formativos-de-grado-medio\/"},"modified":"2026-04-15T09:33:04","modified_gmt":"2026-04-15T09:33:04","slug":"ciclos-formativos-de-grado-medio","status":"publish","type":"page","link":"https:\/\/ciclesformatius.es\/es\/ciclos-formativos-de-grado-medio\/","title":{"rendered":"Ciclos Formativos de Grado Medio"},"content":{"rendered":"\t\t<div data-elementor-type=\"wp-page\" data-elementor-id=\"3819\" class=\"elementor elementor-3819 elementor-932\" data-elementor-post-type=\"page\">\n\t\t\t\t\t\t<section class=\"elementor-section elementor-top-section elementor-element elementor-element-2d6c23aa elementor-section-full_width elementor-section-height-default elementor-section-height-default\" data-id=\"2d6c23aa\" data-element_type=\"section\" data-e-type=\"section\" data-settings=\"{&quot;jet_parallax_layout_list&quot;:[],&quot;background_background&quot;:&quot;classic&quot;}\">\n\t\t\t\t\t\t<div class=\"elementor-container elementor-column-gap-no\">\n\t\t\t\t\t<div class=\"elementor-column elementor-col-100 elementor-top-column elementor-element elementor-element-17e649e\" data-id=\"17e649e\" data-element_type=\"column\" data-e-type=\"column\">\n\t\t\t<div class=\"elementor-widget-wrap elementor-element-populated\">\n\t\t\t\t\t\t<div class=\"elementor-element elementor-element-e8f136a elementor-widget elementor-widget-heading\" data-id=\"e8f136a\" data-element_type=\"widget\" data-e-type=\"widget\" data-widget_type=\"heading.default\">\n\t\t\t\t<div class=\"elementor-widget-container\">\n\t\t\t\t\t<h1 class=\"elementor-heading-title elementor-size-default\">Ciclos Formativos de Grado Medio<\/h1>\t\t\t\t<\/div>\n\t\t\t\t<\/div>\n\t\t\t\t\t<\/div>\n\t\t<\/div>\n\t\t\t\t\t<\/div>\n\t\t<\/section>\n\t\t\t\t<section class=\"elementor-section elementor-top-section elementor-element elementor-element-985b613 elementor-section-boxed elementor-section-height-default elementor-section-height-default\" data-id=\"985b613\" data-element_type=\"section\" data-e-type=\"section\" data-settings=\"{&quot;jet_parallax_layout_list&quot;:[],&quot;background_background&quot;:&quot;classic&quot;}\">\n\t\t\t\t\t\t<div class=\"elementor-container elementor-column-gap-default\">\n\t\t\t\t\t<div class=\"elementor-column elementor-col-100 elementor-top-column elementor-element elementor-element-4a7b4ce\" data-id=\"4a7b4ce\" data-element_type=\"column\" data-e-type=\"column\">\n\t\t\t<div class=\"elementor-widget-wrap elementor-element-populated\">\n\t\t\t\t\t\t<div class=\"elementor-element elementor-element-c98acc3 elementor-widget elementor-widget-jet-breadcrumbs\" data-id=\"c98acc3\" data-element_type=\"widget\" data-e-type=\"widget\" data-widget_type=\"jet-breadcrumbs.default\">\n\t\t\t\t<div class=\"elementor-widget-container\">\n\t\t\t\t\t<div class=\"elementor-jet-breadcrumbs jet-blocks\">\n\t\t<div class=\"jet-breadcrumbs\">\n\t\t<div class=\"jet-breadcrumbs__content\">\n\t\t<div class=\"jet-breadcrumbs__wrap\"><div class=\"jet-breadcrumbs__item\"><a href=\"https:\/\/ciclesformatius.es\/es\/\" class=\"jet-breadcrumbs__item-link is-home\" rel=\"home\" title=\"Inicio\">Inicio<\/a><\/div>\n\t\t<\/div>\n\t\t<\/div>\n\t\t<\/div><\/div>\t\t\t\t<\/div>\n\t\t\t\t<\/div>\n\t\t\t\t\t<\/div>\n\t\t<\/div>\n\t\t\t\t\t<\/div>\n\t\t<\/section>\n\t\t\t\t<section class=\"elementor-section elementor-top-section elementor-element elementor-element-8a41c29 elementor-hidden-mobile elementor-section-boxed elementor-section-height-default elementor-section-height-default\" data-id=\"8a41c29\" data-element_type=\"section\" data-e-type=\"section\" data-settings=\"{&quot;jet_parallax_layout_list&quot;:[],&quot;background_background&quot;:&quot;classic&quot;}\">\n\t\t\t\t\t\t<div class=\"elementor-container elementor-column-gap-default\">\n\t\t\t\t\t<div class=\"elementor-column elementor-col-100 elementor-top-column elementor-element elementor-element-0a42c2d\" data-id=\"0a42c2d\" data-element_type=\"column\" data-e-type=\"column\" data-settings=\"{&quot;background_background&quot;:&quot;classic&quot;}\">\n\t\t\t<div class=\"elementor-widget-wrap elementor-element-populated\">\n\t\t\t\t\t\t<div class=\"elementor-element elementor-element-6f24df1 elementor-widget elementor-widget-jet-carousel\" data-id=\"6f24df1\" data-element_type=\"widget\" data-e-type=\"widget\" data-settings=\"{&quot;slides_to_show&quot;:&quot;5&quot;,&quot;slides_to_scroll_tablet&quot;:&quot;1&quot;,&quot;slides_to_scroll&quot;:&quot;1&quot;}\" data-widget_type=\"jet-carousel.default\">\n\t\t\t\t<div class=\"elementor-widget-container\">\n\t\t\t\t\t<div class=\"elementor-jet-carousel jet-elements\"><div class=\"jet-carousel-wrap jet-equal-cols\">\n\t<div class=\"jet-carousel\" data-slider_options=\"{&quot;autoplaySpeed&quot;:5000,&quot;autoplay&quot;:true,&quot;infinite&quot;:true,&quot;centerMode&quot;:false,&quot;centerPadding&quot;:&quot;50px&quot;,&quot;pauseOnHover&quot;:true,&quot;speed&quot;:500,&quot;arrows&quot;:false,&quot;dots&quot;:false,&quot;variableWidth&quot;:false,&quot;prevArrow&quot;:&quot;.jet-carousel__prev-arrow-6f24df1&quot;,&quot;nextArrow&quot;:&quot;.jet-carousel__next-arrow-6f24df1&quot;,&quot;rtl&quot;:false,&quot;fractionNav&quot;:false}\" dir=\"ltr\">\n\t<div class=\"elementor-slick-slider\">\n\n<div class=\"jet-carousel__item\">\n\t<div class=\"jet-carousel__item-inner\"><a href=\"https:\/\/ciclesformatius.es\/es\/ciclos-formativos-imagen\/cfgm-peluqueria-y-cosmetica-capilar\/\" class=\"jet-carousel__item-link\" ><img decoding=\"async\" src=\"https:\/\/ciclesformatius.es\/wp-content\/uploads\/2023\/02\/perruqueria-6.jpg\" class=\"jet-carousel__item-img\" alt=\"CFGM Perruqueria i Cosm\u00e8tica Capil\u00b7lar\" loading=\"lazy\"><\/a><div class=\"jet-carousel__content\"><h5 class=\"jet-carousel__item-title\"><a href=\"https:\/\/ciclesformatius.es\/es\/ciclos-formativos-imagen\/cfgm-peluqueria-y-cosmetica-capilar\/\">CFGM Peluquer\u00eda y Cosm\u00e9tica Capilar<\/a><\/h5><\/div><\/div>\n<\/div>\n\n<div class=\"jet-carousel__item\">\n\t<div class=\"jet-carousel__item-inner\"><a href=\"https:\/\/ciclesformatius.es\/es\/ciclos-formativos-imagen\/cfgm-estetica-y-belleza\/\" class=\"jet-carousel__item-link\" ><img decoding=\"async\" src=\"https:\/\/ciclesformatius.es\/wp-content\/uploads\/2023\/02\/estetica-2.jpg\" class=\"jet-carousel__item-img\" alt=\"CFGM Est\u00e8tica i Bellesa\" loading=\"lazy\"><\/a><div class=\"jet-carousel__content\"><h5 class=\"jet-carousel__item-title\"><a href=\"https:\/\/ciclesformatius.es\/es\/ciclos-formativos-imagen\/cfgm-estetica-y-belleza\/\">CFGM Est\u00e9tica y Belleza<\/a><\/h5><\/div><\/div>\n<\/div>\n\n<div class=\"jet-carousel__item\">\n\t<div class=\"jet-carousel__item-inner\"><a href=\"https:\/\/ciclesformatius.es\/es\/cicles-formatius-tecnologies\/cfgm-instalaciones-electricas-y-automaticas\/\" class=\"jet-carousel__item-link\" ><img decoding=\"async\" src=\"https:\/\/ciclesformatius.es\/wp-content\/uploads\/2023\/02\/instalacions-electriques-6.jpg\" class=\"jet-carousel__item-img\" alt=\"Cicles Formatius instal\u00b7lacions el\u00e8ctriques\" loading=\"lazy\"><\/a><div class=\"jet-carousel__content\"><h5 class=\"jet-carousel__item-title\"><a href=\"https:\/\/ciclesformatius.es\/es\/cicles-formatius-tecnologies\/cfgm-instalaciones-electricas-y-automaticas\/\">CFGM Instalaciones El\u00e9ctricas y Autom\u00e1ticas<\/a><\/h5><\/div><\/div>\n<\/div>\n\n<div class=\"jet-carousel__item\">\n\t<div class=\"jet-carousel__item-inner\"><a href=\"https:\/\/ciclesformatius.es\/es\/cfgm-farmacia-i-parafarmacia\/\" class=\"jet-carousel__item-link\" ><img decoding=\"async\" src=\"https:\/\/ciclesformatius.es\/wp-content\/uploads\/2023\/02\/cfgm-farmacia-5.jpg\" class=\"jet-carousel__item-img\" alt=\"cfgm farm\u00e0cia i parafarm\u00e0cia - cicle formatiu farm\u00e0cia i parafarm\u00e0cia\" loading=\"lazy\"><\/a><div class=\"jet-carousel__content\"><h5 class=\"jet-carousel__item-title\"><a href=\"https:\/\/ciclesformatius.es\/es\/cfgm-farmacia-i-parafarmacia\/\">CFGM Farmacia i Parafarmacia<\/a><\/h5><\/div><\/div>\n<\/div>\n\n<div class=\"jet-carousel__item\">\n\t<div class=\"jet-carousel__item-inner\"><a href=\"https:\/\/ciclesformatius.es\/es\/ciclos-formativos-deportes\/cfgm-guia-en-el-medio-natural-y-de-tiempo-de-ocio\/\" class=\"jet-carousel__item-link\" ><img decoding=\"async\" src=\"https:\/\/ciclesformatius.es\/wp-content\/uploads\/2023\/02\/cfgm-medi-natural-temps.jpg\" class=\"jet-carousel__item-img\" alt=\"cfgm medi natural temps de lleure\" loading=\"lazy\"><\/a><div class=\"jet-carousel__content\"><h5 class=\"jet-carousel__item-title\"><a href=\"https:\/\/ciclesformatius.es\/es\/ciclos-formativos-deportes\/cfgm-guia-en-el-medio-natural-y-de-tiempo-de-ocio\/\">CFGM Gu\u00eda en el Medio natural y de Tiempo libre<\/a><\/h5><\/div><\/div>\n<\/div>\n<\/div><\/div>\n<\/div>\n<\/div>\t\t\t\t<\/div>\n\t\t\t\t<\/div>\n\t\t\t\t<div class=\"elementor-element elementor-element-414b2d3 elementor-widget-divider--view-line elementor-widget elementor-widget-divider\" data-id=\"414b2d3\" data-element_type=\"widget\" data-e-type=\"widget\" data-widget_type=\"divider.default\">\n\t\t\t\t<div class=\"elementor-widget-container\">\n\t\t\t\t\t\t\t<div class=\"elementor-divider\">\n\t\t\t<span class=\"elementor-divider-separator\">\n\t\t\t\t\t\t<\/span>\n\t\t<\/div>\n\t\t\t\t\t\t<\/div>\n\t\t\t\t<\/div>\n\t\t\t\t<div class=\"elementor-element elementor-element-f447d5b elementor-widget elementor-widget-text-editor\" data-id=\"f447d5b\" data-element_type=\"widget\" data-e-type=\"widget\" data-widget_type=\"text-editor.default\">\n\t\t\t\t<div class=\"elementor-widget-container\">\n\t\t\t\t\t\t\t\t\t<div class=\"fusion-text fusion-text-1\"><p>Estos estudios permiten obtener el t\u00edtulo de <strong>T\u00c9CNICO <\/strong>y tienen una duraci\u00f3n de uno o dos cursos. En ellos podr\u00e1s prepararte de una manera pr\u00e1ctica y sencilla para acceder con una calificaci\u00f3n interesante al <strong>mundo laboral<\/strong>. <\/p><p>Tambi\u00e9n podr\u00e1s acceder, mediante el <strong>Curso de Acceso<\/strong>, a los <strong>Ciclos Formativos de Grado Superior <\/strong>(CFGS). Adem\u00e1s, te formar\u00e1s trabajando en empresas del sector mientras estudias. <\/p><\/div><div class=\"fusion-text fusion-text-2\"><p>Informaci\u00f3n actualizada sobre la nueva FP: <a href=\"https:\/\/xtec.gencat.cat\/ca\/curriculum\/professionals\/fp\/\" target=\"_blank\" rel=\"noopener noreferrer\">xtec.cat<\/a><\/p><\/div><div class=\"fusion-sep-clear\"><strong style=\"font-size: inherit;\">Orientaci\u00f3n Laboral<\/strong><\/div><div class=\"fusion-text fusion-text-3\"><p>En el Balmes es muy importante que el alumno vea que aquello que estudia a los Ciclos Formativos est\u00e1 pensado para encontrar un trabajo de manera inmediata. Es por eso que hemos puesto a tu disposici\u00f3n todo un departamento que se encargar\u00e1 de ponerte en contacto con el mundo laboral. <\/p><p>Desde este<strong> Departamento de Inserci\u00f3n Laboral <\/strong>recibir\u00e1s toda la informaci\u00f3n y todo el <strong>asesoramiento <\/strong>que te haga falta para saber c\u00f3mo enfrentarte a un trabajo.<\/p><p>Adem\u00e1s, haremos un seguimiento de tu relaci\u00f3n con la empresa y te asesoraremos en caso de que tengas cualquier tipo de duda o problema. Sabemos que este es un tema muy importante y que es decisivo para tu futuro y, por eso, nosotros le damos toda la importancia. <\/p><p><strong>Bolsa de Trabajo<\/strong><\/p><p>Nuestra experiencia en la relaci\u00f3n con el mundo de la empresa viene de muy lejos. Desde que el Balmes era un centro de <strong>Formaci\u00f3n Profesional<\/strong> que hemos abierto muchas puertas a <strong>empresas <\/strong>de muchos sectores y esto se ha potenciado desde que ha entrado en funcionamiento el nuevo sistema educativo. <\/p><p>Todos los alumnos que estudian en nuestro Centro est\u00e1n en la base de datos del Departamento de Inserci\u00f3n Laboral y esto nos permite dar una respuesta adecuada a las empresas que se dirigen a nosotros cuando necesitan alguna persona para cubrir un puesto de trabajo. De este modo podemos ofrecerte un anch\u00edsimo mercado laboral, al cual ya hay much\u00edsimos alumnos del Balmes, que te abrir\u00e1 muchas puertas y que te permitir\u00e1 completar lo que con nosotros habr\u00e1s empezado con tus estudios. <\/p><\/div>\t\t\t\t\t\t\t\t<\/div>\n\t\t\t\t<\/div>\n\t\t\t\t\t<\/div>\n\t\t<\/div>\n\t\t\t\t\t<\/div>\n\t\t<\/section>\n\t\t\t\t<section class=\"elementor-section elementor-top-section elementor-element elementor-element-8ca1136 elementor-hidden-desktop elementor-hidden-tablet elementor-section-boxed elementor-section-height-default elementor-section-height-default\" data-id=\"8ca1136\" data-element_type=\"section\" data-e-type=\"section\" data-settings=\"{&quot;jet_parallax_layout_list&quot;:[],&quot;background_background&quot;:&quot;classic&quot;}\">\n\t\t\t\t\t\t<div class=\"elementor-container elementor-column-gap-default\">\n\t\t\t\t\t<div class=\"elementor-column elementor-col-100 elementor-top-column elementor-element elementor-element-8c9f568\" data-id=\"8c9f568\" data-element_type=\"column\" data-e-type=\"column\" data-settings=\"{&quot;background_background&quot;:&quot;classic&quot;}\">\n\t\t\t<div class=\"elementor-widget-wrap elementor-element-populated\">\n\t\t\t\t\t\t<div class=\"elementor-element elementor-element-0bf0de1 elementor-widget elementor-widget-jet-carousel\" data-id=\"0bf0de1\" data-element_type=\"widget\" data-e-type=\"widget\" data-settings=\"{&quot;slides_to_show&quot;:&quot;4&quot;,&quot;slides_to_show_mobile&quot;:&quot;1&quot;,&quot;slides_to_scroll_mobile&quot;:&quot;1&quot;,&quot;slides_to_scroll&quot;:&quot;1&quot;}\" data-widget_type=\"jet-carousel.default\">\n\t\t\t\t<div class=\"elementor-widget-container\">\n\t\t\t\t\t<div class=\"elementor-jet-carousel jet-elements\"><div class=\"jet-carousel-wrap jet-equal-cols\">\n\t<div class=\"jet-carousel\" data-slider_options=\"{&quot;autoplaySpeed&quot;:5000,&quot;autoplay&quot;:true,&quot;infinite&quot;:true,&quot;centerMode&quot;:false,&quot;centerPadding&quot;:&quot;50px&quot;,&quot;pauseOnHover&quot;:true,&quot;speed&quot;:500,&quot;arrows&quot;:true,&quot;dots&quot;:false,&quot;variableWidth&quot;:false,&quot;prevArrow&quot;:&quot;.jet-carousel__prev-arrow-0bf0de1&quot;,&quot;nextArrow&quot;:&quot;.jet-carousel__next-arrow-0bf0de1&quot;,&quot;rtl&quot;:false,&quot;fractionNav&quot;:false}\" dir=\"ltr\">\n\t<div class=\"elementor-slick-slider\">\n\n<div class=\"jet-carousel__item\">\n\t<div class=\"jet-carousel__item-inner\"><a href=\"https:\/\/ciclesformatius.es\/es\/ciclos-formativos-imagen\/cfgm-peluqueria-y-cosmetica-capilar\/\" class=\"jet-carousel__item-link\" ><img decoding=\"async\" src=\"https:\/\/ciclesformatius.es\/wp-content\/uploads\/2023\/02\/perruqueria-6.jpg\" class=\"jet-carousel__item-img\" alt=\"CFGM Perruqueria i Cosm\u00e8tica Capil\u00b7lar\" loading=\"lazy\"><\/a><div class=\"jet-carousel__content\"><h5 class=\"jet-carousel__item-title\"><a href=\"https:\/\/ciclesformatius.es\/es\/ciclos-formativos-imagen\/cfgm-peluqueria-y-cosmetica-capilar\/\">CFGM Peluquer\u00eda y Cosm\u00e9tica Capilar<\/a><\/h5><\/div><\/div>\n<\/div>\n\n<div class=\"jet-carousel__item\">\n\t<div class=\"jet-carousel__item-inner\"><a href=\"https:\/\/ciclesformatius.es\/es\/ciclos-formativos-imagen\/cfgm-estetica-y-belleza\/\" class=\"jet-carousel__item-link\" ><img decoding=\"async\" src=\"https:\/\/ciclesformatius.es\/wp-content\/uploads\/2023\/02\/estetica-2.jpg\" class=\"jet-carousel__item-img\" alt=\"CFGM Est\u00e8tica i Bellesa\" loading=\"lazy\"><\/a><div class=\"jet-carousel__content\"><h5 class=\"jet-carousel__item-title\"><a href=\"https:\/\/ciclesformatius.es\/es\/ciclos-formativos-imagen\/cfgm-estetica-y-belleza\/\">CFGM Est\u00e9tica y Belleza<\/a><\/h5><\/div><\/div>\n<\/div>\n\n<div class=\"jet-carousel__item\">\n\t<div class=\"jet-carousel__item-inner\"><a href=\"https:\/\/ciclesformatius.es\/es\/cicles-formatius-tecnologies\/cfgm-instalaciones-electricas-y-automaticas\/\" class=\"jet-carousel__item-link\" ><img decoding=\"async\" src=\"https:\/\/ciclesformatius.es\/wp-content\/uploads\/2023\/02\/instalacions-electriques-6.jpg\" class=\"jet-carousel__item-img\" alt=\"Cicles Formatius instal\u00b7lacions el\u00e8ctriques\" loading=\"lazy\"><\/a><div class=\"jet-carousel__content\"><h5 class=\"jet-carousel__item-title\"><a href=\"https:\/\/ciclesformatius.es\/es\/cicles-formatius-tecnologies\/cfgm-instalaciones-electricas-y-automaticas\/\">CFGM Instalaciones El\u00e9ctricas y Autom\u00e1ticas<\/a><\/h5><\/div><\/div>\n<\/div>\n\n<div class=\"jet-carousel__item\">\n\t<div class=\"jet-carousel__item-inner\"><a href=\"https:\/\/ciclesformatius.es\/es\/cfgm-farmacia-i-parafarmacia\/\" class=\"jet-carousel__item-link\" ><img decoding=\"async\" src=\"https:\/\/ciclesformatius.es\/wp-content\/uploads\/2023\/02\/cfgm-farmacia-5.jpg\" class=\"jet-carousel__item-img\" alt=\"cfgm farm\u00e0cia i parafarm\u00e0cia - cicle formatiu farm\u00e0cia i parafarm\u00e0cia\" loading=\"lazy\"><\/a><div class=\"jet-carousel__content\"><h5 class=\"jet-carousel__item-title\"><a href=\"https:\/\/ciclesformatius.es\/es\/cfgm-farmacia-i-parafarmacia\/\">CFGM Farmacia i Parafarmacia<\/a><\/h5><\/div><\/div>\n<\/div>\n\n<div class=\"jet-carousel__item\">\n\t<div class=\"jet-carousel__item-inner\"><a href=\"https:\/\/ciclesformatius.es\/es\/ciclos-formativos-deportes\/cfgm-guia-en-el-medio-natural-y-de-tiempo-de-ocio\/\" class=\"jet-carousel__item-link\" ><img decoding=\"async\" src=\"https:\/\/ciclesformatius.es\/wp-content\/uploads\/2023\/02\/cfgm-medi-natural-temps.jpg\" class=\"jet-carousel__item-img\" alt=\"cfgm medi natural temps de lleure\" loading=\"lazy\"><\/a><div class=\"jet-carousel__content\"><h5 class=\"jet-carousel__item-title\"><a href=\"https:\/\/ciclesformatius.es\/es\/ciclos-formativos-deportes\/cfgm-guia-en-el-medio-natural-y-de-tiempo-de-ocio\/\">CFGM Gu\u00eda en el Medio natural y de Tiempo libre<\/a><\/h5><\/div><\/div>\n<\/div>\n\n<div class=\"jet-carousel__item\">\n\t<div class=\"jet-carousel__item-inner\"><a href=\"https:\/\/ciclesformatius.es\/es\/ciclos-formativos-deportes\/cfgm-futbol-nivel-1-nivel-2\/\" class=\"jet-carousel__item-link\" ><img decoding=\"async\" src=\"https:\/\/ciclesformatius.es\/wp-content\/uploads\/2023\/02\/cicle-futbol.jpg\" class=\"jet-carousel__item-img\" alt=\"CFGM Futbol, nivell 1 + nivell 2\" loading=\"lazy\"><\/a><div class=\"jet-carousel__content\"><h5 class=\"jet-carousel__item-title\"><a href=\"https:\/\/ciclesformatius.es\/es\/ciclos-formativos-deportes\/cfgm-futbol-nivel-1-nivel-2\/\">CFGM F\u00fatbol, \u200b\u200bnivel 1 + nivel 2<\/a><\/h5><\/div><\/div>\n<\/div>\n\n<div class=\"jet-carousel__item\">\n\t<div class=\"jet-carousel__item-inner\"><a href=\"https:\/\/ciclesformatius.es\/es\/ciclos-formativos-deportes\/cfgm-baloncesto-nivel-1-nivel-2\/\" class=\"jet-carousel__item-link\" ><img decoding=\"async\" src=\"https:\/\/ciclesformatius.es\/wp-content\/uploads\/2023\/02\/cicle-basquet.jpg\" class=\"jet-carousel__item-img\" alt=\"CFGM B\u00e0squet, nivell 1 + nivell 2\" loading=\"lazy\"><\/a><div class=\"jet-carousel__content\"><h5 class=\"jet-carousel__item-title\"><a href=\"https:\/\/ciclesformatius.es\/es\/ciclos-formativos-deportes\/cfgm-baloncesto-nivel-1-nivel-2\/\">CFGM Baloncesto, nivel 1 + nivel 2<\/a><\/h5><\/div><\/div>\n<\/div>\n<\/div><div class=\"jet-carousel__prev-arrow-0bf0de1 jet-arrow prev-arrow\"><i aria-hidden=\"true\" class=\"fas fa-angle-left\"><\/i><\/div><div class=\"jet-carousel__next-arrow-0bf0de1 jet-arrow next-arrow\"><i aria-hidden=\"true\" class=\"fas fa-angle-right\"><\/i><\/div><\/div>\n<\/div>\n<\/div>\t\t\t\t<\/div>\n\t\t\t\t<\/div>\n\t\t\t\t<div class=\"elementor-element elementor-element-630fddc elementor-widget-divider--view-line elementor-widget elementor-widget-divider\" data-id=\"630fddc\" data-element_type=\"widget\" data-e-type=\"widget\" data-widget_type=\"divider.default\">\n\t\t\t\t<div class=\"elementor-widget-container\">\n\t\t\t\t\t\t\t<div class=\"elementor-divider\">\n\t\t\t<span class=\"elementor-divider-separator\">\n\t\t\t\t\t\t<\/span>\n\t\t<\/div>\n\t\t\t\t\t\t<\/div>\n\t\t\t\t<\/div>\n\t\t\t\t<div class=\"elementor-element elementor-element-fad52f2 elementor-widget elementor-widget-text-editor\" data-id=\"fad52f2\" data-element_type=\"widget\" data-e-type=\"widget\" data-widget_type=\"text-editor.default\">\n\t\t\t\t<div class=\"elementor-widget-container\">\n\t\t\t\t\t\t\t\t\t<div class=\"fusion-text fusion-text-1\"><p>Estos estudios permiten obtener el t\u00edtulo de <strong>T\u00c9CNICO <\/strong>y tienen una duraci\u00f3n de uno o dos cursos. En ellos podr\u00e1s prepararte de una manera pr\u00e1ctica y sencilla para acceder con una calificaci\u00f3n interesante al <strong>mundo laboral<\/strong>. <\/p><p>Tambi\u00e9n podr\u00e1s acceder, mediante el <strong>Curso de Acceso<\/strong>, a los <strong>Ciclos Formativos de Grado Superior <\/strong>(CFGS). Adem\u00e1s, te formar\u00e1s trabajando en empresas del sector mientras estudias. <\/p><\/div><div class=\"fusion-text fusion-text-2\"><p>Informaci\u00f3n actualizada sobre la nueva FP: <a href=\"https:\/\/xtec.gencat.cat\/ca\/curriculum\/professionals\/fp\/\" target=\"_blank\" rel=\"noopener noreferrer\">xtec.cat<\/a><\/p><\/div><div class=\"fusion-sep-clear\"><strong style=\"font-size: inherit;\">Orientaci\u00f3n Laboral<\/strong><\/div><div class=\"fusion-text fusion-text-3\"><p>En el Balmes es muy importante que el alumno vea que aquello que estudia a los Ciclos Formativos est\u00e1 pensado para encontrar un trabajo de manera inmediata. Es por eso que hemos puesto a tu disposici\u00f3n todo un departamento que se encargar\u00e1 de ponerte en contacto con el mundo laboral. <\/p><p>Desde este<strong> Departamento de Inserci\u00f3n Laboral <\/strong>recibir\u00e1s toda la informaci\u00f3n y todo el <strong>asesoramiento <\/strong>que te haga falta para saber c\u00f3mo enfrentarte a un trabajo.<\/p><p>Adem\u00e1s, haremos un seguimiento de tu relaci\u00f3n con la empresa y te asesoraremos en caso de que tengas cualquier tipo de duda o problema. Sabemos que este es un tema muy importante y que es decisivo para tu futuro y, por eso, nosotros le damos toda la importancia. <\/p><p><strong>Bolsa de Trabajo<\/strong><\/p><p>Nuestra experiencia en la relaci\u00f3n con el mundo de la empresa viene de muy lejos. Desde que el Balmes era un centro de <strong>Formaci\u00f3n Profesional<\/strong> que hemos abierto muchas puertas a <strong>empresas <\/strong>de muchos sectores y esto se ha potenciado desde que ha entrado en funcionamiento el nuevo sistema educativo. <\/p><p>Todos los alumnos que estudian en nuestro Centro est\u00e1n en la base de datos del Departamento de Inserci\u00f3n Laboral y esto nos permite dar una respuesta adecuada a las empresas que se dirigen a nosotros cuando necesitan alguna persona para cubrir un puesto de trabajo. De este modo podemos ofrecerte un anch\u00edsimo mercado laboral, al cual ya hay much\u00edsimos alumnos del Balmes, que te abrir\u00e1 muchas puertas y que te permitir\u00e1 completar lo que con nosotros habr\u00e1s empezado con tus estudios. <\/p><\/div>\t\t\t\t\t\t\t\t<\/div>\n\t\t\t\t<\/div>\n\t\t\t\t\t<\/div>\n\t\t<\/div>\n\t\t\t\t\t<\/div>\n\t\t<\/section>\n\t\t\t\t<section class=\"elementor-section elementor-top-section elementor-element elementor-element-7bcc7aa elementor-section-full_width elementor-section-height-default elementor-section-height-default\" data-id=\"7bcc7aa\" data-element_type=\"section\" data-e-type=\"section\" data-settings=\"{&quot;jet_parallax_layout_list&quot;:[]}\">\n\t\t\t\t\t\t<div class=\"elementor-container elementor-column-gap-default\">\n\t\t\t\t\t<div class=\"elementor-column elementor-col-100 elementor-top-column elementor-element elementor-element-89a876e\" data-id=\"89a876e\" data-element_type=\"column\" data-e-type=\"column\" data-settings=\"{&quot;background_background&quot;:&quot;classic&quot;}\">\n\t\t\t<div class=\"elementor-widget-wrap elementor-element-populated\">\n\t\t\t\t\t\t<div class=\"elementor-element elementor-element-cb6124f elementor-widget elementor-widget-heading\" data-id=\"cb6124f\" data-element_type=\"widget\" data-e-type=\"widget\" data-widget_type=\"heading.default\">\n\t\t\t\t<div class=\"elementor-widget-container\">\n\t\t\t\t\t<h2 class=\"elementor-heading-title elementor-size-default\">Ciclos Formativos de Grado Superior<\/h2>\t\t\t\t<\/div>\n\t\t\t\t<\/div>\n\t\t\t\t<div class=\"elementor-element elementor-element-02d5da8 elementor-align-left elementor-widget elementor-widget-button\" data-id=\"02d5da8\" data-element_type=\"widget\" data-e-type=\"widget\" data-widget_type=\"button.default\">\n\t\t\t\t<div class=\"elementor-widget-container\">\n\t\t\t\t\t\t\t\t\t<div class=\"elementor-button-wrapper\">\n\t\t\t\t\t<a class=\"elementor-button elementor-button-link elementor-size-sm\" href=\"https:\/\/ciclesformatius.es\/es\/ciclos-formativos-de-grado-superior\/\">\n\t\t\t\t\t\t<span class=\"elementor-button-content-wrapper\">\n\t\t\t\t\t\t<span class=\"elementor-button-icon\">\n\t\t\t\t<i aria-hidden=\"true\" class=\"fas fa-arrow-right\"><\/i>\t\t\t<\/span>\n\t\t\t\t\t\t\t\t\t<span class=\"elementor-button-text\">Ver ciclos<\/span>\n\t\t\t\t\t<\/span>\n\t\t\t\t\t<\/a>\n\t\t\t\t<\/div>\n\t\t\t\t\t\t\t\t<\/div>\n\t\t\t\t<\/div>\n\t\t\t\t\t<\/div>\n\t\t<\/div>\n\t\t\t\t\t<\/div>\n\t\t<\/section>\n\t\t\t\t<section class=\"elementor-section elementor-top-section elementor-element elementor-element-deffffb elementor-section-boxed elementor-section-height-default elementor-section-height-default\" data-id=\"deffffb\" data-element_type=\"section\" data-e-type=\"section\" data-settings=\"{&quot;jet_parallax_layout_list&quot;:[]}\">\n\t\t\t\t\t\t<div class=\"elementor-container elementor-column-gap-default\">\n\t\t\t\t\t<div class=\"elementor-column elementor-col-50 elementor-top-column elementor-element elementor-element-4bc0c7f\" data-id=\"4bc0c7f\" data-element_type=\"column\" data-e-type=\"column\">\n\t\t\t<div class=\"elementor-widget-wrap elementor-element-populated\">\n\t\t\t\t\t\t<div class=\"elementor-element elementor-element-f5914cc elementor-widget elementor-widget-heading\" data-id=\"f5914cc\" data-element_type=\"widget\" data-e-type=\"widget\" data-widget_type=\"heading.default\">\n\t\t\t\t<div class=\"elementor-widget-container\">\n\t\t\t\t\t<h2 class=\"elementor-heading-title elementor-size-default\">Solicitar informaci\u00f3n<\/h2>\t\t\t\t<\/div>\n\t\t\t\t<\/div>\n\t\t\t\t<div class=\"elementor-element elementor-element-3a91750 elementor-button-align-stretch elementor-widget elementor-widget-form\" data-id=\"3a91750\" data-element_type=\"widget\" data-e-type=\"widget\" data-settings=\"{&quot;step_next_label&quot;:&quot;Siguiente&quot;,&quot;step_previous_label&quot;:&quot;Anterior&quot;,&quot;button_width&quot;:&quot;100&quot;,&quot;step_type&quot;:&quot;number_text&quot;,&quot;step_icon_shape&quot;:&quot;circle&quot;}\" data-widget_type=\"form.default\">\n\t\t\t\t<div class=\"elementor-widget-container\">\n\t\t\t\t\t\t\t<form class=\"elementor-form\" method=\"post\" name=\"Nuevo formulario\" aria-label=\"Nuevo formulario\">\n\t\t\t<input type=\"hidden\" name=\"post_id\" value=\"3819\"\/>\n\t\t\t<input type=\"hidden\" name=\"form_id\" value=\"3a91750\"\/>\n\t\t\t<input type=\"hidden\" name=\"referer_title\" value=\"Cicles Formatius Jaume Balmes\" \/>\n\n\t\t\t\n\t\t\t<div class=\"elementor-form-fields-wrapper elementor-labels-above\">\n\t\t\t\t\t\t\t\t<div class=\"elementor-field-type-text elementor-field-group elementor-column elementor-field-group-name elementor-col-50 elementor-field-required\">\n\t\t\t\t\t\t\t\t\t\t\t\t\t<input size=\"1\" type=\"text\" name=\"form_fields[name]\" id=\"form-field-name\" class=\"elementor-field elementor-size-sm  elementor-field-textual\" placeholder=\"Nombre\" required=\"required\">\n\t\t\t\t\t\t\t\t\t\t\t<\/div>\n\t\t\t\t\t\t\t\t<div class=\"elementor-field-type-text elementor-field-group elementor-column elementor-field-group-field_99d067c elementor-col-50 elementor-field-required\">\n\t\t\t\t\t\t\t\t\t\t\t\t\t<input size=\"1\" type=\"text\" name=\"form_fields[field_99d067c]\" id=\"form-field-field_99d067c\" class=\"elementor-field elementor-size-sm  elementor-field-textual\" placeholder=\"Apellidos\" required=\"required\">\n\t\t\t\t\t\t\t\t\t\t\t<\/div>\n\t\t\t\t\t\t\t\t<div class=\"elementor-field-type-email elementor-field-group elementor-column elementor-field-group-email elementor-col-50 elementor-field-required\">\n\t\t\t\t\t\t\t\t\t\t\t\t\t<input size=\"1\" type=\"email\" name=\"form_fields[email]\" id=\"form-field-email\" class=\"elementor-field elementor-size-sm  elementor-field-textual\" placeholder=\"Email\" required=\"required\">\n\t\t\t\t\t\t\t\t\t\t\t<\/div>\n\t\t\t\t\t\t\t\t<div class=\"elementor-field-type-tel elementor-field-group elementor-column elementor-field-group-field_9e20cfb elementor-col-50\">\n\t\t\t\t\t\t\t<input size=\"1\" type=\"tel\" name=\"form_fields[field_9e20cfb]\" id=\"form-field-field_9e20cfb\" class=\"elementor-field elementor-size-sm  elementor-field-textual\" placeholder=\"Tel\u00e9fono\" pattern=\"[0-9()#&amp;+*-=.]+\" title=\"Solo se aceptan n\u00fameros y caracteres de tel\u00e9fono (#,-,*,etc).\">\n\n\t\t\t\t\t\t<\/div>\n\t\t\t\t\t\t\t\t<div class=\"elementor-field-type-select elementor-field-group elementor-column elementor-field-group-field_3221f33 elementor-col-100 elementor-field-required\">\n\t\t\t\t\t\t\t<div class=\"elementor-field elementor-select-wrapper remove-before \">\n\t\t\t<div class=\"select-caret-down-wrapper\">\n\t\t\t\t<i aria-hidden=\"true\" class=\"eicon-caret-down\"><\/i>\t\t\t<\/div>\n\t\t\t<select name=\"form_fields[field_3221f33]\" id=\"form-field-field_3221f33\" class=\"elementor-field-textual elementor-size-sm\" required=\"required\">\n\t\t\t\t\t\t\t\t\t<option value=\"Querr\u00eda informaci\u00f3n de este ciclo...\">Querr\u00eda informaci\u00f3n de este ciclo...<\/option>\n\t\t\t\t\t\t\t\t\t<option value=\"CFGM Peluquer\u00eda y Cosm\u00e9tica Capilar\">CFGM Peluquer\u00eda y Cosm\u00e9tica Capilar<\/option>\n\t\t\t\t\t\t\t\t\t<option value=\"CFGM Est\u00e9tica y Belleza\">CFGM Est\u00e9tica y Belleza<\/option>\n\t\t\t\t\t\t\t\t\t<option value=\"CFGM Instalaciones El\u00e9ctricas y Autom\u00e1ticas\">CFGM Instalaciones El\u00e9ctricas y Autom\u00e1ticas<\/option>\n\t\t\t\t\t\t\t\t\t<option value=\"CFGM Farmacia y Parafarmacia\">CFGM Farmacia y Parafarmacia<\/option>\n\t\t\t\t\t\t\t\t\t<option value=\"CFGM Gu\u00eda en el Medio natural y de Tiempo de Ocio\">CFGM Gu\u00eda en el Medio natural y de Tiempo de Ocio<\/option>\n\t\t\t\t\t\t\t\t\t<option value=\"CFGM F\u00fatbol, nivel 1 + nivel 2\">CFGM F\u00fatbol, nivel 1 + nivel 2<\/option>\n\t\t\t\t\t\t\t\t\t<option value=\"CFGM Baloncesto, nivel 1 + nivel 2\">CFGM Baloncesto, nivel 1 + nivel 2<\/option>\n\t\t\t\t\t\t\t<\/select>\n\t\t<\/div>\n\t\t\t\t\t\t<\/div>\n\t\t\t\t\t\t\t\t<div class=\"elementor-field-type-textarea elementor-field-group elementor-column elementor-field-group-message elementor-col-100\">\n\t\t\t\t\t<textarea class=\"elementor-field-textual elementor-field  elementor-size-sm\" name=\"form_fields[message]\" id=\"form-field-message\" rows=\"4\" placeholder=\"Observaciones\"><\/textarea>\t\t\t\t<\/div>\n\t\t\t\t\t\t\t\t<div class=\"elementor-field-type-acceptance elementor-field-group elementor-column elementor-field-group-field_6789585 elementor-col-100 elementor-field-required\">\n\t\t\t\t\t\t\t<div class=\"elementor-field-subgroup\">\n\t\t\t<span class=\"elementor-field-option\">\n\t\t\t\t<input type=\"checkbox\" name=\"form_fields[field_6789585]\" id=\"form-field-field_6789585\" class=\"elementor-field elementor-size-sm  elementor-acceptance-field\" required=\"required\">\n\t\t\t\t<label for=\"form-field-field_6789585\">He le\u00eddo y acepto la <a href=\"https:\/\/www.jaumebalmes.com\/politica-de-qualitat\/\" target=\"_blank\">Pol\u00edtica de privacidad<\/a><\/label>\t\t\t<\/span>\n\t\t<\/div>\n\t\t\t\t\t\t<\/div>\n\t\t\t\t\t\t\t\t<div class=\"elementor-field-group elementor-column elementor-field-type-submit elementor-col-100 e-form__buttons\">\n\t\t\t\t\t<button class=\"elementor-button elementor-size-sm\" type=\"submit\">\n\t\t\t\t\t\t<span class=\"elementor-button-content-wrapper\">\n\t\t\t\t\t\t\t\t\t\t\t\t\t\t\t\t\t\t\t\t\t\t<span class=\"elementor-button-text\">Enviar<\/span>\n\t\t\t\t\t\t\t\t\t\t\t\t\t<\/span>\n\t\t\t\t\t<\/button>\n\t\t\t\t<\/div>\n\t\t\t<\/div>\n\t\t<\/form>\n\t\t\t\t\t\t<\/div>\n\t\t\t\t<\/div>\n\t\t\t\t\t<\/div>\n\t\t<\/div>\n\t\t\t\t<div class=\"elementor-column elementor-col-50 elementor-top-column elementor-element elementor-element-e3473e5\" data-id=\"e3473e5\" data-element_type=\"column\" data-e-type=\"column\" data-settings=\"{&quot;background_background&quot;:&quot;classic&quot;}\">\n\t\t\t<div class=\"elementor-widget-wrap elementor-element-populated\">\n\t\t\t\t\t\t<div class=\"elementor-element elementor-element-3e40e1c elementor-widget elementor-widget-image\" data-id=\"3e40e1c\" data-element_type=\"widget\" data-e-type=\"widget\" data-widget_type=\"image.default\">\n\t\t\t\t<div class=\"elementor-widget-container\">\n\t\t\t\t\t\t\t\t\t\t\t\t\t\t\t<img fetchpriority=\"high\" decoding=\"async\" width=\"1062\" height=\"900\" src=\"https:\/\/ciclesformatius.es\/wp-content\/uploads\/2023\/02\/balmes-footer.jpg\" class=\"attachment-full size-full wp-image-3523\" alt=\"Centre d&#039;Estudis balmes\" srcset=\"https:\/\/ciclesformatius.es\/wp-content\/uploads\/2023\/02\/balmes-footer.jpg 1062w, https:\/\/ciclesformatius.es\/wp-content\/uploads\/2023\/02\/balmes-footer-300x254.jpg 300w, https:\/\/ciclesformatius.es\/wp-content\/uploads\/2023\/02\/balmes-footer-1024x868.jpg 1024w, https:\/\/ciclesformatius.es\/wp-content\/uploads\/2023\/02\/balmes-footer-768x651.jpg 768w\" sizes=\"(max-width: 1062px) 100vw, 1062px\" \/>\t\t\t\t\t\t\t\t\t\t\t\t\t\t\t<\/div>\n\t\t\t\t<\/div>\n\t\t\t\t\t<\/div>\n\t\t<\/div>\n\t\t\t\t\t<\/div>\n\t\t<\/section>\n\t\t\t\t<\/div>\n\t\t","protected":false},"excerpt":{"rendered":"<p>Ciclos Formativos de Grado Medio Inici CFGM Peluquer\u00eda y Cosm\u00e9tica Capilar CFGM Est\u00e9tica y Belleza CFGM Instalaciones El\u00e9ctricas y Autom\u00e1ticas CFGM Farmacia i Parafarmacia CFGM Gu\u00eda en el Medio natural y de Tiempo libre Estos estudios permiten obtener el t\u00edtulo de T\u00c9CNICO y tienen una duraci\u00f3n de uno o dos cursos. En ellos podr\u00e1s prepararte &#8230; <a title=\"Ciclos Formativos de Grado Medio\" class=\"read-more\" href=\"https:\/\/ciclesformatius.es\/es\/ciclos-formativos-de-grado-medio\/\" aria-label=\"Leer m\u00e1s sobre Ciclos Formativos de Grado Medio\">Leer m\u00e1s<\/a><\/p>\n","protected":false},"author":1,"featured_media":0,"parent":0,"menu_order":0,"comment_status":"closed","ping_status":"closed","template":"elementor_header_footer","meta":{"inline_featured_image":false,"footnotes":""},"class_list":["post-3819","page","type-page","status-publish"],"yoast_head":"<!-- This site is optimized with the Yoast SEO plugin v27.4 - https:\/\/yoast.com\/product\/yoast-seo-wordpress\/ -->\n<title>Ciclos Formativos Grado Medio en l&#039;Hospitalet de Llobregat<\/title>\n<meta name=\"description\" content=\"\u00bfQuieres una carrera t\u00e9cnica? Los ciclos formativos de grado medio en l&#039;Hospitalet de Llobregat te ofrecen formaci\u00f3n pr\u00e1ctica en varias especialidades.\" \/>\n<meta name=\"robots\" content=\"index, follow, max-snippet:-1, max-image-preview:large, max-video-preview:-1\" \/>\n<link rel=\"canonical\" href=\"https:\/\/ciclesformatius.es\/es\/ciclos-formativos-de-grado-medio\/\" \/>\n<meta property=\"og:locale\" content=\"es_ES\" \/>\n<meta property=\"og:type\" content=\"article\" \/>\n<meta property=\"og:title\" content=\"Ciclos Formativos Grado Medio en l&#039;Hospitalet de Llobregat\" \/>\n<meta property=\"og:description\" content=\"\u00bfQuieres una carrera t\u00e9cnica? Los ciclos formativos de grado medio en l&#039;Hospitalet de Llobregat te ofrecen formaci\u00f3n pr\u00e1ctica en varias especialidades.\" \/>\n<meta property=\"og:url\" content=\"https:\/\/ciclesformatius.es\/es\/ciclos-formativos-de-grado-medio\/\" \/>\n<meta property=\"og:site_name\" content=\"Cicles Formatius Jaume Balmes\" \/>\n<meta property=\"article:publisher\" content=\"https:\/\/www.facebook.com\/cejaumebalmes\" \/>\n<meta property=\"article:modified_time\" content=\"2026-04-15T09:33:04+00:00\" \/>\n<meta property=\"og:image\" content=\"https:\/\/ciclesformatius.es\/wp-content\/uploads\/2023\/02\/perruqueria-6.jpg\" \/>\n<meta name=\"twitter:card\" content=\"summary_large_image\" \/>\n<meta name=\"twitter:site\" content=\"@cejaumebalmes\" \/>\n<meta name=\"twitter:label1\" content=\"Tiempo de lectura\" \/>\n\t<meta name=\"twitter:data1\" content=\"11 minutos\" \/>\n<script type=\"application\/ld+json\" class=\"yoast-schema-graph\">{\"@context\":\"https:\\\/\\\/schema.org\",\"@graph\":[{\"@type\":\"WebPage\",\"@id\":\"https:\\\/\\\/ciclesformatius.es\\\/es\\\/ciclos-formativos-de-grado-medio\\\/\",\"url\":\"https:\\\/\\\/ciclesformatius.es\\\/es\\\/ciclos-formativos-de-grado-medio\\\/\",\"name\":\"Ciclos Formativos Grado Medio en l'Hospitalet de Llobregat\",\"isPartOf\":{\"@id\":\"https:\\\/\\\/ciclesformatius.es\\\/es\\\/#website\"},\"primaryImageOfPage\":{\"@id\":\"https:\\\/\\\/ciclesformatius.es\\\/es\\\/ciclos-formativos-de-grado-medio\\\/#primaryimage\"},\"image\":{\"@id\":\"https:\\\/\\\/ciclesformatius.es\\\/es\\\/ciclos-formativos-de-grado-medio\\\/#primaryimage\"},\"thumbnailUrl\":\"https:\\\/\\\/ciclesformatius.es\\\/wp-content\\\/uploads\\\/2023\\\/02\\\/perruqueria-6.jpg\",\"datePublished\":\"2023-02-09T19:16:36+00:00\",\"dateModified\":\"2026-04-15T09:33:04+00:00\",\"description\":\"\u00bfQuieres una carrera t\u00e9cnica? Los ciclos formativos de grado medio en l'Hospitalet de Llobregat te ofrecen formaci\u00f3n pr\u00e1ctica en varias especialidades.\",\"breadcrumb\":{\"@id\":\"https:\\\/\\\/ciclesformatius.es\\\/es\\\/ciclos-formativos-de-grado-medio\\\/#breadcrumb\"},\"inLanguage\":\"es\",\"potentialAction\":[{\"@type\":\"ReadAction\",\"target\":[\"https:\\\/\\\/ciclesformatius.es\\\/es\\\/ciclos-formativos-de-grado-medio\\\/\"]}]},{\"@type\":\"ImageObject\",\"inLanguage\":\"es\",\"@id\":\"https:\\\/\\\/ciclesformatius.es\\\/es\\\/ciclos-formativos-de-grado-medio\\\/#primaryimage\",\"url\":\"https:\\\/\\\/ciclesformatius.es\\\/wp-content\\\/uploads\\\/2023\\\/02\\\/perruqueria-6.jpg\",\"contentUrl\":\"https:\\\/\\\/ciclesformatius.es\\\/wp-content\\\/uploads\\\/2023\\\/02\\\/perruqueria-6.jpg\"},{\"@type\":\"BreadcrumbList\",\"@id\":\"https:\\\/\\\/ciclesformatius.es\\\/es\\\/ciclos-formativos-de-grado-medio\\\/#breadcrumb\",\"itemListElement\":[{\"@type\":\"ListItem\",\"position\":1,\"name\":\"Inici\",\"item\":\"https:\\\/\\\/ciclesformatius.es\\\/es\\\/inicio\\\/\"},{\"@type\":\"ListItem\",\"position\":2,\"name\":\"Ciclos Formativos de Grado Medio\"}]},{\"@type\":\"WebSite\",\"@id\":\"https:\\\/\\\/ciclesformatius.es\\\/es\\\/#website\",\"url\":\"https:\\\/\\\/ciclesformatius.es\\\/es\\\/\",\"name\":\"Cicles Formatius Jaume Balmes\",\"description\":\"\",\"publisher\":{\"@id\":\"https:\\\/\\\/ciclesformatius.es\\\/es\\\/#organization\"},\"potentialAction\":[{\"@type\":\"SearchAction\",\"target\":{\"@type\":\"EntryPoint\",\"urlTemplate\":\"https:\\\/\\\/ciclesformatius.es\\\/es\\\/?s={search_term_string}\"},\"query-input\":{\"@type\":\"PropertyValueSpecification\",\"valueRequired\":true,\"valueName\":\"search_term_string\"}}],\"inLanguage\":\"es\"},{\"@type\":\"Organization\",\"@id\":\"https:\\\/\\\/ciclesformatius.es\\\/es\\\/#organization\",\"name\":\"Centre d'Estudis Jaume Balmes\",\"url\":\"https:\\\/\\\/ciclesformatius.es\\\/es\\\/\",\"logo\":{\"@type\":\"ImageObject\",\"inLanguage\":\"es\",\"@id\":\"https:\\\/\\\/ciclesformatius.es\\\/es\\\/#\\\/schema\\\/logo\\\/image\\\/\",\"url\":\"https:\\\/\\\/ciclesformatius.es\\\/wp-content\\\/uploads\\\/2023\\\/01\\\/balmes-01.svg\",\"contentUrl\":\"https:\\\/\\\/ciclesformatius.es\\\/wp-content\\\/uploads\\\/2023\\\/01\\\/balmes-01.svg\",\"caption\":\"Centre d'Estudis Jaume Balmes\"},\"image\":{\"@id\":\"https:\\\/\\\/ciclesformatius.es\\\/es\\\/#\\\/schema\\\/logo\\\/image\\\/\"},\"sameAs\":[\"https:\\\/\\\/www.facebook.com\\\/cejaumebalmes\",\"https:\\\/\\\/x.com\\\/cejaumebalmes\"]}]}<\/script>\n<!-- \/ Yoast SEO plugin. -->","yoast_head_json":{"title":"Ciclos Formativos Grado Medio en l'Hospitalet de Llobregat","description":"\u00bfQuieres una carrera t\u00e9cnica? Los ciclos formativos de grado medio en l'Hospitalet de Llobregat te ofrecen formaci\u00f3n pr\u00e1ctica en varias especialidades.","robots":{"index":"index","follow":"follow","max-snippet":"max-snippet:-1","max-image-preview":"max-image-preview:large","max-video-preview":"max-video-preview:-1"},"canonical":"https:\/\/ciclesformatius.es\/es\/ciclos-formativos-de-grado-medio\/","og_locale":"es_ES","og_type":"article","og_title":"Ciclos Formativos Grado Medio en l'Hospitalet de Llobregat","og_description":"\u00bfQuieres una carrera t\u00e9cnica? Los ciclos formativos de grado medio en l'Hospitalet de Llobregat te ofrecen formaci\u00f3n pr\u00e1ctica en varias especialidades.","og_url":"https:\/\/ciclesformatius.es\/es\/ciclos-formativos-de-grado-medio\/","og_site_name":"Cicles Formatius Jaume Balmes","article_publisher":"https:\/\/www.facebook.com\/cejaumebalmes","article_modified_time":"2026-04-15T09:33:04+00:00","og_image":[{"url":"https:\/\/ciclesformatius.es\/wp-content\/uploads\/2023\/02\/perruqueria-6.jpg","type":"","width":"","height":""}],"twitter_card":"summary_large_image","twitter_site":"@cejaumebalmes","twitter_misc":{"Tiempo de lectura":"11 minutos"},"schema":{"@context":"https:\/\/schema.org","@graph":[{"@type":"WebPage","@id":"https:\/\/ciclesformatius.es\/es\/ciclos-formativos-de-grado-medio\/","url":"https:\/\/ciclesformatius.es\/es\/ciclos-formativos-de-grado-medio\/","name":"Ciclos Formativos Grado Medio en l'Hospitalet de Llobregat","isPartOf":{"@id":"https:\/\/ciclesformatius.es\/es\/#website"},"primaryImageOfPage":{"@id":"https:\/\/ciclesformatius.es\/es\/ciclos-formativos-de-grado-medio\/#primaryimage"},"image":{"@id":"https:\/\/ciclesformatius.es\/es\/ciclos-formativos-de-grado-medio\/#primaryimage"},"thumbnailUrl":"https:\/\/ciclesformatius.es\/wp-content\/uploads\/2023\/02\/perruqueria-6.jpg","datePublished":"2023-02-09T19:16:36+00:00","dateModified":"2026-04-15T09:33:04+00:00","description":"\u00bfQuieres una carrera t\u00e9cnica? Los ciclos formativos de grado medio en l'Hospitalet de Llobregat te ofrecen formaci\u00f3n pr\u00e1ctica en varias especialidades.","breadcrumb":{"@id":"https:\/\/ciclesformatius.es\/es\/ciclos-formativos-de-grado-medio\/#breadcrumb"},"inLanguage":"es","potentialAction":[{"@type":"ReadAction","target":["https:\/\/ciclesformatius.es\/es\/ciclos-formativos-de-grado-medio\/"]}]},{"@type":"ImageObject","inLanguage":"es","@id":"https:\/\/ciclesformatius.es\/es\/ciclos-formativos-de-grado-medio\/#primaryimage","url":"https:\/\/ciclesformatius.es\/wp-content\/uploads\/2023\/02\/perruqueria-6.jpg","contentUrl":"https:\/\/ciclesformatius.es\/wp-content\/uploads\/2023\/02\/perruqueria-6.jpg"},{"@type":"BreadcrumbList","@id":"https:\/\/ciclesformatius.es\/es\/ciclos-formativos-de-grado-medio\/#breadcrumb","itemListElement":[{"@type":"ListItem","position":1,"name":"Inici","item":"https:\/\/ciclesformatius.es\/es\/inicio\/"},{"@type":"ListItem","position":2,"name":"Ciclos Formativos de Grado Medio"}]},{"@type":"WebSite","@id":"https:\/\/ciclesformatius.es\/es\/#website","url":"https:\/\/ciclesformatius.es\/es\/","name":"Cicles Formatius Jaume Balmes","description":"","publisher":{"@id":"https:\/\/ciclesformatius.es\/es\/#organization"},"potentialAction":[{"@type":"SearchAction","target":{"@type":"EntryPoint","urlTemplate":"https:\/\/ciclesformatius.es\/es\/?s={search_term_string}"},"query-input":{"@type":"PropertyValueSpecification","valueRequired":true,"valueName":"search_term_string"}}],"inLanguage":"es"},{"@type":"Organization","@id":"https:\/\/ciclesformatius.es\/es\/#organization","name":"Centre d'Estudis Jaume Balmes","url":"https:\/\/ciclesformatius.es\/es\/","logo":{"@type":"ImageObject","inLanguage":"es","@id":"https:\/\/ciclesformatius.es\/es\/#\/schema\/logo\/image\/","url":"https:\/\/ciclesformatius.es\/wp-content\/uploads\/2023\/01\/balmes-01.svg","contentUrl":"https:\/\/ciclesformatius.es\/wp-content\/uploads\/2023\/01\/balmes-01.svg","caption":"Centre d'Estudis Jaume Balmes"},"image":{"@id":"https:\/\/ciclesformatius.es\/es\/#\/schema\/logo\/image\/"},"sameAs":["https:\/\/www.facebook.com\/cejaumebalmes","https:\/\/x.com\/cejaumebalmes"]}]}},"_links":{"self":[{"href":"https:\/\/ciclesformatius.es\/es\/wp-json\/wp\/v2\/pages\/3819","targetHints":{"allow":["GET"]}}],"collection":[{"href":"https:\/\/ciclesformatius.es\/es\/wp-json\/wp\/v2\/pages"}],"about":[{"href":"https:\/\/ciclesformatius.es\/es\/wp-json\/wp\/v2\/types\/page"}],"author":[{"embeddable":true,"href":"https:\/\/ciclesformatius.es\/es\/wp-json\/wp\/v2\/users\/1"}],"replies":[{"embeddable":true,"href":"https:\/\/ciclesformatius.es\/es\/wp-json\/wp\/v2\/comments?post=3819"}],"version-history":[{"count":12,"href":"https:\/\/ciclesformatius.es\/es\/wp-json\/wp\/v2\/pages\/3819\/revisions"}],"predecessor-version":[{"id":4898,"href":"https:\/\/ciclesformatius.es\/es\/wp-json\/wp\/v2\/pages\/3819\/revisions\/4898"}],"wp:attachment":[{"href":"https:\/\/ciclesformatius.es\/es\/wp-json\/wp\/v2\/media?parent=3819"}],"curies":[{"name":"wp","href":"https:\/\/api.w.org\/{rel}","templated":true}]}}