{"id":3817,"date":"2023-02-09T18:36:15","date_gmt":"2023-02-09T18:36:15","guid":{"rendered":"https:\/\/ciclesformatius.es\/ciclos-formativos-deportes\/cfgs-ensenanza-y-animacion-sociodeportiva\/"},"modified":"2026-04-27T10:54:39","modified_gmt":"2026-04-27T10:54:39","slug":"cfgs-ensenanza-y-animacion-sociodeportiva","status":"publish","type":"page","link":"https:\/\/ciclesformatius.es\/es\/ciclos-formativos-deportes\/cfgs-ensenanza-y-animacion-sociodeportiva\/","title":{"rendered":"CFGS Ense\u00f1anza y Animaci\u00f3n Sociodeportiva"},"content":{"rendered":"\t\t<div data-elementor-type=\"wp-page\" data-elementor-id=\"3817\" class=\"elementor elementor-3817 elementor-889\" data-elementor-post-type=\"page\">\n\t\t\t\t\t\t<section class=\"elementor-section elementor-top-section elementor-element elementor-element-2d6c23aa elementor-section-full_width elementor-section-height-default elementor-section-height-default\" data-id=\"2d6c23aa\" data-element_type=\"section\" data-e-type=\"section\" data-settings=\"{&quot;jet_parallax_layout_list&quot;:[],&quot;background_background&quot;:&quot;classic&quot;}\">\n\t\t\t\t\t\t<div class=\"elementor-container elementor-column-gap-no\">\n\t\t\t\t\t<div class=\"elementor-column elementor-col-100 elementor-top-column elementor-element elementor-element-17e649e\" data-id=\"17e649e\" data-element_type=\"column\" data-e-type=\"column\">\n\t\t\t<div class=\"elementor-widget-wrap elementor-element-populated\">\n\t\t\t\t\t\t<div class=\"elementor-element elementor-element-e8f136a elementor-widget elementor-widget-heading\" data-id=\"e8f136a\" data-element_type=\"widget\" data-e-type=\"widget\" data-widget_type=\"heading.default\">\n\t\t\t\t<div class=\"elementor-widget-container\">\n\t\t\t\t\t<h1 class=\"elementor-heading-title elementor-size-default\">CFGS Ense\u00f1anza y Animaci\u00f3n Sociodeportiva<\/h1>\t\t\t\t<\/div>\n\t\t\t\t<\/div>\n\t\t\t\t\t<\/div>\n\t\t<\/div>\n\t\t\t\t\t<\/div>\n\t\t<\/section>\n\t\t\t\t<section class=\"elementor-section elementor-top-section elementor-element elementor-element-d84f386 elementor-section-boxed elementor-section-height-default elementor-section-height-default\" data-id=\"d84f386\" data-element_type=\"section\" data-e-type=\"section\" data-settings=\"{&quot;jet_parallax_layout_list&quot;:[],&quot;background_background&quot;:&quot;classic&quot;}\">\n\t\t\t\t\t\t<div class=\"elementor-container elementor-column-gap-default\">\n\t\t\t\t\t<div class=\"elementor-column elementor-col-100 elementor-top-column elementor-element elementor-element-c197dab\" data-id=\"c197dab\" data-element_type=\"column\" data-e-type=\"column\">\n\t\t\t<div class=\"elementor-widget-wrap elementor-element-populated\">\n\t\t\t\t\t\t<div class=\"elementor-element elementor-element-d9c3bda elementor-widget elementor-widget-jet-breadcrumbs\" data-id=\"d9c3bda\" data-element_type=\"widget\" data-e-type=\"widget\" data-widget_type=\"jet-breadcrumbs.default\">\n\t\t\t\t<div class=\"elementor-widget-container\">\n\t\t\t\t\t<div class=\"elementor-jet-breadcrumbs jet-blocks\">\n\t\t<div class=\"jet-breadcrumbs\">\n\t\t<div class=\"jet-breadcrumbs__content\">\n\t\t<div class=\"jet-breadcrumbs__wrap\"><div class=\"jet-breadcrumbs__item\"><a href=\"https:\/\/ciclesformatius.es\/es\/\" class=\"jet-breadcrumbs__item-link is-home\" rel=\"home\" title=\"Inicio\">Inicio<\/a><\/div>\n\t\t<\/div>\n\t\t<\/div>\n\t\t<\/div><\/div>\t\t\t\t<\/div>\n\t\t\t\t<\/div>\n\t\t\t\t\t<\/div>\n\t\t<\/div>\n\t\t\t\t\t<\/div>\n\t\t<\/section>\n\t\t\t\t<section class=\"elementor-section elementor-top-section elementor-element elementor-element-750726f elementor-section-boxed elementor-section-height-default elementor-section-height-default\" data-id=\"750726f\" data-element_type=\"section\" data-e-type=\"section\" data-settings=\"{&quot;jet_parallax_layout_list&quot;:[],&quot;background_background&quot;:&quot;classic&quot;}\">\n\t\t\t\t\t\t<div class=\"elementor-container elementor-column-gap-default\">\n\t\t\t\t\t<div class=\"elementor-column elementor-col-50 elementor-top-column elementor-element elementor-element-907c1b8\" data-id=\"907c1b8\" data-element_type=\"column\" data-e-type=\"column\">\n\t\t\t<div class=\"elementor-widget-wrap elementor-element-populated\">\n\t\t\t\t\t\t<div class=\"elementor-element elementor-element-efceac1 elementor-widget elementor-widget-video\" data-id=\"efceac1\" data-element_type=\"widget\" data-e-type=\"widget\" data-settings=\"{&quot;youtube_url&quot;:&quot;https:\\\/\\\/youtu.be\\\/nMdJlIY026E&quot;,&quot;show_image_overlay&quot;:&quot;yes&quot;,&quot;image_overlay&quot;:{&quot;url&quot;:&quot;https:\\\/\\\/ciclesformatius.es\\\/wp-content\\\/uploads\\\/2026\\\/03\\\/portadas-yt-17-scaled.jpg&quot;,&quot;id&quot;:4724,&quot;size&quot;:&quot;&quot;,&quot;alt&quot;:&quot;&quot;,&quot;source&quot;:&quot;library&quot;},&quot;video_type&quot;:&quot;youtube&quot;,&quot;controls&quot;:&quot;yes&quot;}\" data-widget_type=\"video.default\">\n\t\t\t\t<div class=\"elementor-widget-container\">\n\t\t\t\t\t\t\t<div class=\"elementor-wrapper elementor-open-inline\">\n\t\t\t<div class=\"elementor-video\"><\/div>\t\t\t\t<div class=\"elementor-custom-embed-image-overlay\" style=\"background-image: url(https:\/\/ciclesformatius.es\/wp-content\/uploads\/2026\/03\/portadas-yt-17-scaled.jpg);\">\n\t\t\t\t\t\t\t\t\t\t\t\t\t\t\t\t<div class=\"elementor-custom-embed-play\" role=\"button\" aria-label=\"Reproducir v\u00eddeo\" tabindex=\"0\">\n\t\t\t\t\t\t\t<i aria-hidden=\"true\" class=\"eicon-play\"><\/i>\t\t\t\t\t\t<\/div>\n\t\t\t\t\t\t\t\t\t<\/div>\n\t\t\t\t\t<\/div>\n\t\t\t\t\t\t<\/div>\n\t\t\t\t<\/div>\n\t\t\t\t\t<\/div>\n\t\t<\/div>\n\t\t\t\t<div class=\"elementor-column elementor-col-50 elementor-top-column elementor-element elementor-element-c66c457\" data-id=\"c66c457\" data-element_type=\"column\" data-e-type=\"column\">\n\t\t\t<div class=\"elementor-widget-wrap elementor-element-populated\">\n\t\t\t\t\t\t<div class=\"elementor-element elementor-element-8535b2b elementor-widget elementor-widget-image\" data-id=\"8535b2b\" data-element_type=\"widget\" data-e-type=\"widget\" data-widget_type=\"image.default\">\n\t\t\t\t<div class=\"elementor-widget-container\">\n\t\t\t\t\t\t\t\t\t\t\t\t\t\t\t<img fetchpriority=\"high\" decoding=\"async\" width=\"800\" height=\"533\" src=\"https:\/\/ciclesformatius.es\/wp-content\/uploads\/2025\/05\/animacio-socioesportiva.jpg\" class=\"attachment-full size-full wp-image-4119\" alt=\"cfgs ensenyament i animaci\u00f3 socioesportiva\" srcset=\"https:\/\/ciclesformatius.es\/wp-content\/uploads\/2025\/05\/animacio-socioesportiva.jpg 800w, https:\/\/ciclesformatius.es\/wp-content\/uploads\/2025\/05\/animacio-socioesportiva-300x200.jpg 300w, https:\/\/ciclesformatius.es\/wp-content\/uploads\/2025\/05\/animacio-socioesportiva-768x512.jpg 768w\" sizes=\"(max-width: 800px) 100vw, 800px\" \/>\t\t\t\t\t\t\t\t\t\t\t\t\t\t\t<\/div>\n\t\t\t\t<\/div>\n\t\t\t\t\t<\/div>\n\t\t<\/div>\n\t\t\t\t\t<\/div>\n\t\t<\/section>\n\t\t\t\t<section class=\"elementor-section elementor-top-section elementor-element elementor-element-38966ce elementor-section-boxed elementor-section-height-default elementor-section-height-default\" data-id=\"38966ce\" data-element_type=\"section\" data-e-type=\"section\" data-settings=\"{&quot;jet_parallax_layout_list&quot;:[]}\">\n\t\t\t\t\t\t<div class=\"elementor-container elementor-column-gap-default\">\n\t\t\t\t\t<div class=\"elementor-column elementor-col-20 elementor-top-column elementor-element elementor-element-ba25319\" data-id=\"ba25319\" data-element_type=\"column\" data-e-type=\"column\">\n\t\t\t<div class=\"elementor-widget-wrap elementor-element-populated\">\n\t\t\t\t\t\t<div class=\"elementor-element elementor-element-0519f30 elementor-widget elementor-widget-image\" data-id=\"0519f30\" data-element_type=\"widget\" data-e-type=\"widget\" data-widget_type=\"image.default\">\n\t\t\t\t<div class=\"elementor-widget-container\">\n\t\t\t\t\t\t\t\t\t\t\t\t\t\t\t<img decoding=\"async\" width=\"199\" height=\"195\" src=\"https:\/\/ciclesformatius.es\/wp-content\/uploads\/2024\/02\/atencio-personalitzada.jpg\" class=\"attachment-full size-full wp-image-3729\" alt=\"Logo\" \/>\t\t\t\t\t\t\t\t\t\t\t\t\t\t\t<\/div>\n\t\t\t\t<\/div>\n\t\t\t\t<div class=\"elementor-element elementor-element-ef2586a elementor-widget elementor-widget-text-editor\" data-id=\"ef2586a\" data-element_type=\"widget\" data-e-type=\"widget\" data-widget_type=\"text-editor.default\">\n\t\t\t\t<div class=\"elementor-widget-container\">\n\t\t\t\t\t\t\t\t\t<p style=\"text-align: center;\">Atenci\u00f3n<br> personalizada<\/p>\t\t\t\t\t\t\t\t<\/div>\n\t\t\t\t<\/div>\n\t\t\t\t\t<\/div>\n\t\t<\/div>\n\t\t\t\t<div class=\"elementor-column elementor-col-20 elementor-top-column elementor-element elementor-element-c1ae265\" data-id=\"c1ae265\" data-element_type=\"column\" data-e-type=\"column\">\n\t\t\t<div class=\"elementor-widget-wrap elementor-element-populated\">\n\t\t\t\t\t\t<div class=\"elementor-element elementor-element-618dee9 elementor-widget elementor-widget-image\" data-id=\"618dee9\" data-element_type=\"widget\" data-e-type=\"widget\" data-widget_type=\"image.default\">\n\t\t\t\t<div class=\"elementor-widget-container\">\n\t\t\t\t\t\t\t\t\t\t\t\t\t\t\t<img decoding=\"async\" width=\"199\" height=\"195\" src=\"https:\/\/ciclesformatius.es\/wp-content\/uploads\/2024\/02\/metodologia.jpg\" class=\"attachment-full size-full wp-image-3730\" alt=\"Icona Metodologia 100% pr\u00e0ctica\" \/>\t\t\t\t\t\t\t\t\t\t\t\t\t\t\t<\/div>\n\t\t\t\t<\/div>\n\t\t\t\t<div class=\"elementor-element elementor-element-d9ec2af elementor-widget elementor-widget-text-editor\" data-id=\"d9ec2af\" data-element_type=\"widget\" data-e-type=\"widget\" data-widget_type=\"text-editor.default\">\n\t\t\t\t<div class=\"elementor-widget-container\">\n\t\t\t\t\t\t\t\t\t<p style=\"text-align: center;\">Metodolog\u00eda<br> 100% pr\u00e1ctica<\/p>\t\t\t\t\t\t\t\t<\/div>\n\t\t\t\t<\/div>\n\t\t\t\t\t<\/div>\n\t\t<\/div>\n\t\t\t\t<div class=\"elementor-column elementor-col-20 elementor-top-column elementor-element elementor-element-d18e2cd\" data-id=\"d18e2cd\" data-element_type=\"column\" data-e-type=\"column\">\n\t\t\t<div class=\"elementor-widget-wrap elementor-element-populated\">\n\t\t\t\t\t\t<div class=\"elementor-element elementor-element-366d887 elementor-widget elementor-widget-image\" data-id=\"366d887\" data-element_type=\"widget\" data-e-type=\"widget\" data-widget_type=\"image.default\">\n\t\t\t\t<div class=\"elementor-widget-container\">\n\t\t\t\t\t\t\t\t\t\t\t\t\t\t\t<img loading=\"lazy\" decoding=\"async\" width=\"199\" height=\"195\" src=\"https:\/\/ciclesformatius.es\/wp-content\/uploads\/2024\/02\/fp-dual-2.jpg\" class=\"attachment-full size-full wp-image-3722\" alt=\"Icona Formaci\u00f3n Profesional dual\" \/>\t\t\t\t\t\t\t\t\t\t\t\t\t\t\t<\/div>\n\t\t\t\t<\/div>\n\t\t\t\t<div class=\"elementor-element elementor-element-cf0f8c5 elementor-widget elementor-widget-text-editor\" data-id=\"cf0f8c5\" data-element_type=\"widget\" data-e-type=\"widget\" data-widget_type=\"text-editor.default\">\n\t\t\t\t<div class=\"elementor-widget-container\">\n\t\t\t\t\t\t\t\t\t<p style=\"text-align: center;\">FP<br>Dual<\/p>\t\t\t\t\t\t\t\t<\/div>\n\t\t\t\t<\/div>\n\t\t\t\t\t<\/div>\n\t\t<\/div>\n\t\t\t\t<div class=\"elementor-column elementor-col-20 elementor-top-column elementor-element elementor-element-214bf3b\" data-id=\"214bf3b\" data-element_type=\"column\" data-e-type=\"column\">\n\t\t\t<div class=\"elementor-widget-wrap elementor-element-populated\">\n\t\t\t\t\t\t<div class=\"elementor-element elementor-element-c589145 elementor-widget elementor-widget-image\" data-id=\"c589145\" data-element_type=\"widget\" data-e-type=\"widget\" data-widget_type=\"image.default\">\n\t\t\t\t<div class=\"elementor-widget-container\">\n\t\t\t\t\t\t\t\t\t\t\t\t\t\t\t<img loading=\"lazy\" decoding=\"async\" width=\"133\" height=\"131\" src=\"https:\/\/ciclesformatius.es\/wp-content\/uploads\/2025\/03\/sortides.jpg\" class=\"attachment-full size-full wp-image-3763\" alt=\"grado superior en guia en el medio natural y de tiempo libre\" \/>\t\t\t\t\t\t\t\t\t\t\t\t\t\t\t<\/div>\n\t\t\t\t<\/div>\n\t\t\t\t<div class=\"elementor-element elementor-element-47ebcd4 elementor-widget elementor-widget-text-editor\" data-id=\"47ebcd4\" data-element_type=\"widget\" data-e-type=\"widget\" data-widget_type=\"text-editor.default\">\n\t\t\t\t<div class=\"elementor-widget-container\">\n\t\t\t\t\t\t\t\t\t<p style=\"text-align: center;\">Salidas de<br>convivencia<\/p>\t\t\t\t\t\t\t\t<\/div>\n\t\t\t\t<\/div>\n\t\t\t\t\t<\/div>\n\t\t<\/div>\n\t\t\t\t<div class=\"elementor-column elementor-col-20 elementor-top-column elementor-element elementor-element-578ee9a\" data-id=\"578ee9a\" data-element_type=\"column\" data-e-type=\"column\">\n\t\t\t<div class=\"elementor-widget-wrap elementor-element-populated\">\n\t\t\t\t\t\t<div class=\"elementor-element elementor-element-05dc2a2 elementor-widget elementor-widget-image\" data-id=\"05dc2a2\" data-element_type=\"widget\" data-e-type=\"widget\" data-widget_type=\"image.default\">\n\t\t\t\t<div class=\"elementor-widget-container\">\n\t\t\t\t\t\t\t\t\t\t\t\t\t\t\t<img loading=\"lazy\" decoding=\"async\" width=\"199\" height=\"195\" src=\"https:\/\/ciclesformatius.es\/wp-content\/uploads\/2024\/02\/orientacio-laboral.jpg\" class=\"attachment-full size-full wp-image-3724\" alt=\"Icona orientaci\u00f3 laboral\" \/>\t\t\t\t\t\t\t\t\t\t\t\t\t\t\t<\/div>\n\t\t\t\t<\/div>\n\t\t\t\t<div class=\"elementor-element elementor-element-0c3232b elementor-widget elementor-widget-text-editor\" data-id=\"0c3232b\" data-element_type=\"widget\" data-e-type=\"widget\" data-widget_type=\"text-editor.default\">\n\t\t\t\t<div class=\"elementor-widget-container\">\n\t\t\t\t\t\t\t\t\t<p style=\"text-align: center;\">Orientaci\u00f3n<br> laboral<\/p>\t\t\t\t\t\t\t\t<\/div>\n\t\t\t\t<\/div>\n\t\t\t\t\t<\/div>\n\t\t<\/div>\n\t\t\t\t\t<\/div>\n\t\t<\/section>\n\t\t\t\t<section class=\"elementor-section elementor-top-section elementor-element elementor-element-3d26024 elementor-section-boxed elementor-section-height-default elementor-section-height-default\" data-id=\"3d26024\" data-element_type=\"section\" data-e-type=\"section\" data-settings=\"{&quot;jet_parallax_layout_list&quot;:[],&quot;background_background&quot;:&quot;classic&quot;}\">\n\t\t\t\t\t\t<div class=\"elementor-container elementor-column-gap-default\">\n\t\t\t\t\t<div class=\"elementor-column elementor-col-100 elementor-top-column elementor-element elementor-element-acac899\" data-id=\"acac899\" data-element_type=\"column\" data-e-type=\"column\">\n\t\t\t<div class=\"elementor-widget-wrap elementor-element-populated\">\n\t\t\t\t\t\t<div class=\"elementor-element elementor-element-2d5f45b elementor-widget elementor-widget-text-editor\" data-id=\"2d5f45b\" data-element_type=\"widget\" data-e-type=\"widget\" data-widget_type=\"text-editor.default\">\n\t\t\t\t<div class=\"elementor-widget-container\">\n\t\t\t\t\t\t\t\t\t<ul><li><strong>Atenci\u00f3n personalizada.<\/strong> Trabajamos para ti y queremos que te sientas dado como t\u00fa necesitas y que en nuestro ciclo encuentres todo lo que necesitas para tu futuro. Tendr\u00e1s soporte constante de todo nuestro equipo docente. Para poder cumplir esto, disponemos de menos ratio de alumnos en asignaturas pr\u00e1cticas, donde encontramos a dos profesores impartiendo la sesi\u00f3n (nataci\u00f3n, deportes colectivos, escalada, bicicleta). <\/li><li>Adem\u00e1s de las instalaciones que tenemos en nuestro centro, hacemos actividades en <strong>centros deportivos y centros de natura<\/strong> para que pod\u00e1is tener experiencias de aprendizaje en un contexto real.<\/li><li>El centro programa diferentes <strong>salidas de convivencia <\/strong>para fomentar y asimilar los conceptos trabajados en el aula (esqu\u00ed, barrancos, actividades acu\u00e1ticas, etc.).<\/li><li><strong>Colaboramos con diferentes entidades deportivas y diferentes proyectos<\/strong>, como por ejemplo el proyecto con alumnos de diversidad funcional haciendo actividades l\u00fadico-deportivas con el Ayuntamiento de Cornell\u00e0. Tambi\u00e9n colaboramos con las diferentes etapas de nuestro centro, haciendo actividades para el alumnado de primaria o ESO. <\/li><\/ul>\t\t\t\t\t\t\t\t<\/div>\n\t\t\t\t<\/div>\n\t\t\t\t\t<\/div>\n\t\t<\/div>\n\t\t\t\t\t<\/div>\n\t\t<\/section>\n\t\t\t\t<section class=\"elementor-section elementor-top-section elementor-element elementor-element-44d8668 elementor-section-boxed elementor-section-height-default elementor-section-height-default\" data-id=\"44d8668\" data-element_type=\"section\" data-e-type=\"section\" data-settings=\"{&quot;jet_parallax_layout_list&quot;:[],&quot;background_background&quot;:&quot;classic&quot;}\">\n\t\t\t\t\t\t<div class=\"elementor-container elementor-column-gap-default\">\n\t\t\t\t\t<div class=\"elementor-column elementor-col-100 elementor-top-column elementor-element elementor-element-c9f8493\" data-id=\"c9f8493\" data-element_type=\"column\" data-e-type=\"column\">\n\t\t\t<div class=\"elementor-widget-wrap elementor-element-populated\">\n\t\t\t\t\t\t<div class=\"elementor-element elementor-element-d447beb elementor-widget elementor-widget-text-editor\" data-id=\"d447beb\" data-element_type=\"widget\" data-e-type=\"widget\" data-widget_type=\"text-editor.default\">\n\t\t\t\t<div class=\"elementor-widget-container\">\n\t\t\t\t\t\t\t\t\t<p>\u00bfPOR QU\u00c9 ESCOGER <span style=\"color: #f19300;\">EL BALMES<\/span> ?<\/p>\t\t\t\t\t\t\t\t<\/div>\n\t\t\t\t<\/div>\n\t\t\t\t\t<\/div>\n\t\t<\/div>\n\t\t\t\t\t<\/div>\n\t\t<\/section>\n\t\t\t\t<section class=\"elementor-section elementor-top-section elementor-element elementor-element-9037a5e elementor-section-boxed elementor-section-height-default elementor-section-height-default\" data-id=\"9037a5e\" data-element_type=\"section\" data-e-type=\"section\" data-settings=\"{&quot;jet_parallax_layout_list&quot;:[],&quot;background_background&quot;:&quot;classic&quot;}\">\n\t\t\t\t\t\t<div class=\"elementor-container elementor-column-gap-default\">\n\t\t\t\t\t<div class=\"elementor-column elementor-col-33 elementor-top-column elementor-element elementor-element-b9233d3\" data-id=\"b9233d3\" data-element_type=\"column\" data-e-type=\"column\" data-settings=\"{&quot;background_background&quot;:&quot;classic&quot;}\">\n\t\t\t<div class=\"elementor-widget-wrap elementor-element-populated\">\n\t\t\t\t\t\t<div class=\"elementor-element elementor-element-c13955d elementor-widget elementor-widget-image\" data-id=\"c13955d\" data-element_type=\"widget\" data-e-type=\"widget\" data-widget_type=\"image.default\">\n\t\t\t\t<div class=\"elementor-widget-container\">\n\t\t\t\t\t\t\t\t\t\t\t\t\t\t\t<img loading=\"lazy\" decoding=\"async\" width=\"148\" height=\"145\" src=\"https:\/\/ciclesformatius.es\/wp-content\/uploads\/2024\/01\/icono-atencion.jpg\" class=\"attachment-full size-full wp-image-3663\" alt=\"Icono atenci\u00f3n\" \/>\t\t\t\t\t\t\t\t\t\t\t\t\t\t\t<\/div>\n\t\t\t\t<\/div>\n\t\t\t\t<div class=\"elementor-element elementor-element-a039cbb elementor-widget elementor-widget-heading\" data-id=\"a039cbb\" data-element_type=\"widget\" data-e-type=\"widget\" data-widget_type=\"heading.default\">\n\t\t\t\t<div class=\"elementor-widget-container\">\n\t\t\t\t\t<h2 class=\"elementor-heading-title elementor-size-default\">Atenci\u00f3n personalizada<\/h2>\t\t\t\t<\/div>\n\t\t\t\t<\/div>\n\t\t\t\t<div class=\"elementor-element elementor-element-d292a36 elementor-widget elementor-widget-text-editor\" data-id=\"d292a36\" data-element_type=\"widget\" data-e-type=\"widget\" data-widget_type=\"text-editor.default\">\n\t\t\t\t<div class=\"elementor-widget-container\">\n\t\t\t\t\t\t\t\t\t<p style=\"text-align: center;\">Queremos que en nuestro ciclo encuentres todo lo que necesitas para tu futuro. Tendr\u00e1s <strong>soporte constante<\/strong> de todo nuestro equipo docente. <\/p>\t\t\t\t\t\t\t\t<\/div>\n\t\t\t\t<\/div>\n\t\t\t\t\t<\/div>\n\t\t<\/div>\n\t\t\t\t<div class=\"elementor-column elementor-col-33 elementor-top-column elementor-element elementor-element-36fd7a8\" data-id=\"36fd7a8\" data-element_type=\"column\" data-e-type=\"column\" data-settings=\"{&quot;background_background&quot;:&quot;classic&quot;}\">\n\t\t\t<div class=\"elementor-widget-wrap elementor-element-populated\">\n\t\t\t\t\t\t<div class=\"elementor-element elementor-element-529a576 elementor-widget elementor-widget-image\" data-id=\"529a576\" data-element_type=\"widget\" data-e-type=\"widget\" data-widget_type=\"image.default\">\n\t\t\t\t<div class=\"elementor-widget-container\">\n\t\t\t\t\t\t\t\t\t\t\t\t\t\t\t<img loading=\"lazy\" decoding=\"async\" width=\"148\" height=\"145\" src=\"https:\/\/ciclesformatius.es\/wp-content\/uploads\/2024\/01\/icono-sistema-avaluacio.jpg\" class=\"attachment-full size-full wp-image-3664\" alt=\"Icona sistema d&#039;avaluaci\u00f3\" \/>\t\t\t\t\t\t\t\t\t\t\t\t\t\t\t<\/div>\n\t\t\t\t<\/div>\n\t\t\t\t<div class=\"elementor-element elementor-element-7d30b23 elementor-widget elementor-widget-heading\" data-id=\"7d30b23\" data-element_type=\"widget\" data-e-type=\"widget\" data-widget_type=\"heading.default\">\n\t\t\t\t<div class=\"elementor-widget-container\">\n\t\t\t\t\t<h2 class=\"elementor-heading-title elementor-size-default\">Sistema de evaluaci\u00f3n a tu medida<\/h2>\t\t\t\t<\/div>\n\t\t\t\t<\/div>\n\t\t\t\t<div class=\"elementor-element elementor-element-4c6410c elementor-widget elementor-widget-text-editor\" data-id=\"4c6410c\" data-element_type=\"widget\" data-e-type=\"widget\" data-widget_type=\"text-editor.default\">\n\t\t\t\t<div class=\"elementor-widget-container\">\n\t\t\t\t\t\t\t\t\t<p style=\"text-align: center;\">Queremos que puedas realizar el ciclo <strong>sin perder calidad de vida<\/strong> y compatibiliz\u00e1ndolo con tu trabajo.<\/p>\t\t\t\t\t\t\t\t<\/div>\n\t\t\t\t<\/div>\n\t\t\t\t\t<\/div>\n\t\t<\/div>\n\t\t\t\t<div class=\"elementor-column elementor-col-33 elementor-top-column elementor-element elementor-element-44d764e\" data-id=\"44d764e\" data-element_type=\"column\" data-e-type=\"column\" data-settings=\"{&quot;background_background&quot;:&quot;classic&quot;}\">\n\t\t\t<div class=\"elementor-widget-wrap elementor-element-populated\">\n\t\t\t\t\t\t<div class=\"elementor-element elementor-element-8c34390 elementor-widget elementor-widget-image\" data-id=\"8c34390\" data-element_type=\"widget\" data-e-type=\"widget\" data-widget_type=\"image.default\">\n\t\t\t\t<div class=\"elementor-widget-container\">\n\t\t\t\t\t\t\t\t\t\t\t\t\t\t\t<img loading=\"lazy\" decoding=\"async\" width=\"148\" height=\"145\" src=\"https:\/\/ciclesformatius.es\/wp-content\/uploads\/2024\/01\/icono-classes.jpg\" class=\"attachment-full size-full wp-image-3665\" alt=\"Icona classes pr\u00e0ctiques\" \/>\t\t\t\t\t\t\t\t\t\t\t\t\t\t\t<\/div>\n\t\t\t\t<\/div>\n\t\t\t\t<div class=\"elementor-element elementor-element-7614857 elementor-widget elementor-widget-heading\" data-id=\"7614857\" data-element_type=\"widget\" data-e-type=\"widget\" data-widget_type=\"heading.default\">\n\t\t\t\t<div class=\"elementor-widget-container\">\n\t\t\t\t\t<h2 class=\"elementor-heading-title elementor-size-default\">Clases pr\u00e1cticas<\/h2>\t\t\t\t<\/div>\n\t\t\t\t<\/div>\n\t\t\t\t<div class=\"elementor-element elementor-element-e1c5ba3 elementor-widget elementor-widget-text-editor\" data-id=\"e1c5ba3\" data-element_type=\"widget\" data-e-type=\"widget\" data-widget_type=\"text-editor.default\">\n\t\t\t\t<div class=\"elementor-widget-container\">\n\t\t\t\t\t\t\t\t\t<p style=\"text-align: center;\">Aprender es cuesti\u00f3n de pr\u00e1ctica. Enfocamos las clases con <strong>ejemplos reales<\/strong> que har\u00e1n<br>que aprendas de una manera muy <strong>participativa<\/strong> . <\/p>\t\t\t\t\t\t\t\t<\/div>\n\t\t\t\t<\/div>\n\t\t\t\t\t<\/div>\n\t\t<\/div>\n\t\t\t\t\t<\/div>\n\t\t<\/section>\n\t\t\t\t<section class=\"elementor-section elementor-top-section elementor-element elementor-element-f447bbe elementor-section-boxed elementor-section-height-default elementor-section-height-default\" data-id=\"f447bbe\" data-element_type=\"section\" data-e-type=\"section\" data-settings=\"{&quot;jet_parallax_layout_list&quot;:[],&quot;background_background&quot;:&quot;classic&quot;}\">\n\t\t\t\t\t\t<div class=\"elementor-container elementor-column-gap-default\">\n\t\t\t\t\t<div class=\"elementor-column elementor-col-33 elementor-top-column elementor-element elementor-element-9e41ad1\" data-id=\"9e41ad1\" data-element_type=\"column\" data-e-type=\"column\" data-settings=\"{&quot;background_background&quot;:&quot;classic&quot;}\">\n\t\t\t<div class=\"elementor-widget-wrap elementor-element-populated\">\n\t\t\t\t\t\t<div class=\"elementor-element elementor-element-d18f7d7 elementor-widget elementor-widget-image\" data-id=\"d18f7d7\" data-element_type=\"widget\" data-e-type=\"widget\" data-widget_type=\"image.default\">\n\t\t\t\t<div class=\"elementor-widget-container\">\n\t\t\t\t\t\t\t\t\t\t\t\t\t\t\t<img loading=\"lazy\" decoding=\"async\" width=\"148\" height=\"145\" src=\"https:\/\/ciclesformatius.es\/wp-content\/uploads\/2024\/01\/icono-orientacio.jpg\" class=\"attachment-full size-full wp-image-3666\" alt=\"Icona orientaci\u00f3 laboral\" \/>\t\t\t\t\t\t\t\t\t\t\t\t\t\t\t<\/div>\n\t\t\t\t<\/div>\n\t\t\t\t<div class=\"elementor-element elementor-element-111014b elementor-widget elementor-widget-heading\" data-id=\"111014b\" data-element_type=\"widget\" data-e-type=\"widget\" data-widget_type=\"heading.default\">\n\t\t\t\t<div class=\"elementor-widget-container\">\n\t\t\t\t\t<h2 class=\"elementor-heading-title elementor-size-default\">Orientaci\u00f3n laboral<\/h2>\t\t\t\t<\/div>\n\t\t\t\t<\/div>\n\t\t\t\t<div class=\"elementor-element elementor-element-b34756e elementor-widget elementor-widget-text-editor\" data-id=\"b34756e\" data-element_type=\"widget\" data-e-type=\"widget\" data-widget_type=\"text-editor.default\">\n\t\t\t\t<div class=\"elementor-widget-container\">\n\t\t\t\t\t\t\t\t\t<p style=\"text-align: center;\">Tendr\u00e1s <strong>acompa\u00f1amiento y asesoramiento personalizado<\/strong> de expertos de la familia profesional que elijas.<\/p>\t\t\t\t\t\t\t\t<\/div>\n\t\t\t\t<\/div>\n\t\t\t\t\t<\/div>\n\t\t<\/div>\n\t\t\t\t<div class=\"elementor-column elementor-col-33 elementor-top-column elementor-element elementor-element-f84752b\" data-id=\"f84752b\" data-element_type=\"column\" data-e-type=\"column\" data-settings=\"{&quot;background_background&quot;:&quot;classic&quot;}\">\n\t\t\t<div class=\"elementor-widget-wrap elementor-element-populated\">\n\t\t\t\t\t\t<div class=\"elementor-element elementor-element-637c2e5 elementor-widget elementor-widget-image\" data-id=\"637c2e5\" data-element_type=\"widget\" data-e-type=\"widget\" data-widget_type=\"image.default\">\n\t\t\t\t<div class=\"elementor-widget-container\">\n\t\t\t\t\t\t\t\t\t\t\t\t\t\t\t<img loading=\"lazy\" decoding=\"async\" width=\"148\" height=\"145\" src=\"https:\/\/ciclesformatius.es\/wp-content\/uploads\/2024\/01\/icono-vinculacio.jpg\" class=\"attachment-full size-full wp-image-3667\" alt=\"Icono vinculaci\u00f3n laboral\" \/>\t\t\t\t\t\t\t\t\t\t\t\t\t\t\t<\/div>\n\t\t\t\t<\/div>\n\t\t\t\t<div class=\"elementor-element elementor-element-d711a29 elementor-widget elementor-widget-heading\" data-id=\"d711a29\" data-element_type=\"widget\" data-e-type=\"widget\" data-widget_type=\"heading.default\">\n\t\t\t\t<div class=\"elementor-widget-container\">\n\t\t\t\t\t<h2 class=\"elementor-heading-title elementor-size-default\">Vinculaci\u00f3n mundo laboral<\/h2>\t\t\t\t<\/div>\n\t\t\t\t<\/div>\n\t\t\t\t<div class=\"elementor-element elementor-element-aa3e8c3 elementor-widget elementor-widget-text-editor\" data-id=\"aa3e8c3\" data-element_type=\"widget\" data-e-type=\"widget\" data-widget_type=\"text-editor.default\">\n\t\t\t\t<div class=\"elementor-widget-container\">\n\t\t\t\t\t\t\t\t\t<p style=\"text-align: center;\"><span class=\"OYPEnA text-decoration-none text-strikethrough-none\">Te llevamos la realidad al aula gracias a la<\/span> <span class=\"OYPEnA text-decoration-none text-strikethrough-none\"><strong>vinculaci\u00f3n al mundo laboral de todo nuestro profesorado<\/strong>,<\/span> <span class=\"OYPEnA text-decoration-none text-strikethrough-none\">que compatibilizan la realidad empresarial con la docencia.<\/span><\/p>\t\t\t\t\t\t\t\t<\/div>\n\t\t\t\t<\/div>\n\t\t\t\t\t<\/div>\n\t\t<\/div>\n\t\t\t\t<div class=\"elementor-column elementor-col-33 elementor-top-column elementor-element elementor-element-0bef8ee\" data-id=\"0bef8ee\" data-element_type=\"column\" data-e-type=\"column\" data-settings=\"{&quot;background_background&quot;:&quot;classic&quot;}\">\n\t\t\t<div class=\"elementor-widget-wrap elementor-element-populated\">\n\t\t\t\t\t\t<div class=\"elementor-element elementor-element-3db5e93 elementor-widget elementor-widget-image\" data-id=\"3db5e93\" data-element_type=\"widget\" data-e-type=\"widget\" data-widget_type=\"image.default\">\n\t\t\t\t<div class=\"elementor-widget-container\">\n\t\t\t\t\t\t\t\t\t\t\t\t\t\t\t<img loading=\"lazy\" decoding=\"async\" width=\"148\" height=\"145\" src=\"https:\/\/ciclesformatius.es\/wp-content\/uploads\/2024\/01\/icono-actualitzacio.jpg\" class=\"attachment-full size-full wp-image-3668\" alt=\"Icona actalitzaci\u00f3\" \/>\t\t\t\t\t\t\t\t\t\t\t\t\t\t\t<\/div>\n\t\t\t\t<\/div>\n\t\t\t\t<div class=\"elementor-element elementor-element-c6d699e elementor-widget elementor-widget-heading\" data-id=\"c6d699e\" data-element_type=\"widget\" data-e-type=\"widget\" data-widget_type=\"heading.default\">\n\t\t\t\t<div class=\"elementor-widget-container\">\n\t\t\t\t\t<h2 class=\"elementor-heading-title elementor-size-default\">Actualizaci\u00f3n<\/h2>\t\t\t\t<\/div>\n\t\t\t\t<\/div>\n\t\t\t\t<div class=\"elementor-element elementor-element-ff2ad60 elementor-widget elementor-widget-text-editor\" data-id=\"ff2ad60\" data-element_type=\"widget\" data-e-type=\"widget\" data-widget_type=\"text-editor.default\">\n\t\t\t\t<div class=\"elementor-widget-container\">\n\t\t\t\t\t\t\t\t\t<p style=\"text-align: center;\">Actualizamos constantemente los contenidos para que siempre tengas las \u00faltimas herramientas de lo que <strong>pide el mundo laboral.<\/strong><\/p>\t\t\t\t\t\t\t\t<\/div>\n\t\t\t\t<\/div>\n\t\t\t\t\t<\/div>\n\t\t<\/div>\n\t\t\t\t\t<\/div>\n\t\t<\/section>\n\t\t\t\t<section class=\"elementor-section elementor-top-section elementor-element elementor-element-c41149b elementor-section-boxed elementor-section-height-default elementor-section-height-default\" data-id=\"c41149b\" data-element_type=\"section\" data-e-type=\"section\" data-settings=\"{&quot;jet_parallax_layout_list&quot;:[],&quot;background_background&quot;:&quot;classic&quot;}\">\n\t\t\t\t\t\t<div class=\"elementor-container elementor-column-gap-default\">\n\t\t\t\t\t<div class=\"elementor-column elementor-col-100 elementor-top-column elementor-element elementor-element-8b92395\" data-id=\"8b92395\" data-element_type=\"column\" data-e-type=\"column\">\n\t\t\t<div class=\"elementor-widget-wrap elementor-element-populated\">\n\t\t\t\t\t\t<div class=\"elementor-element elementor-element-7acaa06 elementor-widget elementor-widget-text-editor\" data-id=\"7acaa06\" data-element_type=\"widget\" data-e-type=\"widget\" data-widget_type=\"text-editor.default\">\n\t\t\t\t<div class=\"elementor-widget-container\">\n\t\t\t\t\t\t\t\t\t<p>\u00bfquieres saber m\u00e1s de este ciclo?<\/p>\t\t\t\t\t\t\t\t<\/div>\n\t\t\t\t<\/div>\n\t\t\t\t\t<\/div>\n\t\t<\/div>\n\t\t\t\t\t<\/div>\n\t\t<\/section>\n\t\t\t\t<section class=\"elementor-section elementor-top-section elementor-element elementor-element-9341cc6 elementor-section-boxed elementor-section-height-default elementor-section-height-default\" data-id=\"9341cc6\" data-element_type=\"section\" data-e-type=\"section\" data-settings=\"{&quot;jet_parallax_layout_list&quot;:[],&quot;background_background&quot;:&quot;classic&quot;}\">\n\t\t\t\t\t\t<div class=\"elementor-container elementor-column-gap-default\">\n\t\t\t\t\t<div class=\"elementor-column elementor-col-100 elementor-top-column elementor-element elementor-element-c52e731\" data-id=\"c52e731\" data-element_type=\"column\" data-e-type=\"column\">\n\t\t\t<div class=\"elementor-widget-wrap elementor-element-populated\">\n\t\t\t\t\t\t<div class=\"elementor-element elementor-element-a5e763e elementor-tabs-alignment-stretch elementor-tabs-view-horizontal elementor-widget elementor-widget-tabs\" data-id=\"a5e763e\" data-element_type=\"widget\" data-e-type=\"widget\" data-widget_type=\"tabs.default\">\n\t\t\t\t<div class=\"elementor-widget-container\">\n\t\t\t\t\t\t\t<div class=\"elementor-tabs\">\n\t\t\t<div class=\"elementor-tabs-wrapper\" role=\"tablist\" >\n\t\t\t\t\t\t\t\t\t<div id=\"elementor-tab-title-1731\" class=\"elementor-tab-title elementor-tab-desktop-title\" aria-selected=\"true\" data-tab=\"1\" role=\"tab\" tabindex=\"0\" aria-controls=\"elementor-tab-content-1731\" aria-expanded=\"false\">FICHA T\u00c9CNICA<\/div>\n\t\t\t\t\t\t\t\t\t<div id=\"elementor-tab-title-1732\" class=\"elementor-tab-title elementor-tab-desktop-title\" aria-selected=\"false\" data-tab=\"2\" role=\"tab\" tabindex=\"-1\" aria-controls=\"elementor-tab-content-1732\" aria-expanded=\"false\">CONDICIONES DE ACCESO<\/div>\n\t\t\t\t\t\t\t\t\t<div id=\"elementor-tab-title-1733\" class=\"elementor-tab-title elementor-tab-desktop-title\" aria-selected=\"false\" data-tab=\"3\" role=\"tab\" tabindex=\"-1\" aria-controls=\"elementor-tab-content-1733\" aria-expanded=\"false\">SALIDAS ACAD\u00c9MICAS Y PROFESIONALES<\/div>\n\t\t\t\t\t\t\t\t\t<div id=\"elementor-tab-title-1734\" class=\"elementor-tab-title elementor-tab-desktop-title\" aria-selected=\"false\" data-tab=\"4\" role=\"tab\" tabindex=\"-1\" aria-controls=\"elementor-tab-content-1734\" aria-expanded=\"false\">M\u00d3DULOS FORMATIVOS<\/div>\n\t\t\t\t\t\t\t<\/div>\n\t\t\t<div class=\"elementor-tabs-content-wrapper\" role=\"tablist\" aria-orientation=\"vertical\">\n\t\t\t\t\t\t\t\t\t<div class=\"elementor-tab-title elementor-tab-mobile-title\" aria-selected=\"true\" data-tab=\"1\" role=\"tab\" tabindex=\"0\" aria-controls=\"elementor-tab-content-1731\" aria-expanded=\"false\">FICHA T\u00c9CNICA<\/div>\n\t\t\t\t\t<div id=\"elementor-tab-content-1731\" class=\"elementor-tab-content elementor-clearfix\" data-tab=\"1\" role=\"tabpanel\" aria-labelledby=\"elementor-tab-title-1731\" tabindex=\"0\" hidden=\"false\"><p><strong>Familia profesional: <\/strong>Actividades f\u00edsicas y deportivas.<\/p>\n<p><strong>Duraci\u00f3n: <\/strong>2 cursos acad\u00e9micos, 2000 horas.<\/p>\n<p><strong>Horario: <\/strong>Ma\u00f1ana<\/p>\n<p>Es competencia general de este t\u00e9cnico<strong> ense\u00f1ar y dinamizar juegos, actividades f\u00edsico-deportivas recreativas individuales, de equipo y con implementos, <\/strong>y actividades de acondicionamiento f\u00edsico b\u00e1sico, adaptarlas a las caracter\u00edsticas del entorno y de los participantes, y conseguir la satisfacci\u00f3n del usuario y un nivel competitivo de calidad en los l\u00edmites de coste previstos.<\/p>\n<\/div>\n\t\t\t\t\t\t\t\t\t<div class=\"elementor-tab-title elementor-tab-mobile-title\" aria-selected=\"false\" data-tab=\"2\" role=\"tab\" tabindex=\"-1\" aria-controls=\"elementor-tab-content-1732\" aria-expanded=\"false\">CONDICIONES DE ACCESO<\/div>\n\t\t\t\t\t<div id=\"elementor-tab-content-1732\" class=\"elementor-tab-content elementor-clearfix\" data-tab=\"2\" role=\"tabpanel\" aria-labelledby=\"elementor-tab-title-1732\" tabindex=\"0\" hidden=\"hidden\"><\/div>\n\t\t\t\t\t\t\t\t\t<div class=\"elementor-tab-title elementor-tab-mobile-title\" aria-selected=\"false\" data-tab=\"3\" role=\"tab\" tabindex=\"-1\" aria-controls=\"elementor-tab-content-1733\" aria-expanded=\"false\">SALIDAS ACAD\u00c9MICAS Y PROFESIONALES<\/div>\n\t\t\t\t\t<div id=\"elementor-tab-content-1733\" class=\"elementor-tab-content elementor-clearfix\" data-tab=\"3\" role=\"tabpanel\" aria-labelledby=\"elementor-tab-title-1733\" tabindex=\"0\" hidden=\"hidden\"><p><strong>SALIDAS ACAD\u00c9MICAS<\/strong><\/p>\n<ul>\n<li>Cualquier estudio universitario con reconocimiento oficial de cr\u00e9ditos, seg\u00fan grado de procedencia.<\/li>\n<li>Cualquier otro Ciclo de Grado Superior.<\/li>\n<\/ul>\n<p><strong>SALIDAS PROFESIONALES<\/strong><\/p>\n<p>Podr\u00e1s trabajar como o t\u00e9cnico\/en superior en las \u00e1reas de:<\/p>\n<ul>\n<li>Promotor de actividades f\u00edsico-deportivas.<\/li>\n<li>Animador de actividades f\u00edsico-deportivas.<\/li>\n<li>Coordinador de actividades polideportivas.<\/li>\n<li>Monitor de actividades f\u00edsico-deportivas recreativas individuales,de equipo y con implementos.<\/li>\n<\/ul>\n<\/div>\n\t\t\t\t\t\t\t\t\t<div class=\"elementor-tab-title elementor-tab-mobile-title\" aria-selected=\"false\" data-tab=\"4\" role=\"tab\" tabindex=\"-1\" aria-controls=\"elementor-tab-content-1734\" aria-expanded=\"false\">M\u00d3DULOS FORMATIVOS<\/div>\n\t\t\t\t\t<div id=\"elementor-tab-content-1734\" class=\"elementor-tab-content elementor-clearfix\" data-tab=\"4\" role=\"tabpanel\" aria-labelledby=\"elementor-tab-title-1734\" tabindex=\"0\" hidden=\"hidden\"><ul>\n<li>Actividades de ocio y tiempo libre.<\/li>\n<li>Dinamizaci\u00f3n grupal.<\/li>\n<li>Valoraci\u00f3n de la Condici\u00f3n F\u00edsica e intervenci\u00f3n de accidentes.<\/li>\n<li>Planificaci\u00f3n de la animaci\u00f3n sociodeportiva.<\/li>\n<li>Juegos y actividades f\u00edsico-recreativas y de animaci\u00f3n tur\u00edstica.<\/li>\n<li>Actividades f\u00edsico-deportivas individuales.<\/li>\n<li>Actividades f\u00edsico-deportivas de equipo.<\/li>\n<li>Actividades f\u00edsico-deportivas de implementos.<\/li>\n<li><span style=\"font-size: inherit;\">Actividades f\u00edsico-deportivas para <\/span>la inclusi\u00f3n social.<\/li>\n<li><span style=\"font-size: inherit;\">Metodolog\u00eda de la ense\u00f1anza<\/span><span style=\"font-size: inherit;\"> de actividades f\u00edsico-deportivas.<\/span><\/li>\n<li><span style=\"font-size: inherit;\">Ingl\u00e9s profesional.<\/span><\/li>\n<li><span style=\"font-size: inherit;\">Digitalizaci\u00f3n aplicada a los sectores<\/span> productivos.<\/li>\n<li><span style=\"font-size: inherit;\">Sostenibilidad aplicada al sistema<\/span> productivo.<\/li>\n<li><span style=\"font-size: inherit;\">Itinerario personal para<\/span> la empleabilidad I.<\/li>\n<li><span style=\"font-size: inherit;\">Itinerario personal para<\/span> la empleabilidad II.<\/li>\n<li><span style=\"font-size: inherit;\">Proyecto intermodular.<\/span><\/li>\n<li><span style=\"font-size: inherit;\">M\u00f3dulo profesional optativo:&nbsp;Ac<\/span>ondicionamiento F\u00edsico I.<\/li>\n<li>M\u00f3dulo profesional optativo: Acondicionamiento F\u00edsico II.<\/li>\n<\/ul>\n<\/div>\n\t\t\t\t\t\t\t<\/div>\n\t\t<\/div>\n\t\t\t\t\t\t<\/div>\n\t\t\t\t<\/div>\n\t\t\t\t\t<\/div>\n\t\t<\/div>\n\t\t\t\t\t<\/div>\n\t\t<\/section>\n\t\t\t\t<section class=\"elementor-section elementor-top-section elementor-element elementor-element-b29bd09 elementor-section-boxed elementor-section-height-default elementor-section-height-default\" data-id=\"b29bd09\" data-element_type=\"section\" data-e-type=\"section\" data-settings=\"{&quot;jet_parallax_layout_list&quot;:[],&quot;background_background&quot;:&quot;classic&quot;}\">\n\t\t\t\t\t\t<div class=\"elementor-container elementor-column-gap-default\">\n\t\t\t\t\t<div class=\"elementor-column elementor-col-100 elementor-top-column elementor-element elementor-element-5ac4b96\" data-id=\"5ac4b96\" data-element_type=\"column\" data-e-type=\"column\">\n\t\t\t<div class=\"elementor-widget-wrap elementor-element-populated\">\n\t\t\t\t\t\t<div class=\"elementor-element elementor-element-f18d6a3 elementor-align-center elementor-widget elementor-widget-button\" data-id=\"f18d6a3\" data-element_type=\"widget\" data-e-type=\"widget\" data-widget_type=\"button.default\">\n\t\t\t\t<div class=\"elementor-widget-container\">\n\t\t\t\t\t\t\t\t\t<div class=\"elementor-button-wrapper\">\n\t\t\t\t\t<a class=\"elementor-button elementor-button-link elementor-size-sm\" href=\"https:\/\/ciclesformatius.es\/es\/me-apunto\/?cicle=CFGS%20Ense\u00f1anza%20y%20Animaci\u00f3n%20Sociodeportiva\">\n\t\t\t\t\t\t<span class=\"elementor-button-content-wrapper\">\n\t\t\t\t\t\t\t\t\t<span class=\"elementor-button-text\">\u00a1Me apunto!<\/span>\n\t\t\t\t\t<\/span>\n\t\t\t\t\t<\/a>\n\t\t\t\t<\/div>\n\t\t\t\t\t\t\t\t<\/div>\n\t\t\t\t<\/div>\n\t\t\t\t\t<\/div>\n\t\t<\/div>\n\t\t\t\t\t<\/div>\n\t\t<\/section>\n\t\t\t\t<section class=\"elementor-section elementor-top-section elementor-element elementor-element-7bcc7aa elementor-section-full_width elementor-section-height-default elementor-section-height-default\" data-id=\"7bcc7aa\" data-element_type=\"section\" data-e-type=\"section\" data-settings=\"{&quot;jet_parallax_layout_list&quot;:[]}\">\n\t\t\t\t\t\t<div class=\"elementor-container elementor-column-gap-default\">\n\t\t\t\t\t<div class=\"elementor-column elementor-col-50 elementor-top-column elementor-element elementor-element-e644bf8\" data-id=\"e644bf8\" data-element_type=\"column\" data-e-type=\"column\" data-settings=\"{&quot;background_background&quot;:&quot;classic&quot;}\">\n\t\t\t<div class=\"elementor-widget-wrap elementor-element-populated\">\n\t\t\t\t\t\t<div class=\"elementor-element elementor-element-dc3cfde elementor-widget elementor-widget-heading\" data-id=\"dc3cfde\" data-element_type=\"widget\" data-e-type=\"widget\" data-widget_type=\"heading.default\">\n\t\t\t\t<div class=\"elementor-widget-container\">\n\t\t\t\t\t<h2 class=\"elementor-heading-title elementor-size-default\">Ciclos Formativos de Grado Superior<\/h2>\t\t\t\t<\/div>\n\t\t\t\t<\/div>\n\t\t\t\t<div class=\"elementor-element elementor-element-5602238 elementor-align-left elementor-widget elementor-widget-button\" data-id=\"5602238\" data-element_type=\"widget\" data-e-type=\"widget\" data-widget_type=\"button.default\">\n\t\t\t\t<div class=\"elementor-widget-container\">\n\t\t\t\t\t\t\t\t\t<div class=\"elementor-button-wrapper\">\n\t\t\t\t\t<a class=\"elementor-button elementor-button-link elementor-size-sm\" href=\"https:\/\/ciclesformatius.es\/es\/ciclos-formativos-de-grado-superior\/\">\n\t\t\t\t\t\t<span class=\"elementor-button-content-wrapper\">\n\t\t\t\t\t\t<span class=\"elementor-button-icon\">\n\t\t\t\t<i aria-hidden=\"true\" class=\"fas fa-arrow-right\"><\/i>\t\t\t<\/span>\n\t\t\t\t\t\t\t\t\t<span class=\"elementor-button-text\">Ver ciclos<\/span>\n\t\t\t\t\t<\/span>\n\t\t\t\t\t<\/a>\n\t\t\t\t<\/div>\n\t\t\t\t\t\t\t\t<\/div>\n\t\t\t\t<\/div>\n\t\t\t\t\t<\/div>\n\t\t<\/div>\n\t\t\t\t<div class=\"elementor-column elementor-col-50 elementor-top-column elementor-element elementor-element-89a876e\" data-id=\"89a876e\" data-element_type=\"column\" data-e-type=\"column\" data-settings=\"{&quot;background_background&quot;:&quot;classic&quot;}\">\n\t\t\t<div class=\"elementor-widget-wrap elementor-element-populated\">\n\t\t\t\t\t\t<div class=\"elementor-element elementor-element-cb6124f elementor-widget elementor-widget-heading\" data-id=\"cb6124f\" data-element_type=\"widget\" data-e-type=\"widget\" data-widget_type=\"heading.default\">\n\t\t\t\t<div class=\"elementor-widget-container\">\n\t\t\t\t\t<h2 class=\"elementor-heading-title elementor-size-default\">Ciclos Formativos de Grado Medio<\/h2>\t\t\t\t<\/div>\n\t\t\t\t<\/div>\n\t\t\t\t<div class=\"elementor-element elementor-element-02d5da8 elementor-align-left elementor-widget elementor-widget-button\" data-id=\"02d5da8\" data-element_type=\"widget\" data-e-type=\"widget\" data-widget_type=\"button.default\">\n\t\t\t\t<div class=\"elementor-widget-container\">\n\t\t\t\t\t\t\t\t\t<div class=\"elementor-button-wrapper\">\n\t\t\t\t\t<a class=\"elementor-button elementor-button-link elementor-size-sm\" href=\"https:\/\/ciclesformatius.es\/es\/ciclos-formativos-de-grado-medio\/\">\n\t\t\t\t\t\t<span class=\"elementor-button-content-wrapper\">\n\t\t\t\t\t\t<span class=\"elementor-button-icon\">\n\t\t\t\t<i aria-hidden=\"true\" class=\"fas fa-arrow-right\"><\/i>\t\t\t<\/span>\n\t\t\t\t\t\t\t\t\t<span class=\"elementor-button-text\">Ver ciclos<\/span>\n\t\t\t\t\t<\/span>\n\t\t\t\t\t<\/a>\n\t\t\t\t<\/div>\n\t\t\t\t\t\t\t\t<\/div>\n\t\t\t\t<\/div>\n\t\t\t\t\t<\/div>\n\t\t<\/div>\n\t\t\t\t\t<\/div>\n\t\t<\/section>\n\t\t\t\t<section class=\"elementor-section elementor-top-section elementor-element elementor-element-97390ae elementor-section-boxed elementor-section-height-default elementor-section-height-default\" data-id=\"97390ae\" data-element_type=\"section\" data-e-type=\"section\" data-settings=\"{&quot;jet_parallax_layout_list&quot;:[]}\">\n\t\t\t\t\t\t<div class=\"elementor-container elementor-column-gap-default\">\n\t\t\t\t\t<div class=\"elementor-column elementor-col-100 elementor-top-column elementor-element elementor-element-9898d25\" data-id=\"9898d25\" data-element_type=\"column\" data-e-type=\"column\">\n\t\t\t<div class=\"elementor-widget-wrap elementor-element-populated\">\n\t\t\t\t\t\t<div class=\"elementor-element elementor-element-2f47424 elementor-widget elementor-widget-image\" data-id=\"2f47424\" data-element_type=\"widget\" data-e-type=\"widget\" data-widget_type=\"image.default\">\n\t\t\t\t<div class=\"elementor-widget-container\">\n\t\t\t\t\t\t\t\t\t\t\t\t\t\t\t<img loading=\"lazy\" decoding=\"async\" width=\"250\" height=\"113\" src=\"https:\/\/ciclesformatius.es\/wp-content\/uploads\/2024\/01\/logo-40.png\" class=\"attachment-full size-full wp-image-3674\" alt=\"Crentre d&#039;Estudis Jaume Balmes - 40 anys\" \/>\t\t\t\t\t\t\t\t\t\t\t\t\t\t\t<\/div>\n\t\t\t\t<\/div>\n\t\t\t\t<div class=\"elementor-element elementor-element-5df33bd elementor-widget elementor-widget-text-editor\" data-id=\"5df33bd\" data-element_type=\"widget\" data-e-type=\"widget\" data-widget_type=\"text-editor.default\">\n\t\t\t\t<div class=\"elementor-widget-container\">\n\t\t\t\t\t\t\t\t\t<p>DESCUBRE EL <span style=\"color: #f19300;\">MUNDO LABORAL<br><\/span> CON EL BALMES<\/p>\t\t\t\t\t\t\t\t<\/div>\n\t\t\t\t<\/div>\n\t\t\t\t<div class=\"elementor-element elementor-element-2acdbcb elementor-widget elementor-widget-text-editor\" data-id=\"2acdbcb\" data-element_type=\"widget\" data-e-type=\"widget\" data-widget_type=\"text-editor.default\">\n\t\t\t\t<div class=\"elementor-widget-container\">\n\t\t\t\t\t\t\t\t\t<p>ATENCI\u00d3N PERSONALIZADA. CLASES PR\u00c1CTICAS.<br> SISTEMA DE EVALUACI\u00d3N A TU MEDIDA. ORIENTACI\u00d3N LABORAL.<\/p>\t\t\t\t\t\t\t\t<\/div>\n\t\t\t\t<\/div>\n\t\t\t\t\t<\/div>\n\t\t<\/div>\n\t\t\t\t\t<\/div>\n\t\t<\/section>\n\t\t\t\t<\/div>\n\t\t","protected":false},"excerpt":{"rendered":"<p>CFGS Ense\u00f1anza y Animaci\u00f3n Sociodeportiva Inicio Atenci\u00f3n personalizada Metodolog\u00eda 100% pr\u00e1ctica FPDual Salidas deconvivencia Orientaci\u00f3n laboral Atenci\u00f3n personalizada. Trabajamos para ti y queremos que te sientas dado como t\u00fa necesitas y que en nuestro ciclo encuentres todo lo que necesitas para tu futuro. Tendr\u00e1s soporte constante de todo nuestro equipo docente. Para poder cumplir esto, &#8230; <a title=\"CFGS Ense\u00f1anza y Animaci\u00f3n Sociodeportiva\" class=\"read-more\" href=\"https:\/\/ciclesformatius.es\/es\/ciclos-formativos-deportes\/cfgs-ensenanza-y-animacion-sociodeportiva\/\" aria-label=\"Leer m\u00e1s sobre CFGS Ense\u00f1anza y Animaci\u00f3n Sociodeportiva\">Leer m\u00e1s<\/a><\/p>\n","protected":false},"author":1,"featured_media":0,"parent":3807,"menu_order":0,"comment_status":"closed","ping_status":"closed","template":"elementor_header_footer","meta":{"inline_featured_image":false,"footnotes":""},"class_list":["post-3817","page","type-page","status-publish"],"yoast_head":"<!-- This site is optimized with the Yoast SEO plugin v27.4 - https:\/\/yoast.com\/product\/yoast-seo-wordpress\/ -->\n<title>CFGS Ense\u00f1anza y Animaci\u00f3n Socio deportiva<\/title>\n<meta name=\"description\" content=\"\u00a1Titulaci\u00f3n oficial y pr\u00e1cticas! F\u00f3rmate con el CFGS Ense\u00f1anza y Animaci\u00f3n Sociodeportiva y convierte tu pasi\u00f3n por el deporte.\" \/>\n<meta name=\"robots\" content=\"index, follow, max-snippet:-1, max-image-preview:large, max-video-preview:-1\" \/>\n<link rel=\"canonical\" href=\"https:\/\/ciclesformatius.es\/es\/ciclos-formativos-deportes\/cfgs-ensenanza-y-animacion-sociodeportiva\/\" \/>\n<meta property=\"og:locale\" content=\"es_ES\" \/>\n<meta property=\"og:type\" content=\"article\" \/>\n<meta property=\"og:title\" content=\"CFGS Ense\u00f1anza y Animaci\u00f3n Socio deportiva\" \/>\n<meta property=\"og:description\" content=\"\u00a1Titulaci\u00f3n oficial y pr\u00e1cticas! F\u00f3rmate con el CFGS Ense\u00f1anza y Animaci\u00f3n Sociodeportiva y convierte tu pasi\u00f3n por el deporte.\" \/>\n<meta property=\"og:url\" content=\"https:\/\/ciclesformatius.es\/es\/ciclos-formativos-deportes\/cfgs-ensenanza-y-animacion-sociodeportiva\/\" \/>\n<meta property=\"og:site_name\" content=\"Cicles Formatius Jaume Balmes\" \/>\n<meta property=\"article:publisher\" content=\"https:\/\/www.facebook.com\/cejaumebalmes\" \/>\n<meta property=\"article:modified_time\" content=\"2026-04-27T10:54:39+00:00\" \/>\n<meta property=\"og:image\" content=\"https:\/\/ciclesformatius.es\/wp-content\/uploads\/2025\/05\/animacio-socioesportiva.jpg\" \/>\n\t<meta property=\"og:image:width\" content=\"800\" \/>\n\t<meta property=\"og:image:height\" content=\"533\" \/>\n\t<meta property=\"og:image:type\" content=\"image\/jpeg\" \/>\n<meta name=\"twitter:card\" content=\"summary_large_image\" \/>\n<meta name=\"twitter:site\" content=\"@cejaumebalmes\" \/>\n<meta name=\"twitter:label1\" content=\"Tiempo de lectura\" \/>\n\t<meta name=\"twitter:data1\" content=\"6 minutos\" \/>\n<script type=\"application\/ld+json\" class=\"yoast-schema-graph\">{\"@context\":\"https:\\\/\\\/schema.org\",\"@graph\":[{\"@type\":\"WebPage\",\"@id\":\"https:\\\/\\\/ciclesformatius.es\\\/es\\\/ciclos-formativos-deportes\\\/cfgs-ensenanza-y-animacion-sociodeportiva\\\/\",\"url\":\"https:\\\/\\\/ciclesformatius.es\\\/es\\\/ciclos-formativos-deportes\\\/cfgs-ensenanza-y-animacion-sociodeportiva\\\/\",\"name\":\"CFGS Ense\u00f1anza y Animaci\u00f3n Socio deportiva\",\"isPartOf\":{\"@id\":\"https:\\\/\\\/ciclesformatius.es\\\/es\\\/#website\"},\"primaryImageOfPage\":{\"@id\":\"https:\\\/\\\/ciclesformatius.es\\\/es\\\/ciclos-formativos-deportes\\\/cfgs-ensenanza-y-animacion-sociodeportiva\\\/#primaryimage\"},\"image\":{\"@id\":\"https:\\\/\\\/ciclesformatius.es\\\/es\\\/ciclos-formativos-deportes\\\/cfgs-ensenanza-y-animacion-sociodeportiva\\\/#primaryimage\"},\"thumbnailUrl\":\"https:\\\/\\\/ciclesformatius.es\\\/wp-content\\\/uploads\\\/2025\\\/05\\\/animacio-socioesportiva.jpg\",\"datePublished\":\"2023-02-09T18:36:15+00:00\",\"dateModified\":\"2026-04-27T10:54:39+00:00\",\"description\":\"\u00a1Titulaci\u00f3n oficial y pr\u00e1cticas! F\u00f3rmate con el CFGS Ense\u00f1anza y Animaci\u00f3n Sociodeportiva y convierte tu pasi\u00f3n por el deporte.\",\"breadcrumb\":{\"@id\":\"https:\\\/\\\/ciclesformatius.es\\\/es\\\/ciclos-formativos-deportes\\\/cfgs-ensenanza-y-animacion-sociodeportiva\\\/#breadcrumb\"},\"inLanguage\":\"es\",\"potentialAction\":[{\"@type\":\"ReadAction\",\"target\":[\"https:\\\/\\\/ciclesformatius.es\\\/es\\\/ciclos-formativos-deportes\\\/cfgs-ensenanza-y-animacion-sociodeportiva\\\/\"]}]},{\"@type\":\"ImageObject\",\"inLanguage\":\"es\",\"@id\":\"https:\\\/\\\/ciclesformatius.es\\\/es\\\/ciclos-formativos-deportes\\\/cfgs-ensenanza-y-animacion-sociodeportiva\\\/#primaryimage\",\"url\":\"https:\\\/\\\/ciclesformatius.es\\\/wp-content\\\/uploads\\\/2025\\\/05\\\/animacio-socioesportiva.jpg\",\"contentUrl\":\"https:\\\/\\\/ciclesformatius.es\\\/wp-content\\\/uploads\\\/2025\\\/05\\\/animacio-socioesportiva.jpg\"},{\"@type\":\"BreadcrumbList\",\"@id\":\"https:\\\/\\\/ciclesformatius.es\\\/es\\\/ciclos-formativos-deportes\\\/cfgs-ensenanza-y-animacion-sociodeportiva\\\/#breadcrumb\",\"itemListElement\":[{\"@type\":\"ListItem\",\"position\":1,\"name\":\"Inici\",\"item\":\"https:\\\/\\\/ciclesformatius.es\\\/es\\\/inicio\\\/\"},{\"@type\":\"ListItem\",\"position\":2,\"name\":\"Ciclos Formativos Familia Profesional Actividades F\u00edsico deportivas\",\"item\":\"https:\\\/\\\/ciclesformatius.es\\\/es\\\/ciclos-formativos-deportes\\\/\"},{\"@type\":\"ListItem\",\"position\":3,\"name\":\"CFGS Ense\u00f1anza y Animaci\u00f3n Sociodeportiva\"}]},{\"@type\":\"WebSite\",\"@id\":\"https:\\\/\\\/ciclesformatius.es\\\/es\\\/#website\",\"url\":\"https:\\\/\\\/ciclesformatius.es\\\/es\\\/\",\"name\":\"Cicles Formatius Jaume Balmes\",\"description\":\"\",\"publisher\":{\"@id\":\"https:\\\/\\\/ciclesformatius.es\\\/es\\\/#organization\"},\"potentialAction\":[{\"@type\":\"SearchAction\",\"target\":{\"@type\":\"EntryPoint\",\"urlTemplate\":\"https:\\\/\\\/ciclesformatius.es\\\/es\\\/?s={search_term_string}\"},\"query-input\":{\"@type\":\"PropertyValueSpecification\",\"valueRequired\":true,\"valueName\":\"search_term_string\"}}],\"inLanguage\":\"es\"},{\"@type\":\"Organization\",\"@id\":\"https:\\\/\\\/ciclesformatius.es\\\/es\\\/#organization\",\"name\":\"Centre d'Estudis Jaume Balmes\",\"url\":\"https:\\\/\\\/ciclesformatius.es\\\/es\\\/\",\"logo\":{\"@type\":\"ImageObject\",\"inLanguage\":\"es\",\"@id\":\"https:\\\/\\\/ciclesformatius.es\\\/es\\\/#\\\/schema\\\/logo\\\/image\\\/\",\"url\":\"https:\\\/\\\/ciclesformatius.es\\\/wp-content\\\/uploads\\\/2023\\\/01\\\/balmes-01.svg\",\"contentUrl\":\"https:\\\/\\\/ciclesformatius.es\\\/wp-content\\\/uploads\\\/2023\\\/01\\\/balmes-01.svg\",\"caption\":\"Centre d'Estudis Jaume Balmes\"},\"image\":{\"@id\":\"https:\\\/\\\/ciclesformatius.es\\\/es\\\/#\\\/schema\\\/logo\\\/image\\\/\"},\"sameAs\":[\"https:\\\/\\\/www.facebook.com\\\/cejaumebalmes\",\"https:\\\/\\\/x.com\\\/cejaumebalmes\"]}]}<\/script>\n<!-- \/ Yoast SEO plugin. -->","yoast_head_json":{"title":"CFGS Ense\u00f1anza y Animaci\u00f3n Socio deportiva","description":"\u00a1Titulaci\u00f3n oficial y pr\u00e1cticas! F\u00f3rmate con el CFGS Ense\u00f1anza y Animaci\u00f3n Sociodeportiva y convierte tu pasi\u00f3n por el deporte.","robots":{"index":"index","follow":"follow","max-snippet":"max-snippet:-1","max-image-preview":"max-image-preview:large","max-video-preview":"max-video-preview:-1"},"canonical":"https:\/\/ciclesformatius.es\/es\/ciclos-formativos-deportes\/cfgs-ensenanza-y-animacion-sociodeportiva\/","og_locale":"es_ES","og_type":"article","og_title":"CFGS Ense\u00f1anza y Animaci\u00f3n Socio deportiva","og_description":"\u00a1Titulaci\u00f3n oficial y pr\u00e1cticas! F\u00f3rmate con el CFGS Ense\u00f1anza y Animaci\u00f3n Sociodeportiva y convierte tu pasi\u00f3n por el deporte.","og_url":"https:\/\/ciclesformatius.es\/es\/ciclos-formativos-deportes\/cfgs-ensenanza-y-animacion-sociodeportiva\/","og_site_name":"Cicles Formatius Jaume Balmes","article_publisher":"https:\/\/www.facebook.com\/cejaumebalmes","article_modified_time":"2026-04-27T10:54:39+00:00","og_image":[{"width":800,"height":533,"url":"https:\/\/ciclesformatius.es\/wp-content\/uploads\/2025\/05\/animacio-socioesportiva.jpg","type":"image\/jpeg"}],"twitter_card":"summary_large_image","twitter_site":"@cejaumebalmes","twitter_misc":{"Tiempo de lectura":"6 minutos"},"schema":{"@context":"https:\/\/schema.org","@graph":[{"@type":"WebPage","@id":"https:\/\/ciclesformatius.es\/es\/ciclos-formativos-deportes\/cfgs-ensenanza-y-animacion-sociodeportiva\/","url":"https:\/\/ciclesformatius.es\/es\/ciclos-formativos-deportes\/cfgs-ensenanza-y-animacion-sociodeportiva\/","name":"CFGS Ense\u00f1anza y Animaci\u00f3n Socio deportiva","isPartOf":{"@id":"https:\/\/ciclesformatius.es\/es\/#website"},"primaryImageOfPage":{"@id":"https:\/\/ciclesformatius.es\/es\/ciclos-formativos-deportes\/cfgs-ensenanza-y-animacion-sociodeportiva\/#primaryimage"},"image":{"@id":"https:\/\/ciclesformatius.es\/es\/ciclos-formativos-deportes\/cfgs-ensenanza-y-animacion-sociodeportiva\/#primaryimage"},"thumbnailUrl":"https:\/\/ciclesformatius.es\/wp-content\/uploads\/2025\/05\/animacio-socioesportiva.jpg","datePublished":"2023-02-09T18:36:15+00:00","dateModified":"2026-04-27T10:54:39+00:00","description":"\u00a1Titulaci\u00f3n oficial y pr\u00e1cticas! F\u00f3rmate con el CFGS Ense\u00f1anza y Animaci\u00f3n Sociodeportiva y convierte tu pasi\u00f3n por el deporte.","breadcrumb":{"@id":"https:\/\/ciclesformatius.es\/es\/ciclos-formativos-deportes\/cfgs-ensenanza-y-animacion-sociodeportiva\/#breadcrumb"},"inLanguage":"es","potentialAction":[{"@type":"ReadAction","target":["https:\/\/ciclesformatius.es\/es\/ciclos-formativos-deportes\/cfgs-ensenanza-y-animacion-sociodeportiva\/"]}]},{"@type":"ImageObject","inLanguage":"es","@id":"https:\/\/ciclesformatius.es\/es\/ciclos-formativos-deportes\/cfgs-ensenanza-y-animacion-sociodeportiva\/#primaryimage","url":"https:\/\/ciclesformatius.es\/wp-content\/uploads\/2025\/05\/animacio-socioesportiva.jpg","contentUrl":"https:\/\/ciclesformatius.es\/wp-content\/uploads\/2025\/05\/animacio-socioesportiva.jpg"},{"@type":"BreadcrumbList","@id":"https:\/\/ciclesformatius.es\/es\/ciclos-formativos-deportes\/cfgs-ensenanza-y-animacion-sociodeportiva\/#breadcrumb","itemListElement":[{"@type":"ListItem","position":1,"name":"Inici","item":"https:\/\/ciclesformatius.es\/es\/inicio\/"},{"@type":"ListItem","position":2,"name":"Ciclos Formativos Familia Profesional Actividades F\u00edsico deportivas","item":"https:\/\/ciclesformatius.es\/es\/ciclos-formativos-deportes\/"},{"@type":"ListItem","position":3,"name":"CFGS Ense\u00f1anza y Animaci\u00f3n Sociodeportiva"}]},{"@type":"WebSite","@id":"https:\/\/ciclesformatius.es\/es\/#website","url":"https:\/\/ciclesformatius.es\/es\/","name":"Cicles Formatius Jaume Balmes","description":"","publisher":{"@id":"https:\/\/ciclesformatius.es\/es\/#organization"},"potentialAction":[{"@type":"SearchAction","target":{"@type":"EntryPoint","urlTemplate":"https:\/\/ciclesformatius.es\/es\/?s={search_term_string}"},"query-input":{"@type":"PropertyValueSpecification","valueRequired":true,"valueName":"search_term_string"}}],"inLanguage":"es"},{"@type":"Organization","@id":"https:\/\/ciclesformatius.es\/es\/#organization","name":"Centre d'Estudis Jaume Balmes","url":"https:\/\/ciclesformatius.es\/es\/","logo":{"@type":"ImageObject","inLanguage":"es","@id":"https:\/\/ciclesformatius.es\/es\/#\/schema\/logo\/image\/","url":"https:\/\/ciclesformatius.es\/wp-content\/uploads\/2023\/01\/balmes-01.svg","contentUrl":"https:\/\/ciclesformatius.es\/wp-content\/uploads\/2023\/01\/balmes-01.svg","caption":"Centre d'Estudis Jaume Balmes"},"image":{"@id":"https:\/\/ciclesformatius.es\/es\/#\/schema\/logo\/image\/"},"sameAs":["https:\/\/www.facebook.com\/cejaumebalmes","https:\/\/x.com\/cejaumebalmes"]}]}},"_links":{"self":[{"href":"https:\/\/ciclesformatius.es\/es\/wp-json\/wp\/v2\/pages\/3817","targetHints":{"allow":["GET"]}}],"collection":[{"href":"https:\/\/ciclesformatius.es\/es\/wp-json\/wp\/v2\/pages"}],"about":[{"href":"https:\/\/ciclesformatius.es\/es\/wp-json\/wp\/v2\/types\/page"}],"author":[{"embeddable":true,"href":"https:\/\/ciclesformatius.es\/es\/wp-json\/wp\/v2\/users\/1"}],"replies":[{"embeddable":true,"href":"https:\/\/ciclesformatius.es\/es\/wp-json\/wp\/v2\/comments?post=3817"}],"version-history":[{"count":11,"href":"https:\/\/ciclesformatius.es\/es\/wp-json\/wp\/v2\/pages\/3817\/revisions"}],"predecessor-version":[{"id":5119,"href":"https:\/\/ciclesformatius.es\/es\/wp-json\/wp\/v2\/pages\/3817\/revisions\/5119"}],"up":[{"embeddable":true,"href":"https:\/\/ciclesformatius.es\/es\/wp-json\/wp\/v2\/pages\/3807"}],"wp:attachment":[{"href":"https:\/\/ciclesformatius.es\/es\/wp-json\/wp\/v2\/media?parent=3817"}],"curies":[{"name":"wp","href":"https:\/\/api.w.org\/{rel}","templated":true}]}}