{"id":3815,"date":"2023-02-09T17:36:51","date_gmt":"2023-02-09T17:36:51","guid":{"rendered":"https:\/\/ciclesformatius.es\/ciclos-formativos-deportes\/cfgm-guia-en-el-medio-natural-y-de-tiempo-de-ocio\/"},"modified":"2026-04-27T11:07:40","modified_gmt":"2026-04-27T11:07:40","slug":"cfgm-guia-en-el-medio-natural-y-de-tiempo-de-ocio","status":"publish","type":"page","link":"https:\/\/ciclesformatius.es\/es\/ciclos-formativos-deportes\/cfgm-guia-en-el-medio-natural-y-de-tiempo-de-ocio\/","title":{"rendered":"CFGM Gu\u00eda en el Medio natural y de Tiempo libre"},"content":{"rendered":"\t\t<div data-elementor-type=\"wp-page\" data-elementor-id=\"3815\" class=\"elementor elementor-3815 elementor-854\" data-elementor-post-type=\"page\">\n\t\t\t\t\t\t<section class=\"elementor-section elementor-top-section elementor-element elementor-element-2d6c23aa elementor-section-full_width elementor-section-height-default elementor-section-height-default\" data-id=\"2d6c23aa\" data-element_type=\"section\" data-e-type=\"section\" data-settings=\"{&quot;jet_parallax_layout_list&quot;:[],&quot;background_background&quot;:&quot;classic&quot;}\">\n\t\t\t\t\t\t<div class=\"elementor-container elementor-column-gap-no\">\n\t\t\t\t\t<div class=\"elementor-column elementor-col-100 elementor-top-column elementor-element elementor-element-17e649e\" data-id=\"17e649e\" data-element_type=\"column\" data-e-type=\"column\">\n\t\t\t<div class=\"elementor-widget-wrap elementor-element-populated\">\n\t\t\t\t\t\t<div class=\"elementor-element elementor-element-e8f136a elementor-widget elementor-widget-heading\" data-id=\"e8f136a\" data-element_type=\"widget\" data-e-type=\"widget\" data-widget_type=\"heading.default\">\n\t\t\t\t<div class=\"elementor-widget-container\">\n\t\t\t\t\t<h1 class=\"elementor-heading-title elementor-size-default\">CFGM Gu\u00eda en el Medio natural y de Tiempo libre<\/h1>\t\t\t\t<\/div>\n\t\t\t\t<\/div>\n\t\t\t\t\t<\/div>\n\t\t<\/div>\n\t\t\t\t\t<\/div>\n\t\t<\/section>\n\t\t\t\t<section class=\"elementor-section elementor-top-section elementor-element elementor-element-d84f386 elementor-section-boxed elementor-section-height-default elementor-section-height-default\" data-id=\"d84f386\" data-element_type=\"section\" data-e-type=\"section\" data-settings=\"{&quot;jet_parallax_layout_list&quot;:[],&quot;background_background&quot;:&quot;classic&quot;}\">\n\t\t\t\t\t\t<div class=\"elementor-container elementor-column-gap-default\">\n\t\t\t\t\t<div class=\"elementor-column elementor-col-100 elementor-top-column elementor-element elementor-element-c197dab\" data-id=\"c197dab\" data-element_type=\"column\" data-e-type=\"column\">\n\t\t\t<div class=\"elementor-widget-wrap elementor-element-populated\">\n\t\t\t\t\t\t<div class=\"elementor-element elementor-element-d9c3bda elementor-widget elementor-widget-jet-breadcrumbs\" data-id=\"d9c3bda\" data-element_type=\"widget\" data-e-type=\"widget\" data-widget_type=\"jet-breadcrumbs.default\">\n\t\t\t\t<div class=\"elementor-widget-container\">\n\t\t\t\t\t<div class=\"elementor-jet-breadcrumbs jet-blocks\">\n\t\t<div class=\"jet-breadcrumbs\">\n\t\t<div class=\"jet-breadcrumbs__content\">\n\t\t<div class=\"jet-breadcrumbs__wrap\"><div class=\"jet-breadcrumbs__item\"><a href=\"https:\/\/ciclesformatius.es\/es\/\" class=\"jet-breadcrumbs__item-link is-home\" rel=\"home\" title=\"Inicio\">Inicio<\/a><\/div>\n\t\t<\/div>\n\t\t<\/div>\n\t\t<\/div><\/div>\t\t\t\t<\/div>\n\t\t\t\t<\/div>\n\t\t\t\t\t<\/div>\n\t\t<\/div>\n\t\t\t\t\t<\/div>\n\t\t<\/section>\n\t\t\t\t<section class=\"elementor-section elementor-top-section elementor-element elementor-element-750726f elementor-section-boxed elementor-section-height-default elementor-section-height-default\" data-id=\"750726f\" data-element_type=\"section\" data-e-type=\"section\" data-settings=\"{&quot;jet_parallax_layout_list&quot;:[],&quot;background_background&quot;:&quot;classic&quot;}\">\n\t\t\t\t\t\t<div class=\"elementor-container elementor-column-gap-default\">\n\t\t\t\t\t<div class=\"elementor-column elementor-col-50 elementor-top-column elementor-element elementor-element-907c1b8\" data-id=\"907c1b8\" data-element_type=\"column\" data-e-type=\"column\">\n\t\t\t<div class=\"elementor-widget-wrap elementor-element-populated\">\n\t\t\t\t\t\t<div class=\"elementor-element elementor-element-efceac1 elementor-widget elementor-widget-video\" data-id=\"efceac1\" data-element_type=\"widget\" data-e-type=\"widget\" data-settings=\"{&quot;youtube_url&quot;:&quot;https:\\\/\\\/www.youtube.com\\\/watch?v=DepSy7r_wwU&quot;,&quot;video_type&quot;:&quot;youtube&quot;,&quot;controls&quot;:&quot;yes&quot;}\" data-widget_type=\"video.default\">\n\t\t\t\t<div class=\"elementor-widget-container\">\n\t\t\t\t\t\t\t<div class=\"elementor-wrapper elementor-open-inline\">\n\t\t\t<div class=\"elementor-video\"><\/div>\t\t<\/div>\n\t\t\t\t\t\t<\/div>\n\t\t\t\t<\/div>\n\t\t\t\t<div class=\"elementor-element elementor-element-52bb8aa elementor-align-center elementor-widget elementor-widget-button\" data-id=\"52bb8aa\" data-element_type=\"widget\" data-e-type=\"widget\" data-widget_type=\"button.default\">\n\t\t\t\t<div class=\"elementor-widget-container\">\n\t\t\t\t\t\t\t\t\t<div class=\"elementor-button-wrapper\">\n\t\t\t\t\t<a class=\"elementor-button elementor-button-link elementor-size-sm\" href=\"https:\/\/ciclesformatius.es\/es\/mas-informacion-2\/?cicle=CFGM%20Gu\u00eda%20en%20el%20Medio%20natural%20y%20de%20Tiempo%20de%20Ocio\">\n\t\t\t\t\t\t<span class=\"elementor-button-content-wrapper\">\n\t\t\t\t\t\t\t\t\t<span class=\"elementor-button-text\">M\u00e1s informaci\u00f3n<\/span>\n\t\t\t\t\t<\/span>\n\t\t\t\t\t<\/a>\n\t\t\t\t<\/div>\n\t\t\t\t\t\t\t\t<\/div>\n\t\t\t\t<\/div>\n\t\t\t\t\t<\/div>\n\t\t<\/div>\n\t\t\t\t<div class=\"elementor-column elementor-col-50 elementor-top-column elementor-element elementor-element-c66c457\" data-id=\"c66c457\" data-element_type=\"column\" data-e-type=\"column\">\n\t\t\t<div class=\"elementor-widget-wrap elementor-element-populated\">\n\t\t\t\t\t\t<div class=\"elementor-element elementor-element-3e372d5 elementor-widget elementor-widget-jet-carousel\" data-id=\"3e372d5\" data-element_type=\"widget\" data-e-type=\"widget\" data-settings=\"{&quot;slides_to_show&quot;:&quot;1&quot;,&quot;slides_to_scroll&quot;:&quot;1&quot;}\" data-widget_type=\"jet-carousel.default\">\n\t\t\t\t<div class=\"elementor-widget-container\">\n\t\t\t\t\t<div class=\"elementor-jet-carousel jet-elements\"><div class=\"jet-carousel-wrap jet-equal-cols\">\n\t<div class=\"jet-carousel\" data-slider_options=\"{&quot;autoplaySpeed&quot;:5000,&quot;autoplay&quot;:true,&quot;infinite&quot;:true,&quot;centerMode&quot;:false,&quot;centerPadding&quot;:&quot;50px&quot;,&quot;pauseOnHover&quot;:false,&quot;speed&quot;:500,&quot;arrows&quot;:true,&quot;dots&quot;:false,&quot;variableWidth&quot;:false,&quot;prevArrow&quot;:&quot;.jet-carousel__prev-arrow-3e372d5&quot;,&quot;nextArrow&quot;:&quot;.jet-carousel__next-arrow-3e372d5&quot;,&quot;rtl&quot;:false,&quot;fractionNav&quot;:false,&quot;fade&quot;:false}\" dir=\"ltr\">\n\t<div class=\"elementor-slick-slider\">\n\n<div class=\"jet-carousel__item\">\n\t<div class=\"jet-carousel__item-inner\"><a href=\"#\" class=\"jet-carousel__item-link\" ><img decoding=\"async\" src=\"https:\/\/ciclesformatius.es\/wp-content\/uploads\/2025\/03\/medi-ambient.jpg\" class=\"jet-carousel__item-img\" alt=\"medi ambient\" loading=\"lazy\"><\/a><div class=\"jet-carousel__content\"><\/div><\/div>\n<\/div>\n<\/div><div class=\"jet-carousel__prev-arrow-3e372d5 jet-arrow prev-arrow\"><i aria-hidden=\"true\" class=\"fas fa-angle-left\"><\/i><\/div><div class=\"jet-carousel__next-arrow-3e372d5 jet-arrow next-arrow\"><i aria-hidden=\"true\" class=\"fas fa-angle-right\"><\/i><\/div><\/div>\n<\/div>\n<\/div>\t\t\t\t<\/div>\n\t\t\t\t<\/div>\n\t\t\t\t<div class=\"elementor-element elementor-element-50ba3d1 elementor-align-center elementor-widget elementor-widget-button\" data-id=\"50ba3d1\" data-element_type=\"widget\" data-e-type=\"widget\" data-widget_type=\"button.default\">\n\t\t\t\t<div class=\"elementor-widget-container\">\n\t\t\t\t\t\t\t\t\t<div class=\"elementor-button-wrapper\">\n\t\t\t\t\t<a class=\"elementor-button elementor-button-link elementor-size-sm\" href=\"https:\/\/ciclesformatius.es\/es\/me-apunto\/?cicle=CFGM%20Gu\u00eda%20en%20el%20Medio%20Natural%20y%20de%20Tiempo%20Libre\">\n\t\t\t\t\t\t<span class=\"elementor-button-content-wrapper\">\n\t\t\t\t\t\t\t\t\t<span class=\"elementor-button-text\">\u00a1Me apunto!<\/span>\n\t\t\t\t\t<\/span>\n\t\t\t\t\t<\/a>\n\t\t\t\t<\/div>\n\t\t\t\t\t\t\t\t<\/div>\n\t\t\t\t<\/div>\n\t\t\t\t\t<\/div>\n\t\t<\/div>\n\t\t\t\t\t<\/div>\n\t\t<\/section>\n\t\t\t\t<section class=\"elementor-section elementor-top-section elementor-element elementor-element-e764827 elementor-section-boxed elementor-section-height-default elementor-section-height-default\" data-id=\"e764827\" data-element_type=\"section\" data-e-type=\"section\" data-settings=\"{&quot;jet_parallax_layout_list&quot;:[]}\">\n\t\t\t\t\t\t<div class=\"elementor-container elementor-column-gap-default\">\n\t\t\t\t\t<div class=\"elementor-column elementor-col-20 elementor-top-column elementor-element elementor-element-687ed60\" data-id=\"687ed60\" data-element_type=\"column\" data-e-type=\"column\">\n\t\t\t<div class=\"elementor-widget-wrap elementor-element-populated\">\n\t\t\t\t\t\t<div class=\"elementor-element elementor-element-bedd006 elementor-widget elementor-widget-image\" data-id=\"bedd006\" data-element_type=\"widget\" data-e-type=\"widget\" data-widget_type=\"image.default\">\n\t\t\t\t<div class=\"elementor-widget-container\">\n\t\t\t\t\t\t\t\t\t\t\t\t\t\t\t<img decoding=\"async\" width=\"199\" height=\"195\" src=\"https:\/\/ciclesformatius.es\/wp-content\/uploads\/2024\/02\/atencio-personalitzada.jpg\" class=\"attachment-full size-full wp-image-3729\" alt=\"Logo\" \/>\t\t\t\t\t\t\t\t\t\t\t\t\t\t\t<\/div>\n\t\t\t\t<\/div>\n\t\t\t\t<div class=\"elementor-element elementor-element-4b77af3 elementor-widget elementor-widget-text-editor\" data-id=\"4b77af3\" data-element_type=\"widget\" data-e-type=\"widget\" data-widget_type=\"text-editor.default\">\n\t\t\t\t<div class=\"elementor-widget-container\">\n\t\t\t\t\t\t\t\t\t<p style=\"text-align: center;\">Atenci\u00f3n<br> personalizada<\/p>\t\t\t\t\t\t\t\t<\/div>\n\t\t\t\t<\/div>\n\t\t\t\t\t<\/div>\n\t\t<\/div>\n\t\t\t\t<div class=\"elementor-column elementor-col-20 elementor-top-column elementor-element elementor-element-ecdfc63\" data-id=\"ecdfc63\" data-element_type=\"column\" data-e-type=\"column\">\n\t\t\t<div class=\"elementor-widget-wrap elementor-element-populated\">\n\t\t\t\t\t\t<div class=\"elementor-element elementor-element-b9b43a3 elementor-widget elementor-widget-image\" data-id=\"b9b43a3\" data-element_type=\"widget\" data-e-type=\"widget\" data-widget_type=\"image.default\">\n\t\t\t\t<div class=\"elementor-widget-container\">\n\t\t\t\t\t\t\t\t\t\t\t\t\t\t\t<img decoding=\"async\" width=\"199\" height=\"195\" src=\"https:\/\/ciclesformatius.es\/wp-content\/uploads\/2024\/02\/metodologia.jpg\" class=\"attachment-full size-full wp-image-3730\" alt=\"Icona Metodologia 100% pr\u00e0ctica\" \/>\t\t\t\t\t\t\t\t\t\t\t\t\t\t\t<\/div>\n\t\t\t\t<\/div>\n\t\t\t\t<div class=\"elementor-element elementor-element-ad1be7f elementor-widget elementor-widget-text-editor\" data-id=\"ad1be7f\" data-element_type=\"widget\" data-e-type=\"widget\" data-widget_type=\"text-editor.default\">\n\t\t\t\t<div class=\"elementor-widget-container\">\n\t\t\t\t\t\t\t\t\t<p style=\"text-align: center;\">Metodolog\u00eda<br> 100% pr\u00e1ctica<\/p>\t\t\t\t\t\t\t\t<\/div>\n\t\t\t\t<\/div>\n\t\t\t\t\t<\/div>\n\t\t<\/div>\n\t\t\t\t<div class=\"elementor-column elementor-col-20 elementor-top-column elementor-element elementor-element-62c176e\" data-id=\"62c176e\" data-element_type=\"column\" data-e-type=\"column\">\n\t\t\t<div class=\"elementor-widget-wrap elementor-element-populated\">\n\t\t\t\t\t\t<div class=\"elementor-element elementor-element-f7a3327 elementor-widget elementor-widget-image\" data-id=\"f7a3327\" data-element_type=\"widget\" data-e-type=\"widget\" data-widget_type=\"image.default\">\n\t\t\t\t<div class=\"elementor-widget-container\">\n\t\t\t\t\t\t\t\t\t\t\t\t\t\t\t<img decoding=\"async\" width=\"199\" height=\"195\" src=\"https:\/\/ciclesformatius.es\/wp-content\/uploads\/2024\/02\/fp-dual-2.jpg\" class=\"attachment-full size-full wp-image-3722\" alt=\"Icona Formaci\u00f3n Profesional dual\" \/>\t\t\t\t\t\t\t\t\t\t\t\t\t\t\t<\/div>\n\t\t\t\t<\/div>\n\t\t\t\t<div class=\"elementor-element elementor-element-40fa89a elementor-widget elementor-widget-text-editor\" data-id=\"40fa89a\" data-element_type=\"widget\" data-e-type=\"widget\" data-widget_type=\"text-editor.default\">\n\t\t\t\t<div class=\"elementor-widget-container\">\n\t\t\t\t\t\t\t\t\t<p style=\"text-align: center;\">FP<br>Dual<\/p>\t\t\t\t\t\t\t\t<\/div>\n\t\t\t\t<\/div>\n\t\t\t\t\t<\/div>\n\t\t<\/div>\n\t\t\t\t<div class=\"elementor-column elementor-col-20 elementor-top-column elementor-element elementor-element-6e94ebb\" data-id=\"6e94ebb\" data-element_type=\"column\" data-e-type=\"column\">\n\t\t\t<div class=\"elementor-widget-wrap elementor-element-populated\">\n\t\t\t\t\t\t<div class=\"elementor-element elementor-element-be69a92 elementor-widget elementor-widget-image\" data-id=\"be69a92\" data-element_type=\"widget\" data-e-type=\"widget\" data-widget_type=\"image.default\">\n\t\t\t\t<div class=\"elementor-widget-container\">\n\t\t\t\t\t\t\t\t\t\t\t\t\t\t\t<img loading=\"lazy\" decoding=\"async\" width=\"133\" height=\"131\" src=\"https:\/\/ciclesformatius.es\/wp-content\/uploads\/2025\/03\/sortides.jpg\" class=\"attachment-full size-full wp-image-3763\" alt=\"grado superior en guia en el medio natural y de tiempo libre\" \/>\t\t\t\t\t\t\t\t\t\t\t\t\t\t\t<\/div>\n\t\t\t\t<\/div>\n\t\t\t\t<div class=\"elementor-element elementor-element-90b2b88 elementor-widget elementor-widget-text-editor\" data-id=\"90b2b88\" data-element_type=\"widget\" data-e-type=\"widget\" data-widget_type=\"text-editor.default\">\n\t\t\t\t<div class=\"elementor-widget-container\">\n\t\t\t\t\t\t\t\t\t<p style=\"text-align: center;\">Salidas de convivencia<\/p>\t\t\t\t\t\t\t\t<\/div>\n\t\t\t\t<\/div>\n\t\t\t\t\t<\/div>\n\t\t<\/div>\n\t\t\t\t<div class=\"elementor-column elementor-col-20 elementor-top-column elementor-element elementor-element-debae5e\" data-id=\"debae5e\" data-element_type=\"column\" data-e-type=\"column\">\n\t\t\t<div class=\"elementor-widget-wrap elementor-element-populated\">\n\t\t\t\t\t\t<div class=\"elementor-element elementor-element-e5f1035 elementor-widget elementor-widget-image\" data-id=\"e5f1035\" data-element_type=\"widget\" data-e-type=\"widget\" data-widget_type=\"image.default\">\n\t\t\t\t<div class=\"elementor-widget-container\">\n\t\t\t\t\t\t\t\t\t\t\t\t\t\t\t<img loading=\"lazy\" decoding=\"async\" width=\"199\" height=\"195\" src=\"https:\/\/ciclesformatius.es\/wp-content\/uploads\/2024\/02\/orientacio-laboral.jpg\" class=\"attachment-full size-full wp-image-3724\" alt=\"Icona orientaci\u00f3 laboral\" \/>\t\t\t\t\t\t\t\t\t\t\t\t\t\t\t<\/div>\n\t\t\t\t<\/div>\n\t\t\t\t<div class=\"elementor-element elementor-element-eb100ba elementor-widget elementor-widget-text-editor\" data-id=\"eb100ba\" data-element_type=\"widget\" data-e-type=\"widget\" data-widget_type=\"text-editor.default\">\n\t\t\t\t<div class=\"elementor-widget-container\">\n\t\t\t\t\t\t\t\t\t<p style=\"text-align: center;\">Orientaci\u00f3n<br> laboral<\/p>\t\t\t\t\t\t\t\t<\/div>\n\t\t\t\t<\/div>\n\t\t\t\t\t<\/div>\n\t\t<\/div>\n\t\t\t\t\t<\/div>\n\t\t<\/section>\n\t\t\t\t<section class=\"elementor-section elementor-top-section elementor-element elementor-element-3d26024 elementor-section-boxed elementor-section-height-default elementor-section-height-default\" data-id=\"3d26024\" data-element_type=\"section\" data-e-type=\"section\" data-settings=\"{&quot;jet_parallax_layout_list&quot;:[],&quot;background_background&quot;:&quot;classic&quot;}\">\n\t\t\t\t\t\t<div class=\"elementor-container elementor-column-gap-default\">\n\t\t\t\t\t<div class=\"elementor-column elementor-col-100 elementor-top-column elementor-element elementor-element-acac899\" data-id=\"acac899\" data-element_type=\"column\" data-e-type=\"column\">\n\t\t\t<div class=\"elementor-widget-wrap elementor-element-populated\">\n\t\t\t\t\t\t<div class=\"elementor-element elementor-element-38dfc99 elementor-widget elementor-widget-text-editor\" data-id=\"38dfc99\" data-element_type=\"widget\" data-e-type=\"widget\" data-widget_type=\"text-editor.default\">\n\t\t\t\t<div class=\"elementor-widget-container\">\n\t\t\t\t\t\t\t\t\t<ul><li><strong>Atenci\u00f3n personalizada.<\/strong> Trabajamos para ti y queremos que te sientas dado como t\u00fa necesitas y que en nuestro ciclo encuentres todo lo que necesitas para tu futuro. Tendr\u00e1s soporte constante de todo nuestro equipo docente. Para poder cumplir esto, disponemos de menos ratio de alumnos en asignaturas pr\u00e1cticas, donde encontramos a dos profesores impartiendo la sesi\u00f3n (nataci\u00f3n, deportes colectivos, escalada, bicicleta). <\/li><li>Adem\u00e1s de las instalaciones que tenemos en nuestro centro, hacemos actividades en <strong>centros deportivos y centros de natura<\/strong> para que pod\u00e1is tener experiencias de aprendizaje en un contexto real.<\/li><li>El centro programa diferentes <strong>salidas de convivencia <\/strong>para fomentar y asimilar los conceptos trabajados en el aula (esqu\u00ed, barrancos, actividades acu\u00e1ticas, etc.).<\/li><li><strong>Colaboramos con diferentes entidades deportivas y diferentes proyectos<\/strong>, como por ejemplo el proyecto con alumnos de diversidad funcional haciendo actividades l\u00fadico-deportivas con el Ayuntamiento de Cornell\u00e0. Tambi\u00e9n colaboramos con las diferentes etapas de nuestro centro, haciendo actividades para el alumnado de primaria o ESO. <\/li><li><strong>Orientaci\u00f3n laboral<\/strong>, donde disfrutar\u00e1s del acompa\u00f1amiento y asesoramiento personalizado de expertos de la familia profesional elegida. Adem\u00e1s, tambi\u00e9n ofrecemos <strong>bolsa de trabajo.<\/strong> <\/li><\/ul>\t\t\t\t\t\t\t\t<\/div>\n\t\t\t\t<\/div>\n\t\t\t\t\t<\/div>\n\t\t<\/div>\n\t\t\t\t\t<\/div>\n\t\t<\/section>\n\t\t\t\t<section class=\"elementor-section elementor-top-section elementor-element elementor-element-e91d140 elementor-section-boxed elementor-section-height-default elementor-section-height-default\" data-id=\"e91d140\" data-element_type=\"section\" data-e-type=\"section\" data-settings=\"{&quot;jet_parallax_layout_list&quot;:[],&quot;background_background&quot;:&quot;classic&quot;}\">\n\t\t\t\t\t\t<div class=\"elementor-container elementor-column-gap-default\">\n\t\t\t\t\t<div class=\"elementor-column elementor-col-100 elementor-top-column elementor-element elementor-element-fff8861\" data-id=\"fff8861\" data-element_type=\"column\" data-e-type=\"column\">\n\t\t\t<div class=\"elementor-widget-wrap elementor-element-populated\">\n\t\t\t\t\t\t<div class=\"elementor-element elementor-element-20cbac6 elementor-widget elementor-widget-text-editor\" data-id=\"20cbac6\" data-element_type=\"widget\" data-e-type=\"widget\" data-widget_type=\"text-editor.default\">\n\t\t\t\t<div class=\"elementor-widget-container\">\n\t\t\t\t\t\t\t\t\t<p>\u00bfPOR QU\u00c9 ESCOGER <span style=\"color: #f19300;\">EL BALMES<\/span> ?<\/p>\t\t\t\t\t\t\t\t<\/div>\n\t\t\t\t<\/div>\n\t\t\t\t\t<\/div>\n\t\t<\/div>\n\t\t\t\t\t<\/div>\n\t\t<\/section>\n\t\t\t\t<section class=\"elementor-section elementor-top-section elementor-element elementor-element-a85a335 elementor-section-boxed elementor-section-height-default elementor-section-height-default\" data-id=\"a85a335\" data-element_type=\"section\" data-e-type=\"section\" data-settings=\"{&quot;jet_parallax_layout_list&quot;:[],&quot;background_background&quot;:&quot;classic&quot;}\">\n\t\t\t\t\t\t<div class=\"elementor-container elementor-column-gap-default\">\n\t\t\t\t\t<div class=\"elementor-column elementor-col-33 elementor-top-column elementor-element elementor-element-3a1342b\" data-id=\"3a1342b\" data-element_type=\"column\" data-e-type=\"column\" data-settings=\"{&quot;background_background&quot;:&quot;classic&quot;}\">\n\t\t\t<div class=\"elementor-widget-wrap elementor-element-populated\">\n\t\t\t\t\t\t<div class=\"elementor-element elementor-element-48954fb elementor-widget elementor-widget-image\" data-id=\"48954fb\" data-element_type=\"widget\" data-e-type=\"widget\" data-widget_type=\"image.default\">\n\t\t\t\t<div class=\"elementor-widget-container\">\n\t\t\t\t\t\t\t\t\t\t\t\t\t\t\t<img loading=\"lazy\" decoding=\"async\" width=\"148\" height=\"145\" src=\"https:\/\/ciclesformatius.es\/wp-content\/uploads\/2024\/01\/icono-atencion.jpg\" class=\"attachment-full size-full wp-image-3663\" alt=\"Icono atenci\u00f3n\" \/>\t\t\t\t\t\t\t\t\t\t\t\t\t\t\t<\/div>\n\t\t\t\t<\/div>\n\t\t\t\t<div class=\"elementor-element elementor-element-26023aa elementor-widget elementor-widget-heading\" data-id=\"26023aa\" data-element_type=\"widget\" data-e-type=\"widget\" data-widget_type=\"heading.default\">\n\t\t\t\t<div class=\"elementor-widget-container\">\n\t\t\t\t\t<h2 class=\"elementor-heading-title elementor-size-default\">Atenci\u00f3n personalizada<\/h2>\t\t\t\t<\/div>\n\t\t\t\t<\/div>\n\t\t\t\t<div class=\"elementor-element elementor-element-fa3a6b2 elementor-widget elementor-widget-text-editor\" data-id=\"fa3a6b2\" data-element_type=\"widget\" data-e-type=\"widget\" data-widget_type=\"text-editor.default\">\n\t\t\t\t<div class=\"elementor-widget-container\">\n\t\t\t\t\t\t\t\t\t<p style=\"text-align: center;\">Queremos que en nuestro ciclo encuentres todo lo que necesitas para tu futuro. Tendr\u00e1s <strong>soporte constante<\/strong> de todo nuestro equipo docente. <\/p>\t\t\t\t\t\t\t\t<\/div>\n\t\t\t\t<\/div>\n\t\t\t\t\t<\/div>\n\t\t<\/div>\n\t\t\t\t<div class=\"elementor-column elementor-col-33 elementor-top-column elementor-element elementor-element-21d97df\" data-id=\"21d97df\" data-element_type=\"column\" data-e-type=\"column\" data-settings=\"{&quot;background_background&quot;:&quot;classic&quot;}\">\n\t\t\t<div class=\"elementor-widget-wrap elementor-element-populated\">\n\t\t\t\t\t\t<div class=\"elementor-element elementor-element-6cf0356 elementor-widget elementor-widget-image\" data-id=\"6cf0356\" data-element_type=\"widget\" data-e-type=\"widget\" data-widget_type=\"image.default\">\n\t\t\t\t<div class=\"elementor-widget-container\">\n\t\t\t\t\t\t\t\t\t\t\t\t\t\t\t<img loading=\"lazy\" decoding=\"async\" width=\"148\" height=\"145\" src=\"https:\/\/ciclesformatius.es\/wp-content\/uploads\/2024\/01\/icono-sistema-avaluacio.jpg\" class=\"attachment-full size-full wp-image-3664\" alt=\"Icona sistema d&#039;avaluaci\u00f3\" \/>\t\t\t\t\t\t\t\t\t\t\t\t\t\t\t<\/div>\n\t\t\t\t<\/div>\n\t\t\t\t<div class=\"elementor-element elementor-element-5525a23 elementor-widget elementor-widget-heading\" data-id=\"5525a23\" data-element_type=\"widget\" data-e-type=\"widget\" data-widget_type=\"heading.default\">\n\t\t\t\t<div class=\"elementor-widget-container\">\n\t\t\t\t\t<h2 class=\"elementor-heading-title elementor-size-default\">Sistema de evaluaci\u00f3n a tu medida<\/h2>\t\t\t\t<\/div>\n\t\t\t\t<\/div>\n\t\t\t\t<div class=\"elementor-element elementor-element-cbfbd5e elementor-widget elementor-widget-text-editor\" data-id=\"cbfbd5e\" data-element_type=\"widget\" data-e-type=\"widget\" data-widget_type=\"text-editor.default\">\n\t\t\t\t<div class=\"elementor-widget-container\">\n\t\t\t\t\t\t\t\t\t<p style=\"text-align: center;\">Queremos que puedas realizar el ciclo <strong>sin perder calidad de vida<\/strong> y compatibiliz\u00e1ndolo con tu trabajo.<\/p>\t\t\t\t\t\t\t\t<\/div>\n\t\t\t\t<\/div>\n\t\t\t\t\t<\/div>\n\t\t<\/div>\n\t\t\t\t<div class=\"elementor-column elementor-col-33 elementor-top-column elementor-element elementor-element-8776723\" data-id=\"8776723\" data-element_type=\"column\" data-e-type=\"column\" data-settings=\"{&quot;background_background&quot;:&quot;classic&quot;}\">\n\t\t\t<div class=\"elementor-widget-wrap elementor-element-populated\">\n\t\t\t\t\t\t<div class=\"elementor-element elementor-element-ca11b70 elementor-widget elementor-widget-image\" data-id=\"ca11b70\" data-element_type=\"widget\" data-e-type=\"widget\" data-widget_type=\"image.default\">\n\t\t\t\t<div class=\"elementor-widget-container\">\n\t\t\t\t\t\t\t\t\t\t\t\t\t\t\t<img loading=\"lazy\" decoding=\"async\" width=\"148\" height=\"145\" src=\"https:\/\/ciclesformatius.es\/wp-content\/uploads\/2024\/01\/icono-classes.jpg\" class=\"attachment-full size-full wp-image-3665\" alt=\"Icona classes pr\u00e0ctiques\" \/>\t\t\t\t\t\t\t\t\t\t\t\t\t\t\t<\/div>\n\t\t\t\t<\/div>\n\t\t\t\t<div class=\"elementor-element elementor-element-027c869 elementor-widget elementor-widget-heading\" data-id=\"027c869\" data-element_type=\"widget\" data-e-type=\"widget\" data-widget_type=\"heading.default\">\n\t\t\t\t<div class=\"elementor-widget-container\">\n\t\t\t\t\t<h2 class=\"elementor-heading-title elementor-size-default\">Clases pr\u00e1cticas<\/h2>\t\t\t\t<\/div>\n\t\t\t\t<\/div>\n\t\t\t\t<div class=\"elementor-element elementor-element-1a787fa elementor-widget elementor-widget-text-editor\" data-id=\"1a787fa\" data-element_type=\"widget\" data-e-type=\"widget\" data-widget_type=\"text-editor.default\">\n\t\t\t\t<div class=\"elementor-widget-container\">\n\t\t\t\t\t\t\t\t\t<p style=\"text-align: center;\">Aprender es cuesti\u00f3n de pr\u00e1ctica. Enfocamos las clases con <strong>ejemplos reales<\/strong> que har\u00e1n<br>que aprendas de una manera muy <strong>participativa<\/strong> . <\/p>\t\t\t\t\t\t\t\t<\/div>\n\t\t\t\t<\/div>\n\t\t\t\t\t<\/div>\n\t\t<\/div>\n\t\t\t\t\t<\/div>\n\t\t<\/section>\n\t\t\t\t<section class=\"elementor-section elementor-top-section elementor-element elementor-element-84ea5f5 elementor-section-boxed elementor-section-height-default elementor-section-height-default\" data-id=\"84ea5f5\" data-element_type=\"section\" data-e-type=\"section\" data-settings=\"{&quot;jet_parallax_layout_list&quot;:[],&quot;background_background&quot;:&quot;classic&quot;}\">\n\t\t\t\t\t\t<div class=\"elementor-container elementor-column-gap-default\">\n\t\t\t\t\t<div class=\"elementor-column elementor-col-33 elementor-top-column elementor-element elementor-element-fb55269\" data-id=\"fb55269\" data-element_type=\"column\" data-e-type=\"column\" data-settings=\"{&quot;background_background&quot;:&quot;classic&quot;}\">\n\t\t\t<div class=\"elementor-widget-wrap elementor-element-populated\">\n\t\t\t\t\t\t<div class=\"elementor-element elementor-element-4fd87c6 elementor-widget elementor-widget-image\" data-id=\"4fd87c6\" data-element_type=\"widget\" data-e-type=\"widget\" data-widget_type=\"image.default\">\n\t\t\t\t<div class=\"elementor-widget-container\">\n\t\t\t\t\t\t\t\t\t\t\t\t\t\t\t<img loading=\"lazy\" decoding=\"async\" width=\"148\" height=\"145\" src=\"https:\/\/ciclesformatius.es\/wp-content\/uploads\/2024\/01\/icono-orientacio.jpg\" class=\"attachment-full size-full wp-image-3666\" alt=\"Icona orientaci\u00f3 laboral\" \/>\t\t\t\t\t\t\t\t\t\t\t\t\t\t\t<\/div>\n\t\t\t\t<\/div>\n\t\t\t\t<div class=\"elementor-element elementor-element-bde9461 elementor-widget elementor-widget-heading\" data-id=\"bde9461\" data-element_type=\"widget\" data-e-type=\"widget\" data-widget_type=\"heading.default\">\n\t\t\t\t<div class=\"elementor-widget-container\">\n\t\t\t\t\t<h2 class=\"elementor-heading-title elementor-size-default\">Orientaci\u00f3n laboral<\/h2>\t\t\t\t<\/div>\n\t\t\t\t<\/div>\n\t\t\t\t<div class=\"elementor-element elementor-element-f580860 elementor-widget elementor-widget-text-editor\" data-id=\"f580860\" data-element_type=\"widget\" data-e-type=\"widget\" data-widget_type=\"text-editor.default\">\n\t\t\t\t<div class=\"elementor-widget-container\">\n\t\t\t\t\t\t\t\t\t<p style=\"text-align: center;\">Tendr\u00e1s <strong>acompa\u00f1amiento y asesoramiento personalizado<\/strong> de expertos de la familia profesional que elijas.<\/p>\t\t\t\t\t\t\t\t<\/div>\n\t\t\t\t<\/div>\n\t\t\t\t\t<\/div>\n\t\t<\/div>\n\t\t\t\t<div class=\"elementor-column elementor-col-33 elementor-top-column elementor-element elementor-element-5eda322\" data-id=\"5eda322\" data-element_type=\"column\" data-e-type=\"column\" data-settings=\"{&quot;background_background&quot;:&quot;classic&quot;}\">\n\t\t\t<div class=\"elementor-widget-wrap elementor-element-populated\">\n\t\t\t\t\t\t<div class=\"elementor-element elementor-element-e451529 elementor-widget elementor-widget-image\" data-id=\"e451529\" data-element_type=\"widget\" data-e-type=\"widget\" data-widget_type=\"image.default\">\n\t\t\t\t<div class=\"elementor-widget-container\">\n\t\t\t\t\t\t\t\t\t\t\t\t\t\t\t<img loading=\"lazy\" decoding=\"async\" width=\"148\" height=\"145\" src=\"https:\/\/ciclesformatius.es\/wp-content\/uploads\/2024\/01\/icono-vinculacio.jpg\" class=\"attachment-full size-full wp-image-3667\" alt=\"Icono vinculaci\u00f3n laboral\" \/>\t\t\t\t\t\t\t\t\t\t\t\t\t\t\t<\/div>\n\t\t\t\t<\/div>\n\t\t\t\t<div class=\"elementor-element elementor-element-141d815 elementor-widget elementor-widget-heading\" data-id=\"141d815\" data-element_type=\"widget\" data-e-type=\"widget\" data-widget_type=\"heading.default\">\n\t\t\t\t<div class=\"elementor-widget-container\">\n\t\t\t\t\t<h2 class=\"elementor-heading-title elementor-size-default\">Vinculaci\u00f3n mundo laboral<\/h2>\t\t\t\t<\/div>\n\t\t\t\t<\/div>\n\t\t\t\t<div class=\"elementor-element elementor-element-d2baec4 elementor-widget elementor-widget-text-editor\" data-id=\"d2baec4\" data-element_type=\"widget\" data-e-type=\"widget\" data-widget_type=\"text-editor.default\">\n\t\t\t\t<div class=\"elementor-widget-container\">\n\t\t\t\t\t\t\t\t\t<p style=\"text-align: center;\"><span class=\"OYPEnA text-decoration-none text-strikethrough-none\">Te llevamos la realidad al aula gracias a la<\/span> <span class=\"OYPEnA text-decoration-none text-strikethrough-none\"><strong>vinculaci\u00f3n al mundo laboral de todo nuestro profesorado<\/strong>,<\/span> <span class=\"OYPEnA text-decoration-none text-strikethrough-none\">que compatibilizan la realidad empresarial con la docencia.<\/span><\/p>\t\t\t\t\t\t\t\t<\/div>\n\t\t\t\t<\/div>\n\t\t\t\t\t<\/div>\n\t\t<\/div>\n\t\t\t\t<div class=\"elementor-column elementor-col-33 elementor-top-column elementor-element elementor-element-5baa373\" data-id=\"5baa373\" data-element_type=\"column\" data-e-type=\"column\" data-settings=\"{&quot;background_background&quot;:&quot;classic&quot;}\">\n\t\t\t<div class=\"elementor-widget-wrap elementor-element-populated\">\n\t\t\t\t\t\t<div class=\"elementor-element elementor-element-5053dfb elementor-widget elementor-widget-image\" data-id=\"5053dfb\" data-element_type=\"widget\" data-e-type=\"widget\" data-widget_type=\"image.default\">\n\t\t\t\t<div class=\"elementor-widget-container\">\n\t\t\t\t\t\t\t\t\t\t\t\t\t\t\t<img loading=\"lazy\" decoding=\"async\" width=\"148\" height=\"145\" src=\"https:\/\/ciclesformatius.es\/wp-content\/uploads\/2024\/01\/icono-actualitzacio.jpg\" class=\"attachment-full size-full wp-image-3668\" alt=\"Icona actalitzaci\u00f3\" \/>\t\t\t\t\t\t\t\t\t\t\t\t\t\t\t<\/div>\n\t\t\t\t<\/div>\n\t\t\t\t<div class=\"elementor-element elementor-element-c42bf79 elementor-widget elementor-widget-heading\" data-id=\"c42bf79\" data-element_type=\"widget\" data-e-type=\"widget\" data-widget_type=\"heading.default\">\n\t\t\t\t<div class=\"elementor-widget-container\">\n\t\t\t\t\t<h2 class=\"elementor-heading-title elementor-size-default\">Actualizaci\u00f3n<\/h2>\t\t\t\t<\/div>\n\t\t\t\t<\/div>\n\t\t\t\t<div class=\"elementor-element elementor-element-a8a24e7 elementor-widget elementor-widget-text-editor\" data-id=\"a8a24e7\" data-element_type=\"widget\" data-e-type=\"widget\" data-widget_type=\"text-editor.default\">\n\t\t\t\t<div class=\"elementor-widget-container\">\n\t\t\t\t\t\t\t\t\t<p style=\"text-align: center;\">Actualizamos constantemente los contenidos para que siempre tengas las \u00faltimas herramientas de lo que <strong>pide el mundo laboral.<\/strong><\/p>\t\t\t\t\t\t\t\t<\/div>\n\t\t\t\t<\/div>\n\t\t\t\t\t<\/div>\n\t\t<\/div>\n\t\t\t\t\t<\/div>\n\t\t<\/section>\n\t\t\t\t<section class=\"elementor-section elementor-top-section elementor-element elementor-element-f27ddc2 elementor-section-boxed elementor-section-height-default elementor-section-height-default\" data-id=\"f27ddc2\" data-element_type=\"section\" data-e-type=\"section\" data-settings=\"{&quot;jet_parallax_layout_list&quot;:[],&quot;background_background&quot;:&quot;classic&quot;}\">\n\t\t\t\t\t\t<div class=\"elementor-container elementor-column-gap-default\">\n\t\t\t\t\t<div class=\"elementor-column elementor-col-100 elementor-top-column elementor-element elementor-element-042f75f\" data-id=\"042f75f\" data-element_type=\"column\" data-e-type=\"column\">\n\t\t\t<div class=\"elementor-widget-wrap elementor-element-populated\">\n\t\t\t\t\t\t<div class=\"elementor-element elementor-element-7e03331 elementor-widget elementor-widget-text-editor\" data-id=\"7e03331\" data-element_type=\"widget\" data-e-type=\"widget\" data-widget_type=\"text-editor.default\">\n\t\t\t\t<div class=\"elementor-widget-container\">\n\t\t\t\t\t\t\t\t\t<p>\u00bfquieres saber m\u00e1s de este ciclo?<\/p>\t\t\t\t\t\t\t\t<\/div>\n\t\t\t\t<\/div>\n\t\t\t\t\t<\/div>\n\t\t<\/div>\n\t\t\t\t\t<\/div>\n\t\t<\/section>\n\t\t\t\t<section class=\"elementor-section elementor-top-section elementor-element elementor-element-2f64135 elementor-section-boxed elementor-section-height-default elementor-section-height-default\" data-id=\"2f64135\" data-element_type=\"section\" data-e-type=\"section\" data-settings=\"{&quot;jet_parallax_layout_list&quot;:[],&quot;background_background&quot;:&quot;classic&quot;}\">\n\t\t\t\t\t\t<div class=\"elementor-container elementor-column-gap-default\">\n\t\t\t\t\t<div class=\"elementor-column elementor-col-100 elementor-top-column elementor-element elementor-element-7c9c468\" data-id=\"7c9c468\" data-element_type=\"column\" data-e-type=\"column\">\n\t\t\t<div class=\"elementor-widget-wrap elementor-element-populated\">\n\t\t\t\t\t\t<div class=\"elementor-element elementor-element-14e99a8 elementor-tabs-alignment-stretch elementor-tabs-view-horizontal elementor-widget elementor-widget-tabs\" data-id=\"14e99a8\" data-element_type=\"widget\" data-e-type=\"widget\" data-widget_type=\"tabs.default\">\n\t\t\t\t<div class=\"elementor-widget-container\">\n\t\t\t\t\t\t\t<div class=\"elementor-tabs\">\n\t\t\t<div class=\"elementor-tabs-wrapper\" role=\"tablist\" >\n\t\t\t\t\t\t\t\t\t<div id=\"elementor-tab-title-2191\" class=\"elementor-tab-title elementor-tab-desktop-title\" aria-selected=\"true\" data-tab=\"1\" role=\"tab\" tabindex=\"0\" aria-controls=\"elementor-tab-content-2191\" aria-expanded=\"false\">FICHA T\u00c9CNICA<\/div>\n\t\t\t\t\t\t\t\t\t<div id=\"elementor-tab-title-2192\" class=\"elementor-tab-title elementor-tab-desktop-title\" aria-selected=\"false\" data-tab=\"2\" role=\"tab\" tabindex=\"-1\" aria-controls=\"elementor-tab-content-2192\" aria-expanded=\"false\">CONDICIONES DE ACCESO<\/div>\n\t\t\t\t\t\t\t\t\t<div id=\"elementor-tab-title-2193\" class=\"elementor-tab-title elementor-tab-desktop-title\" aria-selected=\"false\" data-tab=\"3\" role=\"tab\" tabindex=\"-1\" aria-controls=\"elementor-tab-content-2193\" aria-expanded=\"false\">SALIDAS ACAD\u00c9MICAS Y PROFESIONALES<\/div>\n\t\t\t\t\t\t\t\t\t<div id=\"elementor-tab-title-2194\" class=\"elementor-tab-title elementor-tab-desktop-title\" aria-selected=\"false\" data-tab=\"4\" role=\"tab\" tabindex=\"-1\" aria-controls=\"elementor-tab-content-2194\" aria-expanded=\"false\">M\u00d3DULOS FORMATIVOS<\/div>\n\t\t\t\t\t\t\t<\/div>\n\t\t\t<div class=\"elementor-tabs-content-wrapper\" role=\"tablist\" aria-orientation=\"vertical\">\n\t\t\t\t\t\t\t\t\t<div class=\"elementor-tab-title elementor-tab-mobile-title\" aria-selected=\"true\" data-tab=\"1\" role=\"tab\" tabindex=\"0\" aria-controls=\"elementor-tab-content-2191\" aria-expanded=\"false\">FICHA T\u00c9CNICA<\/div>\n\t\t\t\t\t<div id=\"elementor-tab-content-2191\" class=\"elementor-tab-content elementor-clearfix\" data-tab=\"1\" role=\"tabpanel\" aria-labelledby=\"elementor-tab-title-2191\" tabindex=\"0\" hidden=\"false\"><p><strong>Familia profesional: <\/strong>Actividades f\u00edsicodeportivas.<\/p>\n<p><strong>Duraci\u00f3n:<\/strong> 2 cursos acad\u00e9micos \u2013 2000 horas.<\/p>\n<p><strong>Horario: <\/strong>Ma\u00f1ana.<\/p>\n<p>Es competencia general de este t\u00e9cnico <strong>organizar itinerarios y guiar grupos<\/strong> por entornos naturales de baja y media monta\u00f1a, terreno nevado tipo n\u00f3rdico, cavidades de baja dificultad, barrancos de bajo riesgo, medio acu\u00e1tico e instalaciones de ocio y aventura, progresando a pie, con cuerdas, en bicicleta, en embarcaciones y a caballo, as\u00ed como dinamizar actividades de ocio, adaptando todo esto a los participantes, respetando el medio ambiente y garantizando la calidad y la seguridad.<\/p>\n<\/div>\n\t\t\t\t\t\t\t\t\t<div class=\"elementor-tab-title elementor-tab-mobile-title\" aria-selected=\"false\" data-tab=\"2\" role=\"tab\" tabindex=\"-1\" aria-controls=\"elementor-tab-content-2192\" aria-expanded=\"false\">CONDICIONES DE ACCESO<\/div>\n\t\t\t\t\t<div id=\"elementor-tab-content-2192\" class=\"elementor-tab-content elementor-clearfix\" data-tab=\"2\" role=\"tabpanel\" aria-labelledby=\"elementor-tab-title-2192\" tabindex=\"0\" hidden=\"hidden\"><\/div>\n\t\t\t\t\t\t\t\t\t<div class=\"elementor-tab-title elementor-tab-mobile-title\" aria-selected=\"false\" data-tab=\"3\" role=\"tab\" tabindex=\"-1\" aria-controls=\"elementor-tab-content-2193\" aria-expanded=\"false\">SALIDAS ACAD\u00c9MICAS Y PROFESIONALES<\/div>\n\t\t\t\t\t<div id=\"elementor-tab-content-2193\" class=\"elementor-tab-content elementor-clearfix\" data-tab=\"3\" role=\"tabpanel\" aria-labelledby=\"elementor-tab-title-2193\" tabindex=\"0\" hidden=\"hidden\"><p><strong>SALIDAS ACAD\u00c9MICAS<\/strong><\/p>\n<ul>\n<li>A <strong>bachillerato<\/strong><\/li>\n<li>A un <strong>ciclo de grado superior<\/strong> (hay que superar la prueba de acceso o realizar el curso de formaci\u00f3n espec\u00edfico para el acceso a los ciclos formativos de grado superior)<\/li>\n<\/ul>\n<p><strong>SALIDAS PROFESIONALES<\/strong><\/p>\n<p>Podr\u00e1s trabajar como <strong>t\u00e9cnico\/a <\/strong>en las \u00e1reas<br \/>de:<\/p>\n<ul>\n<li>Dise\u00f1ador y gu\u00eda en actividades de senderismo, monta\u00f1ismo, rutas nevadas&#8230;<\/li>\n<li>Monitor de tiempo libre educativo infantil y juvenil de actividades en el marco escolar y de instalaciones de ocio y aventura.<\/li>\n<li>Socorrista en playas mar\u00edtimas, en lagos y embalses, de apoyo hasta actividades n\u00e1utico-deportivas, en playas fluviales.<\/li>\n<\/ul>\n<\/div>\n\t\t\t\t\t\t\t\t\t<div class=\"elementor-tab-title elementor-tab-mobile-title\" aria-selected=\"false\" data-tab=\"4\" role=\"tab\" tabindex=\"-1\" aria-controls=\"elementor-tab-content-2194\" aria-expanded=\"false\">M\u00d3DULOS FORMATIVOS<\/div>\n\t\t\t\t\t<div id=\"elementor-tab-content-2194\" class=\"elementor-tab-content elementor-clearfix\" data-tab=\"4\" role=\"tabpanel\" aria-labelledby=\"elementor-tab-title-2194\" tabindex=\"0\" hidden=\"hidden\"><ul>\n<li>T\u00e9cnicas de equitaci\u00f3n.<\/li>\n<li>Gu\u00eda ecuestre.<\/li>\n<li>Atenci\u00f3n a grupos.<\/li>\n<li>Organitzaci\u00f3n de itinerarios.<\/li>\n<li>Gu\u00eda de monta\u00f1a baja y media.<\/li>\n<li>Gu\u00eda en bicicleta.<\/li>\n<li>T\u00e9cnicas de tiempos de ocio.<\/li>\n<li>T\u00e9cnicas de nataci\u00f3n.<\/li>\n<li>Socorrismo en el medio natural.<\/li>\n<li>Gu\u00eda en el medio natural acu\u00e1tico.<\/li>\n<li>Maniobras con cuerdas.<\/li>\n<li>Ingl\u00e9s profesional.<\/li>\n<li>Digitalizaci\u00f3n aplicada a los sectores productivos.<\/li>\n<li>Sostenibilidad aplicada al sistema productivo.<\/li>\n<li><span style=\"font-size: inherit;\">Itinerario personal para<\/span> la empleabilidad I.<\/li>\n<li><span style=\"font-size: inherit;\">Itinerario personal para<\/span> la empleabilidad II.<\/li>\n<li><span style=\"font-size: inherit;\">Proyecto intermodular.<\/span><\/li>\n<li><span style=\"font-size: inherit;\">M\u00f3dulo profesional optativo:&nbsp;<\/span>Nataci\u00f3n<\/li>\n<li>M\u00f3dulo profesional optativo: Cuerdas<\/li>\n<\/ul>\n<\/div>\n\t\t\t\t\t\t\t<\/div>\n\t\t<\/div>\n\t\t\t\t\t\t<\/div>\n\t\t\t\t<\/div>\n\t\t\t\t\t<\/div>\n\t\t<\/div>\n\t\t\t\t\t<\/div>\n\t\t<\/section>\n\t\t\t\t<section class=\"elementor-section elementor-top-section elementor-element elementor-element-604bf66 elementor-section-boxed elementor-section-height-default elementor-section-height-default\" data-id=\"604bf66\" data-element_type=\"section\" data-e-type=\"section\" data-settings=\"{&quot;jet_parallax_layout_list&quot;:[],&quot;background_background&quot;:&quot;classic&quot;}\">\n\t\t\t\t\t\t<div class=\"elementor-container elementor-column-gap-default\">\n\t\t\t\t\t<div class=\"elementor-column elementor-col-100 elementor-top-column elementor-element elementor-element-32925f1\" data-id=\"32925f1\" data-element_type=\"column\" data-e-type=\"column\">\n\t\t\t<div class=\"elementor-widget-wrap elementor-element-populated\">\n\t\t\t\t\t\t<div class=\"elementor-element elementor-element-6d8b687 elementor-align-center elementor-widget elementor-widget-button\" data-id=\"6d8b687\" data-element_type=\"widget\" data-e-type=\"widget\" data-widget_type=\"button.default\">\n\t\t\t\t<div class=\"elementor-widget-container\">\n\t\t\t\t\t\t\t\t\t<div class=\"elementor-button-wrapper\">\n\t\t\t\t\t<a class=\"elementor-button elementor-button-link elementor-size-sm\" href=\"https:\/\/ciclesformatius.es\/es\/me-apunto\/?cicle=CFGM%20Gu\u00eda%20en%20el%20Medio%20Natural%20y%20de%20Tiempo%20Libre\">\n\t\t\t\t\t\t<span class=\"elementor-button-content-wrapper\">\n\t\t\t\t\t\t\t\t\t<span class=\"elementor-button-text\">\u00a1Me apunto!<\/span>\n\t\t\t\t\t<\/span>\n\t\t\t\t\t<\/a>\n\t\t\t\t<\/div>\n\t\t\t\t\t\t\t\t<\/div>\n\t\t\t\t<\/div>\n\t\t\t\t\t<\/div>\n\t\t<\/div>\n\t\t\t\t\t<\/div>\n\t\t<\/section>\n\t\t\t\t<section class=\"elementor-section elementor-top-section elementor-element elementor-element-7bcc7aa elementor-section-full_width elementor-section-height-default elementor-section-height-default\" data-id=\"7bcc7aa\" data-element_type=\"section\" data-e-type=\"section\" data-settings=\"{&quot;jet_parallax_layout_list&quot;:[]}\">\n\t\t\t\t\t\t<div class=\"elementor-container elementor-column-gap-default\">\n\t\t\t\t\t<div class=\"elementor-column elementor-col-50 elementor-top-column elementor-element elementor-element-e644bf8\" data-id=\"e644bf8\" data-element_type=\"column\" data-e-type=\"column\" data-settings=\"{&quot;background_background&quot;:&quot;classic&quot;}\">\n\t\t\t<div class=\"elementor-widget-wrap elementor-element-populated\">\n\t\t\t\t\t\t<div class=\"elementor-element elementor-element-dc3cfde elementor-widget elementor-widget-heading\" data-id=\"dc3cfde\" data-element_type=\"widget\" data-e-type=\"widget\" data-widget_type=\"heading.default\">\n\t\t\t\t<div class=\"elementor-widget-container\">\n\t\t\t\t\t<h2 class=\"elementor-heading-title elementor-size-default\">Ciclos Formativos de Grado Superior<\/h2>\t\t\t\t<\/div>\n\t\t\t\t<\/div>\n\t\t\t\t<div class=\"elementor-element elementor-element-5602238 elementor-align-left elementor-widget elementor-widget-button\" data-id=\"5602238\" data-element_type=\"widget\" data-e-type=\"widget\" data-widget_type=\"button.default\">\n\t\t\t\t<div class=\"elementor-widget-container\">\n\t\t\t\t\t\t\t\t\t<div class=\"elementor-button-wrapper\">\n\t\t\t\t\t<a class=\"elementor-button elementor-button-link elementor-size-sm\" href=\"https:\/\/ciclesformatius.es\/es\/ciclos-formativos-de-grado-superior\/\">\n\t\t\t\t\t\t<span class=\"elementor-button-content-wrapper\">\n\t\t\t\t\t\t<span class=\"elementor-button-icon\">\n\t\t\t\t<i aria-hidden=\"true\" class=\"fas fa-arrow-right\"><\/i>\t\t\t<\/span>\n\t\t\t\t\t\t\t\t\t<span class=\"elementor-button-text\">Ver ciclos<\/span>\n\t\t\t\t\t<\/span>\n\t\t\t\t\t<\/a>\n\t\t\t\t<\/div>\n\t\t\t\t\t\t\t\t<\/div>\n\t\t\t\t<\/div>\n\t\t\t\t\t<\/div>\n\t\t<\/div>\n\t\t\t\t<div class=\"elementor-column elementor-col-50 elementor-top-column elementor-element elementor-element-89a876e\" data-id=\"89a876e\" data-element_type=\"column\" data-e-type=\"column\" data-settings=\"{&quot;background_background&quot;:&quot;classic&quot;}\">\n\t\t\t<div class=\"elementor-widget-wrap elementor-element-populated\">\n\t\t\t\t\t\t<div class=\"elementor-element elementor-element-cb6124f elementor-widget elementor-widget-heading\" data-id=\"cb6124f\" data-element_type=\"widget\" data-e-type=\"widget\" data-widget_type=\"heading.default\">\n\t\t\t\t<div class=\"elementor-widget-container\">\n\t\t\t\t\t<h2 class=\"elementor-heading-title elementor-size-default\">Ciclos Formativos de Grado Medio<\/h2>\t\t\t\t<\/div>\n\t\t\t\t<\/div>\n\t\t\t\t<div class=\"elementor-element elementor-element-02d5da8 elementor-align-left elementor-widget elementor-widget-button\" data-id=\"02d5da8\" data-element_type=\"widget\" data-e-type=\"widget\" data-widget_type=\"button.default\">\n\t\t\t\t<div class=\"elementor-widget-container\">\n\t\t\t\t\t\t\t\t\t<div class=\"elementor-button-wrapper\">\n\t\t\t\t\t<a class=\"elementor-button elementor-button-link elementor-size-sm\" href=\"https:\/\/ciclesformatius.es\/es\/ciclos-formativos-de-grado-medio\/\">\n\t\t\t\t\t\t<span class=\"elementor-button-content-wrapper\">\n\t\t\t\t\t\t<span class=\"elementor-button-icon\">\n\t\t\t\t<i aria-hidden=\"true\" class=\"fas fa-arrow-right\"><\/i>\t\t\t<\/span>\n\t\t\t\t\t\t\t\t\t<span class=\"elementor-button-text\">Ver ciclos<\/span>\n\t\t\t\t\t<\/span>\n\t\t\t\t\t<\/a>\n\t\t\t\t<\/div>\n\t\t\t\t\t\t\t\t<\/div>\n\t\t\t\t<\/div>\n\t\t\t\t\t<\/div>\n\t\t<\/div>\n\t\t\t\t\t<\/div>\n\t\t<\/section>\n\t\t\t\t<section class=\"elementor-section elementor-top-section elementor-element elementor-element-ece75cb elementor-section-boxed elementor-section-height-default elementor-section-height-default\" data-id=\"ece75cb\" data-element_type=\"section\" data-e-type=\"section\" data-settings=\"{&quot;jet_parallax_layout_list&quot;:[]}\">\n\t\t\t\t\t\t<div class=\"elementor-container elementor-column-gap-default\">\n\t\t\t\t\t<div class=\"elementor-column elementor-col-100 elementor-top-column elementor-element elementor-element-783f242\" data-id=\"783f242\" data-element_type=\"column\" data-e-type=\"column\">\n\t\t\t<div class=\"elementor-widget-wrap elementor-element-populated\">\n\t\t\t\t\t\t<div class=\"elementor-element elementor-element-b4c5b24 elementor-widget elementor-widget-image\" data-id=\"b4c5b24\" data-element_type=\"widget\" data-e-type=\"widget\" data-widget_type=\"image.default\">\n\t\t\t\t<div class=\"elementor-widget-container\">\n\t\t\t\t\t\t\t\t\t\t\t\t\t\t\t<img loading=\"lazy\" decoding=\"async\" width=\"250\" height=\"113\" src=\"https:\/\/ciclesformatius.es\/wp-content\/uploads\/2024\/01\/logo-40.png\" class=\"attachment-full size-full wp-image-3674\" alt=\"Crentre d&#039;Estudis Jaume Balmes - 40 anys\" \/>\t\t\t\t\t\t\t\t\t\t\t\t\t\t\t<\/div>\n\t\t\t\t<\/div>\n\t\t\t\t<div class=\"elementor-element elementor-element-098ad38 elementor-widget elementor-widget-text-editor\" data-id=\"098ad38\" data-element_type=\"widget\" data-e-type=\"widget\" data-widget_type=\"text-editor.default\">\n\t\t\t\t<div class=\"elementor-widget-container\">\n\t\t\t\t\t\t\t\t\t<p>DESCUBRE EL <span style=\"color: #f19300;\">MUNDO LABORAL<br><\/span> CON EL BALMES<\/p>\t\t\t\t\t\t\t\t<\/div>\n\t\t\t\t<\/div>\n\t\t\t\t<div class=\"elementor-element elementor-element-5b13ddc elementor-widget elementor-widget-text-editor\" data-id=\"5b13ddc\" data-element_type=\"widget\" data-e-type=\"widget\" data-widget_type=\"text-editor.default\">\n\t\t\t\t<div class=\"elementor-widget-container\">\n\t\t\t\t\t\t\t\t\t<p>ATENCI\u00d3N PERSONALIZADA. CLASES PR\u00c1CTICAS.<br> SISTEMA DE EVALUACI\u00d3N A TU MEDIDA. ORIENTACI\u00d3N LABORAL.<\/p>\t\t\t\t\t\t\t\t<\/div>\n\t\t\t\t<\/div>\n\t\t\t\t\t<\/div>\n\t\t<\/div>\n\t\t\t\t\t<\/div>\n\t\t<\/section>\n\t\t\t\t<\/div>\n\t\t","protected":false},"excerpt":{"rendered":"<p>CFGM Gu\u00eda en el Medio natural y de Tiempo libre Inicio M\u00e1s informaci\u00f3n \u00a1Me apunto! Atenci\u00f3n personalizada Metodolog\u00eda 100% pr\u00e1ctica FPDual Salidas de convivencia Orientaci\u00f3n laboral Atenci\u00f3n personalizada. Trabajamos para ti y queremos que te sientas dado como t\u00fa necesitas y que en nuestro ciclo encuentres todo lo que necesitas para tu futuro. Tendr\u00e1s soporte &#8230; <a title=\"CFGM Gu\u00eda en el Medio natural y de Tiempo libre\" class=\"read-more\" href=\"https:\/\/ciclesformatius.es\/es\/ciclos-formativos-deportes\/cfgm-guia-en-el-medio-natural-y-de-tiempo-de-ocio\/\" aria-label=\"Leer m\u00e1s sobre CFGM Gu\u00eda en el Medio natural y de Tiempo libre\">Leer m\u00e1s<\/a><\/p>\n","protected":false},"author":1,"featured_media":0,"parent":3807,"menu_order":0,"comment_status":"closed","ping_status":"closed","template":"elementor_header_footer","meta":{"inline_featured_image":false,"footnotes":""},"class_list":["post-3815","page","type-page","status-publish"],"yoast_head":"<!-- This site is optimized with the Yoast SEO plugin v27.4 - https:\/\/yoast.com\/product\/yoast-seo-wordpress\/ -->\n<title>CFGm Medio natural y de Tiempo libre \u2013 F\u00f3rmate en naturaleza<\/title>\n<meta name=\"description\" content=\"Descubre el CFGM de gu\u00eda en el medio natural y tiempo libre e inicia una carrera activa en deportes, naturaleza y tiempo libre con titulaci\u00f3n oficial.\" \/>\n<meta name=\"robots\" content=\"index, follow, max-snippet:-1, max-image-preview:large, max-video-preview:-1\" \/>\n<link rel=\"canonical\" href=\"https:\/\/ciclesformatius.es\/es\/ciclos-formativos-deportes\/cfgm-guia-en-el-medio-natural-y-de-tiempo-de-ocio\/\" \/>\n<meta property=\"og:locale\" content=\"es_ES\" \/>\n<meta property=\"og:type\" content=\"article\" \/>\n<meta property=\"og:title\" content=\"CFGm Medio natural y de Tiempo libre \u2013 F\u00f3rmate en naturaleza\" \/>\n<meta property=\"og:description\" content=\"Descubre el CFGM de gu\u00eda en el medio natural y tiempo libre e inicia una carrera activa en deportes, naturaleza y tiempo libre con titulaci\u00f3n oficial.\" \/>\n<meta property=\"og:url\" content=\"https:\/\/ciclesformatius.es\/es\/ciclos-formativos-deportes\/cfgm-guia-en-el-medio-natural-y-de-tiempo-de-ocio\/\" \/>\n<meta property=\"og:site_name\" content=\"Cicles Formatius Jaume Balmes\" \/>\n<meta property=\"article:publisher\" content=\"https:\/\/www.facebook.com\/cejaumebalmes\" \/>\n<meta property=\"article:modified_time\" content=\"2026-04-27T11:07:40+00:00\" \/>\n<meta property=\"og:image\" content=\"https:\/\/ciclesformatius.es\/wp-content\/uploads\/2025\/03\/medi-ambient.jpg\" \/>\n<meta name=\"twitter:card\" content=\"summary_large_image\" \/>\n<meta name=\"twitter:site\" content=\"@cejaumebalmes\" \/>\n<meta name=\"twitter:label1\" content=\"Tiempo de lectura\" \/>\n\t<meta name=\"twitter:data1\" content=\"6 minutos\" \/>\n<script type=\"application\/ld+json\" class=\"yoast-schema-graph\">{\"@context\":\"https:\\\/\\\/schema.org\",\"@graph\":[{\"@type\":\"WebPage\",\"@id\":\"https:\\\/\\\/ciclesformatius.es\\\/es\\\/ciclos-formativos-deportes\\\/cfgm-guia-en-el-medio-natural-y-de-tiempo-de-ocio\\\/\",\"url\":\"https:\\\/\\\/ciclesformatius.es\\\/es\\\/ciclos-formativos-deportes\\\/cfgm-guia-en-el-medio-natural-y-de-tiempo-de-ocio\\\/\",\"name\":\"CFGm Medio natural y de Tiempo libre \u2013 F\u00f3rmate en naturaleza\",\"isPartOf\":{\"@id\":\"https:\\\/\\\/ciclesformatius.es\\\/es\\\/#website\"},\"primaryImageOfPage\":{\"@id\":\"https:\\\/\\\/ciclesformatius.es\\\/es\\\/ciclos-formativos-deportes\\\/cfgm-guia-en-el-medio-natural-y-de-tiempo-de-ocio\\\/#primaryimage\"},\"image\":{\"@id\":\"https:\\\/\\\/ciclesformatius.es\\\/es\\\/ciclos-formativos-deportes\\\/cfgm-guia-en-el-medio-natural-y-de-tiempo-de-ocio\\\/#primaryimage\"},\"thumbnailUrl\":\"https:\\\/\\\/ciclesformatius.es\\\/wp-content\\\/uploads\\\/2025\\\/03\\\/medi-ambient.jpg\",\"datePublished\":\"2023-02-09T17:36:51+00:00\",\"dateModified\":\"2026-04-27T11:07:40+00:00\",\"description\":\"Descubre el CFGM de gu\u00eda en el medio natural y tiempo libre e inicia una carrera activa en deportes, naturaleza y tiempo libre con titulaci\u00f3n oficial.\",\"breadcrumb\":{\"@id\":\"https:\\\/\\\/ciclesformatius.es\\\/es\\\/ciclos-formativos-deportes\\\/cfgm-guia-en-el-medio-natural-y-de-tiempo-de-ocio\\\/#breadcrumb\"},\"inLanguage\":\"es\",\"potentialAction\":[{\"@type\":\"ReadAction\",\"target\":[\"https:\\\/\\\/ciclesformatius.es\\\/es\\\/ciclos-formativos-deportes\\\/cfgm-guia-en-el-medio-natural-y-de-tiempo-de-ocio\\\/\"]}]},{\"@type\":\"ImageObject\",\"inLanguage\":\"es\",\"@id\":\"https:\\\/\\\/ciclesformatius.es\\\/es\\\/ciclos-formativos-deportes\\\/cfgm-guia-en-el-medio-natural-y-de-tiempo-de-ocio\\\/#primaryimage\",\"url\":\"https:\\\/\\\/ciclesformatius.es\\\/wp-content\\\/uploads\\\/2025\\\/03\\\/medi-ambient.jpg\",\"contentUrl\":\"https:\\\/\\\/ciclesformatius.es\\\/wp-content\\\/uploads\\\/2025\\\/03\\\/medi-ambient.jpg\"},{\"@type\":\"BreadcrumbList\",\"@id\":\"https:\\\/\\\/ciclesformatius.es\\\/es\\\/ciclos-formativos-deportes\\\/cfgm-guia-en-el-medio-natural-y-de-tiempo-de-ocio\\\/#breadcrumb\",\"itemListElement\":[{\"@type\":\"ListItem\",\"position\":1,\"name\":\"Inici\",\"item\":\"https:\\\/\\\/ciclesformatius.es\\\/es\\\/inicio\\\/\"},{\"@type\":\"ListItem\",\"position\":2,\"name\":\"Ciclos Formativos Familia Profesional Actividades F\u00edsico deportivas\",\"item\":\"https:\\\/\\\/ciclesformatius.es\\\/es\\\/ciclos-formativos-deportes\\\/\"},{\"@type\":\"ListItem\",\"position\":3,\"name\":\"CFGM Gu\u00eda en el Medio natural y de Tiempo libre\"}]},{\"@type\":\"WebSite\",\"@id\":\"https:\\\/\\\/ciclesformatius.es\\\/es\\\/#website\",\"url\":\"https:\\\/\\\/ciclesformatius.es\\\/es\\\/\",\"name\":\"Cicles Formatius Jaume Balmes\",\"description\":\"\",\"publisher\":{\"@id\":\"https:\\\/\\\/ciclesformatius.es\\\/es\\\/#organization\"},\"potentialAction\":[{\"@type\":\"SearchAction\",\"target\":{\"@type\":\"EntryPoint\",\"urlTemplate\":\"https:\\\/\\\/ciclesformatius.es\\\/es\\\/?s={search_term_string}\"},\"query-input\":{\"@type\":\"PropertyValueSpecification\",\"valueRequired\":true,\"valueName\":\"search_term_string\"}}],\"inLanguage\":\"es\"},{\"@type\":\"Organization\",\"@id\":\"https:\\\/\\\/ciclesformatius.es\\\/es\\\/#organization\",\"name\":\"Centre d'Estudis Jaume Balmes\",\"url\":\"https:\\\/\\\/ciclesformatius.es\\\/es\\\/\",\"logo\":{\"@type\":\"ImageObject\",\"inLanguage\":\"es\",\"@id\":\"https:\\\/\\\/ciclesformatius.es\\\/es\\\/#\\\/schema\\\/logo\\\/image\\\/\",\"url\":\"https:\\\/\\\/ciclesformatius.es\\\/wp-content\\\/uploads\\\/2023\\\/01\\\/balmes-01.svg\",\"contentUrl\":\"https:\\\/\\\/ciclesformatius.es\\\/wp-content\\\/uploads\\\/2023\\\/01\\\/balmes-01.svg\",\"caption\":\"Centre d'Estudis Jaume Balmes\"},\"image\":{\"@id\":\"https:\\\/\\\/ciclesformatius.es\\\/es\\\/#\\\/schema\\\/logo\\\/image\\\/\"},\"sameAs\":[\"https:\\\/\\\/www.facebook.com\\\/cejaumebalmes\",\"https:\\\/\\\/x.com\\\/cejaumebalmes\"]}]}<\/script>\n<!-- \/ Yoast SEO plugin. -->","yoast_head_json":{"title":"CFGm Medio natural y de Tiempo libre \u2013 F\u00f3rmate en naturaleza","description":"Descubre el CFGM de gu\u00eda en el medio natural y tiempo libre e inicia una carrera activa en deportes, naturaleza y tiempo libre con titulaci\u00f3n oficial.","robots":{"index":"index","follow":"follow","max-snippet":"max-snippet:-1","max-image-preview":"max-image-preview:large","max-video-preview":"max-video-preview:-1"},"canonical":"https:\/\/ciclesformatius.es\/es\/ciclos-formativos-deportes\/cfgm-guia-en-el-medio-natural-y-de-tiempo-de-ocio\/","og_locale":"es_ES","og_type":"article","og_title":"CFGm Medio natural y de Tiempo libre \u2013 F\u00f3rmate en naturaleza","og_description":"Descubre el CFGM de gu\u00eda en el medio natural y tiempo libre e inicia una carrera activa en deportes, naturaleza y tiempo libre con titulaci\u00f3n oficial.","og_url":"https:\/\/ciclesformatius.es\/es\/ciclos-formativos-deportes\/cfgm-guia-en-el-medio-natural-y-de-tiempo-de-ocio\/","og_site_name":"Cicles Formatius Jaume Balmes","article_publisher":"https:\/\/www.facebook.com\/cejaumebalmes","article_modified_time":"2026-04-27T11:07:40+00:00","og_image":[{"url":"https:\/\/ciclesformatius.es\/wp-content\/uploads\/2025\/03\/medi-ambient.jpg","type":"","width":"","height":""}],"twitter_card":"summary_large_image","twitter_site":"@cejaumebalmes","twitter_misc":{"Tiempo de lectura":"6 minutos"},"schema":{"@context":"https:\/\/schema.org","@graph":[{"@type":"WebPage","@id":"https:\/\/ciclesformatius.es\/es\/ciclos-formativos-deportes\/cfgm-guia-en-el-medio-natural-y-de-tiempo-de-ocio\/","url":"https:\/\/ciclesformatius.es\/es\/ciclos-formativos-deportes\/cfgm-guia-en-el-medio-natural-y-de-tiempo-de-ocio\/","name":"CFGm Medio natural y de Tiempo libre \u2013 F\u00f3rmate en naturaleza","isPartOf":{"@id":"https:\/\/ciclesformatius.es\/es\/#website"},"primaryImageOfPage":{"@id":"https:\/\/ciclesformatius.es\/es\/ciclos-formativos-deportes\/cfgm-guia-en-el-medio-natural-y-de-tiempo-de-ocio\/#primaryimage"},"image":{"@id":"https:\/\/ciclesformatius.es\/es\/ciclos-formativos-deportes\/cfgm-guia-en-el-medio-natural-y-de-tiempo-de-ocio\/#primaryimage"},"thumbnailUrl":"https:\/\/ciclesformatius.es\/wp-content\/uploads\/2025\/03\/medi-ambient.jpg","datePublished":"2023-02-09T17:36:51+00:00","dateModified":"2026-04-27T11:07:40+00:00","description":"Descubre el CFGM de gu\u00eda en el medio natural y tiempo libre e inicia una carrera activa en deportes, naturaleza y tiempo libre con titulaci\u00f3n oficial.","breadcrumb":{"@id":"https:\/\/ciclesformatius.es\/es\/ciclos-formativos-deportes\/cfgm-guia-en-el-medio-natural-y-de-tiempo-de-ocio\/#breadcrumb"},"inLanguage":"es","potentialAction":[{"@type":"ReadAction","target":["https:\/\/ciclesformatius.es\/es\/ciclos-formativos-deportes\/cfgm-guia-en-el-medio-natural-y-de-tiempo-de-ocio\/"]}]},{"@type":"ImageObject","inLanguage":"es","@id":"https:\/\/ciclesformatius.es\/es\/ciclos-formativos-deportes\/cfgm-guia-en-el-medio-natural-y-de-tiempo-de-ocio\/#primaryimage","url":"https:\/\/ciclesformatius.es\/wp-content\/uploads\/2025\/03\/medi-ambient.jpg","contentUrl":"https:\/\/ciclesformatius.es\/wp-content\/uploads\/2025\/03\/medi-ambient.jpg"},{"@type":"BreadcrumbList","@id":"https:\/\/ciclesformatius.es\/es\/ciclos-formativos-deportes\/cfgm-guia-en-el-medio-natural-y-de-tiempo-de-ocio\/#breadcrumb","itemListElement":[{"@type":"ListItem","position":1,"name":"Inici","item":"https:\/\/ciclesformatius.es\/es\/inicio\/"},{"@type":"ListItem","position":2,"name":"Ciclos Formativos Familia Profesional Actividades F\u00edsico deportivas","item":"https:\/\/ciclesformatius.es\/es\/ciclos-formativos-deportes\/"},{"@type":"ListItem","position":3,"name":"CFGM Gu\u00eda en el Medio natural y de Tiempo libre"}]},{"@type":"WebSite","@id":"https:\/\/ciclesformatius.es\/es\/#website","url":"https:\/\/ciclesformatius.es\/es\/","name":"Cicles Formatius Jaume Balmes","description":"","publisher":{"@id":"https:\/\/ciclesformatius.es\/es\/#organization"},"potentialAction":[{"@type":"SearchAction","target":{"@type":"EntryPoint","urlTemplate":"https:\/\/ciclesformatius.es\/es\/?s={search_term_string}"},"query-input":{"@type":"PropertyValueSpecification","valueRequired":true,"valueName":"search_term_string"}}],"inLanguage":"es"},{"@type":"Organization","@id":"https:\/\/ciclesformatius.es\/es\/#organization","name":"Centre d'Estudis Jaume Balmes","url":"https:\/\/ciclesformatius.es\/es\/","logo":{"@type":"ImageObject","inLanguage":"es","@id":"https:\/\/ciclesformatius.es\/es\/#\/schema\/logo\/image\/","url":"https:\/\/ciclesformatius.es\/wp-content\/uploads\/2023\/01\/balmes-01.svg","contentUrl":"https:\/\/ciclesformatius.es\/wp-content\/uploads\/2023\/01\/balmes-01.svg","caption":"Centre d'Estudis Jaume Balmes"},"image":{"@id":"https:\/\/ciclesformatius.es\/es\/#\/schema\/logo\/image\/"},"sameAs":["https:\/\/www.facebook.com\/cejaumebalmes","https:\/\/x.com\/cejaumebalmes"]}]}},"_links":{"self":[{"href":"https:\/\/ciclesformatius.es\/es\/wp-json\/wp\/v2\/pages\/3815","targetHints":{"allow":["GET"]}}],"collection":[{"href":"https:\/\/ciclesformatius.es\/es\/wp-json\/wp\/v2\/pages"}],"about":[{"href":"https:\/\/ciclesformatius.es\/es\/wp-json\/wp\/v2\/types\/page"}],"author":[{"embeddable":true,"href":"https:\/\/ciclesformatius.es\/es\/wp-json\/wp\/v2\/users\/1"}],"replies":[{"embeddable":true,"href":"https:\/\/ciclesformatius.es\/es\/wp-json\/wp\/v2\/comments?post=3815"}],"version-history":[{"count":26,"href":"https:\/\/ciclesformatius.es\/es\/wp-json\/wp\/v2\/pages\/3815\/revisions"}],"predecessor-version":[{"id":5125,"href":"https:\/\/ciclesformatius.es\/es\/wp-json\/wp\/v2\/pages\/3815\/revisions\/5125"}],"up":[{"embeddable":true,"href":"https:\/\/ciclesformatius.es\/es\/wp-json\/wp\/v2\/pages\/3807"}],"wp:attachment":[{"href":"https:\/\/ciclesformatius.es\/es\/wp-json\/wp\/v2\/media?parent=3815"}],"curies":[{"name":"wp","href":"https:\/\/api.w.org\/{rel}","templated":true}]}}