{"id":3809,"date":"2023-02-09T18:27:52","date_gmt":"2023-02-09T18:27:52","guid":{"rendered":"https:\/\/ciclesformatius.es\/ciclos-formativos-deportes\/cfgm-baloncesto-nivel-1-nivel-2\/"},"modified":"2026-04-15T07:55:24","modified_gmt":"2026-04-15T07:55:24","slug":"cfgm-baloncesto-nivel-1-nivel-2","status":"publish","type":"page","link":"https:\/\/ciclesformatius.es\/es\/ciclos-formativos-deportes\/cfgm-baloncesto-nivel-1-nivel-2\/","title":{"rendered":"CFGM Baloncesto, nivel 1 + nivel 2"},"content":{"rendered":"\t\t<div data-elementor-type=\"wp-page\" data-elementor-id=\"3809\" class=\"elementor elementor-3809 elementor-880\" data-elementor-post-type=\"page\">\n\t\t\t\t\t\t<section class=\"elementor-section elementor-top-section elementor-element elementor-element-2d6c23aa elementor-section-full_width elementor-section-height-default elementor-section-height-default\" data-id=\"2d6c23aa\" data-element_type=\"section\" data-e-type=\"section\" data-settings=\"{&quot;jet_parallax_layout_list&quot;:[],&quot;background_background&quot;:&quot;classic&quot;}\">\n\t\t\t\t\t\t<div class=\"elementor-container elementor-column-gap-no\">\n\t\t\t\t\t<div class=\"elementor-column elementor-col-100 elementor-top-column elementor-element elementor-element-17e649e\" data-id=\"17e649e\" data-element_type=\"column\" data-e-type=\"column\">\n\t\t\t<div class=\"elementor-widget-wrap elementor-element-populated\">\n\t\t\t\t\t\t<div class=\"elementor-element elementor-element-e8f136a elementor-widget elementor-widget-heading\" data-id=\"e8f136a\" data-element_type=\"widget\" data-e-type=\"widget\" data-widget_type=\"heading.default\">\n\t\t\t\t<div class=\"elementor-widget-container\">\n\t\t\t\t\t<h1 class=\"elementor-heading-title elementor-size-default\">CFGM Baloncesto, nivel 1 + nivel 2<\/h1>\t\t\t\t<\/div>\n\t\t\t\t<\/div>\n\t\t\t\t\t<\/div>\n\t\t<\/div>\n\t\t\t\t\t<\/div>\n\t\t<\/section>\n\t\t\t\t<section class=\"elementor-section elementor-top-section elementor-element elementor-element-d84f386 elementor-section-boxed elementor-section-height-default elementor-section-height-default\" data-id=\"d84f386\" data-element_type=\"section\" data-e-type=\"section\" data-settings=\"{&quot;jet_parallax_layout_list&quot;:[],&quot;background_background&quot;:&quot;classic&quot;}\">\n\t\t\t\t\t\t<div class=\"elementor-container elementor-column-gap-default\">\n\t\t\t\t\t<div class=\"elementor-column elementor-col-100 elementor-top-column elementor-element elementor-element-c197dab\" data-id=\"c197dab\" data-element_type=\"column\" data-e-type=\"column\">\n\t\t\t<div class=\"elementor-widget-wrap elementor-element-populated\">\n\t\t\t\t\t\t<div class=\"elementor-element elementor-element-d9c3bda elementor-widget elementor-widget-jet-breadcrumbs\" data-id=\"d9c3bda\" data-element_type=\"widget\" data-e-type=\"widget\" data-widget_type=\"jet-breadcrumbs.default\">\n\t\t\t\t<div class=\"elementor-widget-container\">\n\t\t\t\t\t<div class=\"elementor-jet-breadcrumbs jet-blocks\">\n\t\t<div class=\"jet-breadcrumbs\">\n\t\t<div class=\"jet-breadcrumbs__content\">\n\t\t<div class=\"jet-breadcrumbs__wrap\"><div class=\"jet-breadcrumbs__item\"><a href=\"https:\/\/ciclesformatius.es\/es\/\" class=\"jet-breadcrumbs__item-link is-home\" rel=\"home\" title=\"Inicio\">Inicio<\/a><\/div>\n\t\t<\/div>\n\t\t<\/div>\n\t\t<\/div><\/div>\t\t\t\t<\/div>\n\t\t\t\t<\/div>\n\t\t\t\t\t<\/div>\n\t\t<\/div>\n\t\t\t\t\t<\/div>\n\t\t<\/section>\n\t\t\t\t<section class=\"elementor-section elementor-top-section elementor-element elementor-element-750726f elementor-section-boxed elementor-section-height-default elementor-section-height-default\" data-id=\"750726f\" data-element_type=\"section\" data-e-type=\"section\" data-settings=\"{&quot;jet_parallax_layout_list&quot;:[],&quot;background_background&quot;:&quot;classic&quot;}\">\n\t\t\t\t\t\t<div class=\"elementor-container elementor-column-gap-default\">\n\t\t\t\t\t<div class=\"elementor-column elementor-col-50 elementor-top-column elementor-element elementor-element-907c1b8\" data-id=\"907c1b8\" data-element_type=\"column\" data-e-type=\"column\">\n\t\t\t<div class=\"elementor-widget-wrap elementor-element-populated\">\n\t\t\t\t\t\t<div class=\"elementor-element elementor-element-efceac1 elementor-widget elementor-widget-video\" data-id=\"efceac1\" data-element_type=\"widget\" data-e-type=\"widget\" data-settings=\"{&quot;youtube_url&quot;:&quot;https:\\\/\\\/www.youtube.com\\\/watch?v=NX_5cwsBY9M&quot;,&quot;video_type&quot;:&quot;youtube&quot;,&quot;controls&quot;:&quot;yes&quot;}\" data-widget_type=\"video.default\">\n\t\t\t\t<div class=\"elementor-widget-container\">\n\t\t\t\t\t\t\t<div class=\"elementor-wrapper elementor-open-inline\">\n\t\t\t<div class=\"elementor-video\"><\/div>\t\t<\/div>\n\t\t\t\t\t\t<\/div>\n\t\t\t\t<\/div>\n\t\t\t\t\t<\/div>\n\t\t<\/div>\n\t\t\t\t<div class=\"elementor-column elementor-col-50 elementor-top-column elementor-element elementor-element-c66c457\" data-id=\"c66c457\" data-element_type=\"column\" data-e-type=\"column\">\n\t\t\t<div class=\"elementor-widget-wrap elementor-element-populated\">\n\t\t\t\t\t\t<div class=\"elementor-element elementor-element-01b67a5 elementor-widget elementor-widget-text-editor\" data-id=\"01b67a5\" data-element_type=\"widget\" data-e-type=\"widget\" data-widget_type=\"text-editor.default\">\n\t\t\t\t<div class=\"elementor-widget-container\">\n\t\t\t\t\t\t\t\t\t<div class=\"fusion-text fusion-text-1\">\n<p><strong>&nbsp;<\/strong><strong>Familia profesional: <\/strong>Baloncesto<\/p>\n<p><strong>Duraci\u00f3n: <\/strong>1 a\u00f1o (nivel 1 + nivel 2) \u2013 990 horas<\/p>\n<p><strong>Horario: <\/strong>Tarde<\/p>\n<p>El GRADO MEDIO DE BALONCESTO (GMB) se compone de dos niveles que se realizan durante un curso escolar.<\/p>\n<p><\/p>\n<\/div>\t\t\t\t\t\t\t\t<\/div>\n\t\t\t\t<\/div>\n\t\t\t\t<div class=\"elementor-element elementor-element-7756bfb elementor-align-center elementor-widget elementor-widget-button\" data-id=\"7756bfb\" data-element_type=\"widget\" data-e-type=\"widget\" data-widget_type=\"button.default\">\n\t\t\t\t<div class=\"elementor-widget-container\">\n\t\t\t\t\t\t\t\t\t<div class=\"elementor-button-wrapper\">\n\t\t\t\t\t<a class=\"elementor-button elementor-button-link elementor-size-lg\" href=\"https:\/\/ciclesformatius.es\/wp-content\/uploads\/2023\/06\/Diptico_basquet.pdf\" target=\"_blank\">\n\t\t\t\t\t\t<span class=\"elementor-button-content-wrapper\">\n\t\t\t\t\t\t\t\t\t<span class=\"elementor-button-text\">M\u00e1s informaci\u00f3n<\/span>\n\t\t\t\t\t<\/span>\n\t\t\t\t\t<\/a>\n\t\t\t\t<\/div>\n\t\t\t\t\t\t\t\t<\/div>\n\t\t\t\t<\/div>\n\t\t\t\t\t<\/div>\n\t\t<\/div>\n\t\t\t\t\t<\/div>\n\t\t<\/section>\n\t\t\t\t<section class=\"elementor-section elementor-top-section elementor-element elementor-element-3d26024 elementor-hidden-mobile elementor-section-boxed elementor-section-height-default elementor-section-height-default\" data-id=\"3d26024\" data-element_type=\"section\" data-e-type=\"section\" data-settings=\"{&quot;jet_parallax_layout_list&quot;:[],&quot;background_background&quot;:&quot;classic&quot;}\">\n\t\t\t\t\t\t<div class=\"elementor-container elementor-column-gap-default\">\n\t\t\t\t\t<div class=\"elementor-column elementor-col-50 elementor-top-column elementor-element elementor-element-acac899\" data-id=\"acac899\" data-element_type=\"column\" data-e-type=\"column\">\n\t\t\t<div class=\"elementor-widget-wrap elementor-element-populated\">\n\t\t\t\t\t\t<div class=\"elementor-element elementor-element-e44b4a1 elementor-widget elementor-widget-heading\" data-id=\"e44b4a1\" data-element_type=\"widget\" data-e-type=\"widget\" data-widget_type=\"heading.default\">\n\t\t\t\t<div class=\"elementor-widget-container\">\n\t\t\t\t\t<h3 class=\"elementor-heading-title elementor-size-default\">\u00bfPOR QU\u00c9 EN EL BALMES?<\/h3>\t\t\t\t<\/div>\n\t\t\t\t<\/div>\n\t\t\t\t<div class=\"elementor-element elementor-element-22bc97f elementor-widget-divider--view-line elementor-widget elementor-widget-divider\" data-id=\"22bc97f\" data-element_type=\"widget\" data-e-type=\"widget\" data-widget_type=\"divider.default\">\n\t\t\t\t<div class=\"elementor-widget-container\">\n\t\t\t\t\t\t\t<div class=\"elementor-divider\">\n\t\t\t<span class=\"elementor-divider-separator\">\n\t\t\t\t\t\t<\/span>\n\t\t<\/div>\n\t\t\t\t\t\t<\/div>\n\t\t\t\t<\/div>\n\t\t\t\t<div class=\"elementor-element elementor-element-adc8b60 elementor-widget elementor-widget-text-editor\" data-id=\"adc8b60\" data-element_type=\"widget\" data-e-type=\"widget\" data-widget_type=\"text-editor.default\">\n\t\t\t\t<div class=\"elementor-widget-container\">\n\t\t\t\t\t\t\t\t\t<ul><li><strong>Atenci\u00f3n personalizada.<\/strong> Trabajamos para ti y queremos que te sientas atendido como t\u00fa necesitas y que en nuestro ciclo encuentres todo lo que necesitas para tu futuro. Tendr\u00e1s apoyo constante de todo nuestro equipo docente. Para poder cumplir esto, disponemos de menos ratio de alumnos en asignaturas pr\u00e1cticas, donde se encuentran dos profesores impartiendo la sesi\u00f3n (nataci\u00f3n, deportes colectivos, escalada, bicicleta).  <\/li><li><strong>Sistema de evaluaci\u00f3n a tu medida<\/strong> para que puedas hacer el ciclo sin perder calidad de vida y compatibiliz\u00e1ndolo con tu trabajo.<\/li><li>Aprender es cuesti\u00f3n de pr\u00e1ctica. <strong>Nada de teor\u00eda.<\/strong> Todo enfocado a ejemplos de la realidad que har\u00e1n que aprendas de una manera muy participativa.<\/li><li>Te llevamos la realidad al aula gracias a la <strong>vinculaci\u00f3n en el mundo laboral de todo nuestro profesorado.<\/strong><\/li><\/ul>\t\t\t\t\t\t\t\t<\/div>\n\t\t\t\t<\/div>\n\t\t\t\t<div class=\"elementor-element elementor-element-894a8e8 elementor-widget elementor-widget-heading\" data-id=\"894a8e8\" data-element_type=\"widget\" data-e-type=\"widget\" data-widget_type=\"heading.default\">\n\t\t\t\t<div class=\"elementor-widget-container\">\n\t\t\t\t\t<h5 class=\"elementor-heading-title elementor-size-default\">Si quieres conocer los contenidos o las principales ocupaciones de este ciclo, consulta nuestro d\u00edptico.<\/h5>\t\t\t\t<\/div>\n\t\t\t\t<\/div>\n\t\t\t\t<div class=\"elementor-element elementor-element-c9bd505 elementor-align-center elementor-widget elementor-widget-button\" data-id=\"c9bd505\" data-element_type=\"widget\" data-e-type=\"widget\" data-widget_type=\"button.default\">\n\t\t\t\t<div class=\"elementor-widget-container\">\n\t\t\t\t\t\t\t\t\t<div class=\"elementor-button-wrapper\">\n\t\t\t\t\t<a class=\"elementor-button elementor-button-link elementor-size-lg\" href=\"https:\/\/www.jaumebalmes.com\/wp-content\/uploads\/2020\/02\/cfgm-basquet.pdf\" target=\"_blank\">\n\t\t\t\t\t\t<span class=\"elementor-button-content-wrapper\">\n\t\t\t\t\t\t\t\t\t<span class=\"elementor-button-text\">Ver d\u00edptico<\/span>\n\t\t\t\t\t<\/span>\n\t\t\t\t\t<\/a>\n\t\t\t\t<\/div>\n\t\t\t\t\t\t\t\t<\/div>\n\t\t\t\t<\/div>\n\t\t\t\t<div class=\"elementor-element elementor-element-a16027c elementor-widget elementor-widget-text-editor\" data-id=\"a16027c\" data-element_type=\"widget\" data-e-type=\"widget\" data-widget_type=\"text-editor.default\">\n\t\t\t\t<div class=\"elementor-widget-container\">\n\t\t\t\t\t\t\t\t\t<h3 style=\"text-align: center;\"><span style=\"color: #000000;\">V\u00edas de accesso al ciclo formativo:<\/span><\/h3><p style=\"text-align: center;\">Llamad a nuestra secretar\u00eda para + informaci\u00f3n<br>o rellenad nuestro formulario.<\/p>\t\t\t\t\t\t\t\t<\/div>\n\t\t\t\t<\/div>\n\t\t\t\t<div class=\"elementor-element elementor-element-9ec341b elementor-align-center elementor-widget elementor-widget-button\" data-id=\"9ec341b\" data-element_type=\"widget\" data-e-type=\"widget\" data-widget_type=\"button.default\">\n\t\t\t\t<div class=\"elementor-widget-container\">\n\t\t\t\t\t\t\t\t\t<div class=\"elementor-button-wrapper\">\n\t\t\t\t\t<a class=\"elementor-button elementor-button-link elementor-size-sm\" href=\"tel:933365654\">\n\t\t\t\t\t\t<span class=\"elementor-button-content-wrapper\">\n\t\t\t\t\t\t\t\t\t<span class=\"elementor-button-text\">Tel. 93 336 56 54<\/span>\n\t\t\t\t\t<\/span>\n\t\t\t\t\t<\/a>\n\t\t\t\t<\/div>\n\t\t\t\t\t\t\t\t<\/div>\n\t\t\t\t<\/div>\n\t\t\t\t\t<\/div>\n\t\t<\/div>\n\t\t\t\t<div class=\"elementor-column elementor-col-50 elementor-top-column elementor-element elementor-element-c89a6ff\" data-id=\"c89a6ff\" data-element_type=\"column\" data-e-type=\"column\">\n\t\t\t<div class=\"elementor-widget-wrap elementor-element-populated\">\n\t\t\t\t\t\t<div class=\"elementor-element elementor-element-7eedc9a elementor-widget elementor-widget-text-editor\" data-id=\"7eedc9a\" data-element_type=\"widget\" data-e-type=\"widget\" data-widget_type=\"text-editor.default\">\n\t\t\t\t<div class=\"elementor-widget-container\">\n\t\t\t\t\t\t\t\t\t<ul><li>Adem\u00e1s de las instalaciones que tenemos en nuestro centro, hacemos actividades en <strong>centros deportivos y centros de natura<\/strong> para que pod\u00e1is tener experiencias de aprendizaje en un contexto real.<\/li><li>El centro programa diferentes <strong>salidas de convivencia <\/strong>para fomentar y asimilar los conceptos trabajados en el aula (esqu\u00ed, barrancos, actividades acu\u00e1ticas, etc.).<\/li><li>Colaboramos con diferentes <strong>entidades deportivas y diferentes proyectos<\/strong>, como por ejemplo el proyecto con alumnos de diversidad funcional haciendo actividades l\u00fadico-deportivas con el Ayuntamiento de Cornell\u00e0. Tambi\u00e9n colaboramos con las diferentes etapas de nuestro centro, haciendo actividades para el alumnado de primaria o ESO. <\/li><li><strong>Orientaci\u00f3n laboral<\/strong>, donde disfrutar\u00e1s del acompa\u00f1amiento y asesoramiento personalizado de expertos de la familia profesional elegida. Adem\u00e1s, tambi\u00e9n ofrecemos <strong>bolsa de trabajo.<\/strong> <\/li><\/ul>\t\t\t\t\t\t\t\t<\/div>\n\t\t\t\t<\/div>\n\t\t\t\t\t<\/div>\n\t\t<\/div>\n\t\t\t\t\t<\/div>\n\t\t<\/section>\n\t\t\t\t<section class=\"elementor-section elementor-top-section elementor-element elementor-element-2b0589b elementor-hidden-desktop elementor-hidden-tablet elementor-section-boxed elementor-section-height-default elementor-section-height-default\" data-id=\"2b0589b\" data-element_type=\"section\" data-e-type=\"section\" data-settings=\"{&quot;jet_parallax_layout_list&quot;:[],&quot;background_background&quot;:&quot;classic&quot;}\">\n\t\t\t\t\t\t<div class=\"elementor-container elementor-column-gap-default\">\n\t\t\t\t\t<div class=\"elementor-column elementor-col-100 elementor-top-column elementor-element elementor-element-54c5960\" data-id=\"54c5960\" data-element_type=\"column\" data-e-type=\"column\">\n\t\t\t<div class=\"elementor-widget-wrap elementor-element-populated\">\n\t\t\t\t\t\t<div class=\"elementor-element elementor-element-a61ac1b elementor-widget elementor-widget-heading\" data-id=\"a61ac1b\" data-element_type=\"widget\" data-e-type=\"widget\" data-widget_type=\"heading.default\">\n\t\t\t\t<div class=\"elementor-widget-container\">\n\t\t\t\t\t<h3 class=\"elementor-heading-title elementor-size-default\">\u00bfPOR QU\u00c9 EN EL BALMES?<\/h3>\t\t\t\t<\/div>\n\t\t\t\t<\/div>\n\t\t\t\t<div class=\"elementor-element elementor-element-f30b720 elementor-widget-divider--view-line elementor-widget elementor-widget-divider\" data-id=\"f30b720\" data-element_type=\"widget\" data-e-type=\"widget\" data-widget_type=\"divider.default\">\n\t\t\t\t<div class=\"elementor-widget-container\">\n\t\t\t\t\t\t\t<div class=\"elementor-divider\">\n\t\t\t<span class=\"elementor-divider-separator\">\n\t\t\t\t\t\t<\/span>\n\t\t<\/div>\n\t\t\t\t\t\t<\/div>\n\t\t\t\t<\/div>\n\t\t\t\t<div class=\"elementor-element elementor-element-f1a14b4 elementor-widget elementor-widget-text-editor\" data-id=\"f1a14b4\" data-element_type=\"widget\" data-e-type=\"widget\" data-widget_type=\"text-editor.default\">\n\t\t\t\t<div class=\"elementor-widget-container\">\n\t\t\t\t\t\t\t\t\t<ul><li>Atenci\u00f3n personalizada. Trabajamos para ti y queremos que te sientas atendido como t\u00fa necesitas y que en nuestro ciclo encuentres todo lo que necesitas para tu futuro. Tendr\u00e1s apoyo constante de todo nuestro equipo docente. Para poder cumplir esto, disponemos de menos ratio de alumnos en asignaturas pr\u00e1cticas, donde se encuentran dos profesores impartiendo la sesi\u00f3n (nataci\u00f3n, deportes colectivos, escalada, bicicleta).  <\/li><li>Sistema de evaluaci\u00f3n a tu medida para que puedas hacer el ciclo sin perder calidad de vida y compatibiliz\u00e1ndolo con tu trabajo.<\/li><li>Aprender es cuesti\u00f3n de pr\u00e1ctica. Nada de teor\u00eda. Todo enfocado a ejemplos de la realidad que har\u00e1n que aprendas de una manera muy participativa.<\/li><li>Te llevamos la realidad al aula gracias a la vinculaci\u00f3n en el mundo laboral de todo nuestro profesorado.<\/li><\/ul>\t\t\t\t\t\t\t\t<\/div>\n\t\t\t\t<\/div>\n\t\t\t\t<div class=\"elementor-element elementor-element-aad5e3a elementor-widget elementor-widget-text-editor\" data-id=\"aad5e3a\" data-element_type=\"widget\" data-e-type=\"widget\" data-widget_type=\"text-editor.default\">\n\t\t\t\t<div class=\"elementor-widget-container\">\n\t\t\t\t\t\t\t\t\t<ul><li>Adem\u00e1s de las instalaciones que tenemos en nuestro centro, hacemos actividades en centros deportivos y centros de natura para que pod\u00e1is tener experiencias de aprendizaje en un contexto real.<\/li><li>El centro programa diferentes salidas de convivencia para fomentar y asimilar los conceptos trabajados en el aula (esqu\u00ed, barrancos, actividades acu\u00e1ticas, etc.).<\/li><li>Colaboramos con diferentes entidades deportivas y diferentes proyectos, como por ejemplo el proyecto con alumnos de diversidad funcional haciendo actividades l\u00fadico-deportivas con el Ayuntamiento de Cornell\u00e0. Tambi\u00e9n colaboramos con las diferentes etapas de nuestro centro, haciendo actividades para el alumnado de primaria o ESO. <\/li><li>Orientaci\u00f3n laboral, donde disfrutar\u00e1s del acompa\u00f1amiento y asesoramiento personalizado de expertos de la familia profesional elegida. Adem\u00e1s, tambi\u00e9n ofrecemos bolsa de trabajo. <\/li><\/ul>\t\t\t\t\t\t\t\t<\/div>\n\t\t\t\t<\/div>\n\t\t\t\t<div class=\"elementor-element elementor-element-8f7dd71 elementor-widget elementor-widget-heading\" data-id=\"8f7dd71\" data-element_type=\"widget\" data-e-type=\"widget\" data-widget_type=\"heading.default\">\n\t\t\t\t<div class=\"elementor-widget-container\">\n\t\t\t\t\t<h5 class=\"elementor-heading-title elementor-size-default\">Si quieres conocer los contenidos o las principales ocupaciones de este ciclo, consulta nuestro d\u00edptico.<\/h5>\t\t\t\t<\/div>\n\t\t\t\t<\/div>\n\t\t\t\t<div class=\"elementor-element elementor-element-d266235 elementor-align-center elementor-widget elementor-widget-button\" data-id=\"d266235\" data-element_type=\"widget\" data-e-type=\"widget\" data-widget_type=\"button.default\">\n\t\t\t\t<div class=\"elementor-widget-container\">\n\t\t\t\t\t\t\t\t\t<div class=\"elementor-button-wrapper\">\n\t\t\t\t\t<a class=\"elementor-button elementor-button-link elementor-size-lg\" href=\"https:\/\/www.jaumebalmes.com\/wp-content\/uploads\/2020\/02\/cfgm-basquet.pdf\" target=\"_blank\">\n\t\t\t\t\t\t<span class=\"elementor-button-content-wrapper\">\n\t\t\t\t\t\t\t\t\t<span class=\"elementor-button-text\">Ver d\u00edptico<\/span>\n\t\t\t\t\t<\/span>\n\t\t\t\t\t<\/a>\n\t\t\t\t<\/div>\n\t\t\t\t\t\t\t\t<\/div>\n\t\t\t\t<\/div>\n\t\t\t\t<div class=\"elementor-element elementor-element-df8d4f0 elementor-widget elementor-widget-text-editor\" data-id=\"df8d4f0\" data-element_type=\"widget\" data-e-type=\"widget\" data-widget_type=\"text-editor.default\">\n\t\t\t\t<div class=\"elementor-widget-container\">\n\t\t\t\t\t\t\t\t\t<h3 style=\"text-align: center;\"><span style=\"color: #000000;\">V\u00edas de accesso al ciclo formativo:<\/span><\/h3><p style=\"text-align: center;\">Llamad a nuestra secretar\u00eda para + informaci\u00f3n<br>o rellenad nuestro formulario.<\/p>\t\t\t\t\t\t\t\t<\/div>\n\t\t\t\t<\/div>\n\t\t\t\t<div class=\"elementor-element elementor-element-af23314 elementor-align-center elementor-widget elementor-widget-button\" data-id=\"af23314\" data-element_type=\"widget\" data-e-type=\"widget\" data-widget_type=\"button.default\">\n\t\t\t\t<div class=\"elementor-widget-container\">\n\t\t\t\t\t\t\t\t\t<div class=\"elementor-button-wrapper\">\n\t\t\t\t\t<a class=\"elementor-button elementor-button-link elementor-size-sm\" href=\"tel:933365654\">\n\t\t\t\t\t\t<span class=\"elementor-button-content-wrapper\">\n\t\t\t\t\t\t\t\t\t<span class=\"elementor-button-text\">Tel. 93 336 56 54<\/span>\n\t\t\t\t\t<\/span>\n\t\t\t\t\t<\/a>\n\t\t\t\t<\/div>\n\t\t\t\t\t\t\t\t<\/div>\n\t\t\t\t<\/div>\n\t\t\t\t\t<\/div>\n\t\t<\/div>\n\t\t\t\t\t<\/div>\n\t\t<\/section>\n\t\t\t\t<section class=\"elementor-section elementor-top-section elementor-element elementor-element-deffffb elementor-section-boxed elementor-section-height-default elementor-section-height-default\" data-id=\"deffffb\" data-element_type=\"section\" data-e-type=\"section\" data-settings=\"{&quot;jet_parallax_layout_list&quot;:[],&quot;background_background&quot;:&quot;classic&quot;}\">\n\t\t\t\t\t\t<div class=\"elementor-container elementor-column-gap-default\">\n\t\t\t\t\t<div class=\"elementor-column elementor-col-50 elementor-top-column elementor-element elementor-element-4bc0c7f\" data-id=\"4bc0c7f\" data-element_type=\"column\" data-e-type=\"column\">\n\t\t\t<div class=\"elementor-widget-wrap elementor-element-populated\">\n\t\t\t\t\t\t<div class=\"elementor-element elementor-element-f5914cc elementor-widget elementor-widget-heading\" data-id=\"f5914cc\" data-element_type=\"widget\" data-e-type=\"widget\" data-widget_type=\"heading.default\">\n\t\t\t\t<div class=\"elementor-widget-container\">\n\t\t\t\t\t<h2 class=\"elementor-heading-title elementor-size-default\">Solicitar informaci\u00f3n<\/h2>\t\t\t\t<\/div>\n\t\t\t\t<\/div>\n\t\t\t\t<div class=\"elementor-element elementor-element-3a91750 elementor-button-align-stretch elementor-widget elementor-widget-form\" data-id=\"3a91750\" data-element_type=\"widget\" data-e-type=\"widget\" data-settings=\"{&quot;step_next_label&quot;:&quot;Siguiente&quot;,&quot;step_previous_label&quot;:&quot;Anterior&quot;,&quot;button_width&quot;:&quot;100&quot;,&quot;step_type&quot;:&quot;number_text&quot;,&quot;step_icon_shape&quot;:&quot;circle&quot;}\" data-widget_type=\"form.default\">\n\t\t\t\t<div class=\"elementor-widget-container\">\n\t\t\t\t\t\t\t<form class=\"elementor-form\" method=\"post\" name=\"Nuevo formulario\" aria-label=\"Nuevo formulario\">\n\t\t\t<input type=\"hidden\" name=\"post_id\" value=\"3809\"\/>\n\t\t\t<input type=\"hidden\" name=\"form_id\" value=\"3a91750\"\/>\n\t\t\t<input type=\"hidden\" name=\"referer_title\" value=\"Curso Entrenador B\u00e1squet Nivel 1, Nivel 2\" \/>\n\n\t\t\t\t\t\t\t<input type=\"hidden\" name=\"queried_id\" value=\"3809\"\/>\n\t\t\t\n\t\t\t<div class=\"elementor-form-fields-wrapper elementor-labels-above\">\n\t\t\t\t\t\t\t\t<div class=\"elementor-field-type-text elementor-field-group elementor-column elementor-field-group-name elementor-col-50 elementor-field-required\">\n\t\t\t\t\t\t\t\t\t\t\t\t\t<input size=\"1\" type=\"text\" name=\"form_fields[name]\" id=\"form-field-name\" class=\"elementor-field elementor-size-sm  elementor-field-textual\" placeholder=\"Nombre\" required=\"required\">\n\t\t\t\t\t\t\t\t\t\t\t<\/div>\n\t\t\t\t\t\t\t\t<div class=\"elementor-field-type-text elementor-field-group elementor-column elementor-field-group-field_90a9d47 elementor-col-50 elementor-field-required\">\n\t\t\t\t\t\t\t\t\t\t\t\t\t<input size=\"1\" type=\"text\" name=\"form_fields[field_90a9d47]\" id=\"form-field-field_90a9d47\" class=\"elementor-field elementor-size-sm  elementor-field-textual\" placeholder=\"Apellidos\" required=\"required\">\n\t\t\t\t\t\t\t\t\t\t\t<\/div>\n\t\t\t\t\t\t\t\t<div class=\"elementor-field-type-email elementor-field-group elementor-column elementor-field-group-email elementor-col-50 elementor-field-required\">\n\t\t\t\t\t\t\t\t\t\t\t\t\t<input size=\"1\" type=\"email\" name=\"form_fields[email]\" id=\"form-field-email\" class=\"elementor-field elementor-size-sm  elementor-field-textual\" placeholder=\"Email\" required=\"required\">\n\t\t\t\t\t\t\t\t\t\t\t<\/div>\n\t\t\t\t\t\t\t\t<div class=\"elementor-field-type-tel elementor-field-group elementor-column elementor-field-group-field_9e20cfb elementor-col-50\">\n\t\t\t\t\t\t\t<input size=\"1\" type=\"tel\" name=\"form_fields[field_9e20cfb]\" id=\"form-field-field_9e20cfb\" class=\"elementor-field elementor-size-sm  elementor-field-textual\" placeholder=\"Tel\u00e9fono\" pattern=\"[0-9()#&amp;+*-=.]+\" title=\"Solo se aceptan n\u00fameros y caracteres de tel\u00e9fono (#,-,*,etc).\">\n\n\t\t\t\t\t\t<\/div>\n\t\t\t\t\t\t\t\t<div class=\"elementor-field-type-select elementor-field-group elementor-column elementor-field-group-field_3221f33 elementor-col-100 elementor-field-required\">\n\t\t\t\t\t\t\t<div class=\"elementor-field elementor-select-wrapper remove-before \">\n\t\t\t<div class=\"select-caret-down-wrapper\">\n\t\t\t\t<i aria-hidden=\"true\" class=\"eicon-caret-down\"><\/i>\t\t\t<\/div>\n\t\t\t<select name=\"form_fields[field_3221f33]\" id=\"form-field-field_3221f33\" class=\"elementor-field-textual elementor-size-sm\" required=\"required\">\n\t\t\t\t\t\t\t\t\t<option value=\"CFGM Baloncesto, nivel 1 + nivel 2\">CFGM Baloncesto, nivel 1 + nivel 2<\/option>\n\t\t\t\t\t\t\t<\/select>\n\t\t<\/div>\n\t\t\t\t\t\t<\/div>\n\t\t\t\t\t\t\t\t<div class=\"elementor-field-type-textarea elementor-field-group elementor-column elementor-field-group-message elementor-col-100\">\n\t\t\t\t\t<textarea class=\"elementor-field-textual elementor-field  elementor-size-sm\" name=\"form_fields[message]\" id=\"form-field-message\" rows=\"4\" placeholder=\"Observaciones\"><\/textarea>\t\t\t\t<\/div>\n\t\t\t\t\t\t\t\t<div class=\"elementor-field-type-acceptance elementor-field-group elementor-column elementor-field-group-field_6789585 elementor-col-100 elementor-field-required\">\n\t\t\t\t\t\t\t<div class=\"elementor-field-subgroup\">\n\t\t\t<span class=\"elementor-field-option\">\n\t\t\t\t<input type=\"checkbox\" name=\"form_fields[field_6789585]\" id=\"form-field-field_6789585\" class=\"elementor-field elementor-size-sm  elementor-acceptance-field\" required=\"required\">\n\t\t\t\t<label for=\"form-field-field_6789585\">He le\u00eddo y acepto la <a href=\"https:\/\/www.jaumebalmes.com\/politica-de-qualitat\/\" target=\"_blank\">Pol\u00edtica de privacidad<\/a><\/label>\t\t\t<\/span>\n\t\t<\/div>\n\t\t\t\t\t\t<\/div>\n\t\t\t\t\t\t\t\t<div class=\"elementor-field-group elementor-column elementor-field-type-submit elementor-col-100 e-form__buttons\">\n\t\t\t\t\t<button class=\"elementor-button elementor-size-sm\" type=\"submit\">\n\t\t\t\t\t\t<span class=\"elementor-button-content-wrapper\">\n\t\t\t\t\t\t\t\t\t\t\t\t\t\t\t\t\t\t\t\t\t\t<span class=\"elementor-button-text\">Enviar<\/span>\n\t\t\t\t\t\t\t\t\t\t\t\t\t<\/span>\n\t\t\t\t\t<\/button>\n\t\t\t\t<\/div>\n\t\t\t<\/div>\n\t\t<\/form>\n\t\t\t\t\t\t<\/div>\n\t\t\t\t<\/div>\n\t\t\t\t\t<\/div>\n\t\t<\/div>\n\t\t\t\t<div class=\"elementor-column elementor-col-50 elementor-top-column elementor-element elementor-element-e3473e5\" data-id=\"e3473e5\" data-element_type=\"column\" data-e-type=\"column\" data-settings=\"{&quot;background_background&quot;:&quot;classic&quot;}\">\n\t\t\t<div class=\"elementor-widget-wrap elementor-element-populated\">\n\t\t\t\t\t\t<div class=\"elementor-element elementor-element-3e40e1c elementor-widget elementor-widget-image\" data-id=\"3e40e1c\" data-element_type=\"widget\" data-e-type=\"widget\" data-widget_type=\"image.default\">\n\t\t\t\t<div class=\"elementor-widget-container\">\n\t\t\t\t\t\t\t\t\t\t\t\t\t\t\t<img fetchpriority=\"high\" decoding=\"async\" width=\"1062\" height=\"900\" src=\"https:\/\/ciclesformatius.es\/wp-content\/uploads\/2023\/02\/balmes-footer.jpg\" class=\"attachment-full size-full wp-image-3523\" alt=\"Centre d&#039;Estudis balmes\" srcset=\"https:\/\/ciclesformatius.es\/wp-content\/uploads\/2023\/02\/balmes-footer.jpg 1062w, https:\/\/ciclesformatius.es\/wp-content\/uploads\/2023\/02\/balmes-footer-300x254.jpg 300w, https:\/\/ciclesformatius.es\/wp-content\/uploads\/2023\/02\/balmes-footer-1024x868.jpg 1024w, https:\/\/ciclesformatius.es\/wp-content\/uploads\/2023\/02\/balmes-footer-768x651.jpg 768w\" sizes=\"(max-width: 1062px) 100vw, 1062px\" \/>\t\t\t\t\t\t\t\t\t\t\t\t\t\t\t<\/div>\n\t\t\t\t<\/div>\n\t\t\t\t\t<\/div>\n\t\t<\/div>\n\t\t\t\t\t<\/div>\n\t\t<\/section>\n\t\t\t\t<section class=\"elementor-section elementor-top-section elementor-element elementor-element-7bcc7aa elementor-section-full_width elementor-section-height-default elementor-section-height-default\" data-id=\"7bcc7aa\" data-element_type=\"section\" data-e-type=\"section\" data-settings=\"{&quot;jet_parallax_layout_list&quot;:[]}\">\n\t\t\t\t\t\t<div class=\"elementor-container elementor-column-gap-default\">\n\t\t\t\t\t<div class=\"elementor-column elementor-col-50 elementor-top-column elementor-element elementor-element-e644bf8\" data-id=\"e644bf8\" data-element_type=\"column\" data-e-type=\"column\" data-settings=\"{&quot;background_background&quot;:&quot;classic&quot;}\">\n\t\t\t<div class=\"elementor-widget-wrap elementor-element-populated\">\n\t\t\t\t\t\t<div class=\"elementor-element elementor-element-dc3cfde elementor-widget elementor-widget-heading\" data-id=\"dc3cfde\" data-element_type=\"widget\" data-e-type=\"widget\" data-widget_type=\"heading.default\">\n\t\t\t\t<div class=\"elementor-widget-container\">\n\t\t\t\t\t<h2 class=\"elementor-heading-title elementor-size-default\">Ciclos Formativos de Grado Superior<\/h2>\t\t\t\t<\/div>\n\t\t\t\t<\/div>\n\t\t\t\t<div class=\"elementor-element elementor-element-5602238 elementor-align-left elementor-widget elementor-widget-button\" data-id=\"5602238\" data-element_type=\"widget\" data-e-type=\"widget\" data-widget_type=\"button.default\">\n\t\t\t\t<div class=\"elementor-widget-container\">\n\t\t\t\t\t\t\t\t\t<div class=\"elementor-button-wrapper\">\n\t\t\t\t\t<a class=\"elementor-button elementor-button-link elementor-size-sm\" href=\"https:\/\/ciclesformatius.es\/es\/ciclos-formativos-de-grado-superior\/\">\n\t\t\t\t\t\t<span class=\"elementor-button-content-wrapper\">\n\t\t\t\t\t\t<span class=\"elementor-button-icon\">\n\t\t\t\t<i aria-hidden=\"true\" class=\"fas fa-arrow-right\"><\/i>\t\t\t<\/span>\n\t\t\t\t\t\t\t\t\t<span class=\"elementor-button-text\">Ver ciclos<\/span>\n\t\t\t\t\t<\/span>\n\t\t\t\t\t<\/a>\n\t\t\t\t<\/div>\n\t\t\t\t\t\t\t\t<\/div>\n\t\t\t\t<\/div>\n\t\t\t\t\t<\/div>\n\t\t<\/div>\n\t\t\t\t<div class=\"elementor-column elementor-col-50 elementor-top-column elementor-element elementor-element-89a876e\" data-id=\"89a876e\" data-element_type=\"column\" data-e-type=\"column\" data-settings=\"{&quot;background_background&quot;:&quot;classic&quot;}\">\n\t\t\t<div class=\"elementor-widget-wrap elementor-element-populated\">\n\t\t\t\t\t\t<div class=\"elementor-element elementor-element-cb6124f elementor-widget elementor-widget-heading\" data-id=\"cb6124f\" data-element_type=\"widget\" data-e-type=\"widget\" data-widget_type=\"heading.default\">\n\t\t\t\t<div class=\"elementor-widget-container\">\n\t\t\t\t\t<h2 class=\"elementor-heading-title elementor-size-default\">Ciclos Formativos de Grado Superior<\/h2>\t\t\t\t<\/div>\n\t\t\t\t<\/div>\n\t\t\t\t<div class=\"elementor-element elementor-element-02d5da8 elementor-align-left elementor-widget elementor-widget-button\" data-id=\"02d5da8\" data-element_type=\"widget\" data-e-type=\"widget\" data-widget_type=\"button.default\">\n\t\t\t\t<div class=\"elementor-widget-container\">\n\t\t\t\t\t\t\t\t\t<div class=\"elementor-button-wrapper\">\n\t\t\t\t\t<a class=\"elementor-button elementor-button-link elementor-size-sm\" href=\"https:\/\/ciclesformatius.es\/es\/ciclos-formativos-de-grado-medio\/\">\n\t\t\t\t\t\t<span class=\"elementor-button-content-wrapper\">\n\t\t\t\t\t\t<span class=\"elementor-button-icon\">\n\t\t\t\t<i aria-hidden=\"true\" class=\"fas fa-arrow-right\"><\/i>\t\t\t<\/span>\n\t\t\t\t\t\t\t\t\t<span class=\"elementor-button-text\">Ver ciclos<\/span>\n\t\t\t\t\t<\/span>\n\t\t\t\t\t<\/a>\n\t\t\t\t<\/div>\n\t\t\t\t\t\t\t\t<\/div>\n\t\t\t\t<\/div>\n\t\t\t\t\t<\/div>\n\t\t<\/div>\n\t\t\t\t\t<\/div>\n\t\t<\/section>\n\t\t\t\t<\/div>\n\t\t","protected":false},"excerpt":{"rendered":"<p>CFGM Baloncesto, nivel 1 + nivel 2 Inicio &nbsp;Familia profesional: Baloncesto Duraci\u00f3n: 1 a\u00f1o (nivel 1 + nivel 2) \u2013 990 horas Horario: Tarde El GRADO MEDIO DE BALONCESTO (GMB) se compone de dos niveles que se realizan durante un curso escolar. M\u00e1s informaci\u00f3n \u00bfPOR QU\u00c9 EN EL BALMES? Atenci\u00f3n personalizada. Trabajamos para ti y &#8230; <a title=\"CFGM Baloncesto, nivel 1 + nivel 2\" class=\"read-more\" href=\"https:\/\/ciclesformatius.es\/es\/ciclos-formativos-deportes\/cfgm-baloncesto-nivel-1-nivel-2\/\" aria-label=\"Leer m\u00e1s sobre CFGM Baloncesto, nivel 1 + nivel 2\">Leer m\u00e1s<\/a><\/p>\n","protected":false},"author":1,"featured_media":0,"parent":3807,"menu_order":0,"comment_status":"closed","ping_status":"closed","template":"elementor_header_footer","meta":{"inline_featured_image":false,"footnotes":""},"class_list":["post-3809","page","type-page","status-publish"],"yoast_head":"<!-- This site is optimized with the Yoast SEO plugin v27.4 - https:\/\/yoast.com\/product\/yoast-seo-wordpress\/ -->\n<title>Curso Entrenador B\u00e1squet Nivel 1, Nivel 2<\/title>\n<meta name=\"description\" content=\"\u00a1In\u00edciate como t\u00e9cnico con el curso entrenador baloncesto nivel 1, Nivel 2. Formaci\u00f3n para futuros entrenadores, 100% pr\u00e1ctica y con titulaci\u00f3n oficial!\" \/>\n<meta name=\"robots\" content=\"index, follow, max-snippet:-1, max-image-preview:large, max-video-preview:-1\" \/>\n<link rel=\"canonical\" href=\"https:\/\/ciclesformatius.es\/es\/ciclos-formativos-deportes\/cfgm-baloncesto-nivel-1-nivel-2\/\" \/>\n<meta property=\"og:locale\" content=\"es_ES\" \/>\n<meta property=\"og:type\" content=\"article\" \/>\n<meta property=\"og:title\" content=\"Curso Entrenador B\u00e1squet Nivel 1, Nivel 2\" \/>\n<meta property=\"og:description\" content=\"\u00a1In\u00edciate como t\u00e9cnico con el curso entrenador baloncesto nivel 1, Nivel 2. Formaci\u00f3n para futuros entrenadores, 100% pr\u00e1ctica y con titulaci\u00f3n oficial!\" \/>\n<meta property=\"og:url\" content=\"https:\/\/ciclesformatius.es\/es\/ciclos-formativos-deportes\/cfgm-baloncesto-nivel-1-nivel-2\/\" \/>\n<meta property=\"og:site_name\" content=\"Cicles Formatius Jaume Balmes\" \/>\n<meta property=\"article:publisher\" content=\"https:\/\/www.facebook.com\/cejaumebalmes\" \/>\n<meta property=\"article:modified_time\" content=\"2026-04-15T07:55:24+00:00\" \/>\n<meta property=\"og:image\" content=\"https:\/\/ciclesformatius.es\/wp-content\/uploads\/2023\/02\/balmes-footer.jpg\" \/>\n\t<meta property=\"og:image:width\" content=\"1062\" \/>\n\t<meta property=\"og:image:height\" content=\"900\" \/>\n\t<meta property=\"og:image:type\" content=\"image\/jpeg\" \/>\n<meta name=\"twitter:card\" content=\"summary_large_image\" \/>\n<meta name=\"twitter:site\" content=\"@cejaumebalmes\" \/>\n<meta name=\"twitter:label1\" content=\"Tiempo de lectura\" \/>\n\t<meta name=\"twitter:data1\" content=\"4 minutos\" \/>\n<script type=\"application\/ld+json\" class=\"yoast-schema-graph\">{\"@context\":\"https:\\\/\\\/schema.org\",\"@graph\":[{\"@type\":\"WebPage\",\"@id\":\"https:\\\/\\\/ciclesformatius.es\\\/es\\\/ciclos-formativos-deportes\\\/cfgm-baloncesto-nivel-1-nivel-2\\\/\",\"url\":\"https:\\\/\\\/ciclesformatius.es\\\/es\\\/ciclos-formativos-deportes\\\/cfgm-baloncesto-nivel-1-nivel-2\\\/\",\"name\":\"Curso Entrenador B\u00e1squet Nivel 1, Nivel 2\",\"isPartOf\":{\"@id\":\"https:\\\/\\\/ciclesformatius.es\\\/es\\\/#website\"},\"primaryImageOfPage\":{\"@id\":\"https:\\\/\\\/ciclesformatius.es\\\/es\\\/ciclos-formativos-deportes\\\/cfgm-baloncesto-nivel-1-nivel-2\\\/#primaryimage\"},\"image\":{\"@id\":\"https:\\\/\\\/ciclesformatius.es\\\/es\\\/ciclos-formativos-deportes\\\/cfgm-baloncesto-nivel-1-nivel-2\\\/#primaryimage\"},\"thumbnailUrl\":\"https:\\\/\\\/ciclesformatius.es\\\/wp-content\\\/uploads\\\/2023\\\/02\\\/balmes-footer.jpg\",\"datePublished\":\"2023-02-09T18:27:52+00:00\",\"dateModified\":\"2026-04-15T07:55:24+00:00\",\"description\":\"\u00a1In\u00edciate como t\u00e9cnico con el curso entrenador baloncesto nivel 1, Nivel 2. Formaci\u00f3n para futuros entrenadores, 100% pr\u00e1ctica y con titulaci\u00f3n oficial!\",\"breadcrumb\":{\"@id\":\"https:\\\/\\\/ciclesformatius.es\\\/es\\\/ciclos-formativos-deportes\\\/cfgm-baloncesto-nivel-1-nivel-2\\\/#breadcrumb\"},\"inLanguage\":\"es\",\"potentialAction\":[{\"@type\":\"ReadAction\",\"target\":[\"https:\\\/\\\/ciclesformatius.es\\\/es\\\/ciclos-formativos-deportes\\\/cfgm-baloncesto-nivel-1-nivel-2\\\/\"]}]},{\"@type\":\"ImageObject\",\"inLanguage\":\"es\",\"@id\":\"https:\\\/\\\/ciclesformatius.es\\\/es\\\/ciclos-formativos-deportes\\\/cfgm-baloncesto-nivel-1-nivel-2\\\/#primaryimage\",\"url\":\"https:\\\/\\\/ciclesformatius.es\\\/wp-content\\\/uploads\\\/2023\\\/02\\\/balmes-footer.jpg\",\"contentUrl\":\"https:\\\/\\\/ciclesformatius.es\\\/wp-content\\\/uploads\\\/2023\\\/02\\\/balmes-footer.jpg\"},{\"@type\":\"BreadcrumbList\",\"@id\":\"https:\\\/\\\/ciclesformatius.es\\\/es\\\/ciclos-formativos-deportes\\\/cfgm-baloncesto-nivel-1-nivel-2\\\/#breadcrumb\",\"itemListElement\":[{\"@type\":\"ListItem\",\"position\":1,\"name\":\"Inici\",\"item\":\"https:\\\/\\\/ciclesformatius.es\\\/es\\\/inicio\\\/\"},{\"@type\":\"ListItem\",\"position\":2,\"name\":\"Ciclos Formativos Familia Profesional Actividades F\u00edsico deportivas\",\"item\":\"https:\\\/\\\/ciclesformatius.es\\\/es\\\/ciclos-formativos-deportes\\\/\"},{\"@type\":\"ListItem\",\"position\":3,\"name\":\"CFGM Baloncesto, nivel 1 + nivel 2\"}]},{\"@type\":\"WebSite\",\"@id\":\"https:\\\/\\\/ciclesformatius.es\\\/es\\\/#website\",\"url\":\"https:\\\/\\\/ciclesformatius.es\\\/es\\\/\",\"name\":\"Cicles Formatius Jaume Balmes\",\"description\":\"\",\"publisher\":{\"@id\":\"https:\\\/\\\/ciclesformatius.es\\\/es\\\/#organization\"},\"potentialAction\":[{\"@type\":\"SearchAction\",\"target\":{\"@type\":\"EntryPoint\",\"urlTemplate\":\"https:\\\/\\\/ciclesformatius.es\\\/es\\\/?s={search_term_string}\"},\"query-input\":{\"@type\":\"PropertyValueSpecification\",\"valueRequired\":true,\"valueName\":\"search_term_string\"}}],\"inLanguage\":\"es\"},{\"@type\":\"Organization\",\"@id\":\"https:\\\/\\\/ciclesformatius.es\\\/es\\\/#organization\",\"name\":\"Centre d'Estudis Jaume Balmes\",\"url\":\"https:\\\/\\\/ciclesformatius.es\\\/es\\\/\",\"logo\":{\"@type\":\"ImageObject\",\"inLanguage\":\"es\",\"@id\":\"https:\\\/\\\/ciclesformatius.es\\\/es\\\/#\\\/schema\\\/logo\\\/image\\\/\",\"url\":\"https:\\\/\\\/ciclesformatius.es\\\/wp-content\\\/uploads\\\/2023\\\/01\\\/balmes-01.svg\",\"contentUrl\":\"https:\\\/\\\/ciclesformatius.es\\\/wp-content\\\/uploads\\\/2023\\\/01\\\/balmes-01.svg\",\"caption\":\"Centre d'Estudis Jaume Balmes\"},\"image\":{\"@id\":\"https:\\\/\\\/ciclesformatius.es\\\/es\\\/#\\\/schema\\\/logo\\\/image\\\/\"},\"sameAs\":[\"https:\\\/\\\/www.facebook.com\\\/cejaumebalmes\",\"https:\\\/\\\/x.com\\\/cejaumebalmes\"]}]}<\/script>\n<!-- \/ Yoast SEO plugin. -->","yoast_head_json":{"title":"Curso Entrenador B\u00e1squet Nivel 1, Nivel 2","description":"\u00a1In\u00edciate como t\u00e9cnico con el curso entrenador baloncesto nivel 1, Nivel 2. Formaci\u00f3n para futuros entrenadores, 100% pr\u00e1ctica y con titulaci\u00f3n oficial!","robots":{"index":"index","follow":"follow","max-snippet":"max-snippet:-1","max-image-preview":"max-image-preview:large","max-video-preview":"max-video-preview:-1"},"canonical":"https:\/\/ciclesformatius.es\/es\/ciclos-formativos-deportes\/cfgm-baloncesto-nivel-1-nivel-2\/","og_locale":"es_ES","og_type":"article","og_title":"Curso Entrenador B\u00e1squet Nivel 1, Nivel 2","og_description":"\u00a1In\u00edciate como t\u00e9cnico con el curso entrenador baloncesto nivel 1, Nivel 2. Formaci\u00f3n para futuros entrenadores, 100% pr\u00e1ctica y con titulaci\u00f3n oficial!","og_url":"https:\/\/ciclesformatius.es\/es\/ciclos-formativos-deportes\/cfgm-baloncesto-nivel-1-nivel-2\/","og_site_name":"Cicles Formatius Jaume Balmes","article_publisher":"https:\/\/www.facebook.com\/cejaumebalmes","article_modified_time":"2026-04-15T07:55:24+00:00","og_image":[{"width":1062,"height":900,"url":"https:\/\/ciclesformatius.es\/wp-content\/uploads\/2023\/02\/balmes-footer.jpg","type":"image\/jpeg"}],"twitter_card":"summary_large_image","twitter_site":"@cejaumebalmes","twitter_misc":{"Tiempo de lectura":"4 minutos"},"schema":{"@context":"https:\/\/schema.org","@graph":[{"@type":"WebPage","@id":"https:\/\/ciclesformatius.es\/es\/ciclos-formativos-deportes\/cfgm-baloncesto-nivel-1-nivel-2\/","url":"https:\/\/ciclesformatius.es\/es\/ciclos-formativos-deportes\/cfgm-baloncesto-nivel-1-nivel-2\/","name":"Curso Entrenador B\u00e1squet Nivel 1, Nivel 2","isPartOf":{"@id":"https:\/\/ciclesformatius.es\/es\/#website"},"primaryImageOfPage":{"@id":"https:\/\/ciclesformatius.es\/es\/ciclos-formativos-deportes\/cfgm-baloncesto-nivel-1-nivel-2\/#primaryimage"},"image":{"@id":"https:\/\/ciclesformatius.es\/es\/ciclos-formativos-deportes\/cfgm-baloncesto-nivel-1-nivel-2\/#primaryimage"},"thumbnailUrl":"https:\/\/ciclesformatius.es\/wp-content\/uploads\/2023\/02\/balmes-footer.jpg","datePublished":"2023-02-09T18:27:52+00:00","dateModified":"2026-04-15T07:55:24+00:00","description":"\u00a1In\u00edciate como t\u00e9cnico con el curso entrenador baloncesto nivel 1, Nivel 2. Formaci\u00f3n para futuros entrenadores, 100% pr\u00e1ctica y con titulaci\u00f3n oficial!","breadcrumb":{"@id":"https:\/\/ciclesformatius.es\/es\/ciclos-formativos-deportes\/cfgm-baloncesto-nivel-1-nivel-2\/#breadcrumb"},"inLanguage":"es","potentialAction":[{"@type":"ReadAction","target":["https:\/\/ciclesformatius.es\/es\/ciclos-formativos-deportes\/cfgm-baloncesto-nivel-1-nivel-2\/"]}]},{"@type":"ImageObject","inLanguage":"es","@id":"https:\/\/ciclesformatius.es\/es\/ciclos-formativos-deportes\/cfgm-baloncesto-nivel-1-nivel-2\/#primaryimage","url":"https:\/\/ciclesformatius.es\/wp-content\/uploads\/2023\/02\/balmes-footer.jpg","contentUrl":"https:\/\/ciclesformatius.es\/wp-content\/uploads\/2023\/02\/balmes-footer.jpg"},{"@type":"BreadcrumbList","@id":"https:\/\/ciclesformatius.es\/es\/ciclos-formativos-deportes\/cfgm-baloncesto-nivel-1-nivel-2\/#breadcrumb","itemListElement":[{"@type":"ListItem","position":1,"name":"Inici","item":"https:\/\/ciclesformatius.es\/es\/inicio\/"},{"@type":"ListItem","position":2,"name":"Ciclos Formativos Familia Profesional Actividades F\u00edsico deportivas","item":"https:\/\/ciclesformatius.es\/es\/ciclos-formativos-deportes\/"},{"@type":"ListItem","position":3,"name":"CFGM Baloncesto, nivel 1 + nivel 2"}]},{"@type":"WebSite","@id":"https:\/\/ciclesformatius.es\/es\/#website","url":"https:\/\/ciclesformatius.es\/es\/","name":"Cicles Formatius Jaume Balmes","description":"","publisher":{"@id":"https:\/\/ciclesformatius.es\/es\/#organization"},"potentialAction":[{"@type":"SearchAction","target":{"@type":"EntryPoint","urlTemplate":"https:\/\/ciclesformatius.es\/es\/?s={search_term_string}"},"query-input":{"@type":"PropertyValueSpecification","valueRequired":true,"valueName":"search_term_string"}}],"inLanguage":"es"},{"@type":"Organization","@id":"https:\/\/ciclesformatius.es\/es\/#organization","name":"Centre d'Estudis Jaume Balmes","url":"https:\/\/ciclesformatius.es\/es\/","logo":{"@type":"ImageObject","inLanguage":"es","@id":"https:\/\/ciclesformatius.es\/es\/#\/schema\/logo\/image\/","url":"https:\/\/ciclesformatius.es\/wp-content\/uploads\/2023\/01\/balmes-01.svg","contentUrl":"https:\/\/ciclesformatius.es\/wp-content\/uploads\/2023\/01\/balmes-01.svg","caption":"Centre d'Estudis Jaume Balmes"},"image":{"@id":"https:\/\/ciclesformatius.es\/es\/#\/schema\/logo\/image\/"},"sameAs":["https:\/\/www.facebook.com\/cejaumebalmes","https:\/\/x.com\/cejaumebalmes"]}]}},"_links":{"self":[{"href":"https:\/\/ciclesformatius.es\/es\/wp-json\/wp\/v2\/pages\/3809","targetHints":{"allow":["GET"]}}],"collection":[{"href":"https:\/\/ciclesformatius.es\/es\/wp-json\/wp\/v2\/pages"}],"about":[{"href":"https:\/\/ciclesformatius.es\/es\/wp-json\/wp\/v2\/types\/page"}],"author":[{"embeddable":true,"href":"https:\/\/ciclesformatius.es\/es\/wp-json\/wp\/v2\/users\/1"}],"replies":[{"embeddable":true,"href":"https:\/\/ciclesformatius.es\/es\/wp-json\/wp\/v2\/comments?post=3809"}],"version-history":[{"count":10,"href":"https:\/\/ciclesformatius.es\/es\/wp-json\/wp\/v2\/pages\/3809\/revisions"}],"predecessor-version":[{"id":4795,"href":"https:\/\/ciclesformatius.es\/es\/wp-json\/wp\/v2\/pages\/3809\/revisions\/4795"}],"up":[{"embeddable":true,"href":"https:\/\/ciclesformatius.es\/es\/wp-json\/wp\/v2\/pages\/3807"}],"wp:attachment":[{"href":"https:\/\/ciclesformatius.es\/es\/wp-json\/wp\/v2\/media?parent=3809"}],"curies":[{"name":"wp","href":"https:\/\/api.w.org\/{rel}","templated":true}]}}