{"id":3801,"date":"2024-04-09T11:29:26","date_gmt":"2024-04-09T11:29:26","guid":{"rendered":"https:\/\/ciclesformatius.es\/preinscripciones-y-matriculacion\/"},"modified":"2026-04-15T13:47:26","modified_gmt":"2026-04-15T13:47:26","slug":"preinscripciones-y-matriculacion","status":"publish","type":"page","link":"https:\/\/ciclesformatius.es\/es\/preinscripciones-y-matriculacion\/","title":{"rendered":"Preinscripciones y Matriculaci\u00f3n"},"content":{"rendered":"\t\t<div data-elementor-type=\"wp-page\" data-elementor-id=\"3801\" class=\"elementor elementor-3801 elementor-2847\" data-elementor-post-type=\"page\">\n\t\t\t\t\t\t<section class=\"elementor-section elementor-top-section elementor-element elementor-element-2d6c23aa elementor-section-full_width elementor-section-height-default elementor-section-height-default\" data-id=\"2d6c23aa\" data-element_type=\"section\" data-e-type=\"section\" data-settings=\"{&quot;jet_parallax_layout_list&quot;:[],&quot;background_background&quot;:&quot;classic&quot;}\">\n\t\t\t\t\t\t<div class=\"elementor-container elementor-column-gap-no\">\n\t\t\t\t\t<div class=\"elementor-column elementor-col-100 elementor-top-column elementor-element elementor-element-17e649e\" data-id=\"17e649e\" data-element_type=\"column\" data-e-type=\"column\">\n\t\t\t<div class=\"elementor-widget-wrap elementor-element-populated\">\n\t\t\t\t\t\t<div class=\"elementor-element elementor-element-e8f136a elementor-widget elementor-widget-heading\" data-id=\"e8f136a\" data-element_type=\"widget\" data-e-type=\"widget\" data-widget_type=\"heading.default\">\n\t\t\t\t<div class=\"elementor-widget-container\">\n\t\t\t\t\t<h1 class=\"elementor-heading-title elementor-size-default\">Preinscripciones y matriculaci\u00f3n Curso 2026-27<\/h1>\t\t\t\t<\/div>\n\t\t\t\t<\/div>\n\t\t\t\t\t<\/div>\n\t\t<\/div>\n\t\t\t\t\t<\/div>\n\t\t<\/section>\n\t\t\t\t<section class=\"elementor-section elementor-top-section elementor-element elementor-element-374f9d1 elementor-section-boxed elementor-section-height-default elementor-section-height-default\" data-id=\"374f9d1\" data-element_type=\"section\" data-e-type=\"section\" data-settings=\"{&quot;jet_parallax_layout_list&quot;:[],&quot;background_background&quot;:&quot;classic&quot;}\">\n\t\t\t\t\t\t<div class=\"elementor-container elementor-column-gap-default\">\n\t\t\t\t\t<div class=\"elementor-column elementor-col-100 elementor-top-column elementor-element elementor-element-168ea70\" data-id=\"168ea70\" data-element_type=\"column\" data-e-type=\"column\">\n\t\t\t<div class=\"elementor-widget-wrap elementor-element-populated\">\n\t\t\t\t\t\t<div class=\"elementor-element elementor-element-45ece8c elementor-widget elementor-widget-jet-breadcrumbs\" data-id=\"45ece8c\" data-element_type=\"widget\" data-e-type=\"widget\" data-widget_type=\"jet-breadcrumbs.default\">\n\t\t\t\t<div class=\"elementor-widget-container\">\n\t\t\t\t\t<div class=\"elementor-jet-breadcrumbs jet-blocks\">\n\t\t<div class=\"jet-breadcrumbs\">\n\t\t<div class=\"jet-breadcrumbs__content\">\n\t\t<div class=\"jet-breadcrumbs__wrap\"><div class=\"jet-breadcrumbs__item\"><a href=\"https:\/\/ciclesformatius.es\/es\/\" class=\"jet-breadcrumbs__item-link is-home\" rel=\"home\" title=\"Inicio\">Inicio<\/a><\/div>\n\t\t<\/div>\n\t\t<\/div>\n\t\t<\/div><\/div>\t\t\t\t<\/div>\n\t\t\t\t<\/div>\n\t\t\t\t\t<\/div>\n\t\t<\/div>\n\t\t\t\t\t<\/div>\n\t\t<\/section>\n\t\t\t\t<section class=\"elementor-section elementor-top-section elementor-element elementor-element-7f8e98f elementor-section-boxed elementor-section-height-default elementor-section-height-default\" data-id=\"7f8e98f\" data-element_type=\"section\" data-e-type=\"section\" data-settings=\"{&quot;jet_parallax_layout_list&quot;:[],&quot;background_background&quot;:&quot;classic&quot;}\">\n\t\t\t\t\t\t<div class=\"elementor-container elementor-column-gap-default\">\n\t\t\t\t\t<div class=\"elementor-column elementor-col-50 elementor-top-column elementor-element elementor-element-e30c430\" data-id=\"e30c430\" data-element_type=\"column\" data-e-type=\"column\">\n\t\t\t<div class=\"elementor-widget-wrap elementor-element-populated\">\n\t\t\t\t\t\t<div class=\"elementor-element elementor-element-a4ec4c2 elementor-widget__width-initial elementor-widget elementor-widget-image\" data-id=\"a4ec4c2\" data-element_type=\"widget\" data-e-type=\"widget\" data-widget_type=\"image.default\">\n\t\t\t\t<div class=\"elementor-widget-container\">\n\t\t\t\t\t\t\t\t\t\t\t\t\t\t\t<img decoding=\"async\" src=\"https:\/\/ciclesformatius.es\/wp-content\/uploads\/2024\/04\/Diseno-sin-titulo-2.png\" title=\"electricitat\" alt=\"electricitat\" loading=\"lazy\" \/>\t\t\t\t\t\t\t\t\t\t\t\t\t\t\t<\/div>\n\t\t\t\t<\/div>\n\t\t\t\t\t<\/div>\n\t\t<\/div>\n\t\t\t\t<div class=\"elementor-column elementor-col-50 elementor-top-column elementor-element elementor-element-da8a328\" data-id=\"da8a328\" data-element_type=\"column\" data-e-type=\"column\">\n\t\t\t<div class=\"elementor-widget-wrap elementor-element-populated\">\n\t\t\t\t\t\t<div class=\"elementor-element elementor-element-f5b94d1 elementor-widget elementor-widget-heading\" data-id=\"f5b94d1\" data-element_type=\"widget\" data-e-type=\"widget\" data-widget_type=\"heading.default\">\n\t\t\t\t<div class=\"elementor-widget-container\">\n\t\t\t\t\t<h3 class=\"elementor-heading-title elementor-size-default\"><br><br>INFORMACI\u00d3N PARA EL PROCESO DE PREINSCRIPCI\u00d3N y MATRICULACI\u00d3N - CICLOS FORMATIVOS DE GRADO MEDIO<br><\/h3>\t\t\t\t<\/div>\n\t\t\t\t<\/div>\n\t\t\t\t<div class=\"elementor-element elementor-element-f817f3a elementor-widget elementor-widget-text-editor\" data-id=\"f817f3a\" data-element_type=\"widget\" data-e-type=\"widget\" data-widget_type=\"text-editor.default\">\n\t\t\t\t<div class=\"elementor-widget-container\">\n\t\t\t\t\t\t\t\t\t<p><a href=\"https:\/\/tramits.gencat.cat\/ca\/tramits\/tramits-temes\/preinscripcio-fp-gm\">PREINSCRIPCI\u00d3N<\/a><\/p><ul><li><strong>Preinscripci\u00f3n: Del 26 de mayo al 1 de junio de 2026<\/strong><\/li><li>Del 26 de mayo al 2 de junio de 2026: presentaci\u00f3n de documentaci\u00f3n<\/li><li>Publicaci\u00f3n de la lista con la puntuaci\u00f3n provisional: 29 de junio<\/li><li>Presentaci\u00f3n de reclamaciones: Del 29 de junio al 2 de julio<\/li><li>Publicaci\u00f3n de la lista con la puntuaci\u00f3n una vez resueltas las reclamaciones: 7 de julio<\/li><li><strong>Publicaci\u00f3n de la oferta definitiva y listado de la primera tanda de asignaciones: 10 de julio<\/strong><\/li><li><strong>Confirma la matr\u00edcula, mejora la asignaci\u00f3n o renuncia a la plaza asignada: Del 10 al 14 de julio<\/strong><\/li><li><strong>Publicaci\u00f3n del listado de la 2\u00aa tanda de asignaciones: 24 de julio<\/strong><\/li><li><strong>Confirmaci\u00f3n de la matr\u00edcula o renuncia a la plaza asignada: Del 24 al 28 de julio<\/strong> <\/li><li>En el momento de completar la matriculaci\u00f3n:<ul><li>Del 10 al 16 de julio de 2026, hasta las 14 h: periodo para completar la matr\u00edcula en el centro (primera tanda)<\/li><li>Del 24 al 29 de julio de 2026, ambos incluidos: periodo para completar la matr\u00edcula en el centro (2\u00aa tanda y propuesta de asignaci\u00f3n). Excepcionalmente del 1 al 3 de septiembre de 2026. <\/li><\/ul><\/li><\/ul>\t\t\t\t\t\t\t\t<\/div>\n\t\t\t\t<\/div>\n\t\t\t\t\t<\/div>\n\t\t<\/div>\n\t\t\t\t\t<\/div>\n\t\t<\/section>\n\t\t\t\t<section class=\"elementor-section elementor-top-section elementor-element elementor-element-4680de2 elementor-section-boxed elementor-section-height-default elementor-section-height-default\" data-id=\"4680de2\" data-element_type=\"section\" data-e-type=\"section\" data-settings=\"{&quot;jet_parallax_layout_list&quot;:[],&quot;background_background&quot;:&quot;classic&quot;}\">\n\t\t\t\t\t\t<div class=\"elementor-container elementor-column-gap-default\">\n\t\t\t\t\t<div class=\"elementor-column elementor-col-50 elementor-top-column elementor-element elementor-element-540bc30\" data-id=\"540bc30\" data-element_type=\"column\" data-e-type=\"column\">\n\t\t\t<div class=\"elementor-widget-wrap elementor-element-populated\">\n\t\t\t\t\t\t<div class=\"elementor-element elementor-element-bdc64b5 elementor-widget elementor-widget-image\" data-id=\"bdc64b5\" data-element_type=\"widget\" data-e-type=\"widget\" data-widget_type=\"image.default\">\n\t\t\t\t<div class=\"elementor-widget-container\">\n\t\t\t\t\t\t\t\t\t\t\t\t\t\t\t<img fetchpriority=\"high\" decoding=\"async\" width=\"500\" height=\"1000\" src=\"https:\/\/ciclesformatius.es\/wp-content\/uploads\/2024\/04\/Diseno-sin-titulo-3.png\" class=\"attachment-full size-full wp-image-3735\" alt=\"Cicles formatius Esports\" srcset=\"https:\/\/ciclesformatius.es\/wp-content\/uploads\/2024\/04\/Diseno-sin-titulo-3.png 500w, https:\/\/ciclesformatius.es\/wp-content\/uploads\/2024\/04\/Diseno-sin-titulo-3-150x300.png 150w\" sizes=\"(max-width: 500px) 100vw, 500px\" \/>\t\t\t\t\t\t\t\t\t\t\t\t\t\t\t<\/div>\n\t\t\t\t<\/div>\n\t\t\t\t\t<\/div>\n\t\t<\/div>\n\t\t\t\t<div class=\"elementor-column elementor-col-50 elementor-top-column elementor-element elementor-element-55459b7\" data-id=\"55459b7\" data-element_type=\"column\" data-e-type=\"column\">\n\t\t\t<div class=\"elementor-widget-wrap elementor-element-populated\">\n\t\t\t\t\t\t<div class=\"elementor-element elementor-element-6283f31 elementor-widget elementor-widget-heading\" data-id=\"6283f31\" data-element_type=\"widget\" data-e-type=\"widget\" data-widget_type=\"heading.default\">\n\t\t\t\t<div class=\"elementor-widget-container\">\n\t\t\t\t\t<h3 class=\"elementor-heading-title elementor-size-default\"><br><br><br>INFORMACI\u00d3N PARA EL PROCESO DE PREINSCRIPCI\u00d3N Y MATRICULACI\u00d3N - CICLOS FORMATIVOS DE GRADO SUPERIOR<span style=\"font-style: inherit\"><\/span><br><\/h3>\t\t\t\t<\/div>\n\t\t\t\t<\/div>\n\t\t\t\t<div class=\"elementor-element elementor-element-5e9698d elementor-widget elementor-widget-text-editor\" data-id=\"5e9698d\" data-element_type=\"widget\" data-e-type=\"widget\" data-widget_type=\"text-editor.default\">\n\t\t\t\t<div class=\"elementor-widget-container\">\n\t\t\t\t\t\t\t\t\t<p><a href=\"https:\/\/tramits.gencat.cat\/ca\/tramits\/tramits-temes\/preinscripcio-fp-gs\">PREINSCRIPCI\u00d3N<\/a><\/p><ul><li><strong>Preinscripci\u00f3n: Del 26 de mayo al 1 de junio de 2026<\/strong><\/li><li>Del 26 de mayo al 2 de junio de 2026: presentaci\u00f3n de documentaci\u00f3n<\/li><li>Publicaci\u00f3n de la lista con la puntuaci\u00f3n provisional: 29 de junio<\/li><li>Presentaci\u00f3n de reclamaciones: Del 29 de junio al 2 de julio<\/li><li>Publicaci\u00f3n de la lista con la puntuaci\u00f3n una vez resueltas las reclamaciones: 7 de julio<\/li><li><strong>Publicaci\u00f3n de la oferta definitiva y listado de la primera tanda de asignaciones: 10 de julio<\/strong><\/li><li><strong>Confirma la matr\u00edcula, mejora la asignaci\u00f3n o renuncia a la plaza asignada: Del 10 al 14 de julio<\/strong><\/li><li><strong>Publicaci\u00f3n del listado de la 2\u00aa tanda de asignaciones: 24 de julio<\/strong><\/li><li><strong>Confirmaci\u00f3n de la matr\u00edcula o renuncia a la plaza asignada: Del 24 al 28 de julio<\/strong> <\/li><li>En el momento de completar la matriculaci\u00f3n:<ul><li>Del 10 al 16 de juliol de 2026, fins a les 14 h: per\u00edode per completar la matr\u00edcula al centre (primera tanda)<\/li><li>Del 24 al 29 de julio de 2026, ambos incluidos: periodo para completar la matr\u00edcula en el centro (2\u00aa tanda y propuesta de asignaci\u00f3n). Excepcionalmente del 1 al 3 de septiembre de 2026. <\/li><\/ul><\/li><\/ul>\t\t\t\t\t\t\t\t<\/div>\n\t\t\t\t<\/div>\n\t\t\t\t\t<\/div>\n\t\t<\/div>\n\t\t\t\t\t<\/div>\n\t\t<\/section>\n\t\t\t\t<\/div>\n\t\t","protected":false},"excerpt":{"rendered":"<p>Preinscripciones y matriculaci\u00f3n Curso 2026-27 Inici INFORMACI\u00d3N PARA EL PROCESO DE PREINSCRIPCI\u00d3N y MATRICULACI\u00d3N &#8211; CICLOS FORMATIVOS DE GRADO MEDIO PREINSCRIPCI\u00d3N Preinscripci\u00f3n: Del 26 de mayo al 1 de junio de 2026 Del 26 de mayo al 2 de junio de 2026: presentaci\u00f3n de documentaci\u00f3n Publicaci\u00f3n de la lista con la puntuaci\u00f3n provisional: 29 de &#8230; <a title=\"Preinscripciones y Matriculaci\u00f3n\" class=\"read-more\" href=\"https:\/\/ciclesformatius.es\/es\/preinscripciones-y-matriculacion\/\" aria-label=\"Leer m\u00e1s sobre Preinscripciones y Matriculaci\u00f3n\">Leer m\u00e1s<\/a><\/p>\n","protected":false},"author":1,"featured_media":0,"parent":0,"menu_order":0,"comment_status":"closed","ping_status":"closed","template":"elementor_header_footer","meta":{"inline_featured_image":false,"footnotes":""},"class_list":["post-3801","page","type-page","status-publish"],"yoast_head":"<!-- This site is optimized with the Yoast SEO plugin v27.4 - https:\/\/yoast.com\/product\/yoast-seo-wordpress\/ -->\n<title>Preinscripciones Ciclos Formativos | Gu\u00eda para la Matriculaci\u00f3n<\/title>\n<meta name=\"description\" content=\"Consulta todo sobre las preinscripciones ciclos formativos: plazos, requerimientos y pasos para acceder f\u00e1cilmente a la formaci\u00f3n profesional que te interesa\" \/>\n<meta name=\"robots\" content=\"index, follow, max-snippet:-1, max-image-preview:large, max-video-preview:-1\" \/>\n<link rel=\"canonical\" href=\"https:\/\/ciclesformatius.es\/es\/preinscripciones-y-matriculacion\/\" \/>\n<meta property=\"og:locale\" content=\"es_ES\" \/>\n<meta property=\"og:type\" content=\"article\" \/>\n<meta property=\"og:title\" content=\"Preinscripciones Ciclos Formativos | Gu\u00eda para la Matriculaci\u00f3n\" \/>\n<meta property=\"og:description\" content=\"Consulta todo sobre las preinscripciones ciclos formativos: plazos, requerimientos y pasos para acceder f\u00e1cilmente a la formaci\u00f3n profesional que te interesa\" \/>\n<meta property=\"og:url\" content=\"https:\/\/ciclesformatius.es\/es\/preinscripciones-y-matriculacion\/\" \/>\n<meta property=\"og:site_name\" content=\"Cicles Formatius Jaume Balmes\" \/>\n<meta property=\"article:publisher\" content=\"https:\/\/www.facebook.com\/cejaumebalmes\" \/>\n<meta property=\"article:modified_time\" content=\"2026-04-15T13:47:26+00:00\" \/>\n<meta property=\"og:image\" content=\"https:\/\/ciclesformatius.es\/wp-content\/uploads\/2024\/04\/Diseno-sin-titulo-2.png\" \/>\n<meta name=\"twitter:card\" content=\"summary_large_image\" \/>\n<meta name=\"twitter:site\" content=\"@cejaumebalmes\" \/>\n<meta name=\"twitter:label1\" content=\"Tiempo de lectura\" \/>\n\t<meta name=\"twitter:data1\" content=\"2 minutos\" \/>\n<script type=\"application\/ld+json\" class=\"yoast-schema-graph\">{\"@context\":\"https:\\\/\\\/schema.org\",\"@graph\":[{\"@type\":\"WebPage\",\"@id\":\"https:\\\/\\\/ciclesformatius.es\\\/es\\\/preinscripciones-y-matriculacion\\\/\",\"url\":\"https:\\\/\\\/ciclesformatius.es\\\/es\\\/preinscripciones-y-matriculacion\\\/\",\"name\":\"Preinscripciones Ciclos Formativos | Gu\u00eda para la Matriculaci\u00f3n\",\"isPartOf\":{\"@id\":\"https:\\\/\\\/ciclesformatius.es\\\/es\\\/#website\"},\"primaryImageOfPage\":{\"@id\":\"https:\\\/\\\/ciclesformatius.es\\\/es\\\/preinscripciones-y-matriculacion\\\/#primaryimage\"},\"image\":{\"@id\":\"https:\\\/\\\/ciclesformatius.es\\\/es\\\/preinscripciones-y-matriculacion\\\/#primaryimage\"},\"thumbnailUrl\":\"https:\\\/\\\/ciclesformatius.es\\\/wp-content\\\/uploads\\\/2024\\\/04\\\/Diseno-sin-titulo-2.png\",\"datePublished\":\"2024-04-09T11:29:26+00:00\",\"dateModified\":\"2026-04-15T13:47:26+00:00\",\"description\":\"Consulta todo sobre las preinscripciones ciclos formativos: plazos, requerimientos y pasos para acceder f\u00e1cilmente a la formaci\u00f3n profesional que te interesa\",\"breadcrumb\":{\"@id\":\"https:\\\/\\\/ciclesformatius.es\\\/es\\\/preinscripciones-y-matriculacion\\\/#breadcrumb\"},\"inLanguage\":\"es\",\"potentialAction\":[{\"@type\":\"ReadAction\",\"target\":[\"https:\\\/\\\/ciclesformatius.es\\\/es\\\/preinscripciones-y-matriculacion\\\/\"]}]},{\"@type\":\"ImageObject\",\"inLanguage\":\"es\",\"@id\":\"https:\\\/\\\/ciclesformatius.es\\\/es\\\/preinscripciones-y-matriculacion\\\/#primaryimage\",\"url\":\"https:\\\/\\\/ciclesformatius.es\\\/wp-content\\\/uploads\\\/2024\\\/04\\\/Diseno-sin-titulo-2.png\",\"contentUrl\":\"https:\\\/\\\/ciclesformatius.es\\\/wp-content\\\/uploads\\\/2024\\\/04\\\/Diseno-sin-titulo-2.png\"},{\"@type\":\"BreadcrumbList\",\"@id\":\"https:\\\/\\\/ciclesformatius.es\\\/es\\\/preinscripciones-y-matriculacion\\\/#breadcrumb\",\"itemListElement\":[{\"@type\":\"ListItem\",\"position\":1,\"name\":\"Inici\",\"item\":\"https:\\\/\\\/ciclesformatius.es\\\/es\\\/inicio\\\/\"},{\"@type\":\"ListItem\",\"position\":2,\"name\":\"Preinscripciones y Matriculaci\u00f3n\"}]},{\"@type\":\"WebSite\",\"@id\":\"https:\\\/\\\/ciclesformatius.es\\\/es\\\/#website\",\"url\":\"https:\\\/\\\/ciclesformatius.es\\\/es\\\/\",\"name\":\"Cicles Formatius Jaume Balmes\",\"description\":\"\",\"publisher\":{\"@id\":\"https:\\\/\\\/ciclesformatius.es\\\/es\\\/#organization\"},\"potentialAction\":[{\"@type\":\"SearchAction\",\"target\":{\"@type\":\"EntryPoint\",\"urlTemplate\":\"https:\\\/\\\/ciclesformatius.es\\\/es\\\/?s={search_term_string}\"},\"query-input\":{\"@type\":\"PropertyValueSpecification\",\"valueRequired\":true,\"valueName\":\"search_term_string\"}}],\"inLanguage\":\"es\"},{\"@type\":\"Organization\",\"@id\":\"https:\\\/\\\/ciclesformatius.es\\\/es\\\/#organization\",\"name\":\"Centre d'Estudis Jaume Balmes\",\"url\":\"https:\\\/\\\/ciclesformatius.es\\\/es\\\/\",\"logo\":{\"@type\":\"ImageObject\",\"inLanguage\":\"es\",\"@id\":\"https:\\\/\\\/ciclesformatius.es\\\/es\\\/#\\\/schema\\\/logo\\\/image\\\/\",\"url\":\"https:\\\/\\\/ciclesformatius.es\\\/wp-content\\\/uploads\\\/2023\\\/01\\\/balmes-01.svg\",\"contentUrl\":\"https:\\\/\\\/ciclesformatius.es\\\/wp-content\\\/uploads\\\/2023\\\/01\\\/balmes-01.svg\",\"caption\":\"Centre d'Estudis Jaume Balmes\"},\"image\":{\"@id\":\"https:\\\/\\\/ciclesformatius.es\\\/es\\\/#\\\/schema\\\/logo\\\/image\\\/\"},\"sameAs\":[\"https:\\\/\\\/www.facebook.com\\\/cejaumebalmes\",\"https:\\\/\\\/x.com\\\/cejaumebalmes\"]}]}<\/script>\n<!-- \/ Yoast SEO plugin. -->","yoast_head_json":{"title":"Preinscripciones Ciclos Formativos | Gu\u00eda para la Matriculaci\u00f3n","description":"Consulta todo sobre las preinscripciones ciclos formativos: plazos, requerimientos y pasos para acceder f\u00e1cilmente a la formaci\u00f3n profesional que te interesa","robots":{"index":"index","follow":"follow","max-snippet":"max-snippet:-1","max-image-preview":"max-image-preview:large","max-video-preview":"max-video-preview:-1"},"canonical":"https:\/\/ciclesformatius.es\/es\/preinscripciones-y-matriculacion\/","og_locale":"es_ES","og_type":"article","og_title":"Preinscripciones Ciclos Formativos | Gu\u00eda para la Matriculaci\u00f3n","og_description":"Consulta todo sobre las preinscripciones ciclos formativos: plazos, requerimientos y pasos para acceder f\u00e1cilmente a la formaci\u00f3n profesional que te interesa","og_url":"https:\/\/ciclesformatius.es\/es\/preinscripciones-y-matriculacion\/","og_site_name":"Cicles Formatius Jaume Balmes","article_publisher":"https:\/\/www.facebook.com\/cejaumebalmes","article_modified_time":"2026-04-15T13:47:26+00:00","og_image":[{"url":"https:\/\/ciclesformatius.es\/wp-content\/uploads\/2024\/04\/Diseno-sin-titulo-2.png","type":"","width":"","height":""}],"twitter_card":"summary_large_image","twitter_site":"@cejaumebalmes","twitter_misc":{"Tiempo de lectura":"2 minutos"},"schema":{"@context":"https:\/\/schema.org","@graph":[{"@type":"WebPage","@id":"https:\/\/ciclesformatius.es\/es\/preinscripciones-y-matriculacion\/","url":"https:\/\/ciclesformatius.es\/es\/preinscripciones-y-matriculacion\/","name":"Preinscripciones Ciclos Formativos | Gu\u00eda para la Matriculaci\u00f3n","isPartOf":{"@id":"https:\/\/ciclesformatius.es\/es\/#website"},"primaryImageOfPage":{"@id":"https:\/\/ciclesformatius.es\/es\/preinscripciones-y-matriculacion\/#primaryimage"},"image":{"@id":"https:\/\/ciclesformatius.es\/es\/preinscripciones-y-matriculacion\/#primaryimage"},"thumbnailUrl":"https:\/\/ciclesformatius.es\/wp-content\/uploads\/2024\/04\/Diseno-sin-titulo-2.png","datePublished":"2024-04-09T11:29:26+00:00","dateModified":"2026-04-15T13:47:26+00:00","description":"Consulta todo sobre las preinscripciones ciclos formativos: plazos, requerimientos y pasos para acceder f\u00e1cilmente a la formaci\u00f3n profesional que te interesa","breadcrumb":{"@id":"https:\/\/ciclesformatius.es\/es\/preinscripciones-y-matriculacion\/#breadcrumb"},"inLanguage":"es","potentialAction":[{"@type":"ReadAction","target":["https:\/\/ciclesformatius.es\/es\/preinscripciones-y-matriculacion\/"]}]},{"@type":"ImageObject","inLanguage":"es","@id":"https:\/\/ciclesformatius.es\/es\/preinscripciones-y-matriculacion\/#primaryimage","url":"https:\/\/ciclesformatius.es\/wp-content\/uploads\/2024\/04\/Diseno-sin-titulo-2.png","contentUrl":"https:\/\/ciclesformatius.es\/wp-content\/uploads\/2024\/04\/Diseno-sin-titulo-2.png"},{"@type":"BreadcrumbList","@id":"https:\/\/ciclesformatius.es\/es\/preinscripciones-y-matriculacion\/#breadcrumb","itemListElement":[{"@type":"ListItem","position":1,"name":"Inici","item":"https:\/\/ciclesformatius.es\/es\/inicio\/"},{"@type":"ListItem","position":2,"name":"Preinscripciones y Matriculaci\u00f3n"}]},{"@type":"WebSite","@id":"https:\/\/ciclesformatius.es\/es\/#website","url":"https:\/\/ciclesformatius.es\/es\/","name":"Cicles Formatius Jaume Balmes","description":"","publisher":{"@id":"https:\/\/ciclesformatius.es\/es\/#organization"},"potentialAction":[{"@type":"SearchAction","target":{"@type":"EntryPoint","urlTemplate":"https:\/\/ciclesformatius.es\/es\/?s={search_term_string}"},"query-input":{"@type":"PropertyValueSpecification","valueRequired":true,"valueName":"search_term_string"}}],"inLanguage":"es"},{"@type":"Organization","@id":"https:\/\/ciclesformatius.es\/es\/#organization","name":"Centre d'Estudis Jaume Balmes","url":"https:\/\/ciclesformatius.es\/es\/","logo":{"@type":"ImageObject","inLanguage":"es","@id":"https:\/\/ciclesformatius.es\/es\/#\/schema\/logo\/image\/","url":"https:\/\/ciclesformatius.es\/wp-content\/uploads\/2023\/01\/balmes-01.svg","contentUrl":"https:\/\/ciclesformatius.es\/wp-content\/uploads\/2023\/01\/balmes-01.svg","caption":"Centre d'Estudis Jaume Balmes"},"image":{"@id":"https:\/\/ciclesformatius.es\/es\/#\/schema\/logo\/image\/"},"sameAs":["https:\/\/www.facebook.com\/cejaumebalmes","https:\/\/x.com\/cejaumebalmes"]}]}},"_links":{"self":[{"href":"https:\/\/ciclesformatius.es\/es\/wp-json\/wp\/v2\/pages\/3801","targetHints":{"allow":["GET"]}}],"collection":[{"href":"https:\/\/ciclesformatius.es\/es\/wp-json\/wp\/v2\/pages"}],"about":[{"href":"https:\/\/ciclesformatius.es\/es\/wp-json\/wp\/v2\/types\/page"}],"author":[{"embeddable":true,"href":"https:\/\/ciclesformatius.es\/es\/wp-json\/wp\/v2\/users\/1"}],"replies":[{"embeddable":true,"href":"https:\/\/ciclesformatius.es\/es\/wp-json\/wp\/v2\/comments?post=3801"}],"version-history":[{"count":30,"href":"https:\/\/ciclesformatius.es\/es\/wp-json\/wp\/v2\/pages\/3801\/revisions"}],"predecessor-version":[{"id":4909,"href":"https:\/\/ciclesformatius.es\/es\/wp-json\/wp\/v2\/pages\/3801\/revisions\/4909"}],"wp:attachment":[{"href":"https:\/\/ciclesformatius.es\/es\/wp-json\/wp\/v2\/media?parent=3801"}],"curies":[{"name":"wp","href":"https:\/\/api.w.org\/{rel}","templated":true}]}}