{"id":3789,"date":"2024-10-31T17:44:40","date_gmt":"2024-10-31T17:44:40","guid":{"rendered":"https:\/\/ciclesformatius.es\/centro-formacion-profesional-integrada\/"},"modified":"2026-03-23T14:28:51","modified_gmt":"2026-03-23T14:28:51","slug":"centro-formacion-profesional-integrada","status":"publish","type":"page","link":"https:\/\/ciclesformatius.es\/es\/centro-formacion-profesional-integrada\/","title":{"rendered":"Centro formaci\u00f3n profesional integrada"},"content":{"rendered":"\t\t<div data-elementor-type=\"wp-page\" data-elementor-id=\"3789\" class=\"elementor elementor-3789 elementor-3030\" data-elementor-post-type=\"page\">\n\t\t\t\t\t\t<section class=\"elementor-section elementor-top-section elementor-element elementor-element-2d6c23aa elementor-section-full_width elementor-section-height-default elementor-section-height-default\" data-id=\"2d6c23aa\" data-element_type=\"section\" data-e-type=\"section\" data-settings=\"{&quot;jet_parallax_layout_list&quot;:[],&quot;background_background&quot;:&quot;classic&quot;}\">\n\t\t\t\t\t\t<div class=\"elementor-container elementor-column-gap-no\">\n\t\t\t\t\t<div class=\"elementor-column elementor-col-100 elementor-top-column elementor-element elementor-element-17e649e\" data-id=\"17e649e\" data-element_type=\"column\" data-e-type=\"column\">\n\t\t\t<div class=\"elementor-widget-wrap elementor-element-populated\">\n\t\t\t\t\t\t<div class=\"elementor-element elementor-element-e8f136a elementor-widget elementor-widget-heading\" data-id=\"e8f136a\" data-element_type=\"widget\" data-e-type=\"widget\" data-widget_type=\"heading.default\">\n\t\t\t\t<div class=\"elementor-widget-container\">\n\t\t\t\t\t<h1 class=\"elementor-heading-title elementor-size-default\">Centro de Formaci\u00f3n Profesional Integrada <\/h1>\t\t\t\t<\/div>\n\t\t\t\t<\/div>\n\t\t\t\t\t<\/div>\n\t\t<\/div>\n\t\t\t\t\t<\/div>\n\t\t<\/section>\n\t\t\t\t<section class=\"elementor-section elementor-top-section elementor-element elementor-element-9e178ce elementor-section-boxed elementor-section-height-default elementor-section-height-default\" data-id=\"9e178ce\" data-element_type=\"section\" data-e-type=\"section\" data-settings=\"{&quot;jet_parallax_layout_list&quot;:[],&quot;background_background&quot;:&quot;classic&quot;}\">\n\t\t\t\t\t\t<div class=\"elementor-container elementor-column-gap-default\">\n\t\t\t\t\t<div class=\"elementor-column elementor-col-100 elementor-top-column elementor-element elementor-element-1621e99\" data-id=\"1621e99\" data-element_type=\"column\" data-e-type=\"column\">\n\t\t\t<div class=\"elementor-widget-wrap elementor-element-populated\">\n\t\t\t\t\t\t<div class=\"elementor-element elementor-element-10a90d3 elementor-widget elementor-widget-jet-breadcrumbs\" data-id=\"10a90d3\" data-element_type=\"widget\" data-e-type=\"widget\" data-widget_type=\"jet-breadcrumbs.default\">\n\t\t\t\t<div class=\"elementor-widget-container\">\n\t\t\t\t\t<div class=\"elementor-jet-breadcrumbs jet-blocks\">\n\t\t<div class=\"jet-breadcrumbs\">\n\t\t<div class=\"jet-breadcrumbs__content\">\n\t\t<div class=\"jet-breadcrumbs__wrap\"><div class=\"jet-breadcrumbs__item\"><a href=\"https:\/\/ciclesformatius.es\/es\/\" class=\"jet-breadcrumbs__item-link is-home\" rel=\"home\" title=\"Inicio\">Inicio<\/a><\/div>\n\t\t<\/div>\n\t\t<\/div>\n\t\t<\/div><\/div>\t\t\t\t<\/div>\n\t\t\t\t<\/div>\n\t\t\t\t\t<\/div>\n\t\t<\/div>\n\t\t\t\t\t<\/div>\n\t\t<\/section>\n\t\t\t\t<section class=\"elementor-section elementor-top-section elementor-element elementor-element-5b5f0cc elementor-section-boxed elementor-section-height-default elementor-section-height-default\" data-id=\"5b5f0cc\" data-element_type=\"section\" data-e-type=\"section\" data-settings=\"{&quot;jet_parallax_layout_list&quot;:[],&quot;background_background&quot;:&quot;classic&quot;}\">\n\t\t\t\t\t\t<div class=\"elementor-container elementor-column-gap-default\">\n\t\t\t\t\t<div class=\"elementor-column elementor-col-100 elementor-top-column elementor-element elementor-element-e2ae707\" data-id=\"e2ae707\" data-element_type=\"column\" data-e-type=\"column\">\n\t\t\t<div class=\"elementor-widget-wrap elementor-element-populated\">\n\t\t\t\t\t\t<div class=\"elementor-element elementor-element-35607f8 elementor-widget elementor-widget-image\" data-id=\"35607f8\" data-element_type=\"widget\" data-e-type=\"widget\" data-widget_type=\"image.default\">\n\t\t\t\t<div class=\"elementor-widget-container\">\n\t\t\t\t\t\t\t\t\t\t\t\t\t\t\t<img fetchpriority=\"high\" decoding=\"async\" width=\"591\" height=\"199\" src=\"https:\/\/ciclesformatius.es\/wp-content\/uploads\/2024\/10\/centre-formacio.png\" class=\"attachment-full size-full wp-image-3751\" alt=\"centro formativo\" srcset=\"https:\/\/ciclesformatius.es\/wp-content\/uploads\/2024\/10\/centre-formacio.png 591w, https:\/\/ciclesformatius.es\/wp-content\/uploads\/2024\/10\/centre-formacio-300x101.png 300w\" sizes=\"(max-width: 591px) 100vw, 591px\" \/>\t\t\t\t\t\t\t\t\t\t\t\t\t\t\t<\/div>\n\t\t\t\t<\/div>\n\t\t\t\t<div class=\"elementor-element elementor-element-9095a55 elementor-widget elementor-widget-text-editor\" data-id=\"9095a55\" data-element_type=\"widget\" data-e-type=\"widget\" data-widget_type=\"text-editor.default\">\n\t\t\t\t<div class=\"elementor-widget-container\">\n\t\t\t\t\t\t\t\t\t<p><strong>La Agencia P\u00fablica de Formaci\u00f3n y Cualificaci\u00f3n Profesionales de Catalu\u00f1a (Agencia FPCAT)<\/strong> , el pasado 14\/03\/2024, ha autorizado a CENTRO DE ESTUDIOS JAUME BALMES como centro de formaci\u00f3n profesional integrada para las familias profesionales de <strong>IMAGEN PERSONAL y ELECTRICIDAD Y ELECTR\u00d3NICA<\/strong> .<\/p><p>Se trata de un reconocimiento a la labor que, desde hace 40 a\u00f1os, nuestro centro hace en el \u00e1mbito de la Formaci\u00f3n Profesional y que permite ofrecer una amplia cartera de servicios:<\/p><ul><li>Oferta FP sistema educativo (ciclos formativos grado medio y superior, PFI)<\/li><li>Oferta FP para el empleo (certificados de profesionalidad, formaci\u00f3n continua)<\/li><li>Servicios de Orientaci\u00f3n, Acreditaci\u00f3n, Prospecci\u00f3n<\/li><\/ul><p>Y todo esto con las principales caracter\u00edsticas de nuestro centro:<\/p><ul><li>Instalaciones y equipamientos de vanguardia para facilitar el aprendizaje pr\u00e1ctico.<\/li><li>Profesores y profesionales altamente calificados y experimentados que gu\u00edan a los estudiantes en su camino hacia el \u00e9xito.<\/li><li>Colaboraciones y acuerdos con empresas referentes en el sector para la promoci\u00f3n de la inserci\u00f3n laboral del alumnado.<\/li><\/ul><p><a href=\"https:\/\/fp.gencat.cat\/ca\/arees\/centres-de-formacio-professional-integrada\/\" target=\"_blank\" rel=\"noopener\">https:\/\/fp.gencat.cat\/ca\/arees\/centres-de-formacio-professional-integrada\/<\/a><\/p><p>En Balmes estaremos encantados de acompa\u00f1aros en la construcci\u00f3n de vuestro itinerario profesional.<\/p>\t\t\t\t\t\t\t\t<\/div>\n\t\t\t\t<\/div>\n\t\t\t\t\t<\/div>\n\t\t<\/div>\n\t\t\t\t\t<\/div>\n\t\t<\/section>\n\t\t\t\t<section class=\"elementor-section elementor-top-section elementor-element elementor-element-3ab9dcd elementor-section-boxed elementor-section-height-default elementor-section-height-default\" data-id=\"3ab9dcd\" data-element_type=\"section\" data-e-type=\"section\" data-settings=\"{&quot;jet_parallax_layout_list&quot;:[],&quot;background_background&quot;:&quot;classic&quot;}\">\n\t\t\t\t\t\t<div class=\"elementor-container elementor-column-gap-default\">\n\t\t\t\t\t<div class=\"elementor-column elementor-col-25 elementor-top-column elementor-element elementor-element-fddb3d4\" data-id=\"fddb3d4\" data-element_type=\"column\" data-e-type=\"column\">\n\t\t\t<div class=\"elementor-widget-wrap elementor-element-populated\">\n\t\t\t\t\t\t<div class=\"elementor-element elementor-element-d2c313d elementor-align-justify elementor-widget elementor-widget-button\" data-id=\"d2c313d\" data-element_type=\"widget\" data-e-type=\"widget\" data-widget_type=\"button.default\">\n\t\t\t\t<div class=\"elementor-widget-container\">\n\t\t\t\t\t\t\t\t\t<div class=\"elementor-button-wrapper\">\n\t\t\t\t\t<a class=\"elementor-button elementor-button-link elementor-size-sm\" href=\"https:\/\/ciclesformatius.es\/wp-content\/uploads\/2024\/11\/Carta_serveis_Web.pdf\" target=\"_blank\">\n\t\t\t\t\t\t<span class=\"elementor-button-content-wrapper\">\n\t\t\t\t\t\t\t\t\t<span class=\"elementor-button-text\">Carta de servicios FP<\/span>\n\t\t\t\t\t<\/span>\n\t\t\t\t\t<\/a>\n\t\t\t\t<\/div>\n\t\t\t\t\t\t\t\t<\/div>\n\t\t\t\t<\/div>\n\t\t\t\t\t<\/div>\n\t\t<\/div>\n\t\t\t\t<div class=\"elementor-column elementor-col-25 elementor-top-column elementor-element elementor-element-70fc003\" data-id=\"70fc003\" data-element_type=\"column\" data-e-type=\"column\">\n\t\t\t<div class=\"elementor-widget-wrap elementor-element-populated\">\n\t\t\t\t\t\t<div class=\"elementor-element elementor-element-6acf038 elementor-align-justify elementor-widget elementor-widget-button\" data-id=\"6acf038\" data-element_type=\"widget\" data-e-type=\"widget\" data-widget_type=\"button.default\">\n\t\t\t\t<div class=\"elementor-widget-container\">\n\t\t\t\t\t\t\t\t\t<div class=\"elementor-button-wrapper\">\n\t\t\t\t\t<a class=\"elementor-button elementor-button-link elementor-size-sm\" href=\"https:\/\/ciclesformatius.es\/wp-content\/uploads\/2024\/11\/PGA_24-25-CFPI.pdf\" target=\"_blank\">\n\t\t\t\t\t\t<span class=\"elementor-button-content-wrapper\">\n\t\t\t\t\t\t\t\t\t<span class=\"elementor-button-text\">Programaci\u00f3n General Anual (PGA)<\/span>\n\t\t\t\t\t<\/span>\n\t\t\t\t\t<\/a>\n\t\t\t\t<\/div>\n\t\t\t\t\t\t\t\t<\/div>\n\t\t\t\t<\/div>\n\t\t\t\t\t<\/div>\n\t\t<\/div>\n\t\t\t\t<div class=\"elementor-column elementor-col-25 elementor-top-column elementor-element elementor-element-50d3d31\" data-id=\"50d3d31\" data-element_type=\"column\" data-e-type=\"column\">\n\t\t\t<div class=\"elementor-widget-wrap elementor-element-populated\">\n\t\t\t\t\t\t<div class=\"elementor-element elementor-element-1333a49 elementor-align-justify elementor-widget elementor-widget-button\" data-id=\"1333a49\" data-element_type=\"widget\" data-e-type=\"widget\" data-widget_type=\"button.default\">\n\t\t\t\t<div class=\"elementor-widget-container\">\n\t\t\t\t\t\t\t\t\t<div class=\"elementor-button-wrapper\">\n\t\t\t\t\t<a class=\"elementor-button elementor-button-link elementor-size-sm\" href=\"https:\/\/ciclesformatius.es\/wp-content\/uploads\/2024\/11\/Resolucio_autoritzacio_C_E_JAUME_BALMES.pdf\" target=\"_blank\">\n\t\t\t\t\t\t<span class=\"elementor-button-content-wrapper\">\n\t\t\t\t\t\t\t\t\t<span class=\"elementor-button-text\">Resoluci\u00f3n Agencia FPCAT<\/span>\n\t\t\t\t\t<\/span>\n\t\t\t\t\t<\/a>\n\t\t\t\t<\/div>\n\t\t\t\t\t\t\t\t<\/div>\n\t\t\t\t<\/div>\n\t\t\t\t\t<\/div>\n\t\t<\/div>\n\t\t\t\t<div class=\"elementor-column elementor-col-25 elementor-top-column elementor-element elementor-element-f376784\" data-id=\"f376784\" data-element_type=\"column\" data-e-type=\"column\">\n\t\t\t<div class=\"elementor-widget-wrap elementor-element-populated\">\n\t\t\t\t\t\t<div class=\"elementor-element elementor-element-c2ea09e elementor-align-justify elementor-widget elementor-widget-button\" data-id=\"c2ea09e\" data-element_type=\"widget\" data-e-type=\"widget\" data-widget_type=\"button.default\">\n\t\t\t\t<div class=\"elementor-widget-container\">\n\t\t\t\t\t\t\t\t\t<div class=\"elementor-button-wrapper\">\n\t\t\t\t\t<a class=\"elementor-button elementor-button-link elementor-size-sm\" href=\"https:\/\/www.jaumebalmes.com\/wp-content\/uploads\/2025\/03\/Projecte_funcional_CFPI_CEJB_rev01_signat.pdf\" target=\"_blank\">\n\t\t\t\t\t\t<span class=\"elementor-button-content-wrapper\">\n\t\t\t\t\t\t\t\t\t<span class=\"elementor-button-text\">Proyecto funcional<\/span>\n\t\t\t\t\t<\/span>\n\t\t\t\t\t<\/a>\n\t\t\t\t<\/div>\n\t\t\t\t\t\t\t\t<\/div>\n\t\t\t\t<\/div>\n\t\t\t\t\t<\/div>\n\t\t<\/div>\n\t\t\t\t\t<\/div>\n\t\t<\/section>\n\t\t\t\t<\/div>\n\t\t","protected":false},"excerpt":{"rendered":"<p>Centro de Formaci\u00f3n Profesional Integrada Inici La Agencia P\u00fablica de Formaci\u00f3n y Cualificaci\u00f3n Profesionales de Catalu\u00f1a (Agencia FPCAT) , el pasado 14\/03\/2024, ha autorizado a CENTRO DE ESTUDIOS JAUME BALMES como centro de formaci\u00f3n profesional integrada para las familias profesionales de IMAGEN PERSONAL y ELECTRICIDAD Y ELECTR\u00d3NICA . Se trata de un reconocimiento a la &#8230; <a title=\"Centro formaci\u00f3n profesional integrada\" class=\"read-more\" href=\"https:\/\/ciclesformatius.es\/es\/centro-formacion-profesional-integrada\/\" aria-label=\"Leer m\u00e1s sobre Centro formaci\u00f3n profesional integrada\">Leer m\u00e1s<\/a><\/p>\n","protected":false},"author":1,"featured_media":0,"parent":0,"menu_order":0,"comment_status":"closed","ping_status":"closed","template":"elementor_header_footer","meta":{"inline_featured_image":false,"footnotes":""},"class_list":["post-3789","page","type-page","status-publish"],"yoast_head":"<!-- This site is optimized with the Yoast SEO plugin v27.4 - https:\/\/yoast.com\/product\/yoast-seo-wordpress\/ -->\n<title>Ciclos Formativos | Centro de Formaci\u00f3n Profesional Integrada<\/title>\n<meta name=\"description\" content=\"Ciclos formativos en nuestro Centro de Formaci\u00f3n Profesional Integrada. Encuentra el programa ideal para el futuro laboral con formaci\u00f3n de calidad.\" \/>\n<meta name=\"robots\" content=\"index, follow, max-snippet:-1, max-image-preview:large, max-video-preview:-1\" \/>\n<link rel=\"canonical\" href=\"https:\/\/ciclesformatius.es\/es\/centro-formacion-profesional-integrada\/\" \/>\n<meta property=\"og:locale\" content=\"es_ES\" \/>\n<meta property=\"og:type\" content=\"article\" \/>\n<meta property=\"og:title\" content=\"Ciclos Formativos | Centro de Formaci\u00f3n Profesional Integrada\" \/>\n<meta property=\"og:description\" content=\"Ciclos formativos en nuestro Centro de Formaci\u00f3n Profesional Integrada. Encuentra el programa ideal para el futuro laboral con formaci\u00f3n de calidad.\" \/>\n<meta property=\"og:url\" content=\"https:\/\/ciclesformatius.es\/es\/centro-formacion-profesional-integrada\/\" \/>\n<meta property=\"og:site_name\" content=\"Cicles Formatius Jaume Balmes\" \/>\n<meta property=\"article:publisher\" content=\"https:\/\/www.facebook.com\/cejaumebalmes\" \/>\n<meta property=\"article:modified_time\" content=\"2026-03-23T14:28:51+00:00\" \/>\n<meta property=\"og:image\" content=\"https:\/\/ciclesformatius.es\/wp-content\/uploads\/2024\/10\/centre-formacio.png\" \/>\n\t<meta property=\"og:image:width\" content=\"591\" \/>\n\t<meta property=\"og:image:height\" content=\"199\" \/>\n\t<meta property=\"og:image:type\" content=\"image\/png\" \/>\n<meta name=\"twitter:card\" content=\"summary_large_image\" \/>\n<meta name=\"twitter:site\" content=\"@cejaumebalmes\" \/>\n<meta name=\"twitter:label1\" content=\"Tiempo de lectura\" \/>\n\t<meta name=\"twitter:data1\" content=\"2 minutos\" \/>\n<script type=\"application\/ld+json\" class=\"yoast-schema-graph\">{\"@context\":\"https:\\\/\\\/schema.org\",\"@graph\":[{\"@type\":\"WebPage\",\"@id\":\"https:\\\/\\\/ciclesformatius.es\\\/es\\\/centro-formacion-profesional-integrada\\\/\",\"url\":\"https:\\\/\\\/ciclesformatius.es\\\/es\\\/centro-formacion-profesional-integrada\\\/\",\"name\":\"Ciclos Formativos | Centro de Formaci\u00f3n Profesional Integrada\",\"isPartOf\":{\"@id\":\"https:\\\/\\\/ciclesformatius.es\\\/es\\\/#website\"},\"primaryImageOfPage\":{\"@id\":\"https:\\\/\\\/ciclesformatius.es\\\/es\\\/centro-formacion-profesional-integrada\\\/#primaryimage\"},\"image\":{\"@id\":\"https:\\\/\\\/ciclesformatius.es\\\/es\\\/centro-formacion-profesional-integrada\\\/#primaryimage\"},\"thumbnailUrl\":\"https:\\\/\\\/ciclesformatius.es\\\/wp-content\\\/uploads\\\/2024\\\/10\\\/centre-formacio.png\",\"datePublished\":\"2024-10-31T17:44:40+00:00\",\"dateModified\":\"2026-03-23T14:28:51+00:00\",\"description\":\"Ciclos formativos en nuestro Centro de Formaci\u00f3n Profesional Integrada. Encuentra el programa ideal para el futuro laboral con formaci\u00f3n de calidad.\",\"breadcrumb\":{\"@id\":\"https:\\\/\\\/ciclesformatius.es\\\/es\\\/centro-formacion-profesional-integrada\\\/#breadcrumb\"},\"inLanguage\":\"es\",\"potentialAction\":[{\"@type\":\"ReadAction\",\"target\":[\"https:\\\/\\\/ciclesformatius.es\\\/es\\\/centro-formacion-profesional-integrada\\\/\"]}]},{\"@type\":\"ImageObject\",\"inLanguage\":\"es\",\"@id\":\"https:\\\/\\\/ciclesformatius.es\\\/es\\\/centro-formacion-profesional-integrada\\\/#primaryimage\",\"url\":\"https:\\\/\\\/ciclesformatius.es\\\/wp-content\\\/uploads\\\/2024\\\/10\\\/centre-formacio.png\",\"contentUrl\":\"https:\\\/\\\/ciclesformatius.es\\\/wp-content\\\/uploads\\\/2024\\\/10\\\/centre-formacio.png\"},{\"@type\":\"BreadcrumbList\",\"@id\":\"https:\\\/\\\/ciclesformatius.es\\\/es\\\/centro-formacion-profesional-integrada\\\/#breadcrumb\",\"itemListElement\":[{\"@type\":\"ListItem\",\"position\":1,\"name\":\"Inici\",\"item\":\"https:\\\/\\\/ciclesformatius.es\\\/es\\\/inicio\\\/\"},{\"@type\":\"ListItem\",\"position\":2,\"name\":\"Centro formaci\u00f3n profesional integrada\"}]},{\"@type\":\"WebSite\",\"@id\":\"https:\\\/\\\/ciclesformatius.es\\\/es\\\/#website\",\"url\":\"https:\\\/\\\/ciclesformatius.es\\\/es\\\/\",\"name\":\"Cicles Formatius Jaume Balmes\",\"description\":\"\",\"publisher\":{\"@id\":\"https:\\\/\\\/ciclesformatius.es\\\/es\\\/#organization\"},\"potentialAction\":[{\"@type\":\"SearchAction\",\"target\":{\"@type\":\"EntryPoint\",\"urlTemplate\":\"https:\\\/\\\/ciclesformatius.es\\\/es\\\/?s={search_term_string}\"},\"query-input\":{\"@type\":\"PropertyValueSpecification\",\"valueRequired\":true,\"valueName\":\"search_term_string\"}}],\"inLanguage\":\"es\"},{\"@type\":\"Organization\",\"@id\":\"https:\\\/\\\/ciclesformatius.es\\\/es\\\/#organization\",\"name\":\"Centre d'Estudis Jaume Balmes\",\"url\":\"https:\\\/\\\/ciclesformatius.es\\\/es\\\/\",\"logo\":{\"@type\":\"ImageObject\",\"inLanguage\":\"es\",\"@id\":\"https:\\\/\\\/ciclesformatius.es\\\/es\\\/#\\\/schema\\\/logo\\\/image\\\/\",\"url\":\"https:\\\/\\\/ciclesformatius.es\\\/wp-content\\\/uploads\\\/2023\\\/01\\\/balmes-01.svg\",\"contentUrl\":\"https:\\\/\\\/ciclesformatius.es\\\/wp-content\\\/uploads\\\/2023\\\/01\\\/balmes-01.svg\",\"caption\":\"Centre d'Estudis Jaume Balmes\"},\"image\":{\"@id\":\"https:\\\/\\\/ciclesformatius.es\\\/es\\\/#\\\/schema\\\/logo\\\/image\\\/\"},\"sameAs\":[\"https:\\\/\\\/www.facebook.com\\\/cejaumebalmes\",\"https:\\\/\\\/x.com\\\/cejaumebalmes\"]}]}<\/script>\n<!-- \/ Yoast SEO plugin. -->","yoast_head_json":{"title":"Ciclos Formativos | Centro de Formaci\u00f3n Profesional Integrada","description":"Ciclos formativos en nuestro Centro de Formaci\u00f3n Profesional Integrada. Encuentra el programa ideal para el futuro laboral con formaci\u00f3n de calidad.","robots":{"index":"index","follow":"follow","max-snippet":"max-snippet:-1","max-image-preview":"max-image-preview:large","max-video-preview":"max-video-preview:-1"},"canonical":"https:\/\/ciclesformatius.es\/es\/centro-formacion-profesional-integrada\/","og_locale":"es_ES","og_type":"article","og_title":"Ciclos Formativos | Centro de Formaci\u00f3n Profesional Integrada","og_description":"Ciclos formativos en nuestro Centro de Formaci\u00f3n Profesional Integrada. Encuentra el programa ideal para el futuro laboral con formaci\u00f3n de calidad.","og_url":"https:\/\/ciclesformatius.es\/es\/centro-formacion-profesional-integrada\/","og_site_name":"Cicles Formatius Jaume Balmes","article_publisher":"https:\/\/www.facebook.com\/cejaumebalmes","article_modified_time":"2026-03-23T14:28:51+00:00","og_image":[{"width":591,"height":199,"url":"https:\/\/ciclesformatius.es\/wp-content\/uploads\/2024\/10\/centre-formacio.png","type":"image\/png"}],"twitter_card":"summary_large_image","twitter_site":"@cejaumebalmes","twitter_misc":{"Tiempo de lectura":"2 minutos"},"schema":{"@context":"https:\/\/schema.org","@graph":[{"@type":"WebPage","@id":"https:\/\/ciclesformatius.es\/es\/centro-formacion-profesional-integrada\/","url":"https:\/\/ciclesformatius.es\/es\/centro-formacion-profesional-integrada\/","name":"Ciclos Formativos | Centro de Formaci\u00f3n Profesional Integrada","isPartOf":{"@id":"https:\/\/ciclesformatius.es\/es\/#website"},"primaryImageOfPage":{"@id":"https:\/\/ciclesformatius.es\/es\/centro-formacion-profesional-integrada\/#primaryimage"},"image":{"@id":"https:\/\/ciclesformatius.es\/es\/centro-formacion-profesional-integrada\/#primaryimage"},"thumbnailUrl":"https:\/\/ciclesformatius.es\/wp-content\/uploads\/2024\/10\/centre-formacio.png","datePublished":"2024-10-31T17:44:40+00:00","dateModified":"2026-03-23T14:28:51+00:00","description":"Ciclos formativos en nuestro Centro de Formaci\u00f3n Profesional Integrada. Encuentra el programa ideal para el futuro laboral con formaci\u00f3n de calidad.","breadcrumb":{"@id":"https:\/\/ciclesformatius.es\/es\/centro-formacion-profesional-integrada\/#breadcrumb"},"inLanguage":"es","potentialAction":[{"@type":"ReadAction","target":["https:\/\/ciclesformatius.es\/es\/centro-formacion-profesional-integrada\/"]}]},{"@type":"ImageObject","inLanguage":"es","@id":"https:\/\/ciclesformatius.es\/es\/centro-formacion-profesional-integrada\/#primaryimage","url":"https:\/\/ciclesformatius.es\/wp-content\/uploads\/2024\/10\/centre-formacio.png","contentUrl":"https:\/\/ciclesformatius.es\/wp-content\/uploads\/2024\/10\/centre-formacio.png"},{"@type":"BreadcrumbList","@id":"https:\/\/ciclesformatius.es\/es\/centro-formacion-profesional-integrada\/#breadcrumb","itemListElement":[{"@type":"ListItem","position":1,"name":"Inici","item":"https:\/\/ciclesformatius.es\/es\/inicio\/"},{"@type":"ListItem","position":2,"name":"Centro formaci\u00f3n profesional integrada"}]},{"@type":"WebSite","@id":"https:\/\/ciclesformatius.es\/es\/#website","url":"https:\/\/ciclesformatius.es\/es\/","name":"Cicles Formatius Jaume Balmes","description":"","publisher":{"@id":"https:\/\/ciclesformatius.es\/es\/#organization"},"potentialAction":[{"@type":"SearchAction","target":{"@type":"EntryPoint","urlTemplate":"https:\/\/ciclesformatius.es\/es\/?s={search_term_string}"},"query-input":{"@type":"PropertyValueSpecification","valueRequired":true,"valueName":"search_term_string"}}],"inLanguage":"es"},{"@type":"Organization","@id":"https:\/\/ciclesformatius.es\/es\/#organization","name":"Centre d'Estudis Jaume Balmes","url":"https:\/\/ciclesformatius.es\/es\/","logo":{"@type":"ImageObject","inLanguage":"es","@id":"https:\/\/ciclesformatius.es\/es\/#\/schema\/logo\/image\/","url":"https:\/\/ciclesformatius.es\/wp-content\/uploads\/2023\/01\/balmes-01.svg","contentUrl":"https:\/\/ciclesformatius.es\/wp-content\/uploads\/2023\/01\/balmes-01.svg","caption":"Centre d'Estudis Jaume Balmes"},"image":{"@id":"https:\/\/ciclesformatius.es\/es\/#\/schema\/logo\/image\/"},"sameAs":["https:\/\/www.facebook.com\/cejaumebalmes","https:\/\/x.com\/cejaumebalmes"]}]}},"_links":{"self":[{"href":"https:\/\/ciclesformatius.es\/es\/wp-json\/wp\/v2\/pages\/3789","targetHints":{"allow":["GET"]}}],"collection":[{"href":"https:\/\/ciclesformatius.es\/es\/wp-json\/wp\/v2\/pages"}],"about":[{"href":"https:\/\/ciclesformatius.es\/es\/wp-json\/wp\/v2\/types\/page"}],"author":[{"embeddable":true,"href":"https:\/\/ciclesformatius.es\/es\/wp-json\/wp\/v2\/users\/1"}],"replies":[{"embeddable":true,"href":"https:\/\/ciclesformatius.es\/es\/wp-json\/wp\/v2\/comments?post=3789"}],"version-history":[{"count":6,"href":"https:\/\/ciclesformatius.es\/es\/wp-json\/wp\/v2\/pages\/3789\/revisions"}],"predecessor-version":[{"id":4791,"href":"https:\/\/ciclesformatius.es\/es\/wp-json\/wp\/v2\/pages\/3789\/revisions\/4791"}],"wp:attachment":[{"href":"https:\/\/ciclesformatius.es\/es\/wp-json\/wp\/v2\/media?parent=3789"}],"curies":[{"name":"wp","href":"https:\/\/api.w.org\/{rel}","templated":true}]}}